{"id":14491,"date":"2022-05-02T11:28:35","date_gmt":"2022-05-02T09:28:35","guid":{"rendered":"https:\/\/www.campingbellaterra.com\/bungalows\/treumal-4\/"},"modified":"2024-11-15T09:57:35","modified_gmt":"2024-11-15T08:57:35","slug":"sapineda","status":"publish","type":"page","link":"https:\/\/www.campingbellaterra.com\/da\/bungalows\/sapineda\/","title":{"rendered":"Sa Pineda"},"content":{"rendered":"<div class=\"wp-block-cover alignfull is-light wp-align-content-end wp-block-no-margin-y\" style=\"min-height:100vh;aspect-ratio:unset;\"><span aria-hidden=\"true\" class=\"wp-block-cover__background has-background-dim-20 has-background-dim\"><\/span><noscript><img decoding=\"async\" width=\"1920\" height=\"1080\" class=\"wp-block-cover__image-background wp-image-17602\" alt src=\"https:\/\/www.campingbellaterra.com\/wp-content\/uploads\/sapineda-out-r.jpg\" data-object-fit=\"cover\" srcset=\"https:\/\/www.campingbellaterra.com\/wp-content\/uploads\/sapineda-out-r.jpg 1920w, https:\/\/www.campingbellaterra.com\/wp-content\/uploads\/sapineda-out-r-1024x576.jpg 1024w, https:\/\/www.campingbellaterra.com\/wp-content\/uploads\/sapineda-out-r-768x432.jpg 768w, https:\/\/www.campingbellaterra.com\/wp-content\/uploads\/sapineda-out-r-1536x864.jpg 1536w\" sizes=\"(max-width: 1920px) 100vw, 1920px\"><\/noscript><img decoding=\"async\" width=\"1920\" height=\"1080\" class=\"wp-block-cover__image-background wp-image-17602 lazyload\" alt src=\"data:image\/svg+xml,%3Csvg%20xmlns%3D%22http%3A%2F%2Fwww.w3.org%2F2000%2Fsvg%22%20viewBox%3D%220%200%201920%201080%22%3E%3C%2Fsvg%3E\" data-object-fit=\"cover\" srcset=\"data:image\/svg+xml,%3Csvg%20xmlns%3D%22http%3A%2F%2Fwww.w3.org%2F2000%2Fsvg%22%20viewBox%3D%220%200%201920%201080%22%3E%3C%2Fsvg%3E 1920w\" sizes=\"(max-width: 1920px) 100vw, 1920px\" data-srcset=\"https:\/\/www.campingbellaterra.com\/wp-content\/uploads\/sapineda-out-r.jpg 1920w, https:\/\/www.campingbellaterra.com\/wp-content\/uploads\/sapineda-out-r-1024x576.jpg 1024w, https:\/\/www.campingbellaterra.com\/wp-content\/uploads\/sapineda-out-r-768x432.jpg 768w, https:\/\/www.campingbellaterra.com\/wp-content\/uploads\/sapineda-out-r-1536x864.jpg 1536w\" data-src=\"https:\/\/www.campingbellaterra.com\/wp-content\/uploads\/sapineda-out-r.jpg\"><div class=\"wp-block-cover__inner-container is-layout-flow wp-block-cover-is-layout-flow\">\n<div class=\"wp-block-columns is-not-stacked-on-mobile alignwide is-layout-flex wp-container-core-columns-is-layout-28f84493 wp-block-columns-is-layout-flex\">\n<div class=\"wp-block-column is-vertically-aligned-bottom is-layout-flow wp-block-column-is-layout-flow\" style=\"flex-basis:75%\">\n<h1 class=\"wp-block-heading large-text-shadow has-blank-white-color has-text-color\" id=\"a-peu-de-platja\"><span class=\"text-stroke\">BUNGALOW<\/span> SA PINEDA<\/h1>\n\n\n\n<p class=\"short-text-shadow icon-date_range has-blank-white-color has-text-color has-link-color wp-elements-83a7902396bde7713cabe5cdfe6c13f3\">Data d&#8217;obertura 28 de mar\u00e7<\/p>\n<\/div>\n\n\n\n<div class=\"wp-block-column is-vertically-aligned-bottom is-layout-flow wp-block-column-is-layout-flow\" style=\"flex-basis:25%\"><div id=\"owm-weather-id-497-1\" class=\"owm-weather-id\" data-id=\"497\" data-weather_id=\"owm-weather-id-497-1\"><div class=\"owmw-loading-spinner\"><button id=\"button-owm-weather-id-497-1\" onclick=\"owmw_refresh_weather(this.id)\"><noscript><img decoding=\"async\" src=\"https:\/\/www.campingbellaterra.com\/wp-content\/plugins\/owm-weather\/img\/owmloading.gif\" alt=\"loader\"><\/noscript><img decoding=\"async\" src=\"data:image\/gif;base64,R0lGODlhAQABAIAAAAAAAP\/\/\/yH5BAEAAAAALAAAAAABAAEAAAIBRAA7\" alt=\"loader\" data-src=\"https:\/\/www.campingbellaterra.com\/wp-content\/plugins\/owm-weather\/img\/owmloading.gif\" class=\" lazyload\"><\/button><\/div><\/div>\n<\/div>\n<\/div>\n\n\n\n<div class=\"wp-block-buttons is-content-justification-center is-layout-flex wp-container-core-buttons-is-layout-a89b3969 wp-block-buttons-is-layout-flex\">\n<div class=\"wp-block-button icon-mouse icon-link\"><a class=\"wp-block-button__link wp-element-button\" href=\"#scrolldown\"><strong>scrolldown<\/strong><\/a><\/div>\n<\/div>\n<\/div><\/div>\n\n\n\n<div class=\"wp-block-media-text alignfull has-media-on-the-right is-stacked-on-mobile wp-block-media-text-wide\" id=\"scrolldown\"><div class=\"wp-block-media-text__content\">\n<h3 class=\"wp-block-heading\">Hyggelig bungalow, ideel til familienydelse.<\/h3>\n\n\n\n<p class=\"has-blank-dark-grey-color has-text-color\">Sa Pineda tilbyder hyggelige og behagelige bungalows. Ideel til par med et eller to b\u00f8rn. Disse bungalows er placeret meget t\u00e6t p\u00e5 swimmingpoolen og restauranten L\u2019Era, et minut v\u00e6k fra stranden.<\/p>\n\n\n\n<div class=\"wp-block-buttons is-layout-flex wp-block-buttons-is-layout-flex\">\n<div class=\"wp-block-button\"><a class=\"wp-block-button__link has-blank-dark-blue-background-color has-background wp-element-button\" href=\"https:\/\/booking.campingbellaterra.com\/search?categoryIds=4&amp;lang=ca\" style=\"border-radius:8px\" target=\"_blank\" rel=\"noreferrer noopener\">BOOK NU<\/a><\/div>\n\n\n\n<div class=\"wp-block-button icon-360\"><a class=\"wp-block-button__link has-blank-medium-grey-background-color has-background wp-element-button\" style=\"border-radius:8px\">360\u00ba view<\/a><\/div>\n\n\n\n<div class=\"wp-block-button is-style-outline icon-cloud_download is-style-outline--1\"><a class=\"wp-block-button__link wp-element-button\" href=\"https:\/\/www.campingbellaterra.com\/wp-content\/uploads\/05-treumal-4-ca.pdf\" style=\"border-radius:8px\" target=\"_blank\" rel=\"noreferrer noopener\">Se inventar<\/a><\/div>\n<\/div>\n<\/div><figure class=\"wp-block-media-text__media\"><noscript><img decoding=\"async\" width=\"2048\" height=\"1367\" src=\"https:\/\/www.campingbellaterra.com\/wp-content\/uploads\/bwtreumal4-aquarela1.webp\" alt class=\"wp-image-13792 size-full\" srcset=\"https:\/\/www.campingbellaterra.com\/wp-content\/uploads\/bwtreumal4-aquarela1.webp 2048w, https:\/\/www.campingbellaterra.com\/wp-content\/uploads\/bwtreumal4-aquarela1-1024x684.webp 1024w, https:\/\/www.campingbellaterra.com\/wp-content\/uploads\/bwtreumal4-aquarela1-768x513.webp 768w, https:\/\/www.campingbellaterra.com\/wp-content\/uploads\/bwtreumal4-aquarela1-1536x1025.webp 1536w, https:\/\/www.campingbellaterra.com\/wp-content\/uploads\/bwtreumal4-aquarela1-1800x1200.webp 1800w, https:\/\/www.campingbellaterra.com\/wp-content\/uploads\/bwtreumal4-aquarela1-900x600.webp 900w, https:\/\/www.campingbellaterra.com\/wp-content\/uploads\/bwtreumal4-aquarela1-600x400.webp 600w, https:\/\/www.campingbellaterra.com\/wp-content\/uploads\/bwtreumal4-aquarela1-450x300.webp 450w, https:\/\/www.campingbellaterra.com\/wp-content\/uploads\/bwtreumal4-aquarela1-225x150.webp 225w\" sizes=\"(max-width: 2048px) 100vw, 2048px\"><\/noscript><img decoding=\"async\" width=\"2048\" height=\"1367\" src=\"data:image\/svg+xml,%3Csvg%20xmlns%3D%22http%3A%2F%2Fwww.w3.org%2F2000%2Fsvg%22%20viewBox%3D%220%200%202048%201367%22%3E%3C%2Fsvg%3E\" alt class=\"wp-image-13792 size-full lazyload\" srcset=\"data:image\/svg+xml,%3Csvg%20xmlns%3D%22http%3A%2F%2Fwww.w3.org%2F2000%2Fsvg%22%20viewBox%3D%220%200%202048%201367%22%3E%3C%2Fsvg%3E 2048w\" sizes=\"(max-width: 2048px) 100vw, 2048px\" data-srcset=\"https:\/\/www.campingbellaterra.com\/wp-content\/uploads\/bwtreumal4-aquarela1.webp 2048w, https:\/\/www.campingbellaterra.com\/wp-content\/uploads\/bwtreumal4-aquarela1-1024x684.webp 1024w, https:\/\/www.campingbellaterra.com\/wp-content\/uploads\/bwtreumal4-aquarela1-768x513.webp 768w, https:\/\/www.campingbellaterra.com\/wp-content\/uploads\/bwtreumal4-aquarela1-1536x1025.webp 1536w, https:\/\/www.campingbellaterra.com\/wp-content\/uploads\/bwtreumal4-aquarela1-1800x1200.webp 1800w, https:\/\/www.campingbellaterra.com\/wp-content\/uploads\/bwtreumal4-aquarela1-900x600.webp 900w, https:\/\/www.campingbellaterra.com\/wp-content\/uploads\/bwtreumal4-aquarela1-600x400.webp 600w, https:\/\/www.campingbellaterra.com\/wp-content\/uploads\/bwtreumal4-aquarela1-450x300.webp 450w, https:\/\/www.campingbellaterra.com\/wp-content\/uploads\/bwtreumal4-aquarela1-225x150.webp 225w\" data-src=\"https:\/\/www.campingbellaterra.com\/wp-content\/uploads\/bwtreumal4-aquarela1.webp\"><\/figure><\/div>\n\n\n\n<div class=\"wp-block-group alignfull wp-block-no-margin-y wp-block-icons-1 has-blank-blue-background-color has-background is-layout-constrained wp-container-core-group-is-layout-2db066cb wp-block-group-is-layout-constrained\">\n<div class=\"wp-block-columns is-layout-flex wp-container-core-columns-is-layout-28f84493 wp-block-columns-is-layout-flex\">\n<div class=\"wp-block-column is-layout-flow wp-block-column-is-layout-flow\">\n<figure class=\"wp-block-image aligncenter size-large is-style-rounded\"><noscript><img decoding=\"async\" src=\"https:\/\/www.campingbellaterra.com\/wp-content\/uploads\/user.svg\" alt class=\"wp-image-12676\"><\/noscript><img decoding=\"async\" src=\"data:image\/gif;base64,R0lGODlhAQABAIAAAAAAAP\/\/\/yH5BAEAAAAALAAAAAABAAEAAAIBRAA7\" alt class=\"wp-image-12676 lazyload\" data-src=\"https:\/\/www.campingbellaterra.com\/wp-content\/uploads\/user.svg\"><figcaption class=\"wp-element-caption\">4 pax<\/figcaption><\/figure>\n<\/div>\n\n\n\n<div class=\"wp-block-column is-layout-flow wp-block-column-is-layout-flow\">\n<figure class=\"wp-block-image aligncenter size-large is-style-rounded\"><noscript><img decoding=\"async\" width=\"48\" height=\"48\" src=\"https:\/\/www.campingbellaterra.com\/wp-content\/uploads\/door.svg\" alt class=\"wp-image-12683\"><\/noscript><img decoding=\"async\" width=\"48\" height=\"48\" src=\"data:image\/svg+xml,%3Csvg%20xmlns%3D%22http%3A%2F%2Fwww.w3.org%2F2000%2Fsvg%22%20viewBox%3D%220%200%2048%2048%22%3E%3C%2Fsvg%3E\" alt class=\"wp-image-12683 lazyload\" data-src=\"https:\/\/www.campingbellaterra.com\/wp-content\/uploads\/door.svg\"><figcaption class=\"wp-element-caption\">2 sovev\u00e6relser<\/figcaption><\/figure>\n<\/div>\n\n\n\n<div class=\"wp-block-column is-layout-flow wp-block-column-is-layout-flow\">\n<figure class=\"wp-block-image aligncenter size-large is-style-rounded\"><noscript><img decoding=\"async\" width=\"48\" height=\"48\" src=\"https:\/\/www.campingbellaterra.com\/wp-content\/uploads\/doublebed.svg\" alt class=\"wp-image-12690\"><\/noscript><img decoding=\"async\" width=\"48\" height=\"48\" src=\"data:image\/svg+xml,%3Csvg%20xmlns%3D%22http%3A%2F%2Fwww.w3.org%2F2000%2Fsvg%22%20viewBox%3D%220%200%2048%2048%22%3E%3C%2Fsvg%3E\" alt class=\"wp-image-12690 lazyload\" data-src=\"https:\/\/www.campingbellaterra.com\/wp-content\/uploads\/doublebed.svg\"><figcaption class=\"wp-element-caption\">1 dobbeltseng (140&#215;200)<\/figcaption><\/figure>\n<\/div>\n\n\n\n<div class=\"wp-block-column is-layout-flow wp-block-column-is-layout-flow\">\n<figure class=\"wp-block-image aligncenter size-large is-style-rounded\"><noscript><img decoding=\"async\" width=\"48\" height=\"48\" src=\"https:\/\/www.campingbellaterra.com\/wp-content\/uploads\/singlebed.svg\" alt class=\"wp-image-12697\"><\/noscript><img decoding=\"async\" width=\"48\" height=\"48\" src=\"data:image\/svg+xml,%3Csvg%20xmlns%3D%22http%3A%2F%2Fwww.w3.org%2F2000%2Fsvg%22%20viewBox%3D%220%200%2048%2048%22%3E%3C%2Fsvg%3E\" alt class=\"wp-image-12697 lazyload\" data-src=\"https:\/\/www.campingbellaterra.com\/wp-content\/uploads\/singlebed.svg\"><figcaption class=\"wp-element-caption\">2 enkeltsenge (80&#215;190\/120&#215;185)<\/figcaption><\/figure>\n<\/div>\n<\/div>\n<\/div>\n\n\n\n<div class=\"wp-block-group alignfull wp-block-no-margin-y wp-block-icons-2 has-blank-baby-blue-background-color has-background is-layout-constrained wp-container-core-group-is-layout-2db066cb wp-block-group-is-layout-constrained\">\n<div class=\"wp-block-group is-layout-flow wp-block-group-is-layout-flow\">\n<figure class=\"wp-block-image size-large is-resized\"><noscript><img decoding=\"async\" width=\"16\" height=\"16\" src=\"https:\/\/www.campingbellaterra.com\/wp-content\/uploads\/nevera.svg\" alt class=\"wp-image-12875\"><\/noscript><img decoding=\"async\" width=\"16\" height=\"16\" src=\"data:image\/svg+xml,%3Csvg%20xmlns%3D%22http%3A%2F%2Fwww.w3.org%2F2000%2Fsvg%22%20viewBox%3D%220%200%2016%2016%22%3E%3C%2Fsvg%3E\" alt class=\"wp-image-12875 lazyload\" data-src=\"https:\/\/www.campingbellaterra.com\/wp-content\/uploads\/nevera.svg\"><figcaption class=\"wp-element-caption\">Fuldt udstyret k\u00f8kken: k\u00f8l\/frys, mikroovn, Italiensk kaffemaskine og Dolce Gusto kaffemaskine og opvaskemaskine<\/figcaption><\/figure>\n\n\n\n<figure class=\"wp-block-image size-large\"><noscript><img decoding=\"async\" width=\"16\" height=\"16\" src=\"https:\/\/www.campingbellaterra.com\/wp-content\/uploads\/tv.svg\" alt class=\"wp-image-12896\"><\/noscript><img decoding=\"async\" width=\"16\" height=\"16\" src=\"data:image\/svg+xml,%3Csvg%20xmlns%3D%22http%3A%2F%2Fwww.w3.org%2F2000%2Fsvg%22%20viewBox%3D%220%200%2016%2016%22%3E%3C%2Fsvg%3E\" alt class=\"wp-image-12896 lazyload\" data-src=\"https:\/\/www.campingbellaterra.com\/wp-content\/uploads\/tv.svg\"><figcaption class=\"wp-element-caption\">Fladsk\u00e6rms-tv<\/figcaption><\/figure>\n\n\n\n<figure class=\"wp-block-image size-large\"><noscript><img decoding=\"async\" width=\"16\" height=\"17\" src=\"https:\/\/www.campingbellaterra.com\/wp-content\/uploads\/aire.svg\" alt class=\"wp-image-12840\"><\/noscript><img decoding=\"async\" width=\"16\" height=\"17\" src=\"data:image\/svg+xml,%3Csvg%20xmlns%3D%22http%3A%2F%2Fwww.w3.org%2F2000%2Fsvg%22%20viewBox%3D%220%200%2016%2017%22%3E%3C%2Fsvg%3E\" alt class=\"wp-image-12840 lazyload\" data-src=\"https:\/\/www.campingbellaterra.com\/wp-content\/uploads\/aire.svg\"><figcaption class=\"wp-element-caption\">Varme og aircondition<\/figcaption><\/figure>\n\n\n\n<figure class=\"wp-block-image size-large\"><noscript><img decoding=\"async\" width=\"16\" height=\"16\" src=\"https:\/\/www.campingbellaterra.com\/wp-content\/uploads\/lock.svg\" alt class=\"wp-image-13886\"><\/noscript><img decoding=\"async\" width=\"16\" height=\"16\" src=\"data:image\/svg+xml,%3Csvg%20xmlns%3D%22http%3A%2F%2Fwww.w3.org%2F2000%2Fsvg%22%20viewBox%3D%220%200%2016%2016%22%3E%3C%2Fsvg%3E\" alt class=\"wp-image-13886 lazyload\" data-src=\"https:\/\/www.campingbellaterra.com\/wp-content\/uploads\/lock.svg\"><figcaption class=\"wp-element-caption\">Safe-deposit box<\/figcaption><\/figure>\n\n\n\n<figure class=\"wp-block-image size-large\"><noscript><img decoding=\"async\" width=\"16\" height=\"16\" src=\"https:\/\/www.campingbellaterra.com\/wp-content\/uploads\/parking.svg\" alt class=\"wp-image-12889\"><\/noscript><img decoding=\"async\" width=\"16\" height=\"16\" src=\"data:image\/svg+xml,%3Csvg%20xmlns%3D%22http%3A%2F%2Fwww.w3.org%2F2000%2Fsvg%22%20viewBox%3D%220%200%2016%2016%22%3E%3C%2Fsvg%3E\" alt class=\"wp-image-12889 lazyload\" data-src=\"https:\/\/www.campingbellaterra.com\/wp-content\/uploads\/parking.svg\"><figcaption class=\"wp-element-caption\">Parkeringsplads<\/figcaption><\/figure>\n\n\n\n<figure class=\"wp-block-image size-large\"><noscript><img decoding=\"async\" width=\"16\" height=\"17\" src=\"https:\/\/www.campingbellaterra.com\/wp-content\/uploads\/no-dog.svg\" alt class=\"wp-image-13893\"><\/noscript><img decoding=\"async\" width=\"16\" height=\"17\" src=\"data:image\/svg+xml,%3Csvg%20xmlns%3D%22http%3A%2F%2Fwww.w3.org%2F2000%2Fsvg%22%20viewBox%3D%220%200%2016%2017%22%3E%3C%2Fsvg%3E\" alt class=\"wp-image-13893 lazyload\" data-src=\"https:\/\/www.campingbellaterra.com\/wp-content\/uploads\/no-dog.svg\"><figcaption class=\"wp-element-caption\">K\u00e6ledyr er ikke tilladt<\/figcaption><\/figure>\n\n\n\n<figure class=\"wp-block-image size-large\"><noscript><img decoding=\"async\" width=\"16\" height=\"16\" src=\"https:\/\/www.campingbellaterra.com\/wp-content\/uploads\/no-tent.svg\" alt class=\"wp-image-13900\"><\/noscript><img decoding=\"async\" width=\"16\" height=\"16\" src=\"data:image\/svg+xml,%3Csvg%20xmlns%3D%22http%3A%2F%2Fwww.w3.org%2F2000%2Fsvg%22%20viewBox%3D%220%200%2016%2016%22%3E%3C%2Fsvg%3E\" alt class=\"wp-image-13900 lazyload\" data-src=\"https:\/\/www.campingbellaterra.com\/wp-content\/uploads\/no-tent.svg\"><figcaption class=\"wp-element-caption\">Telt er ikke tilladt<\/figcaption><\/figure>\n<\/div>\n<\/div>\n\n\n<div id=\"wp-block-slider-block_0adc679ca4ab767c6c2fcc2279259640\" class=\"wp-block-slider alignfull\" style>\n    <div class=\"contingut-texte\">\n                    <div class=\"slider-container\"><div class=\"splide galeria-slider galeria-columnas-1\" id=\"slide_209\"><div class=\"splide__track\"><div class=\"splide__list\"><div id=\"thumb-16317\" class=\"splide__slide\" data-counter=\"01\/06\"><noscript><img decoding=\"async\" width=\"1900\" height=\"900\" src=\"https:\/\/www.campingbellaterra.com\/wp-content\/uploads\/sapineda-out-1900x900.jpg\" class=\"attachment-panoramic size-panoramic\" alt srcset=\"https:\/\/www.campingbellaterra.com\/wp-content\/uploads\/sapineda-out-1900x900.jpg 1900w, https:\/\/www.campingbellaterra.com\/wp-content\/uploads\/sapineda-out-1266x600.jpg 1266w, https:\/\/www.campingbellaterra.com\/wp-content\/uploads\/sapineda-out-950x450.jpg 950w, https:\/\/www.campingbellaterra.com\/wp-content\/uploads\/sapineda-out-633x300.jpg 633w, https:\/\/www.campingbellaterra.com\/wp-content\/uploads\/sapineda-out-475x225.jpg 475w\" sizes=\"(max-width: 1900px) 100vw, 1900px\"><\/noscript><img decoding=\"async\" width=\"1900\" height=\"900\" src=\"data:image\/svg+xml,%3Csvg%20xmlns%3D%22http%3A%2F%2Fwww.w3.org%2F2000%2Fsvg%22%20viewBox%3D%220%200%201900%20900%22%3E%3C%2Fsvg%3E\" class=\"attachment-panoramic size-panoramic lazyload\" alt srcset=\"data:image\/svg+xml,%3Csvg%20xmlns%3D%22http%3A%2F%2Fwww.w3.org%2F2000%2Fsvg%22%20viewBox%3D%220%200%201900%20900%22%3E%3C%2Fsvg%3E 1900w\" sizes=\"(max-width: 1900px) 100vw, 1900px\" data-srcset=\"https:\/\/www.campingbellaterra.com\/wp-content\/uploads\/sapineda-out-1900x900.jpg 1900w, https:\/\/www.campingbellaterra.com\/wp-content\/uploads\/sapineda-out-1266x600.jpg 1266w, https:\/\/www.campingbellaterra.com\/wp-content\/uploads\/sapineda-out-950x450.jpg 950w, https:\/\/www.campingbellaterra.com\/wp-content\/uploads\/sapineda-out-633x300.jpg 633w, https:\/\/www.campingbellaterra.com\/wp-content\/uploads\/sapineda-out-475x225.jpg 475w\" data-src=\"https:\/\/www.campingbellaterra.com\/wp-content\/uploads\/sapineda-out-1900x900.jpg\"><\/div><div id=\"thumb-16325\" class=\"splide__slide\" data-counter=\"02\/06\"><noscript><img decoding=\"async\" width=\"1900\" height=\"900\" src=\"https:\/\/www.campingbellaterra.com\/wp-content\/uploads\/sapineda-dreta-1900x900.jpg\" class=\"attachment-panoramic size-panoramic\" alt srcset=\"https:\/\/www.campingbellaterra.com\/wp-content\/uploads\/sapineda-dreta-1900x900.jpg 1900w, https:\/\/www.campingbellaterra.com\/wp-content\/uploads\/sapineda-dreta-1266x600.jpg 1266w, https:\/\/www.campingbellaterra.com\/wp-content\/uploads\/sapineda-dreta-950x450.jpg 950w, https:\/\/www.campingbellaterra.com\/wp-content\/uploads\/sapineda-dreta-633x300.jpg 633w, https:\/\/www.campingbellaterra.com\/wp-content\/uploads\/sapineda-dreta-475x225.jpg 475w\" sizes=\"(max-width: 1900px) 100vw, 1900px\"><\/noscript><img decoding=\"async\" width=\"1900\" height=\"900\" src=\"data:image\/svg+xml,%3Csvg%20xmlns%3D%22http%3A%2F%2Fwww.w3.org%2F2000%2Fsvg%22%20viewBox%3D%220%200%201900%20900%22%3E%3C%2Fsvg%3E\" class=\"attachment-panoramic size-panoramic lazyload\" alt srcset=\"data:image\/svg+xml,%3Csvg%20xmlns%3D%22http%3A%2F%2Fwww.w3.org%2F2000%2Fsvg%22%20viewBox%3D%220%200%201900%20900%22%3E%3C%2Fsvg%3E 1900w\" sizes=\"(max-width: 1900px) 100vw, 1900px\" data-srcset=\"https:\/\/www.campingbellaterra.com\/wp-content\/uploads\/sapineda-dreta-1900x900.jpg 1900w, https:\/\/www.campingbellaterra.com\/wp-content\/uploads\/sapineda-dreta-1266x600.jpg 1266w, https:\/\/www.campingbellaterra.com\/wp-content\/uploads\/sapineda-dreta-950x450.jpg 950w, https:\/\/www.campingbellaterra.com\/wp-content\/uploads\/sapineda-dreta-633x300.jpg 633w, https:\/\/www.campingbellaterra.com\/wp-content\/uploads\/sapineda-dreta-475x225.jpg 475w\" data-src=\"https:\/\/www.campingbellaterra.com\/wp-content\/uploads\/sapineda-dreta-1900x900.jpg\"><\/div><div id=\"thumb-13821\" class=\"splide__slide\" data-counter=\"03\/06\"><noscript><img decoding=\"async\" width=\"1900\" height=\"900\" src=\"https:\/\/www.campingbellaterra.com\/wp-content\/uploads\/costa-brava-bungalow-treumal4-6.webp\" class=\"attachment-panoramic size-panoramic\" alt srcset=\"https:\/\/www.campingbellaterra.com\/wp-content\/uploads\/costa-brava-bungalow-treumal4-6.webp 1900w, https:\/\/www.campingbellaterra.com\/wp-content\/uploads\/costa-brava-bungalow-treumal4-6-1024x485.webp 1024w, https:\/\/www.campingbellaterra.com\/wp-content\/uploads\/costa-brava-bungalow-treumal4-6-768x364.webp 768w, https:\/\/www.campingbellaterra.com\/wp-content\/uploads\/costa-brava-bungalow-treumal4-6-1536x728.webp 1536w, https:\/\/www.campingbellaterra.com\/wp-content\/uploads\/costa-brava-bungalow-treumal4-6-1266x600.webp 1266w, https:\/\/www.campingbellaterra.com\/wp-content\/uploads\/costa-brava-bungalow-treumal4-6-950x450.webp 950w, https:\/\/www.campingbellaterra.com\/wp-content\/uploads\/costa-brava-bungalow-treumal4-6-633x300.webp 633w, https:\/\/www.campingbellaterra.com\/wp-content\/uploads\/costa-brava-bungalow-treumal4-6-475x225.webp 475w\" sizes=\"(max-width: 1900px) 100vw, 1900px\"><\/noscript><img decoding=\"async\" width=\"1900\" height=\"900\" src=\"data:image\/svg+xml,%3Csvg%20xmlns%3D%22http%3A%2F%2Fwww.w3.org%2F2000%2Fsvg%22%20viewBox%3D%220%200%201900%20900%22%3E%3C%2Fsvg%3E\" class=\"attachment-panoramic size-panoramic lazyload\" alt srcset=\"data:image\/svg+xml,%3Csvg%20xmlns%3D%22http%3A%2F%2Fwww.w3.org%2F2000%2Fsvg%22%20viewBox%3D%220%200%201900%20900%22%3E%3C%2Fsvg%3E 1900w\" sizes=\"(max-width: 1900px) 100vw, 1900px\" data-srcset=\"https:\/\/www.campingbellaterra.com\/wp-content\/uploads\/costa-brava-bungalow-treumal4-6.webp 1900w, https:\/\/www.campingbellaterra.com\/wp-content\/uploads\/costa-brava-bungalow-treumal4-6-1024x485.webp 1024w, https:\/\/www.campingbellaterra.com\/wp-content\/uploads\/costa-brava-bungalow-treumal4-6-768x364.webp 768w, https:\/\/www.campingbellaterra.com\/wp-content\/uploads\/costa-brava-bungalow-treumal4-6-1536x728.webp 1536w, https:\/\/www.campingbellaterra.com\/wp-content\/uploads\/costa-brava-bungalow-treumal4-6-1266x600.webp 1266w, https:\/\/www.campingbellaterra.com\/wp-content\/uploads\/costa-brava-bungalow-treumal4-6-950x450.webp 950w, https:\/\/www.campingbellaterra.com\/wp-content\/uploads\/costa-brava-bungalow-treumal4-6-633x300.webp 633w, https:\/\/www.campingbellaterra.com\/wp-content\/uploads\/costa-brava-bungalow-treumal4-6-475x225.webp 475w\" data-src=\"https:\/\/www.campingbellaterra.com\/wp-content\/uploads\/costa-brava-bungalow-treumal4-6.webp\"><\/div><div id=\"thumb-13814\" class=\"splide__slide\" data-counter=\"04\/06\"><noscript><img decoding=\"async\" width=\"1900\" height=\"900\" src=\"https:\/\/www.campingbellaterra.com\/wp-content\/uploads\/costa-brava-bungalow-treumal4-5.webp\" class=\"attachment-panoramic size-panoramic\" alt srcset=\"https:\/\/www.campingbellaterra.com\/wp-content\/uploads\/costa-brava-bungalow-treumal4-5.webp 1900w, https:\/\/www.campingbellaterra.com\/wp-content\/uploads\/costa-brava-bungalow-treumal4-5-1024x485.webp 1024w, https:\/\/www.campingbellaterra.com\/wp-content\/uploads\/costa-brava-bungalow-treumal4-5-768x364.webp 768w, https:\/\/www.campingbellaterra.com\/wp-content\/uploads\/costa-brava-bungalow-treumal4-5-1536x728.webp 1536w, https:\/\/www.campingbellaterra.com\/wp-content\/uploads\/costa-brava-bungalow-treumal4-5-1266x600.webp 1266w, https:\/\/www.campingbellaterra.com\/wp-content\/uploads\/costa-brava-bungalow-treumal4-5-950x450.webp 950w, https:\/\/www.campingbellaterra.com\/wp-content\/uploads\/costa-brava-bungalow-treumal4-5-633x300.webp 633w, https:\/\/www.campingbellaterra.com\/wp-content\/uploads\/costa-brava-bungalow-treumal4-5-475x225.webp 475w\" sizes=\"(max-width: 1900px) 100vw, 1900px\"><\/noscript><img decoding=\"async\" width=\"1900\" height=\"900\" src=\"data:image\/svg+xml,%3Csvg%20xmlns%3D%22http%3A%2F%2Fwww.w3.org%2F2000%2Fsvg%22%20viewBox%3D%220%200%201900%20900%22%3E%3C%2Fsvg%3E\" class=\"attachment-panoramic size-panoramic lazyload\" alt srcset=\"data:image\/svg+xml,%3Csvg%20xmlns%3D%22http%3A%2F%2Fwww.w3.org%2F2000%2Fsvg%22%20viewBox%3D%220%200%201900%20900%22%3E%3C%2Fsvg%3E 1900w\" sizes=\"(max-width: 1900px) 100vw, 1900px\" data-srcset=\"https:\/\/www.campingbellaterra.com\/wp-content\/uploads\/costa-brava-bungalow-treumal4-5.webp 1900w, https:\/\/www.campingbellaterra.com\/wp-content\/uploads\/costa-brava-bungalow-treumal4-5-1024x485.webp 1024w, https:\/\/www.campingbellaterra.com\/wp-content\/uploads\/costa-brava-bungalow-treumal4-5-768x364.webp 768w, https:\/\/www.campingbellaterra.com\/wp-content\/uploads\/costa-brava-bungalow-treumal4-5-1536x728.webp 1536w, https:\/\/www.campingbellaterra.com\/wp-content\/uploads\/costa-brava-bungalow-treumal4-5-1266x600.webp 1266w, https:\/\/www.campingbellaterra.com\/wp-content\/uploads\/costa-brava-bungalow-treumal4-5-950x450.webp 950w, https:\/\/www.campingbellaterra.com\/wp-content\/uploads\/costa-brava-bungalow-treumal4-5-633x300.webp 633w, https:\/\/www.campingbellaterra.com\/wp-content\/uploads\/costa-brava-bungalow-treumal4-5-475x225.webp 475w\" data-src=\"https:\/\/www.campingbellaterra.com\/wp-content\/uploads\/costa-brava-bungalow-treumal4-5.webp\"><\/div><div id=\"thumb-13807\" class=\"splide__slide\" data-counter=\"05\/06\"><noscript><img decoding=\"async\" width=\"1900\" height=\"900\" src=\"https:\/\/www.campingbellaterra.com\/wp-content\/uploads\/costa-brava-bungalow-treumal4-4.webp\" class=\"attachment-panoramic size-panoramic\" alt srcset=\"https:\/\/www.campingbellaterra.com\/wp-content\/uploads\/costa-brava-bungalow-treumal4-4.webp 1900w, https:\/\/www.campingbellaterra.com\/wp-content\/uploads\/costa-brava-bungalow-treumal4-4-1024x485.webp 1024w, https:\/\/www.campingbellaterra.com\/wp-content\/uploads\/costa-brava-bungalow-treumal4-4-768x364.webp 768w, https:\/\/www.campingbellaterra.com\/wp-content\/uploads\/costa-brava-bungalow-treumal4-4-1536x728.webp 1536w, https:\/\/www.campingbellaterra.com\/wp-content\/uploads\/costa-brava-bungalow-treumal4-4-1266x600.webp 1266w, https:\/\/www.campingbellaterra.com\/wp-content\/uploads\/costa-brava-bungalow-treumal4-4-950x450.webp 950w, https:\/\/www.campingbellaterra.com\/wp-content\/uploads\/costa-brava-bungalow-treumal4-4-633x300.webp 633w, https:\/\/www.campingbellaterra.com\/wp-content\/uploads\/costa-brava-bungalow-treumal4-4-475x225.webp 475w\" sizes=\"(max-width: 1900px) 100vw, 1900px\"><\/noscript><img decoding=\"async\" width=\"1900\" height=\"900\" src=\"data:image\/svg+xml,%3Csvg%20xmlns%3D%22http%3A%2F%2Fwww.w3.org%2F2000%2Fsvg%22%20viewBox%3D%220%200%201900%20900%22%3E%3C%2Fsvg%3E\" class=\"attachment-panoramic size-panoramic lazyload\" alt srcset=\"data:image\/svg+xml,%3Csvg%20xmlns%3D%22http%3A%2F%2Fwww.w3.org%2F2000%2Fsvg%22%20viewBox%3D%220%200%201900%20900%22%3E%3C%2Fsvg%3E 1900w\" sizes=\"(max-width: 1900px) 100vw, 1900px\" data-srcset=\"https:\/\/www.campingbellaterra.com\/wp-content\/uploads\/costa-brava-bungalow-treumal4-4.webp 1900w, https:\/\/www.campingbellaterra.com\/wp-content\/uploads\/costa-brava-bungalow-treumal4-4-1024x485.webp 1024w, https:\/\/www.campingbellaterra.com\/wp-content\/uploads\/costa-brava-bungalow-treumal4-4-768x364.webp 768w, https:\/\/www.campingbellaterra.com\/wp-content\/uploads\/costa-brava-bungalow-treumal4-4-1536x728.webp 1536w, https:\/\/www.campingbellaterra.com\/wp-content\/uploads\/costa-brava-bungalow-treumal4-4-1266x600.webp 1266w, https:\/\/www.campingbellaterra.com\/wp-content\/uploads\/costa-brava-bungalow-treumal4-4-950x450.webp 950w, https:\/\/www.campingbellaterra.com\/wp-content\/uploads\/costa-brava-bungalow-treumal4-4-633x300.webp 633w, https:\/\/www.campingbellaterra.com\/wp-content\/uploads\/costa-brava-bungalow-treumal4-4-475x225.webp 475w\" data-src=\"https:\/\/www.campingbellaterra.com\/wp-content\/uploads\/costa-brava-bungalow-treumal4-4.webp\"><\/div><div id=\"thumb-13800\" class=\"splide__slide\" data-counter=\"06\/06\"><noscript><img decoding=\"async\" width=\"1900\" height=\"900\" src=\"https:\/\/www.campingbellaterra.com\/wp-content\/uploads\/costa-brava-bungalow-treumal4-3.webp\" class=\"attachment-panoramic size-panoramic\" alt srcset=\"https:\/\/www.campingbellaterra.com\/wp-content\/uploads\/costa-brava-bungalow-treumal4-3.webp 1900w, https:\/\/www.campingbellaterra.com\/wp-content\/uploads\/costa-brava-bungalow-treumal4-3-1024x485.webp 1024w, https:\/\/www.campingbellaterra.com\/wp-content\/uploads\/costa-brava-bungalow-treumal4-3-768x364.webp 768w, https:\/\/www.campingbellaterra.com\/wp-content\/uploads\/costa-brava-bungalow-treumal4-3-1536x728.webp 1536w, https:\/\/www.campingbellaterra.com\/wp-content\/uploads\/costa-brava-bungalow-treumal4-3-1266x600.webp 1266w, https:\/\/www.campingbellaterra.com\/wp-content\/uploads\/costa-brava-bungalow-treumal4-3-950x450.webp 950w, https:\/\/www.campingbellaterra.com\/wp-content\/uploads\/costa-brava-bungalow-treumal4-3-633x300.webp 633w, https:\/\/www.campingbellaterra.com\/wp-content\/uploads\/costa-brava-bungalow-treumal4-3-475x225.webp 475w\" sizes=\"(max-width: 1900px) 100vw, 1900px\"><\/noscript><img decoding=\"async\" width=\"1900\" height=\"900\" src=\"data:image\/svg+xml,%3Csvg%20xmlns%3D%22http%3A%2F%2Fwww.w3.org%2F2000%2Fsvg%22%20viewBox%3D%220%200%201900%20900%22%3E%3C%2Fsvg%3E\" class=\"attachment-panoramic size-panoramic lazyload\" alt srcset=\"data:image\/svg+xml,%3Csvg%20xmlns%3D%22http%3A%2F%2Fwww.w3.org%2F2000%2Fsvg%22%20viewBox%3D%220%200%201900%20900%22%3E%3C%2Fsvg%3E 1900w\" sizes=\"(max-width: 1900px) 100vw, 1900px\" data-srcset=\"https:\/\/www.campingbellaterra.com\/wp-content\/uploads\/costa-brava-bungalow-treumal4-3.webp 1900w, https:\/\/www.campingbellaterra.com\/wp-content\/uploads\/costa-brava-bungalow-treumal4-3-1024x485.webp 1024w, https:\/\/www.campingbellaterra.com\/wp-content\/uploads\/costa-brava-bungalow-treumal4-3-768x364.webp 768w, https:\/\/www.campingbellaterra.com\/wp-content\/uploads\/costa-brava-bungalow-treumal4-3-1536x728.webp 1536w, https:\/\/www.campingbellaterra.com\/wp-content\/uploads\/costa-brava-bungalow-treumal4-3-1266x600.webp 1266w, https:\/\/www.campingbellaterra.com\/wp-content\/uploads\/costa-brava-bungalow-treumal4-3-950x450.webp 950w, https:\/\/www.campingbellaterra.com\/wp-content\/uploads\/costa-brava-bungalow-treumal4-3-633x300.webp 633w, https:\/\/www.campingbellaterra.com\/wp-content\/uploads\/costa-brava-bungalow-treumal4-3-475x225.webp 475w\" data-src=\"https:\/\/www.campingbellaterra.com\/wp-content\/uploads\/costa-brava-bungalow-treumal4-3.webp\"><\/div><\/div><\/div><\/div><\/div>\n            <script>\n            document.addEventListener( 'DOMContentLoaded', function () {\n\n                var splide = new Splide( '#slide_209', \n                    {\n                    type   : 'slide',\n                    pagination : true,\n                    arrows: false,\n                    perPage: 1,\n                    gap: '2em',\n                    padding: {\n                        left : '0%',\n                        right: '0%',\n                        },\n                    breakpoints: {\n                        750: {\n                            perPage: 0,\n                        },\n                        600: {\n                            perPage: 1,\n                        },\n                    }    \n\n\n                    }\n                ).mount();\n\n                function counter(){\n                    return document.querySelector('#slide_209 .is-active.is-visible').getAttribute('data-counter');\n                }\n\n                let initCounter = counter();\n\n                let arrows = document.querySelector('#slide_209 .splide__arrows');\n                let divCounter = '<div class=\"splide__counter\">'+initCounter+'<\/div>';\n                arrows.insertAdjacentHTML('afterend', divCounter);\n                console.log(counter());\n                splide.on( 'moved', function() {\n                    document.querySelector('#slide_209 .splide__counter').textContent = counter();\n                } );\n\n            });\n            <\/script>\n                        \n    <\/div>\n<\/div>\n\n\n\n<div class=\"wp-block-cover alignfull is-light cover-auto-height cover-img-right wp-duotone-fff7ce-fff7ce-2\"><span aria-hidden=\"true\" class=\"wp-block-cover__background has-background-dim-0 has-background-dim\"><\/span><noscript><img decoding=\"async\" width=\"1002\" height=\"270\" class=\"wp-block-cover__image-background wp-image-11735\" alt src=\"https:\/\/www.campingbellaterra.com\/wp-content\/uploads\/brush-05.svg\" data-object-fit=\"cover\"><\/noscript><img decoding=\"async\" width=\"1002\" height=\"270\" class=\"wp-block-cover__image-background wp-image-11735 lazyload\" alt src=\"data:image\/svg+xml,%3Csvg%20xmlns%3D%22http%3A%2F%2Fwww.w3.org%2F2000%2Fsvg%22%20viewBox%3D%220%200%201002%20270%22%3E%3C%2Fsvg%3E\" data-object-fit=\"cover\" data-src=\"https:\/\/www.campingbellaterra.com\/wp-content\/uploads\/brush-05.svg\"><div class=\"wp-block-cover__inner-container is-layout-flow wp-block-cover-is-layout-flow\">\n<div class=\"wp-block-columns alignwide is-layout-flex wp-container-core-columns-is-layout-28f84493 wp-block-columns-is-layout-flex\">\n<div class=\"wp-block-column is-layout-flow wp-block-column-is-layout-flow\">\n<figure class=\"wp-block-image aligncenter size-full\"><noscript><img decoding=\"async\" width=\"400\" height=\"391\" src=\"https:\/\/www.campingbellaterra.com\/wp-content\/uploads\/treumal-4.jpg\" alt class=\"wp-image-17218\"><\/noscript><img decoding=\"async\" width=\"400\" height=\"391\" src=\"data:image\/svg+xml,%3Csvg%20xmlns%3D%22http%3A%2F%2Fwww.w3.org%2F2000%2Fsvg%22%20viewBox%3D%220%200%20400%20391%22%3E%3C%2Fsvg%3E\" alt class=\"wp-image-17218 lazyload\" data-src=\"https:\/\/www.campingbellaterra.com\/wp-content\/uploads\/treumal-4.jpg\"><\/figure>\n<\/div>\n\n\n\n<div class=\"wp-block-column is-vertically-aligned-center is-layout-flow wp-block-column-is-layout-flow\">\n<p>Sa Pineda bungalows har to sovev\u00e6relser, det ene af dem med en dobbeltseng og det andet med to enkeltsenge, stue, k\u00f8kken og en veranda med et bord og stole.<\/p>\n<\/div>\n<\/div>\n<\/div><\/div>\n\n\n\n<div class=\"wp-block-cover alignfull is-light cover-auto-height cover-img-left wp-duotone-d0e3f2-d0e3f2-3\"><span aria-hidden=\"true\" class=\"wp-block-cover__background has-background-dim-0 has-background-dim\"><\/span><noscript><img decoding=\"async\" width=\"1002\" height=\"331\" class=\"wp-block-cover__image-background wp-image-560\" alt src=\"https:\/\/www.campingbellaterra.com\/wp-content\/uploads\/brush-02.svg\" data-object-fit=\"cover\"><\/noscript><img decoding=\"async\" width=\"1002\" height=\"331\" class=\"wp-block-cover__image-background wp-image-560 lazyload\" alt src=\"data:image\/svg+xml,%3Csvg%20xmlns%3D%22http%3A%2F%2Fwww.w3.org%2F2000%2Fsvg%22%20viewBox%3D%220%200%201002%20331%22%3E%3C%2Fsvg%3E\" data-object-fit=\"cover\" data-src=\"https:\/\/www.campingbellaterra.com\/wp-content\/uploads\/brush-02.svg\"><div class=\"wp-block-cover__inner-container is-layout-flow wp-block-cover-is-layout-flow\">\n<div class=\"wp-block-columns alignwide is-layout-flex wp-container-core-columns-is-layout-28f84493 wp-block-columns-is-layout-flex\">\n<div class=\"wp-block-column is-vertically-aligned-center is-layout-flow wp-block-column-is-layout-flow\">\n<p>Sa Pineda bungalows er beliggende p\u00e5 campingpladsen Kun 1 minuts gang fra stranden.<\/p>\n<\/div>\n\n\n\n<div class=\"wp-block-column is-layout-flow wp-block-column-is-layout-flow\">\n<figure class=\"wp-block-image size-full\"><a href=\"https:\/\/www.campingbellaterra.com\/wp-content\/uploads\/sapineda22.webp\" class=\"image-link\"><noscript><img decoding=\"async\" width=\"2048\" height=\"1448\" src=\"https:\/\/www.campingbellaterra.com\/wp-content\/uploads\/sapineda22.webp\" alt class=\"wp-image-16239\" srcset=\"https:\/\/www.campingbellaterra.com\/wp-content\/uploads\/sapineda22.webp 2048w, https:\/\/www.campingbellaterra.com\/wp-content\/uploads\/sapineda22-1024x724.webp 1024w, https:\/\/www.campingbellaterra.com\/wp-content\/uploads\/sapineda22-768x543.webp 768w, https:\/\/www.campingbellaterra.com\/wp-content\/uploads\/sapineda22-1536x1086.webp 1536w\" sizes=\"(max-width: 2048px) 100vw, 2048px\"><\/noscript><img decoding=\"async\" width=\"2048\" height=\"1448\" src=\"data:image\/svg+xml,%3Csvg%20xmlns%3D%22http%3A%2F%2Fwww.w3.org%2F2000%2Fsvg%22%20viewBox%3D%220%200%202048%201448%22%3E%3C%2Fsvg%3E\" alt class=\"wp-image-16239 lazyload\" srcset=\"data:image\/svg+xml,%3Csvg%20xmlns%3D%22http%3A%2F%2Fwww.w3.org%2F2000%2Fsvg%22%20viewBox%3D%220%200%202048%201448%22%3E%3C%2Fsvg%3E 2048w\" sizes=\"(max-width: 2048px) 100vw, 2048px\" data-srcset=\"https:\/\/www.campingbellaterra.com\/wp-content\/uploads\/sapineda22.webp 2048w, https:\/\/www.campingbellaterra.com\/wp-content\/uploads\/sapineda22-1024x724.webp 1024w, https:\/\/www.campingbellaterra.com\/wp-content\/uploads\/sapineda22-768x543.webp 768w, https:\/\/www.campingbellaterra.com\/wp-content\/uploads\/sapineda22-1536x1086.webp 1536w\" data-src=\"https:\/\/www.campingbellaterra.com\/wp-content\/uploads\/sapineda22.webp\"><\/a><\/figure>\n<\/div>\n<\/div>\n<\/div><\/div>\n\n\n\n<h2 class=\"wp-block-heading has-text-align-center title-ornament-blue margin-bottom\">Andre overnatningssteder<\/h2>\n\n\n\n\n\n<div id=\"slide_984\" class=\"wp-block-page-slider block-bottom alignfull splide\">\n    <div class=\"splide__arrows\">\n        <button class=\"splide__arrow splide__arrow--prev\">\n            <p>prev<br><span class=\"icon-arrow_back\"><\/span><\/p>\n        <\/button>\n        <div class=\"splide__counter\"><span>1<\/span>\/4<\/div>\n        <button class=\"splide__arrow splide__arrow--next\">\n            <p>next<br><span class=\"icon-arrow_forward\"><\/span><\/p>\n        <\/button>\n    <\/div>\n    <div class=\"splide__track\">\n        <div class=\"splide__list\">\n            \n                        \n            \n                        <a class=\"splide__slide page-card\" href=\"https:\/\/www.campingbellaterra.com\/da\/bungalows\/terra-confort\/\">\n                            <div class=\"page-card-cover\" style=\"background: url(https:\/\/www.campingbellaterra.com\/wp-content\/uploads\/costa-brava-bungalow-terraconfort-1-1800x900.webp) center no-repeat; background-size: cover\"><\/div>   \n                <div class=\"page-card-content\">\n                    <div>\n                        <h4>Bungalows                        <h3>Terra Confort<\/h3>\n                        <p>Hold fri med din familie i en premium bungalow i et roligt omr\u00e5de omgivet af natur.<\/p>\n                    <\/h4><\/div>\n                    <div>\n                        <div class=\"page-card-icons\">\n                                                            <div class=\"accommodation-icon-pax\">\n                                    <p>5<\/p>\n                                <\/div>\n                                                                                        <div class=\"bungalow-icon-rooms\">\n                                    <p>2<\/p>\n                                <\/div>\n                                                                                    <div class=\"bungalow-icon-doublebed\">\n                                <p>1<\/p>\n                            <\/div>\n                                                                                    <div class=\"bungalow-icon-singlebed\">   \n                                <p>3<\/p>\n                            <\/div>\n                                                    <\/div>\n                            \n                    <\/div>   \n                <\/div>\n                        <\/a>\n            \n            \n                        \n            \n                        <a class=\"splide__slide page-card\" href=\"https:\/\/www.campingbellaterra.com\/da\/bungalows\/terra\/\">\n                            <div class=\"page-card-cover\" style=\"background: url(https:\/\/www.campingbellaterra.com\/wp-content\/uploads\/costa-brava-bungalow-terra-main-1800x1080.webp) center no-repeat; background-size: cover\"><\/div>   \n                <div class=\"page-card-content\">\n                    <div>\n                        <h4>Bungalows                        <h3>Terra<\/h3>\n                        <p>Den perfekte indkvartering til familier med b\u00f8rn, der \u00f8nsker at tilbringe nogle<br>\ndage i naturen.<\/p>\n                    <\/h4><\/div>\n                    <div>\n                        <div class=\"page-card-icons\">\n                                                            <div class=\"accommodation-icon-pax\">\n                                    <p>5<\/p>\n                                <\/div>\n                                                                                        <div class=\"bungalow-icon-rooms\">\n                                    <p>2<\/p>\n                                <\/div>\n                                                                                    <div class=\"bungalow-icon-doublebed\">\n                                <p>1<\/p>\n                            <\/div>\n                                                                                    <div class=\"bungalow-icon-singlebed\">   \n                                <p>3<\/p>\n                            <\/div>\n                                                    <\/div>\n                            \n                    <\/div>   \n                <\/div>\n                        <\/a>\n            \n            \n                        \n            \n                        <a class=\"splide__slide page-card\" href=\"https:\/\/www.campingbellaterra.com\/da\/bungalows\/la-pinya\/\">\n                            <div class=\"page-card-cover\" style=\"background: url(https:\/\/www.campingbellaterra.com\/wp-content\/uploads\/costa-brava-bungalow-la-pinya-main-1800x1080.webp) center no-repeat; background-size: cover\"><\/div>   \n                <div class=\"page-card-content\">\n                    <div>\n                        <h4>Bungalows                        <h3>La Pinya<\/h3>\n                        <p>Nyd de hyggelige La Pinya Bungalows, der ligger i skyggen af \u200b\u200ben omfattende fyrreskov. Ideel til at tilbringe ferie med din familie.<\/p>\n                    <\/h4><\/div>\n                    <div>\n                        <div class=\"page-card-icons\">\n                                                            <div class=\"accommodation-icon-pax\">\n                                    <p>5<\/p>\n                                <\/div>\n                                                                                        <div class=\"bungalow-icon-rooms\">\n                                    <p>2<\/p>\n                                <\/div>\n                                                                                    <div class=\"bungalow-icon-doublebed\">\n                                <p>1<\/p>\n                            <\/div>\n                                                                                    <div class=\"bungalow-icon-singlebed\">   \n                                <p>3<\/p>\n                            <\/div>\n                                                    <\/div>\n                            \n                    <\/div>   \n                <\/div>\n                        <\/a>\n            \n            \n                        \n            \n                        <a class=\"splide__slide page-card\" href=\"https:\/\/www.campingbellaterra.com\/da\/bungalows\/treumal-6\/\">\n                            <div class=\"page-card-cover\" style=\"background: url(https:\/\/www.campingbellaterra.com\/wp-content\/uploads\/costa-brava-bungalow-treumal6-main-1800x1080.webp) center no-repeat; background-size: cover\"><\/div>   \n                <div class=\"page-card-content\">\n                    <div>\n                        <h4>Bungalows                        <h3>Treumal<\/h3>\n                        <p>Beliggende overfor vores swimmingpool og et minut v\u00e6k fra stranden. Treumal 6 er perfekte til store familier.<\/p>\n                    <\/h4><\/div>\n                    <div>\n                        <div class=\"page-card-icons\">\n                                                            <div class=\"accommodation-icon-pax\">\n                                    <p>6<\/p>\n                                <\/div>\n                                                                                        <div class=\"bungalow-icon-rooms\">\n                                    <p>3<\/p>\n                                <\/div>\n                                                                                    <div class=\"bungalow-icon-doublebed\">\n                                <p>2<\/p>\n                            <\/div>\n                                                                                    <div class=\"bungalow-icon-singlebed\">   \n                                <p>2<\/p>\n                            <\/div>\n                                                    <\/div>\n                            \n                    <\/div>   \n                <\/div>\n                        <\/a>\n            \n            \n                   \n        <\/div>\n    <\/div>    \n<\/div>\n\n<script type=\"text\/javascript\">\n                \n                var splide = new Splide( '#slide_984', {\n                    type   : 'loop',\n                    pagination: false,\n                    perPage: 3,\n                    gap: 52,\n                    padding: { left: 115, right: 115 },\n                    width: '100%',\n                    updateOnMove: true,\n                    focus: 'center',\n                    mediaQuery: 'min',\n                    breakpoints: {\n                        1000: {\n                            perPage: 2,\n                            padding: { left: 0, right: 0 }\n                        },\n                        750: {\n                            perPage: 1,\n                        }\n                    },\n                    destroy: 0\n                    } ).mount();\n\n                    if (document.querySelector('.horizontal-block')) {\n\n                        splide.on( 'move', function() {\n                            document.querySelector('#slide_984.wp-block-page-slider.horizontal-block .splide__arrows').classList.add('hide');\n                        } );\n\n                        splide.on( 'moved', function() {\n                            document.querySelector('#slide_984.wp-block-page-slider.horizontal-block .splide__counter span').innerHTML = document.querySelector('#slide_984.wp-block-page-slider.horizontal-block .page-card.is-active.is-visible').getAttribute('data-counter');\n                            document.querySelector('#slide_984.wp-block-page-slider.horizontal-block .splide__arrows').classList.remove('hide');\n                        } );\n                    \n                    }\n                \n            <\/script>\n","protected":false},"excerpt":{"rendered":"<p>Sa Pineda tilbyder hyggelige og behagelige bungalows. Disse bungalows er placeret meget t\u00e6t p\u00e5 swimmingpoolen. Sa Pineda passer perfekt til par eller familier med et eller to b\u00f8rn.<\/p>\n","protected":false},"author":1,"featured_media":17603,"parent":14476,"menu_order":4,"comment_status":"closed","ping_status":"closed","template":"templates\/tmpl-allotjament.php","meta":{"_acf_changed":false,"inline_featured_image":false,"_monsterinsights_skip_tracking":false,"_monsterinsights_sitenote_active":false,"_monsterinsights_sitenote_note":"","_monsterinsights_sitenote_category":0,"footnotes":""},"class_list":["post-14491","page","type-page","status-publish","has-post-thumbnail","hentry"],"acf":[],"yoast_head":"<!-- This site is optimized with the Yoast SEO plugin v27.0 - https:\/\/yoast.com\/product\/yoast-seo-wordpress\/ -->\n<title>Sa Pineda - Camping Bella Terra<\/title>\n<meta name=\"robots\" content=\"index, follow, max-snippet:-1, max-image-preview:large, max-video-preview:-1\" \/>\n<link rel=\"canonical\" href=\"https:\/\/www.campingbellaterra.com\/da\/bungalows\/sapineda\/\" \/>\n<meta property=\"og:locale\" content=\"da_DK\" \/>\n<meta property=\"og:type\" content=\"article\" \/>\n<meta property=\"og:title\" content=\"Sa Pineda - Camping Bella Terra\" \/>\n<meta property=\"og:description\" content=\"Sa Pineda tilbyder hyggelige og behagelige bungalows. Disse bungalows er placeret meget t\u00e6t p\u00e5 swimmingpoolen. Sa Pineda passer perfekt til par eller familier med et eller to b\u00f8rn.\" \/>\n<meta property=\"og:url\" content=\"https:\/\/www.campingbellaterra.com\/da\/bungalows\/sapineda\/\" \/>\n<meta property=\"og:site_name\" content=\"Camping Bella Terra\" \/>\n<meta property=\"article:publisher\" content=\"https:\/\/www.facebook.com\/campingbellaterra\/\" \/>\n<meta property=\"article:modified_time\" content=\"2024-11-15T08:57:35+00:00\" \/>\n<meta property=\"og:image\" content=\"https:\/\/www.campingbellaterra.com\/wp-content\/uploads\/sapineda-out-r.jpg\" \/>\n\t<meta property=\"og:image:width\" content=\"1920\" \/>\n\t<meta property=\"og:image:height\" content=\"1080\" \/>\n\t<meta property=\"og:image:type\" content=\"image\/jpeg\" \/>\n<meta name=\"twitter:card\" content=\"summary_large_image\" \/>\n<meta name=\"twitter:site\" content=\"@cbellaterra\" \/>\n<meta name=\"twitter:label1\" content=\"Estimeret l\u00e6setid\" \/>\n\t<meta name=\"twitter:data1\" content=\"9 minutter\" \/>\n<script type=\"application\/ld+json\" class=\"yoast-schema-graph\">{\"@context\":\"https:\/\/schema.org\",\"@graph\":[{\"@type\":\"WebPage\",\"@id\":\"https:\/\/www.campingbellaterra.com\/da\/bungalows\/sapineda\/\",\"url\":\"https:\/\/www.campingbellaterra.com\/da\/bungalows\/sapineda\/\",\"name\":\"Sa Pineda - Camping Bella Terra\",\"isPartOf\":{\"@id\":\"https:\/\/www.campingbellaterra.com\/da\/#website\"},\"primaryImageOfPage\":{\"@id\":\"https:\/\/www.campingbellaterra.com\/da\/bungalows\/sapineda\/#primaryimage\"},\"image\":{\"@id\":\"https:\/\/www.campingbellaterra.com\/da\/bungalows\/sapineda\/#primaryimage\"},\"thumbnailUrl\":\"https:\/\/www.campingbellaterra.com\/wp-content\/uploads\/sapineda-out-r.jpg\",\"datePublished\":\"2022-05-02T09:28:35+00:00\",\"dateModified\":\"2024-11-15T08:57:35+00:00\",\"breadcrumb\":{\"@id\":\"https:\/\/www.campingbellaterra.com\/da\/bungalows\/sapineda\/#breadcrumb\"},\"inLanguage\":\"da-DK\",\"potentialAction\":[{\"@type\":\"ReadAction\",\"target\":[\"https:\/\/www.campingbellaterra.com\/da\/bungalows\/sapineda\/\"]}]},{\"@type\":\"ImageObject\",\"inLanguage\":\"da-DK\",\"@id\":\"https:\/\/www.campingbellaterra.com\/da\/bungalows\/sapineda\/#primaryimage\",\"url\":\"https:\/\/www.campingbellaterra.com\/wp-content\/uploads\/sapineda-out-r.jpg\",\"contentUrl\":\"https:\/\/www.campingbellaterra.com\/wp-content\/uploads\/sapineda-out-r.jpg\",\"width\":1920,\"height\":1080},{\"@type\":\"BreadcrumbList\",\"@id\":\"https:\/\/www.campingbellaterra.com\/da\/bungalows\/sapineda\/#breadcrumb\",\"itemListElement\":[{\"@type\":\"ListItem\",\"position\":1,\"name\":\"Inici\",\"item\":\"https:\/\/www.campingbellaterra.com\/da\/\"},{\"@type\":\"ListItem\",\"position\":2,\"name\":\"Bungalows\",\"item\":\"https:\/\/www.campingbellaterra.com\/da\/bungalows\/\"},{\"@type\":\"ListItem\",\"position\":3,\"name\":\"Sa Pineda\"}]},{\"@type\":\"WebSite\",\"@id\":\"https:\/\/www.campingbellaterra.com\/da\/#website\",\"url\":\"https:\/\/www.campingbellaterra.com\/da\/\",\"name\":\"Camping Bella Terra\",\"description\":\"Otro sitio realizado con WordPress\",\"publisher\":{\"@id\":\"https:\/\/www.campingbellaterra.com\/da\/#organization\"},\"potentialAction\":[{\"@type\":\"SearchAction\",\"target\":{\"@type\":\"EntryPoint\",\"urlTemplate\":\"https:\/\/www.campingbellaterra.com\/da\/?s={search_term_string}\"},\"query-input\":{\"@type\":\"PropertyValueSpecification\",\"valueRequired\":true,\"valueName\":\"search_term_string\"}}],\"inLanguage\":\"da-DK\"},{\"@type\":\"Organization\",\"@id\":\"https:\/\/www.campingbellaterra.com\/da\/#organization\",\"name\":\"Camping Bella Terra\",\"url\":\"https:\/\/www.campingbellaterra.com\/da\/\",\"logo\":{\"@type\":\"ImageObject\",\"inLanguage\":\"da-DK\",\"@id\":\"https:\/\/www.campingbellaterra.com\/da\/#\/schema\/logo\/image\/\",\"url\":\"https:\/\/www.campingbellaterra.com\/wp-content\/uploads\/logo6.svg\",\"contentUrl\":\"https:\/\/www.campingbellaterra.com\/wp-content\/uploads\/logo6.svg\",\"width\":\"2048\",\"height\":\"2048\",\"caption\":\"Camping Bella Terra\"},\"image\":{\"@id\":\"https:\/\/www.campingbellaterra.com\/da\/#\/schema\/logo\/image\/\"},\"sameAs\":[\"https:\/\/www.facebook.com\/campingbellaterra\/\",\"https:\/\/x.com\/cbellaterra\",\"https:\/\/www.instagram.com\/campingbellaterra\/\",\"https:\/\/www.youtube.com\/c\/Camping-Bellaterra-Blanes\",\"https:\/\/www.tripadvisor.es\/Hotel_Review-g580331-d3328184-Reviews-Camping_Bella_Terra-Blanes_Costa_Brava_Province_of_Girona_Catalonia.html\"]}]}<\/script>\n<!-- \/ Yoast SEO plugin. -->","yoast_head_json":{"title":"Sa Pineda - Camping Bella Terra","robots":{"index":"index","follow":"follow","max-snippet":"max-snippet:-1","max-image-preview":"max-image-preview:large","max-video-preview":"max-video-preview:-1"},"canonical":"https:\/\/www.campingbellaterra.com\/da\/bungalows\/sapineda\/","og_locale":"da_DK","og_type":"article","og_title":"Sa Pineda - Camping Bella Terra","og_description":"Sa Pineda tilbyder hyggelige og behagelige bungalows. Disse bungalows er placeret meget t\u00e6t p\u00e5 swimmingpoolen. Sa Pineda passer perfekt til par eller familier med et eller to b\u00f8rn.","og_url":"https:\/\/www.campingbellaterra.com\/da\/bungalows\/sapineda\/","og_site_name":"Camping Bella Terra","article_publisher":"https:\/\/www.facebook.com\/campingbellaterra\/","article_modified_time":"2024-11-15T08:57:35+00:00","og_image":[{"width":1920,"height":1080,"url":"https:\/\/www.campingbellaterra.com\/wp-content\/uploads\/sapineda-out-r.jpg","type":"image\/jpeg"}],"twitter_card":"summary_large_image","twitter_site":"@cbellaterra","twitter_misc":{"Estimeret l\u00e6setid":"9 minutter"},"schema":{"@context":"https:\/\/schema.org","@graph":[{"@type":"WebPage","@id":"https:\/\/www.campingbellaterra.com\/da\/bungalows\/sapineda\/","url":"https:\/\/www.campingbellaterra.com\/da\/bungalows\/sapineda\/","name":"Sa Pineda - Camping Bella Terra","isPartOf":{"@id":"https:\/\/www.campingbellaterra.com\/da\/#website"},"primaryImageOfPage":{"@id":"https:\/\/www.campingbellaterra.com\/da\/bungalows\/sapineda\/#primaryimage"},"image":{"@id":"https:\/\/www.campingbellaterra.com\/da\/bungalows\/sapineda\/#primaryimage"},"thumbnailUrl":"https:\/\/www.campingbellaterra.com\/wp-content\/uploads\/sapineda-out-r.jpg","datePublished":"2022-05-02T09:28:35+00:00","dateModified":"2024-11-15T08:57:35+00:00","breadcrumb":{"@id":"https:\/\/www.campingbellaterra.com\/da\/bungalows\/sapineda\/#breadcrumb"},"inLanguage":"da-DK","potentialAction":[{"@type":"ReadAction","target":["https:\/\/www.campingbellaterra.com\/da\/bungalows\/sapineda\/"]}]},{"@type":"ImageObject","inLanguage":"da-DK","@id":"https:\/\/www.campingbellaterra.com\/da\/bungalows\/sapineda\/#primaryimage","url":"https:\/\/www.campingbellaterra.com\/wp-content\/uploads\/sapineda-out-r.jpg","contentUrl":"https:\/\/www.campingbellaterra.com\/wp-content\/uploads\/sapineda-out-r.jpg","width":1920,"height":1080},{"@type":"BreadcrumbList","@id":"https:\/\/www.campingbellaterra.com\/da\/bungalows\/sapineda\/#breadcrumb","itemListElement":[{"@type":"ListItem","position":1,"name":"Inici","item":"https:\/\/www.campingbellaterra.com\/da\/"},{"@type":"ListItem","position":2,"name":"Bungalows","item":"https:\/\/www.campingbellaterra.com\/da\/bungalows\/"},{"@type":"ListItem","position":3,"name":"Sa Pineda"}]},{"@type":"WebSite","@id":"https:\/\/www.campingbellaterra.com\/da\/#website","url":"https:\/\/www.campingbellaterra.com\/da\/","name":"Camping Bella Terra","description":"Otro sitio realizado con WordPress","publisher":{"@id":"https:\/\/www.campingbellaterra.com\/da\/#organization"},"potentialAction":[{"@type":"SearchAction","target":{"@type":"EntryPoint","urlTemplate":"https:\/\/www.campingbellaterra.com\/da\/?s={search_term_string}"},"query-input":{"@type":"PropertyValueSpecification","valueRequired":true,"valueName":"search_term_string"}}],"inLanguage":"da-DK"},{"@type":"Organization","@id":"https:\/\/www.campingbellaterra.com\/da\/#organization","name":"Camping Bella Terra","url":"https:\/\/www.campingbellaterra.com\/da\/","logo":{"@type":"ImageObject","inLanguage":"da-DK","@id":"https:\/\/www.campingbellaterra.com\/da\/#\/schema\/logo\/image\/","url":"https:\/\/www.campingbellaterra.com\/wp-content\/uploads\/logo6.svg","contentUrl":"https:\/\/www.campingbellaterra.com\/wp-content\/uploads\/logo6.svg","width":"2048","height":"2048","caption":"Camping Bella Terra"},"image":{"@id":"https:\/\/www.campingbellaterra.com\/da\/#\/schema\/logo\/image\/"},"sameAs":["https:\/\/www.facebook.com\/campingbellaterra\/","https:\/\/x.com\/cbellaterra","https:\/\/www.instagram.com\/campingbellaterra\/","https:\/\/www.youtube.com\/c\/Camping-Bellaterra-Blanes","https:\/\/www.tripadvisor.es\/Hotel_Review-g580331-d3328184-Reviews-Camping_Bella_Terra-Blanes_Costa_Brava_Province_of_Girona_Catalonia.html"]}]}},"_links":{"self":[{"href":"https:\/\/www.campingbellaterra.com\/da\/wp-json\/wp\/v2\/pages\/14491","targetHints":{"allow":["GET"]}}],"collection":[{"href":"https:\/\/www.campingbellaterra.com\/da\/wp-json\/wp\/v2\/pages"}],"about":[{"href":"https:\/\/www.campingbellaterra.com\/da\/wp-json\/wp\/v2\/types\/page"}],"author":[{"embeddable":true,"href":"https:\/\/www.campingbellaterra.com\/da\/wp-json\/wp\/v2\/users\/1"}],"replies":[{"embeddable":true,"href":"https:\/\/www.campingbellaterra.com\/da\/wp-json\/wp\/v2\/comments?post=14491"}],"version-history":[{"count":43,"href":"https:\/\/www.campingbellaterra.com\/da\/wp-json\/wp\/v2\/pages\/14491\/revisions"}],"predecessor-version":[{"id":20205,"href":"https:\/\/www.campingbellaterra.com\/da\/wp-json\/wp\/v2\/pages\/14491\/revisions\/20205"}],"up":[{"embeddable":true,"href":"https:\/\/www.campingbellaterra.com\/da\/wp-json\/wp\/v2\/pages\/14476"}],"wp:featuredmedia":[{"embeddable":true,"href":"https:\/\/www.campingbellaterra.com\/da\/wp-json\/wp\/v2\/media\/17603"}],"wp:attachment":[{"href":"https:\/\/www.campingbellaterra.com\/da\/wp-json\/wp\/v2\/media?parent=14491"}],"curies":[{"name":"wp","href":"https:\/\/api.w.org\/{rel}","templated":true}]}}