{"id":14494,"date":"2020-01-27T12:06:16","date_gmt":"2020-01-27T11:06:16","guid":{"rendered":"https:\/\/www.campingbellaterra.com\/standpladser\/standardpladser\/"},"modified":"2024-11-15T10:13:00","modified_gmt":"2024-11-15T09:13:00","slug":"standardpladser","status":"publish","type":"page","link":"https:\/\/www.campingbellaterra.com\/da\/standpladser\/standardpladser\/","title":{"rendered":"Standard 1"},"content":{"rendered":"<div class=\"wp-block-cover alignfull wp-align-content-end wp-block-no-margin-y\" style=\"min-height:100vh;aspect-ratio:unset;\"><span aria-hidden=\"true\" class=\"wp-block-cover__background has-background-dim-10 has-background-dim\"><\/span><noscript><img decoding=\"async\" width=\"1920\" height=\"1080\" class=\"wp-block-cover__image-background wp-image-13268\" alt src=\"https:\/\/www.campingbellaterra.com\/wp-content\/uploads\/standard-main.webp\" data-object-fit=\"cover\" srcset=\"https:\/\/www.campingbellaterra.com\/wp-content\/uploads\/standard-main.webp 1920w, https:\/\/www.campingbellaterra.com\/wp-content\/uploads\/standard-main-1024x576.webp 1024w, https:\/\/www.campingbellaterra.com\/wp-content\/uploads\/standard-main-768x432.webp 768w, https:\/\/www.campingbellaterra.com\/wp-content\/uploads\/standard-main-1536x864.webp 1536w\" sizes=\"(max-width: 1920px) 100vw, 1920px\"><\/noscript><img decoding=\"async\" width=\"1920\" height=\"1080\" class=\"wp-block-cover__image-background wp-image-13268 lazyload\" alt src=\"data:image\/svg+xml,%3Csvg%20xmlns%3D%22http%3A%2F%2Fwww.w3.org%2F2000%2Fsvg%22%20viewBox%3D%220%200%201920%201080%22%3E%3C%2Fsvg%3E\" data-object-fit=\"cover\" srcset=\"data:image\/svg+xml,%3Csvg%20xmlns%3D%22http%3A%2F%2Fwww.w3.org%2F2000%2Fsvg%22%20viewBox%3D%220%200%201920%201080%22%3E%3C%2Fsvg%3E 1920w\" sizes=\"(max-width: 1920px) 100vw, 1920px\" data-srcset=\"https:\/\/www.campingbellaterra.com\/wp-content\/uploads\/standard-main.webp 1920w, https:\/\/www.campingbellaterra.com\/wp-content\/uploads\/standard-main-1024x576.webp 1024w, https:\/\/www.campingbellaterra.com\/wp-content\/uploads\/standard-main-768x432.webp 768w, https:\/\/www.campingbellaterra.com\/wp-content\/uploads\/standard-main-1536x864.webp 1536w\" data-src=\"https:\/\/www.campingbellaterra.com\/wp-content\/uploads\/standard-main.webp\"><div class=\"wp-block-cover__inner-container is-layout-flow wp-block-cover-is-layout-flow\">\n<div class=\"wp-block-columns is-not-stacked-on-mobile alignwide is-layout-flex wp-container-core-columns-is-layout-28f84493 wp-block-columns-is-layout-flex\">\n<div class=\"wp-block-column is-vertically-aligned-bottom is-layout-flow wp-block-column-is-layout-flow\" style=\"flex-basis:75%\">\n<h1 class=\"wp-block-heading large-text-shadow has-blank-white-color has-text-color\" id=\"a-peu-de-platja\"><span class=\"text-stroke\">Standard 1<\/span> plads<\/h1>\n\n\n\n<p class=\"short-text-shadow icon-date_range has-blank-white-color has-text-color has-link-color wp-elements-83a7902396bde7713cabe5cdfe6c13f3\">Data d&#8217;obertura 28 de mar\u00e7<\/p>\n<\/div>\n\n\n\n<div class=\"wp-block-column is-vertically-aligned-bottom is-layout-flow wp-block-column-is-layout-flow\" style=\"flex-basis:25%\"><div id=\"owm-weather-id-497-1\" class=\"owm-weather-id\" data-id=\"497\" data-weather_id=\"owm-weather-id-497-1\"><div class=\"owmw-loading-spinner\"><button id=\"button-owm-weather-id-497-1\" onclick=\"owmw_refresh_weather(this.id)\"><noscript><img decoding=\"async\" src=\"https:\/\/www.campingbellaterra.com\/wp-content\/plugins\/owm-weather\/img\/owmloading.gif\" alt=\"loader\"><\/noscript><img decoding=\"async\" src=\"data:image\/gif;base64,R0lGODlhAQABAIAAAAAAAP\/\/\/yH5BAEAAAAALAAAAAABAAEAAAIBRAA7\" alt=\"loader\" data-src=\"https:\/\/www.campingbellaterra.com\/wp-content\/plugins\/owm-weather\/img\/owmloading.gif\" class=\" lazyload\"><\/button><\/div><\/div>\n<\/div>\n<\/div>\n\n\n\n<div class=\"wp-block-buttons is-content-justification-center is-layout-flex wp-container-core-buttons-is-layout-a89b3969 wp-block-buttons-is-layout-flex\">\n<div class=\"wp-block-button icon-mouse icon-link\"><a class=\"wp-block-button__link wp-element-button\" href=\"#scrolldown\"><strong>scrolldown<\/strong><\/a><\/div>\n<\/div>\n<\/div><\/div>\n\n\n\n<div class=\"wp-block-media-text alignfull has-media-on-the-right is-stacked-on-mobile wp-block-media-text-wide wp-block-no-margin-y\" id=\"scrolldown\"><div class=\"wp-block-media-text__content\">\n<h3 class=\"wp-block-heading\">Skyggefulde grunde med nem adgang<\/h3>\n\n\n\n<p>Standard pladserne er vores mest almindelige type plads, skyggefuld beliggenhed i en fyrreskov. St\u00f8rrelse er mellem 70 og 80m2, og det tillader et behageligt ophold. Standardpladserne er let tilg\u00e6ngelige og med alle tjenester i n\u00e6rheden.<\/p>\n\n\n\n<div class=\"wp-block-buttons is-layout-flex wp-block-buttons-is-layout-flex\">\n<div class=\"wp-block-button\"><a class=\"wp-block-button__link has-blank-blue-background-color has-background wp-element-button\" href=\"https:\/\/booking.campingbellaterra.com\/search?categoryIds=2&amp;amp;lang=da\" style=\"border-radius:8px\" target=\"_blank\" rel=\"noreferrer noopener\">BOOK NU<\/a><\/div>\n<\/div>\n<\/div><figure class=\"wp-block-media-text__media\"><noscript><img decoding=\"async\" width=\"1920\" height=\"1080\" src=\"https:\/\/www.campingbellaterra.com\/wp-content\/uploads\/standard-pi-aquarela.webp\" alt class=\"wp-image-13333 size-full\" srcset=\"https:\/\/www.campingbellaterra.com\/wp-content\/uploads\/standard-pi-aquarela.webp 1920w, https:\/\/www.campingbellaterra.com\/wp-content\/uploads\/standard-pi-aquarela-1024x576.webp 1024w, https:\/\/www.campingbellaterra.com\/wp-content\/uploads\/standard-pi-aquarela-768x432.webp 768w, https:\/\/www.campingbellaterra.com\/wp-content\/uploads\/standard-pi-aquarela-1536x864.webp 1536w\" sizes=\"(max-width: 1920px) 100vw, 1920px\"><\/noscript><img decoding=\"async\" width=\"1920\" height=\"1080\" src=\"data:image\/svg+xml,%3Csvg%20xmlns%3D%22http%3A%2F%2Fwww.w3.org%2F2000%2Fsvg%22%20viewBox%3D%220%200%201920%201080%22%3E%3C%2Fsvg%3E\" alt class=\"wp-image-13333 size-full lazyload\" srcset=\"data:image\/svg+xml,%3Csvg%20xmlns%3D%22http%3A%2F%2Fwww.w3.org%2F2000%2Fsvg%22%20viewBox%3D%220%200%201920%201080%22%3E%3C%2Fsvg%3E 1920w\" sizes=\"(max-width: 1920px) 100vw, 1920px\" data-srcset=\"https:\/\/www.campingbellaterra.com\/wp-content\/uploads\/standard-pi-aquarela.webp 1920w, https:\/\/www.campingbellaterra.com\/wp-content\/uploads\/standard-pi-aquarela-1024x576.webp 1024w, https:\/\/www.campingbellaterra.com\/wp-content\/uploads\/standard-pi-aquarela-768x432.webp 768w, https:\/\/www.campingbellaterra.com\/wp-content\/uploads\/standard-pi-aquarela-1536x864.webp 1536w\" data-src=\"https:\/\/www.campingbellaterra.com\/wp-content\/uploads\/standard-pi-aquarela.webp\"><\/figure><\/div>\n\n\n\n<div class=\"wp-block-group alignfull wp-block-no-margin-y wp-block-icons-1 block-bottom has-blank-blue-background-color has-background is-layout-constrained wp-container-core-group-is-layout-2db066cb wp-block-group-is-layout-constrained\">\n<div class=\"wp-block-columns is-layout-flex wp-container-core-columns-is-layout-28f84493 wp-block-columns-is-layout-flex\">\n<div class=\"wp-block-column is-layout-flow wp-block-column-is-layout-flow\">\n<figure class=\"wp-block-image aligncenter size-large is-style-rounded\"><noscript><img decoding=\"async\" src=\"https:\/\/www.campingbellaterra.com\/wp-content\/uploads\/user.svg\" alt class=\"wp-image-12676\"><\/noscript><img decoding=\"async\" src=\"data:image\/gif;base64,R0lGODlhAQABAIAAAAAAAP\/\/\/yH5BAEAAAAALAAAAAABAAEAAAIBRAA7\" alt class=\"wp-image-12676 lazyload\" data-src=\"https:\/\/www.campingbellaterra.com\/wp-content\/uploads\/user.svg\"><figcaption class=\"wp-element-caption\">6 pax<\/figcaption><\/figure>\n<\/div>\n\n\n\n<div class=\"wp-block-column is-layout-flow wp-block-column-is-layout-flow\">\n<figure class=\"wp-block-image aligncenter size-large is-style-rounded\"><noscript><img decoding=\"async\" width=\"48\" height=\"48\" src=\"https:\/\/www.campingbellaterra.com\/wp-content\/uploads\/electro.svg\" alt class=\"wp-image-13286\"><\/noscript><img decoding=\"async\" width=\"48\" height=\"48\" src=\"data:image\/svg+xml,%3Csvg%20xmlns%3D%22http%3A%2F%2Fwww.w3.org%2F2000%2Fsvg%22%20viewBox%3D%220%200%2048%2048%22%3E%3C%2Fsvg%3E\" alt class=\"wp-image-13286 lazyload\" data-src=\"https:\/\/www.campingbellaterra.com\/wp-content\/uploads\/electro.svg\"><figcaption class=\"wp-element-caption\">5A Elektrisk forbindelse <br>(2 pin Schuko)<\/figcaption><\/figure>\n<\/div>\n\n\n\n<div class=\"wp-block-column is-layout-flow wp-block-column-is-layout-flow\">\n<figure class=\"wp-block-image aligncenter size-large is-style-rounded\"><noscript><img decoding=\"async\" width=\"48\" height=\"48\" src=\"https:\/\/www.campingbellaterra.com\/wp-content\/uploads\/tent.svg\" alt class=\"wp-image-13293\"><\/noscript><img decoding=\"async\" width=\"48\" height=\"48\" src=\"data:image\/svg+xml,%3Csvg%20xmlns%3D%22http%3A%2F%2Fwww.w3.org%2F2000%2Fsvg%22%20viewBox%3D%220%200%2048%2048%22%3E%3C%2Fsvg%3E\" alt class=\"wp-image-13293 lazyload\" data-src=\"https:\/\/www.campingbellaterra.com\/wp-content\/uploads\/tent.svg\"><figcaption class=\"wp-element-caption\">1 campingvogn \/ autocamper eller telt<\/figcaption><\/figure>\n<\/div>\n\n\n\n<div class=\"wp-block-column is-layout-flow wp-block-column-is-layout-flow\">\n<figure class=\"wp-block-image aligncenter size-large is-style-rounded\"><noscript><img decoding=\"async\" width=\"48\" height=\"48\" src=\"https:\/\/www.campingbellaterra.com\/wp-content\/uploads\/cotxe.svg\" alt class=\"wp-image-13964\"><\/noscript><img decoding=\"async\" width=\"48\" height=\"48\" src=\"data:image\/svg+xml,%3Csvg%20xmlns%3D%22http%3A%2F%2Fwww.w3.org%2F2000%2Fsvg%22%20viewBox%3D%220%200%2048%2048%22%3E%3C%2Fsvg%3E\" alt class=\"wp-image-13964 lazyload\" data-src=\"https:\/\/www.campingbellaterra.com\/wp-content\/uploads\/cotxe.svg\"><figcaption class=\"wp-element-caption\">1 bil<\/figcaption><\/figure>\n<\/div>\n\n\n\n<div class=\"wp-block-column is-layout-flow wp-block-column-is-layout-flow\">\n<figure class=\"wp-block-image aligncenter size-large is-style-rounded\"><noscript><img decoding=\"async\" width=\"48\" height=\"48\" src=\"https:\/\/www.campingbellaterra.com\/wp-content\/uploads\/rellotge.svg\" alt class=\"wp-image-13971\"><\/noscript><img decoding=\"async\" width=\"48\" height=\"48\" src=\"data:image\/svg+xml,%3Csvg%20xmlns%3D%22http%3A%2F%2Fwww.w3.org%2F2000%2Fsvg%22%20viewBox%3D%220%200%2048%2048%22%3E%3C%2Fsvg%3E\" alt class=\"wp-image-13971 lazyload\" data-src=\"https:\/\/www.campingbellaterra.com\/wp-content\/uploads\/rellotge.svg\"><figcaption class=\"wp-element-caption\">Check ud inden kl 12<\/figcaption><\/figure>\n<\/div>\n<\/div>\n<\/div>\n\n\n<div id=\"wp-block-slider-block_5b9e781125b8b57e53ec9da7e7670382\" class=\"wp-block-slider block-bottom alignfull\" style>\n    <div class=\"contingut-texte\">\n                    <div class=\"slider-container\"><div class=\"splide galeria-slider galeria-columnas-1\" id=\"slide_446\"><div class=\"splide__track\"><div class=\"splide__list\"><div id=\"thumb-13322\" class=\"splide__slide\" data-counter=\"01\/03\"><noscript><img decoding=\"async\" width=\"1900\" height=\"900\" src=\"https:\/\/www.campingbellaterra.com\/wp-content\/uploads\/1-standard-beach.webp\" class=\"attachment-panoramic size-panoramic\" alt srcset=\"https:\/\/www.campingbellaterra.com\/wp-content\/uploads\/1-standard-beach.webp 1900w, https:\/\/www.campingbellaterra.com\/wp-content\/uploads\/1-standard-beach-1024x485.webp 1024w, https:\/\/www.campingbellaterra.com\/wp-content\/uploads\/1-standard-beach-768x364.webp 768w, https:\/\/www.campingbellaterra.com\/wp-content\/uploads\/1-standard-beach-1536x728.webp 1536w, https:\/\/www.campingbellaterra.com\/wp-content\/uploads\/1-standard-beach-1266x600.webp 1266w, https:\/\/www.campingbellaterra.com\/wp-content\/uploads\/1-standard-beach-950x450.webp 950w, https:\/\/www.campingbellaterra.com\/wp-content\/uploads\/1-standard-beach-633x300.webp 633w, https:\/\/www.campingbellaterra.com\/wp-content\/uploads\/1-standard-beach-475x225.webp 475w\" sizes=\"(max-width: 1900px) 100vw, 1900px\"><\/noscript><img decoding=\"async\" width=\"1900\" height=\"900\" src=\"data:image\/svg+xml,%3Csvg%20xmlns%3D%22http%3A%2F%2Fwww.w3.org%2F2000%2Fsvg%22%20viewBox%3D%220%200%201900%20900%22%3E%3C%2Fsvg%3E\" class=\"attachment-panoramic size-panoramic lazyload\" alt srcset=\"data:image\/svg+xml,%3Csvg%20xmlns%3D%22http%3A%2F%2Fwww.w3.org%2F2000%2Fsvg%22%20viewBox%3D%220%200%201900%20900%22%3E%3C%2Fsvg%3E 1900w\" sizes=\"(max-width: 1900px) 100vw, 1900px\" data-srcset=\"https:\/\/www.campingbellaterra.com\/wp-content\/uploads\/1-standard-beach.webp 1900w, https:\/\/www.campingbellaterra.com\/wp-content\/uploads\/1-standard-beach-1024x485.webp 1024w, https:\/\/www.campingbellaterra.com\/wp-content\/uploads\/1-standard-beach-768x364.webp 768w, https:\/\/www.campingbellaterra.com\/wp-content\/uploads\/1-standard-beach-1536x728.webp 1536w, https:\/\/www.campingbellaterra.com\/wp-content\/uploads\/1-standard-beach-1266x600.webp 1266w, https:\/\/www.campingbellaterra.com\/wp-content\/uploads\/1-standard-beach-950x450.webp 950w, https:\/\/www.campingbellaterra.com\/wp-content\/uploads\/1-standard-beach-633x300.webp 633w, https:\/\/www.campingbellaterra.com\/wp-content\/uploads\/1-standard-beach-475x225.webp 475w\" data-src=\"https:\/\/www.campingbellaterra.com\/wp-content\/uploads\/1-standard-beach.webp\"><\/div><div id=\"thumb-13315\" class=\"splide__slide\" data-counter=\"02\/03\"><noscript><img decoding=\"async\" width=\"1900\" height=\"900\" src=\"https:\/\/www.campingbellaterra.com\/wp-content\/uploads\/2-standard-platja.webp\" class=\"attachment-panoramic size-panoramic\" alt srcset=\"https:\/\/www.campingbellaterra.com\/wp-content\/uploads\/2-standard-platja.webp 1900w, https:\/\/www.campingbellaterra.com\/wp-content\/uploads\/2-standard-platja-1024x485.webp 1024w, https:\/\/www.campingbellaterra.com\/wp-content\/uploads\/2-standard-platja-768x364.webp 768w, https:\/\/www.campingbellaterra.com\/wp-content\/uploads\/2-standard-platja-1536x728.webp 1536w, https:\/\/www.campingbellaterra.com\/wp-content\/uploads\/2-standard-platja-1266x600.webp 1266w, https:\/\/www.campingbellaterra.com\/wp-content\/uploads\/2-standard-platja-950x450.webp 950w, https:\/\/www.campingbellaterra.com\/wp-content\/uploads\/2-standard-platja-633x300.webp 633w, https:\/\/www.campingbellaterra.com\/wp-content\/uploads\/2-standard-platja-475x225.webp 475w\" sizes=\"(max-width: 1900px) 100vw, 1900px\"><\/noscript><img decoding=\"async\" width=\"1900\" height=\"900\" src=\"data:image\/svg+xml,%3Csvg%20xmlns%3D%22http%3A%2F%2Fwww.w3.org%2F2000%2Fsvg%22%20viewBox%3D%220%200%201900%20900%22%3E%3C%2Fsvg%3E\" class=\"attachment-panoramic size-panoramic lazyload\" alt srcset=\"data:image\/svg+xml,%3Csvg%20xmlns%3D%22http%3A%2F%2Fwww.w3.org%2F2000%2Fsvg%22%20viewBox%3D%220%200%201900%20900%22%3E%3C%2Fsvg%3E 1900w\" sizes=\"(max-width: 1900px) 100vw, 1900px\" data-srcset=\"https:\/\/www.campingbellaterra.com\/wp-content\/uploads\/2-standard-platja.webp 1900w, https:\/\/www.campingbellaterra.com\/wp-content\/uploads\/2-standard-platja-1024x485.webp 1024w, https:\/\/www.campingbellaterra.com\/wp-content\/uploads\/2-standard-platja-768x364.webp 768w, https:\/\/www.campingbellaterra.com\/wp-content\/uploads\/2-standard-platja-1536x728.webp 1536w, https:\/\/www.campingbellaterra.com\/wp-content\/uploads\/2-standard-platja-1266x600.webp 1266w, https:\/\/www.campingbellaterra.com\/wp-content\/uploads\/2-standard-platja-950x450.webp 950w, https:\/\/www.campingbellaterra.com\/wp-content\/uploads\/2-standard-platja-633x300.webp 633w, https:\/\/www.campingbellaterra.com\/wp-content\/uploads\/2-standard-platja-475x225.webp 475w\" data-src=\"https:\/\/www.campingbellaterra.com\/wp-content\/uploads\/2-standard-platja.webp\"><\/div><div id=\"thumb-13308\" class=\"splide__slide\" data-counter=\"03\/03\"><noscript><img decoding=\"async\" width=\"1900\" height=\"900\" src=\"https:\/\/www.campingbellaterra.com\/wp-content\/uploads\/3-standard-strand.webp\" class=\"attachment-panoramic size-panoramic\" alt srcset=\"https:\/\/www.campingbellaterra.com\/wp-content\/uploads\/3-standard-strand.webp 1900w, https:\/\/www.campingbellaterra.com\/wp-content\/uploads\/3-standard-strand-1024x485.webp 1024w, https:\/\/www.campingbellaterra.com\/wp-content\/uploads\/3-standard-strand-768x364.webp 768w, https:\/\/www.campingbellaterra.com\/wp-content\/uploads\/3-standard-strand-1536x728.webp 1536w, https:\/\/www.campingbellaterra.com\/wp-content\/uploads\/3-standard-strand-1266x600.webp 1266w, https:\/\/www.campingbellaterra.com\/wp-content\/uploads\/3-standard-strand-950x450.webp 950w, https:\/\/www.campingbellaterra.com\/wp-content\/uploads\/3-standard-strand-633x300.webp 633w, https:\/\/www.campingbellaterra.com\/wp-content\/uploads\/3-standard-strand-475x225.webp 475w\" sizes=\"(max-width: 1900px) 100vw, 1900px\"><\/noscript><img decoding=\"async\" width=\"1900\" height=\"900\" src=\"data:image\/svg+xml,%3Csvg%20xmlns%3D%22http%3A%2F%2Fwww.w3.org%2F2000%2Fsvg%22%20viewBox%3D%220%200%201900%20900%22%3E%3C%2Fsvg%3E\" class=\"attachment-panoramic size-panoramic lazyload\" alt srcset=\"data:image\/svg+xml,%3Csvg%20xmlns%3D%22http%3A%2F%2Fwww.w3.org%2F2000%2Fsvg%22%20viewBox%3D%220%200%201900%20900%22%3E%3C%2Fsvg%3E 1900w\" sizes=\"(max-width: 1900px) 100vw, 1900px\" data-srcset=\"https:\/\/www.campingbellaterra.com\/wp-content\/uploads\/3-standard-strand.webp 1900w, https:\/\/www.campingbellaterra.com\/wp-content\/uploads\/3-standard-strand-1024x485.webp 1024w, https:\/\/www.campingbellaterra.com\/wp-content\/uploads\/3-standard-strand-768x364.webp 768w, https:\/\/www.campingbellaterra.com\/wp-content\/uploads\/3-standard-strand-1536x728.webp 1536w, https:\/\/www.campingbellaterra.com\/wp-content\/uploads\/3-standard-strand-1266x600.webp 1266w, https:\/\/www.campingbellaterra.com\/wp-content\/uploads\/3-standard-strand-950x450.webp 950w, https:\/\/www.campingbellaterra.com\/wp-content\/uploads\/3-standard-strand-633x300.webp 633w, https:\/\/www.campingbellaterra.com\/wp-content\/uploads\/3-standard-strand-475x225.webp 475w\" data-src=\"https:\/\/www.campingbellaterra.com\/wp-content\/uploads\/3-standard-strand.webp\"><\/div><\/div><\/div><\/div><\/div>\n            <script>\n            document.addEventListener( 'DOMContentLoaded', function () {\n\n                var splide = new Splide( '#slide_446', \n                    {\n                    type   : 'slide',\n                    pagination : true,\n                    arrows: false,\n                    perPage: 1,\n                    gap: '2em',\n                    padding: {\n                        left : '0%',\n                        right: '0%',\n                        },\n                    breakpoints: {\n                        750: {\n                            perPage: 0,\n                        },\n                        600: {\n                            perPage: 1,\n                        },\n                    }    \n\n\n                    }\n                ).mount();\n\n                function counter(){\n                    return document.querySelector('#slide_446 .is-active.is-visible').getAttribute('data-counter');\n                }\n\n                let initCounter = counter();\n\n                let arrows = document.querySelector('#slide_446 .splide__arrows');\n                let divCounter = '<div class=\"splide__counter\">'+initCounter+'<\/div>';\n                arrows.insertAdjacentHTML('afterend', divCounter);\n                console.log(counter());\n                splide.on( 'moved', function() {\n                    document.querySelector('#slide_446 .splide__counter').textContent = counter();\n                } );\n\n            });\n            <\/script>\n                        \n    <\/div>\n<\/div>\n\n\n\n<div class=\"wp-block-cover alignfull is-light cover-auto-height cover-img-left wp-duotone-d0e3f2-d0e3f2-1\"><span aria-hidden=\"true\" class=\"wp-block-cover__background has-background-dim-0 has-background-dim\"><\/span><noscript><img decoding=\"async\" width=\"1002\" height=\"331\" class=\"wp-block-cover__image-background wp-image-560\" alt src=\"https:\/\/www.campingbellaterra.com\/wp-content\/uploads\/brush-02.svg\" data-object-fit=\"cover\"><\/noscript><img decoding=\"async\" width=\"1002\" height=\"331\" class=\"wp-block-cover__image-background wp-image-560 lazyload\" alt src=\"data:image\/svg+xml,%3Csvg%20xmlns%3D%22http%3A%2F%2Fwww.w3.org%2F2000%2Fsvg%22%20viewBox%3D%220%200%201002%20331%22%3E%3C%2Fsvg%3E\" data-object-fit=\"cover\" data-src=\"https:\/\/www.campingbellaterra.com\/wp-content\/uploads\/brush-02.svg\"><div class=\"wp-block-cover__inner-container is-layout-flow wp-block-cover-is-layout-flow\">\n<div class=\"wp-block-columns alignwide is-layout-flex wp-container-core-columns-is-layout-28f84493 wp-block-columns-is-layout-flex\">\n<div class=\"wp-block-column is-vertically-aligned-center is-layout-flow wp-block-column-is-layout-flow\">\n<p>P\u00e5 campingplads kort lokaliseres standardpladser 1 p\u00e5 kortet over campingpladsen.<\/p>\n<\/div>\n\n\n\n<div class=\"wp-block-column is-layout-flow wp-block-column-is-layout-flow\">\n<figure class=\"wp-block-image size-full\"><a href=\"https:\/\/www.campingbellaterra.com\/wp-content\/uploads\/standard-platja.webp\" class=\"image-link\"><noscript><img decoding=\"async\" width=\"1637\" height=\"1158\" src=\"https:\/\/www.campingbellaterra.com\/wp-content\/uploads\/standard-platja.webp\" alt class=\"wp-image-13372\" srcset=\"https:\/\/www.campingbellaterra.com\/wp-content\/uploads\/standard-platja.webp 1637w, https:\/\/www.campingbellaterra.com\/wp-content\/uploads\/standard-platja-1024x724.webp 1024w, https:\/\/www.campingbellaterra.com\/wp-content\/uploads\/standard-platja-768x543.webp 768w, https:\/\/www.campingbellaterra.com\/wp-content\/uploads\/standard-platja-1536x1087.webp 1536w\" sizes=\"(max-width: 1637px) 100vw, 1637px\"><\/noscript><img decoding=\"async\" width=\"1637\" height=\"1158\" src=\"data:image\/svg+xml,%3Csvg%20xmlns%3D%22http%3A%2F%2Fwww.w3.org%2F2000%2Fsvg%22%20viewBox%3D%220%200%201637%201158%22%3E%3C%2Fsvg%3E\" alt class=\"wp-image-13372 lazyload\" srcset=\"data:image\/svg+xml,%3Csvg%20xmlns%3D%22http%3A%2F%2Fwww.w3.org%2F2000%2Fsvg%22%20viewBox%3D%220%200%201637%201158%22%3E%3C%2Fsvg%3E 1637w\" sizes=\"(max-width: 1637px) 100vw, 1637px\" data-srcset=\"https:\/\/www.campingbellaterra.com\/wp-content\/uploads\/standard-platja.webp 1637w, https:\/\/www.campingbellaterra.com\/wp-content\/uploads\/standard-platja-1024x724.webp 1024w, https:\/\/www.campingbellaterra.com\/wp-content\/uploads\/standard-platja-768x543.webp 768w, https:\/\/www.campingbellaterra.com\/wp-content\/uploads\/standard-platja-1536x1087.webp 1536w\" data-src=\"https:\/\/www.campingbellaterra.com\/wp-content\/uploads\/standard-platja.webp\"><\/a><\/figure>\n<\/div>\n<\/div>\n<\/div><\/div>\n\n\n\n<h2 class=\"wp-block-heading has-text-align-center title-ornament-blue centered-ornament\">Andre overnatningssteder<\/h2>\n\n\n\n\n\n<div id=\"slide_352\" class=\"wp-block-page-slider block-bottom alignfull splide\">\n    <div class=\"splide__arrows\">\n        <button class=\"splide__arrow splide__arrow--prev\">\n            <p>prev<br><span class=\"icon-arrow_back\"><\/span><\/p>\n        <\/button>\n        <div class=\"splide__counter\"><span>1<\/span>\/7<\/div>\n        <button class=\"splide__arrow splide__arrow--next\">\n            <p>next<br><span class=\"icon-arrow_forward\"><\/span><\/p>\n        <\/button>\n    <\/div>\n    <div class=\"splide__track\">\n        <div class=\"splide__list\">\n            \n                        \n            \n                        <a class=\"splide__slide page-card\" href=\"https:\/\/www.campingbellaterra.com\/da\/standpladser\/standard-2\/\">\n                            <div class=\"page-card-cover\" style=\"background: url(https:\/\/www.campingbellaterra.com\/wp-content\/uploads\/standard-main-1800x1080.webp) center no-repeat; background-size: cover\"><\/div>   \n                <div class=\"page-card-content\">\n                    <div>\n                        <h4>Standpladser                        <h3>Standard 2<\/h3>\n                        <p>Skyggefulde pladser beliggende i en stor fyrreskov. Standardpladserne er let tilg\u00e6ngelige, og de er meget t\u00e6t p\u00e5 mange faciliteter.<\/p>\n                    <\/h4><\/div>\n                    <div>\n                        <div class=\"page-card-icons\">\n                                                            <div class=\"accommodation-icon-pax\">\n                                    <p>6<\/p>\n                                <\/div>\n                                                                                        <div class=\"plot-icon-electro\">\n                                    <p>5A<\/p>\n                                <\/div>\n                                                                                    <div class=\"plot-icon-size\">\n                                <p>70 i 80m2<\/p>\n                            <\/div>\n                                                                                    <div class=\"plot-icon-shadows\">   \n                                <p>1 bil<\/p>\n                            <\/div>\n                                                    <\/div>\n                            \n                    <\/div>   \n                <\/div>\n                        <\/a>\n            \n            \n                        \n            \n                        <a class=\"splide__slide page-card\" href=\"https:\/\/www.campingbellaterra.com\/da\/standpladser\/comfort-pladser\/\">\n                            <div class=\"page-card-cover\" style=\"background: url(https:\/\/www.campingbellaterra.com\/wp-content\/uploads\/confort-main-1800x1080.webp) center no-repeat; background-size: cover\"><\/div>   \n                <div class=\"page-card-content\">\n                    <div>\n                        <h4>Standpladser                        <h3>Komfort 1<\/h3>\n                        <p>De skiller sig ud ved deres rummelighed og ved at v\u00e6re placeret f\u00e5 meter fra stranden.<\/p>\n                    <\/h4><\/div>\n                    <div>\n                        <div class=\"page-card-icons\">\n                                                            <div class=\"accommodation-icon-pax\">\n                                    <p>6<\/p>\n                                <\/div>\n                                                                                        <div class=\"plot-icon-electro\">\n                                    <p>6A<\/p>\n                                <\/div>\n                                                                                    <div class=\"plot-icon-size\">\n                                <p>90m\u00b2<\/p>\n                            <\/div>\n                                                                                    <div class=\"plot-icon-shadows\">   \n                                <p>1 bil<\/p>\n                            <\/div>\n                                                    <\/div>\n                            \n                    <\/div>   \n                <\/div>\n                        <\/a>\n            \n            \n                        \n            \n                        <a class=\"splide__slide page-card\" href=\"https:\/\/www.campingbellaterra.com\/da\/standpladser\/stjerne-1\/\">\n                            <div class=\"page-card-cover\" style=\"background: url(https:\/\/www.campingbellaterra.com\/wp-content\/uploads\/confort-main-1800x1080.webp) center no-repeat; background-size: cover\"><\/div>   \n                <div class=\"page-card-content\">\n                    <div>\n                        <h4>Standpladser                        <h3>Estel.lar 1<\/h3>\n                        <p>De skiller sig ud ved deres rummelighed og ved at v\u00e6re placeret f\u00e5 meter fra stranden.<\/p>\n                    <\/h4><\/div>\n                    <div>\n                        <div class=\"page-card-icons\">\n                                                            <div class=\"accommodation-icon-pax\">\n                                    <p>6<\/p>\n                                <\/div>\n                                                                                        <div class=\"plot-icon-electro\">\n                                    <p>6A<\/p>\n                                <\/div>\n                                                                                    <div class=\"plot-icon-size\">\n                                <p>70-80m\u00b2<\/p>\n                            <\/div>\n                                                                                    <div class=\"plot-icon-shadows\">   \n                                <p>1 bil<\/p>\n                            <\/div>\n                                                    <\/div>\n                            \n                    <\/div>   \n                <\/div>\n                        <\/a>\n            \n            \n                        \n            \n                        <a class=\"splide__slide page-card\" href=\"https:\/\/www.campingbellaterra.com\/da\/standpladser\/estel-lar-2\/\">\n                            <div class=\"page-card-cover\" style=\"background: url(https:\/\/www.campingbellaterra.com\/wp-content\/uploads\/confort-main-1800x1080.webp) center no-repeat; background-size: cover\"><\/div>   \n                <div class=\"page-card-content\">\n                    <div>\n                        <h4>Standpladser                        <h3>Estel.lar 2<\/h3>\n                        <p>Skyggefulde grunde p\u00e5 70-80 m2. i Camping 2 med elektrisk tilslutning af 6 A. vandindtag og afl\u00f8b og udvendig parkering i f\u00e6llesarealet.<\/p>\n                    <\/h4><\/div>\n                    <div>\n                        <div class=\"page-card-icons\">\n                                                            <div class=\"accommodation-icon-pax\">\n                                    <p>6<\/p>\n                                <\/div>\n                                                                                        <div class=\"plot-icon-electro\">\n                                    <p>6A<\/p>\n                                <\/div>\n                                                                                    <div class=\"plot-icon-size\">\n                                <p>90m\u00b2<\/p>\n                            <\/div>\n                                                                                    <div class=\"plot-icon-shadows\">   \n                                <p>1 bil<\/p>\n                            <\/div>\n                                                    <\/div>\n                            \n                    <\/div>   \n                <\/div>\n                        <\/a>\n            \n            \n                        \n            \n                        <a class=\"splide__slide page-card\" href=\"https:\/\/www.campingbellaterra.com\/da\/standpladser\/confort-strand\/\">\n                            <div class=\"page-card-cover\" style=\"background: url(https:\/\/www.campingbellaterra.com\/wp-content\/uploads\/confort-main-1800x1080.webp) center no-repeat; background-size: cover\"><\/div>   \n                <div class=\"page-card-content\">\n                    <div>\n                        <h4>Standpladser                        <h3>Komfort strand<\/h3>\n                        <p>De skiller sig ud for deres rummelighed og for at v\u00e6re beliggende direkte ved havet.<\/p>\n                    <\/h4><\/div>\n                    <div>\n                        <div class=\"page-card-icons\">\n                                                            <div class=\"accommodation-icon-pax\">\n                                    <p>6<\/p>\n                                <\/div>\n                                                                                        <div class=\"plot-icon-electro\">\n                                    <p>6A<\/p>\n                                <\/div>\n                                                                                    <div class=\"plot-icon-size\">\n                                <p>90m\u00b2<\/p>\n                            <\/div>\n                                                                                    <div class=\"plot-icon-shadows\">   \n                                <p>1 bil<\/p>\n                            <\/div>\n                                                    <\/div>\n                            \n                    <\/div>   \n                <\/div>\n                        <\/a>\n            \n            \n                        \n            \n                        <a class=\"splide__slide page-card\" href=\"https:\/\/www.campingbellaterra.com\/da\/standpladser\/komfort-plus\/\">\n                            <div class=\"page-card-cover\" style=\"background: url(https:\/\/www.campingbellaterra.com\/wp-content\/uploads\/confort-main-1800x1080.webp) center no-repeat; background-size: cover\"><\/div>   \n                <div class=\"page-card-content\">\n                    <div>\n                        <h4>Standpladser                        <h3>Komfort plus<\/h3>\n                        <p>De er kendetegnet ved deres rummelighed og havudsigt.<\/p>\n                    <\/h4><\/div>\n                    <div>\n                        <div class=\"page-card-icons\">\n                                                            <div class=\"accommodation-icon-pax\">\n                                    <p>6<\/p>\n                                <\/div>\n                                                                                        <div class=\"plot-icon-electro\">\n                                    <p>6A<\/p>\n                                <\/div>\n                                                                                    <div class=\"plot-icon-size\">\n                                <p>90m\u00b2<\/p>\n                            <\/div>\n                                                                                    <div class=\"plot-icon-shadows\">   \n                                <p>1 bil<\/p>\n                            <\/div>\n                                                    <\/div>\n                            \n                    <\/div>   \n                <\/div>\n                        <\/a>\n            \n            \n                        \n            \n                        <a class=\"splide__slide page-card\" href=\"https:\/\/www.campingbellaterra.com\/da\/standpladser\/komfort-plus-parking\/\">\n                            <div class=\"page-card-cover\" style=\"background: url(https:\/\/www.campingbellaterra.com\/wp-content\/uploads\/confort-main-1800x1080.webp) center no-repeat; background-size: cover\"><\/div>   \n                <div class=\"page-card-content\">\n                    <div>\n                        <h4>Standpladser                        <h3>Komfort plus parking<\/h3>\n                        <p>De er kendetegnet ved deres rummelighed og havudsigt.<\/p>\n                    <\/h4><\/div>\n                    <div>\n                        <div class=\"page-card-icons\">\n                                                            <div class=\"accommodation-icon-pax\">\n                                    <p>6<\/p>\n                                <\/div>\n                                                                                        <div class=\"plot-icon-electro\">\n                                    <p>6A<\/p>\n                                <\/div>\n                                                                                    <div class=\"plot-icon-size\">\n                                <p>70-80m\u00b2<\/p>\n                            <\/div>\n                                                                                    <div class=\"plot-icon-shadows\">   \n                                <p>1 bil<\/p>\n                            <\/div>\n                                                    <\/div>\n                            \n                    <\/div>   \n                <\/div>\n                        <\/a>\n            \n            \n                   \n        <\/div>\n    <\/div>    \n<\/div>\n\n<script type=\"text\/javascript\">\n                \n                var splide = new Splide( '#slide_352', {\n                    type   : 'loop',\n                    pagination: false,\n                    perPage: 3,\n                    gap: 52,\n                    padding: { left: 115, right: 115 },\n                    width: '100%',\n                    updateOnMove: true,\n                    focus: 'center',\n                    mediaQuery: 'min',\n                    breakpoints: {\n                        1000: {\n                            perPage: 2,\n                            padding: { left: 0, right: 0 }\n                        },\n                        750: {\n                            perPage: 1,\n                        }\n                    },\n                    destroy: 0\n                    } ).mount();\n\n                    if (document.querySelector('.horizontal-block')) {\n\n                        splide.on( 'move', function() {\n                            document.querySelector('#slide_352.wp-block-page-slider.horizontal-block .splide__arrows').classList.add('hide');\n                        } );\n\n                        splide.on( 'moved', function() {\n                            document.querySelector('#slide_352.wp-block-page-slider.horizontal-block .splide__counter span').innerHTML = document.querySelector('#slide_352.wp-block-page-slider.horizontal-block .page-card.is-active.is-visible').getAttribute('data-counter');\n                            document.querySelector('#slide_352.wp-block-page-slider.horizontal-block .splide__arrows').classList.remove('hide');\n                        } );\n                    \n                    }\n                \n            <\/script>\n","protected":false},"excerpt":{"rendered":"<p>Skyggefulde pladser beliggende i en stor fyrreskov. Standardpladserne er let tilg\u00e6ngelige, og de er meget t\u00e6t p\u00e5 mange faciliteter.<\/p>\n","protected":false},"author":1,"featured_media":13269,"parent":14493,"menu_order":0,"comment_status":"closed","ping_status":"closed","template":"templates\/tmpl-allotjament.php","meta":{"_acf_changed":false,"inline_featured_image":false,"_monsterinsights_skip_tracking":false,"_monsterinsights_sitenote_active":false,"_monsterinsights_sitenote_note":"","_monsterinsights_sitenote_category":0,"footnotes":""},"class_list":["post-14494","page","type-page","status-publish","has-post-thumbnail","hentry"],"acf":[],"yoast_head":"<!-- This site is optimized with the Yoast SEO plugin v27.0 - https:\/\/yoast.com\/product\/yoast-seo-wordpress\/ -->\n<title>Standard 1 - Camping Bella Terra<\/title>\n<meta name=\"robots\" content=\"index, follow, max-snippet:-1, max-image-preview:large, max-video-preview:-1\" \/>\n<link rel=\"canonical\" href=\"https:\/\/www.campingbellaterra.com\/da\/standpladser\/standardpladser\/\" \/>\n<meta property=\"og:locale\" content=\"da_DK\" \/>\n<meta property=\"og:type\" content=\"article\" \/>\n<meta property=\"og:title\" content=\"Standard 1 - Camping Bella Terra\" \/>\n<meta property=\"og:description\" content=\"Skyggefulde pladser beliggende i en stor fyrreskov. Standardpladserne er let tilg\u00e6ngelige, og de er meget t\u00e6t p\u00e5 mange faciliteter.\" \/>\n<meta property=\"og:url\" content=\"https:\/\/www.campingbellaterra.com\/da\/standpladser\/standardpladser\/\" \/>\n<meta property=\"og:site_name\" content=\"Camping Bella Terra\" \/>\n<meta property=\"article:publisher\" content=\"https:\/\/www.facebook.com\/campingbellaterra\/\" \/>\n<meta property=\"article:modified_time\" content=\"2024-11-15T09:13:00+00:00\" \/>\n<meta property=\"og:image\" content=\"https:\/\/www.campingbellaterra.com\/wp-content\/uploads\/standard-main.webp\" \/>\n\t<meta property=\"og:image:width\" content=\"1920\" \/>\n\t<meta property=\"og:image:height\" content=\"1080\" \/>\n\t<meta property=\"og:image:type\" content=\"image\/webp\" \/>\n<meta name=\"twitter:card\" content=\"summary_large_image\" \/>\n<meta name=\"twitter:site\" content=\"@cbellaterra\" \/>\n<meta name=\"twitter:label1\" content=\"Estimeret l\u00e6setid\" \/>\n\t<meta name=\"twitter:data1\" content=\"3 minutter\" \/>\n<script type=\"application\/ld+json\" class=\"yoast-schema-graph\">{\"@context\":\"https:\/\/schema.org\",\"@graph\":[{\"@type\":\"WebPage\",\"@id\":\"https:\/\/www.campingbellaterra.com\/da\/standpladser\/standardpladser\/\",\"url\":\"https:\/\/www.campingbellaterra.com\/da\/standpladser\/standardpladser\/\",\"name\":\"Standard 1 - Camping Bella Terra\",\"isPartOf\":{\"@id\":\"https:\/\/www.campingbellaterra.com\/da\/#website\"},\"primaryImageOfPage\":{\"@id\":\"https:\/\/www.campingbellaterra.com\/da\/standpladser\/standardpladser\/#primaryimage\"},\"image\":{\"@id\":\"https:\/\/www.campingbellaterra.com\/da\/standpladser\/standardpladser\/#primaryimage\"},\"thumbnailUrl\":\"https:\/\/www.campingbellaterra.com\/wp-content\/uploads\/standard-main.webp\",\"datePublished\":\"2020-01-27T11:06:16+00:00\",\"dateModified\":\"2024-11-15T09:13:00+00:00\",\"breadcrumb\":{\"@id\":\"https:\/\/www.campingbellaterra.com\/da\/standpladser\/standardpladser\/#breadcrumb\"},\"inLanguage\":\"da-DK\",\"potentialAction\":[{\"@type\":\"ReadAction\",\"target\":[\"https:\/\/www.campingbellaterra.com\/da\/standpladser\/standardpladser\/\"]}]},{\"@type\":\"ImageObject\",\"inLanguage\":\"da-DK\",\"@id\":\"https:\/\/www.campingbellaterra.com\/da\/standpladser\/standardpladser\/#primaryimage\",\"url\":\"https:\/\/www.campingbellaterra.com\/wp-content\/uploads\/standard-main.webp\",\"contentUrl\":\"https:\/\/www.campingbellaterra.com\/wp-content\/uploads\/standard-main.webp\",\"width\":1920,\"height\":1080},{\"@type\":\"BreadcrumbList\",\"@id\":\"https:\/\/www.campingbellaterra.com\/da\/standpladser\/standardpladser\/#breadcrumb\",\"itemListElement\":[{\"@type\":\"ListItem\",\"position\":1,\"name\":\"Inici\",\"item\":\"https:\/\/www.campingbellaterra.com\/da\/\"},{\"@type\":\"ListItem\",\"position\":2,\"name\":\"Standpladser\",\"item\":\"https:\/\/www.campingbellaterra.com\/da\/standpladser\/\"},{\"@type\":\"ListItem\",\"position\":3,\"name\":\"Standard 1\"}]},{\"@type\":\"WebSite\",\"@id\":\"https:\/\/www.campingbellaterra.com\/da\/#website\",\"url\":\"https:\/\/www.campingbellaterra.com\/da\/\",\"name\":\"Camping Bella Terra\",\"description\":\"Otro sitio realizado con WordPress\",\"publisher\":{\"@id\":\"https:\/\/www.campingbellaterra.com\/da\/#organization\"},\"potentialAction\":[{\"@type\":\"SearchAction\",\"target\":{\"@type\":\"EntryPoint\",\"urlTemplate\":\"https:\/\/www.campingbellaterra.com\/da\/?s={search_term_string}\"},\"query-input\":{\"@type\":\"PropertyValueSpecification\",\"valueRequired\":true,\"valueName\":\"search_term_string\"}}],\"inLanguage\":\"da-DK\"},{\"@type\":\"Organization\",\"@id\":\"https:\/\/www.campingbellaterra.com\/da\/#organization\",\"name\":\"Camping Bella Terra\",\"url\":\"https:\/\/www.campingbellaterra.com\/da\/\",\"logo\":{\"@type\":\"ImageObject\",\"inLanguage\":\"da-DK\",\"@id\":\"https:\/\/www.campingbellaterra.com\/da\/#\/schema\/logo\/image\/\",\"url\":\"https:\/\/www.campingbellaterra.com\/wp-content\/uploads\/logo6.svg\",\"contentUrl\":\"https:\/\/www.campingbellaterra.com\/wp-content\/uploads\/logo6.svg\",\"width\":\"2048\",\"height\":\"2048\",\"caption\":\"Camping Bella Terra\"},\"image\":{\"@id\":\"https:\/\/www.campingbellaterra.com\/da\/#\/schema\/logo\/image\/\"},\"sameAs\":[\"https:\/\/www.facebook.com\/campingbellaterra\/\",\"https:\/\/x.com\/cbellaterra\",\"https:\/\/www.instagram.com\/campingbellaterra\/\",\"https:\/\/www.youtube.com\/c\/Camping-Bellaterra-Blanes\",\"https:\/\/www.tripadvisor.es\/Hotel_Review-g580331-d3328184-Reviews-Camping_Bella_Terra-Blanes_Costa_Brava_Province_of_Girona_Catalonia.html\"]}]}<\/script>\n<!-- \/ Yoast SEO plugin. -->","yoast_head_json":{"title":"Standard 1 - Camping Bella Terra","robots":{"index":"index","follow":"follow","max-snippet":"max-snippet:-1","max-image-preview":"max-image-preview:large","max-video-preview":"max-video-preview:-1"},"canonical":"https:\/\/www.campingbellaterra.com\/da\/standpladser\/standardpladser\/","og_locale":"da_DK","og_type":"article","og_title":"Standard 1 - Camping Bella Terra","og_description":"Skyggefulde pladser beliggende i en stor fyrreskov. Standardpladserne er let tilg\u00e6ngelige, og de er meget t\u00e6t p\u00e5 mange faciliteter.","og_url":"https:\/\/www.campingbellaterra.com\/da\/standpladser\/standardpladser\/","og_site_name":"Camping Bella Terra","article_publisher":"https:\/\/www.facebook.com\/campingbellaterra\/","article_modified_time":"2024-11-15T09:13:00+00:00","og_image":[{"width":1920,"height":1080,"url":"https:\/\/www.campingbellaterra.com\/wp-content\/uploads\/standard-main.webp","type":"image\/webp"}],"twitter_card":"summary_large_image","twitter_site":"@cbellaterra","twitter_misc":{"Estimeret l\u00e6setid":"3 minutter"},"schema":{"@context":"https:\/\/schema.org","@graph":[{"@type":"WebPage","@id":"https:\/\/www.campingbellaterra.com\/da\/standpladser\/standardpladser\/","url":"https:\/\/www.campingbellaterra.com\/da\/standpladser\/standardpladser\/","name":"Standard 1 - Camping Bella Terra","isPartOf":{"@id":"https:\/\/www.campingbellaterra.com\/da\/#website"},"primaryImageOfPage":{"@id":"https:\/\/www.campingbellaterra.com\/da\/standpladser\/standardpladser\/#primaryimage"},"image":{"@id":"https:\/\/www.campingbellaterra.com\/da\/standpladser\/standardpladser\/#primaryimage"},"thumbnailUrl":"https:\/\/www.campingbellaterra.com\/wp-content\/uploads\/standard-main.webp","datePublished":"2020-01-27T11:06:16+00:00","dateModified":"2024-11-15T09:13:00+00:00","breadcrumb":{"@id":"https:\/\/www.campingbellaterra.com\/da\/standpladser\/standardpladser\/#breadcrumb"},"inLanguage":"da-DK","potentialAction":[{"@type":"ReadAction","target":["https:\/\/www.campingbellaterra.com\/da\/standpladser\/standardpladser\/"]}]},{"@type":"ImageObject","inLanguage":"da-DK","@id":"https:\/\/www.campingbellaterra.com\/da\/standpladser\/standardpladser\/#primaryimage","url":"https:\/\/www.campingbellaterra.com\/wp-content\/uploads\/standard-main.webp","contentUrl":"https:\/\/www.campingbellaterra.com\/wp-content\/uploads\/standard-main.webp","width":1920,"height":1080},{"@type":"BreadcrumbList","@id":"https:\/\/www.campingbellaterra.com\/da\/standpladser\/standardpladser\/#breadcrumb","itemListElement":[{"@type":"ListItem","position":1,"name":"Inici","item":"https:\/\/www.campingbellaterra.com\/da\/"},{"@type":"ListItem","position":2,"name":"Standpladser","item":"https:\/\/www.campingbellaterra.com\/da\/standpladser\/"},{"@type":"ListItem","position":3,"name":"Standard 1"}]},{"@type":"WebSite","@id":"https:\/\/www.campingbellaterra.com\/da\/#website","url":"https:\/\/www.campingbellaterra.com\/da\/","name":"Camping Bella Terra","description":"Otro sitio realizado con WordPress","publisher":{"@id":"https:\/\/www.campingbellaterra.com\/da\/#organization"},"potentialAction":[{"@type":"SearchAction","target":{"@type":"EntryPoint","urlTemplate":"https:\/\/www.campingbellaterra.com\/da\/?s={search_term_string}"},"query-input":{"@type":"PropertyValueSpecification","valueRequired":true,"valueName":"search_term_string"}}],"inLanguage":"da-DK"},{"@type":"Organization","@id":"https:\/\/www.campingbellaterra.com\/da\/#organization","name":"Camping Bella Terra","url":"https:\/\/www.campingbellaterra.com\/da\/","logo":{"@type":"ImageObject","inLanguage":"da-DK","@id":"https:\/\/www.campingbellaterra.com\/da\/#\/schema\/logo\/image\/","url":"https:\/\/www.campingbellaterra.com\/wp-content\/uploads\/logo6.svg","contentUrl":"https:\/\/www.campingbellaterra.com\/wp-content\/uploads\/logo6.svg","width":"2048","height":"2048","caption":"Camping Bella Terra"},"image":{"@id":"https:\/\/www.campingbellaterra.com\/da\/#\/schema\/logo\/image\/"},"sameAs":["https:\/\/www.facebook.com\/campingbellaterra\/","https:\/\/x.com\/cbellaterra","https:\/\/www.instagram.com\/campingbellaterra\/","https:\/\/www.youtube.com\/c\/Camping-Bellaterra-Blanes","https:\/\/www.tripadvisor.es\/Hotel_Review-g580331-d3328184-Reviews-Camping_Bella_Terra-Blanes_Costa_Brava_Province_of_Girona_Catalonia.html"]}]}},"_links":{"self":[{"href":"https:\/\/www.campingbellaterra.com\/da\/wp-json\/wp\/v2\/pages\/14494","targetHints":{"allow":["GET"]}}],"collection":[{"href":"https:\/\/www.campingbellaterra.com\/da\/wp-json\/wp\/v2\/pages"}],"about":[{"href":"https:\/\/www.campingbellaterra.com\/da\/wp-json\/wp\/v2\/types\/page"}],"author":[{"embeddable":true,"href":"https:\/\/www.campingbellaterra.com\/da\/wp-json\/wp\/v2\/users\/1"}],"replies":[{"embeddable":true,"href":"https:\/\/www.campingbellaterra.com\/da\/wp-json\/wp\/v2\/comments?post=14494"}],"version-history":[{"count":21,"href":"https:\/\/www.campingbellaterra.com\/da\/wp-json\/wp\/v2\/pages\/14494\/revisions"}],"predecessor-version":[{"id":20221,"href":"https:\/\/www.campingbellaterra.com\/da\/wp-json\/wp\/v2\/pages\/14494\/revisions\/20221"}],"up":[{"embeddable":true,"href":"https:\/\/www.campingbellaterra.com\/da\/wp-json\/wp\/v2\/pages\/14493"}],"wp:featuredmedia":[{"embeddable":true,"href":"https:\/\/www.campingbellaterra.com\/da\/wp-json\/wp\/v2\/media\/13269"}],"wp:attachment":[{"href":"https:\/\/www.campingbellaterra.com\/da\/wp-json\/wp\/v2\/media?parent=14494"}],"curies":[{"name":"wp","href":"https:\/\/api.w.org\/{rel}","templated":true}]}}