{"id":14500,"date":"2022-04-04T09:24:30","date_gmt":"2022-04-04T07:24:30","guid":{"rendered":"https:\/\/www.campingbellaterra.com\/restauranterne\/"},"modified":"2024-11-15T11:29:08","modified_gmt":"2024-11-15T10:29:08","slug":"restauranterne","status":"publish","type":"page","link":"https:\/\/www.campingbellaterra.com\/da\/restauranterne\/","title":{"rendered":"Restauranterne"},"content":{"rendered":"<div class=\"wp-block-cover alignfull wp-align-content-end scroll-down\" style=\"min-height:100vh;aspect-ratio:unset;\"><span aria-hidden=\"true\" class=\"wp-block-cover__background has-background-dim-10 has-background-dim\"><\/span><noscript><img decoding=\"async\" width=\"1920\" height=\"1080\" class=\"wp-block-cover__image-background wp-image-16288\" alt src=\"https:\/\/www.campingbellaterra.com\/wp-content\/uploads\/restaurant-main.jpg\" data-object-fit=\"cover\" srcset=\"https:\/\/www.campingbellaterra.com\/wp-content\/uploads\/restaurant-main.jpg 1920w, https:\/\/www.campingbellaterra.com\/wp-content\/uploads\/restaurant-main-1024x576.jpg 1024w, https:\/\/www.campingbellaterra.com\/wp-content\/uploads\/restaurant-main-768x432.jpg 768w, https:\/\/www.campingbellaterra.com\/wp-content\/uploads\/restaurant-main-1536x864.jpg 1536w\" sizes=\"(max-width: 1920px) 100vw, 1920px\"><\/noscript><img decoding=\"async\" width=\"1920\" height=\"1080\" class=\"wp-block-cover__image-background wp-image-16288 lazyload\" alt src=\"data:image\/svg+xml,%3Csvg%20xmlns%3D%22http%3A%2F%2Fwww.w3.org%2F2000%2Fsvg%22%20viewBox%3D%220%200%201920%201080%22%3E%3C%2Fsvg%3E\" data-object-fit=\"cover\" srcset=\"data:image\/svg+xml,%3Csvg%20xmlns%3D%22http%3A%2F%2Fwww.w3.org%2F2000%2Fsvg%22%20viewBox%3D%220%200%201920%201080%22%3E%3C%2Fsvg%3E 1920w\" sizes=\"(max-width: 1920px) 100vw, 1920px\" data-srcset=\"https:\/\/www.campingbellaterra.com\/wp-content\/uploads\/restaurant-main.jpg 1920w, https:\/\/www.campingbellaterra.com\/wp-content\/uploads\/restaurant-main-1024x576.jpg 1024w, https:\/\/www.campingbellaterra.com\/wp-content\/uploads\/restaurant-main-768x432.jpg 768w, https:\/\/www.campingbellaterra.com\/wp-content\/uploads\/restaurant-main-1536x864.jpg 1536w\" data-src=\"https:\/\/www.campingbellaterra.com\/wp-content\/uploads\/restaurant-main.jpg\"><div class=\"wp-block-cover__inner-container is-layout-flow wp-block-cover-is-layout-flow\">\n<div class=\"wp-block-columns is-not-stacked-on-mobile alignwide is-layout-flex wp-container-core-columns-is-layout-28f84493 wp-block-columns-is-layout-flex\">\n<div class=\"wp-block-column is-vertically-aligned-bottom is-layout-flow wp-block-column-is-layout-flow\" style=\"flex-basis:75%\">\n<h1 class=\"wp-block-heading large-text-shadow has-blank-white-color has-text-color\" id=\"a-peu-de-platja\">Restauranterne<\/h1>\n\n\n\n<p class=\"short-text-shadow icon-date_range has-blank-white-color has-text-color has-link-color wp-elements-83a7902396bde7713cabe5cdfe6c13f3\">Data d&#8217;obertura 28 de mar\u00e7<\/p>\n<\/div>\n\n\n\n<div class=\"wp-block-column is-vertically-aligned-bottom is-layout-flow wp-block-column-is-layout-flow\" style=\"flex-basis:25%\"><div id=\"owm-weather-id-497-1\" class=\"owm-weather-id\" data-id=\"497\" data-weather_id=\"owm-weather-id-497-1\"><div class=\"owmw-loading-spinner\"><button id=\"button-owm-weather-id-497-1\" onclick=\"owmw_refresh_weather(this.id)\"><noscript><img decoding=\"async\" src=\"https:\/\/www.campingbellaterra.com\/wp-content\/plugins\/owm-weather\/img\/owmloading.gif\" alt=\"loader\"><\/noscript><img decoding=\"async\" src=\"data:image\/gif;base64,R0lGODlhAQABAIAAAAAAAP\/\/\/yH5BAEAAAAALAAAAAABAAEAAAIBRAA7\" alt=\"loader\" data-src=\"https:\/\/www.campingbellaterra.com\/wp-content\/plugins\/owm-weather\/img\/owmloading.gif\" class=\" lazyload\"><\/button><\/div><\/div>\n<\/div>\n<\/div>\n\n\n\n<div class=\"wp-block-buttons is-content-justification-center is-layout-flex wp-container-core-buttons-is-layout-a89b3969 wp-block-buttons-is-layout-flex\">\n<div class=\"wp-block-button icon-mouse icon-link\"><a class=\"wp-block-button__link wp-element-button\" href=\"#scrolldown\"><strong>scrolldown<\/strong><\/a><\/div>\n<\/div>\n<\/div><\/div>\n\n\n\n<h2 class=\"wp-block-heading has-text-align-center heading-position\">Restauranten best\u00e5r af restauranten L&#8217;Era og baren La Terrassa.<\/h2>\n\n\n\n<div class=\"wp-block-cover alignwide is-light cover-custom cover-auto-height\" style=\"min-height:501px;aspect-ratio:unset;\" id=\"scrolldown\"><span aria-hidden=\"true\" class=\"wp-block-cover__background has-background-dim-0 has-background-dim\"><\/span><noscript><img decoding=\"async\" width=\"1000\" height=\"509\" class=\"wp-block-cover__image-background wp-image-13752\" alt src=\"https:\/\/www.campingbellaterra.com\/wp-content\/uploads\/brush-09.svg\" data-object-fit=\"cover\"><\/noscript><img decoding=\"async\" width=\"1000\" height=\"509\" class=\"wp-block-cover__image-background wp-image-13752 lazyload\" alt src=\"data:image\/svg+xml,%3Csvg%20xmlns%3D%22http%3A%2F%2Fwww.w3.org%2F2000%2Fsvg%22%20viewBox%3D%220%200%201000%20509%22%3E%3C%2Fsvg%3E\" data-object-fit=\"cover\" data-src=\"https:\/\/www.campingbellaterra.com\/wp-content\/uploads\/brush-09.svg\"><div class=\"wp-block-cover__inner-container is-layout-flow wp-block-cover-is-layout-flow\">\n<div class=\"wp-block-columns alignwide is-layout-flex wp-container-core-columns-is-layout-28f84493 wp-block-columns-is-layout-flex\">\n<div class=\"wp-block-column is-vertically-aligned-center is-layout-flow wp-block-column-is-layout-flow\" style=\"flex-basis:50%\">\n<p>P\u00e5 den ene side er restauranten opkaldt efter en gammel \u00e6ra, et fladt, fast rum, hvorp\u00e5 korn eller b\u00e6lgfrugter blev anbragt for at ryste dem og adskille kornet fra skaftet. <\/p>\n\n\n\n<p>P\u00e5 den anden side er La Terrassa Bar en af de \u00e6ldste eksisterende bygninger p\u00e5 Camping Bella Terra, hvor campister af forskellige nationaliteter plejer at m\u00f8des og dermed blive det s\u00e6dvanlige m\u00f8dested for vores kunder.<\/p>\n\n\n\n<p>L\u2019Era og La Terrassa er placeret ved indgangen til Camping Bella Terra, meget t\u00e6t p\u00e5 sv\u00f8mmebassinerne og stranden.<\/p>\n<\/div>\n\n\n\n<div class=\"wp-block-column is-layout-flow wp-block-column-is-layout-flow\" style=\"flex-basis:50%\">\n<figure class=\"wp-block-image aligncenter size-full\"><noscript><img decoding=\"async\" width=\"167\" height=\"107\" src=\"https:\/\/www.campingbellaterra.com\/wp-content\/uploads\/era-logo.png\" alt class=\"wp-image-12443\"><\/noscript><img decoding=\"async\" width=\"167\" height=\"107\" src=\"data:image\/svg+xml,%3Csvg%20xmlns%3D%22http%3A%2F%2Fwww.w3.org%2F2000%2Fsvg%22%20viewBox%3D%220%200%20167%20107%22%3E%3C%2Fsvg%3E\" alt class=\"wp-image-12443 lazyload\" data-src=\"https:\/\/www.campingbellaterra.com\/wp-content\/uploads\/era-logo.png\"><\/figure>\n\n\n\n<div class=\"wp-block-buttons is-content-justification-center is-layout-flex wp-container-core-buttons-is-layout-a89b3969 wp-block-buttons-is-layout-flex\">\n<div class=\"wp-block-button is-style-outline icon-cloud_download is-style-outline--1\"><a class=\"wp-block-button__link has-blank-white-background-color has-background wp-element-button\" style=\"border-radius:8px\">Download menuen<\/a><\/div>\n<\/div>\n\n\n\n<figure class=\"wp-block-image aligncenter size-full\"><noscript><img decoding=\"async\" width=\"172\" height=\"201\" src=\"https:\/\/www.campingbellaterra.com\/wp-content\/uploads\/codi-qr.png\" alt class=\"wp-image-12451\"><\/noscript><img decoding=\"async\" width=\"172\" height=\"201\" src=\"data:image\/svg+xml,%3Csvg%20xmlns%3D%22http%3A%2F%2Fwww.w3.org%2F2000%2Fsvg%22%20viewBox%3D%220%200%20172%20201%22%3E%3C%2Fsvg%3E\" alt class=\"wp-image-12451 lazyload\" data-src=\"https:\/\/www.campingbellaterra.com\/wp-content\/uploads\/codi-qr.png\"><\/figure>\n<\/div>\n<\/div>\n<\/div><\/div>\n\n\n\n<figure class=\"wp-block-image alignfull size-full fullimage\"><noscript><img decoding=\"async\" width=\"1900\" height=\"900\" src=\"https:\/\/www.campingbellaterra.com\/wp-content\/uploads\/restaurant-menjador-2.webp\" alt class=\"wp-image-12494\" srcset=\"https:\/\/www.campingbellaterra.com\/wp-content\/uploads\/restaurant-menjador-2.webp 1900w, https:\/\/www.campingbellaterra.com\/wp-content\/uploads\/restaurant-menjador-2-1024x485.webp 1024w, https:\/\/www.campingbellaterra.com\/wp-content\/uploads\/restaurant-menjador-2-768x364.webp 768w, https:\/\/www.campingbellaterra.com\/wp-content\/uploads\/restaurant-menjador-2-1536x728.webp 1536w, https:\/\/www.campingbellaterra.com\/wp-content\/uploads\/restaurant-menjador-2-1266x600.webp 1266w, https:\/\/www.campingbellaterra.com\/wp-content\/uploads\/restaurant-menjador-2-950x450.webp 950w, https:\/\/www.campingbellaterra.com\/wp-content\/uploads\/restaurant-menjador-2-633x300.webp 633w, https:\/\/www.campingbellaterra.com\/wp-content\/uploads\/restaurant-menjador-2-475x225.webp 475w\" sizes=\"(max-width: 1900px) 100vw, 1900px\"><\/noscript><img decoding=\"async\" width=\"1900\" height=\"900\" src=\"data:image\/svg+xml,%3Csvg%20xmlns%3D%22http%3A%2F%2Fwww.w3.org%2F2000%2Fsvg%22%20viewBox%3D%220%200%201900%20900%22%3E%3C%2Fsvg%3E\" alt class=\"wp-image-12494 lazyload\" srcset=\"data:image\/svg+xml,%3Csvg%20xmlns%3D%22http%3A%2F%2Fwww.w3.org%2F2000%2Fsvg%22%20viewBox%3D%220%200%201900%20900%22%3E%3C%2Fsvg%3E 1900w\" sizes=\"(max-width: 1900px) 100vw, 1900px\" data-srcset=\"https:\/\/www.campingbellaterra.com\/wp-content\/uploads\/restaurant-menjador-2.webp 1900w, https:\/\/www.campingbellaterra.com\/wp-content\/uploads\/restaurant-menjador-2-1024x485.webp 1024w, https:\/\/www.campingbellaterra.com\/wp-content\/uploads\/restaurant-menjador-2-768x364.webp 768w, https:\/\/www.campingbellaterra.com\/wp-content\/uploads\/restaurant-menjador-2-1536x728.webp 1536w, https:\/\/www.campingbellaterra.com\/wp-content\/uploads\/restaurant-menjador-2-1266x600.webp 1266w, https:\/\/www.campingbellaterra.com\/wp-content\/uploads\/restaurant-menjador-2-950x450.webp 950w, https:\/\/www.campingbellaterra.com\/wp-content\/uploads\/restaurant-menjador-2-633x300.webp 633w, https:\/\/www.campingbellaterra.com\/wp-content\/uploads\/restaurant-menjador-2-475x225.webp 475w\" data-src=\"https:\/\/www.campingbellaterra.com\/wp-content\/uploads\/restaurant-menjador-2.webp\"><\/figure>\n\n\n\n<div class=\"wp-block-columns alignwide is-layout-flex wp-container-core-columns-is-layout-28f84493 wp-block-columns-is-layout-flex\">\n<div class=\"wp-block-column is-layout-flow wp-block-column-is-layout-flow\"><div id=\"wp-block-slider-block_da812225c528ac6c9733355e6b2a8804\" class=\"wp-block-slider wp-block-slider-vertical\" style>\n    <div class=\"contingut-texte\">\n                    <div class=\"slider-container\"><div class=\"splide galeria-slider galeria-columnas-1\" id=\"slide_180\"><div class=\"splide__track\"><div class=\"splide__list\"><div id=\"thumb-12506\" class=\"splide__slide\" data-counter=\"01\/07\"><noscript><img decoding=\"async\" width=\"1400\" height=\"1900\" src=\"https:\/\/www.campingbellaterra.com\/wp-content\/uploads\/1-restaurant-mozzarella.webp\" class=\"attachment-vertical size-vertical\" alt srcset=\"https:\/\/www.campingbellaterra.com\/wp-content\/uploads\/1-restaurant-mozzarella.webp 1400w, https:\/\/www.campingbellaterra.com\/wp-content\/uploads\/1-restaurant-mozzarella-755x1024.webp 755w, https:\/\/www.campingbellaterra.com\/wp-content\/uploads\/1-restaurant-mozzarella-768x1042.webp 768w, https:\/\/www.campingbellaterra.com\/wp-content\/uploads\/1-restaurant-mozzarella-1132x1536.webp 1132w\" sizes=\"(max-width: 1400px) 100vw, 1400px\"><\/noscript><img decoding=\"async\" width=\"1400\" height=\"1900\" src=\"data:image\/svg+xml,%3Csvg%20xmlns%3D%22http%3A%2F%2Fwww.w3.org%2F2000%2Fsvg%22%20viewBox%3D%220%200%201400%201900%22%3E%3C%2Fsvg%3E\" class=\"attachment-vertical size-vertical lazyload\" alt srcset=\"data:image\/svg+xml,%3Csvg%20xmlns%3D%22http%3A%2F%2Fwww.w3.org%2F2000%2Fsvg%22%20viewBox%3D%220%200%201400%201900%22%3E%3C%2Fsvg%3E 1400w\" sizes=\"(max-width: 1400px) 100vw, 1400px\" data-srcset=\"https:\/\/www.campingbellaterra.com\/wp-content\/uploads\/1-restaurant-mozzarella.webp 1400w, https:\/\/www.campingbellaterra.com\/wp-content\/uploads\/1-restaurant-mozzarella-755x1024.webp 755w, https:\/\/www.campingbellaterra.com\/wp-content\/uploads\/1-restaurant-mozzarella-768x1042.webp 768w, https:\/\/www.campingbellaterra.com\/wp-content\/uploads\/1-restaurant-mozzarella-1132x1536.webp 1132w\" data-src=\"https:\/\/www.campingbellaterra.com\/wp-content\/uploads\/1-restaurant-mozzarella.webp\"><\/div><div id=\"thumb-12520\" class=\"splide__slide\" data-counter=\"02\/07\"><noscript><img decoding=\"async\" width=\"1400\" height=\"1900\" src=\"https:\/\/www.campingbellaterra.com\/wp-content\/uploads\/3-restaurant-paella.webp\" class=\"attachment-vertical size-vertical\" alt srcset=\"https:\/\/www.campingbellaterra.com\/wp-content\/uploads\/3-restaurant-paella.webp 1400w, https:\/\/www.campingbellaterra.com\/wp-content\/uploads\/3-restaurant-paella-755x1024.webp 755w, https:\/\/www.campingbellaterra.com\/wp-content\/uploads\/3-restaurant-paella-768x1042.webp 768w, https:\/\/www.campingbellaterra.com\/wp-content\/uploads\/3-restaurant-paella-1132x1536.webp 1132w\" sizes=\"(max-width: 1400px) 100vw, 1400px\"><\/noscript><img decoding=\"async\" width=\"1400\" height=\"1900\" src=\"data:image\/svg+xml,%3Csvg%20xmlns%3D%22http%3A%2F%2Fwww.w3.org%2F2000%2Fsvg%22%20viewBox%3D%220%200%201400%201900%22%3E%3C%2Fsvg%3E\" class=\"attachment-vertical size-vertical lazyload\" alt srcset=\"data:image\/svg+xml,%3Csvg%20xmlns%3D%22http%3A%2F%2Fwww.w3.org%2F2000%2Fsvg%22%20viewBox%3D%220%200%201400%201900%22%3E%3C%2Fsvg%3E 1400w\" sizes=\"(max-width: 1400px) 100vw, 1400px\" data-srcset=\"https:\/\/www.campingbellaterra.com\/wp-content\/uploads\/3-restaurant-paella.webp 1400w, https:\/\/www.campingbellaterra.com\/wp-content\/uploads\/3-restaurant-paella-755x1024.webp 755w, https:\/\/www.campingbellaterra.com\/wp-content\/uploads\/3-restaurant-paella-768x1042.webp 768w, https:\/\/www.campingbellaterra.com\/wp-content\/uploads\/3-restaurant-paella-1132x1536.webp 1132w\" data-src=\"https:\/\/www.campingbellaterra.com\/wp-content\/uploads\/3-restaurant-paella.webp\"><\/div><div id=\"thumb-12527\" class=\"splide__slide\" data-counter=\"03\/07\"><noscript><img decoding=\"async\" width=\"1400\" height=\"1900\" src=\"https:\/\/www.campingbellaterra.com\/wp-content\/uploads\/4-restaurant-galtes.webp\" class=\"attachment-vertical size-vertical\" alt srcset=\"https:\/\/www.campingbellaterra.com\/wp-content\/uploads\/4-restaurant-galtes.webp 1400w, https:\/\/www.campingbellaterra.com\/wp-content\/uploads\/4-restaurant-galtes-755x1024.webp 755w, https:\/\/www.campingbellaterra.com\/wp-content\/uploads\/4-restaurant-galtes-768x1042.webp 768w, https:\/\/www.campingbellaterra.com\/wp-content\/uploads\/4-restaurant-galtes-1132x1536.webp 1132w\" sizes=\"(max-width: 1400px) 100vw, 1400px\"><\/noscript><img decoding=\"async\" width=\"1400\" height=\"1900\" src=\"data:image\/svg+xml,%3Csvg%20xmlns%3D%22http%3A%2F%2Fwww.w3.org%2F2000%2Fsvg%22%20viewBox%3D%220%200%201400%201900%22%3E%3C%2Fsvg%3E\" class=\"attachment-vertical size-vertical lazyload\" alt srcset=\"data:image\/svg+xml,%3Csvg%20xmlns%3D%22http%3A%2F%2Fwww.w3.org%2F2000%2Fsvg%22%20viewBox%3D%220%200%201400%201900%22%3E%3C%2Fsvg%3E 1400w\" sizes=\"(max-width: 1400px) 100vw, 1400px\" data-srcset=\"https:\/\/www.campingbellaterra.com\/wp-content\/uploads\/4-restaurant-galtes.webp 1400w, https:\/\/www.campingbellaterra.com\/wp-content\/uploads\/4-restaurant-galtes-755x1024.webp 755w, https:\/\/www.campingbellaterra.com\/wp-content\/uploads\/4-restaurant-galtes-768x1042.webp 768w, https:\/\/www.campingbellaterra.com\/wp-content\/uploads\/4-restaurant-galtes-1132x1536.webp 1132w\" data-src=\"https:\/\/www.campingbellaterra.com\/wp-content\/uploads\/4-restaurant-galtes.webp\"><\/div><div id=\"thumb-12534\" class=\"splide__slide\" data-counter=\"04\/07\"><noscript><img decoding=\"async\" width=\"1400\" height=\"1900\" src=\"https:\/\/www.campingbellaterra.com\/wp-content\/uploads\/5-restaurant-amanida.webp\" class=\"attachment-vertical size-vertical\" alt srcset=\"https:\/\/www.campingbellaterra.com\/wp-content\/uploads\/5-restaurant-amanida.webp 1400w, https:\/\/www.campingbellaterra.com\/wp-content\/uploads\/5-restaurant-amanida-755x1024.webp 755w, https:\/\/www.campingbellaterra.com\/wp-content\/uploads\/5-restaurant-amanida-768x1042.webp 768w, https:\/\/www.campingbellaterra.com\/wp-content\/uploads\/5-restaurant-amanida-1132x1536.webp 1132w\" sizes=\"(max-width: 1400px) 100vw, 1400px\"><\/noscript><img decoding=\"async\" width=\"1400\" height=\"1900\" src=\"data:image\/svg+xml,%3Csvg%20xmlns%3D%22http%3A%2F%2Fwww.w3.org%2F2000%2Fsvg%22%20viewBox%3D%220%200%201400%201900%22%3E%3C%2Fsvg%3E\" class=\"attachment-vertical size-vertical lazyload\" alt srcset=\"data:image\/svg+xml,%3Csvg%20xmlns%3D%22http%3A%2F%2Fwww.w3.org%2F2000%2Fsvg%22%20viewBox%3D%220%200%201400%201900%22%3E%3C%2Fsvg%3E 1400w\" sizes=\"(max-width: 1400px) 100vw, 1400px\" data-srcset=\"https:\/\/www.campingbellaterra.com\/wp-content\/uploads\/5-restaurant-amanida.webp 1400w, https:\/\/www.campingbellaterra.com\/wp-content\/uploads\/5-restaurant-amanida-755x1024.webp 755w, https:\/\/www.campingbellaterra.com\/wp-content\/uploads\/5-restaurant-amanida-768x1042.webp 768w, https:\/\/www.campingbellaterra.com\/wp-content\/uploads\/5-restaurant-amanida-1132x1536.webp 1132w\" data-src=\"https:\/\/www.campingbellaterra.com\/wp-content\/uploads\/5-restaurant-amanida.webp\"><\/div><div id=\"thumb-12541\" class=\"splide__slide\" data-counter=\"05\/07\"><noscript><img decoding=\"async\" width=\"1400\" height=\"1900\" src=\"https:\/\/www.campingbellaterra.com\/wp-content\/uploads\/8-restaurant-cuixa.webp\" class=\"attachment-vertical size-vertical\" alt srcset=\"https:\/\/www.campingbellaterra.com\/wp-content\/uploads\/8-restaurant-cuixa.webp 1400w, https:\/\/www.campingbellaterra.com\/wp-content\/uploads\/8-restaurant-cuixa-755x1024.webp 755w, https:\/\/www.campingbellaterra.com\/wp-content\/uploads\/8-restaurant-cuixa-768x1042.webp 768w, https:\/\/www.campingbellaterra.com\/wp-content\/uploads\/8-restaurant-cuixa-1132x1536.webp 1132w\" sizes=\"(max-width: 1400px) 100vw, 1400px\"><\/noscript><img decoding=\"async\" width=\"1400\" height=\"1900\" src=\"data:image\/svg+xml,%3Csvg%20xmlns%3D%22http%3A%2F%2Fwww.w3.org%2F2000%2Fsvg%22%20viewBox%3D%220%200%201400%201900%22%3E%3C%2Fsvg%3E\" class=\"attachment-vertical size-vertical lazyload\" alt srcset=\"data:image\/svg+xml,%3Csvg%20xmlns%3D%22http%3A%2F%2Fwww.w3.org%2F2000%2Fsvg%22%20viewBox%3D%220%200%201400%201900%22%3E%3C%2Fsvg%3E 1400w\" sizes=\"(max-width: 1400px) 100vw, 1400px\" data-srcset=\"https:\/\/www.campingbellaterra.com\/wp-content\/uploads\/8-restaurant-cuixa.webp 1400w, https:\/\/www.campingbellaterra.com\/wp-content\/uploads\/8-restaurant-cuixa-755x1024.webp 755w, https:\/\/www.campingbellaterra.com\/wp-content\/uploads\/8-restaurant-cuixa-768x1042.webp 768w, https:\/\/www.campingbellaterra.com\/wp-content\/uploads\/8-restaurant-cuixa-1132x1536.webp 1132w\" data-src=\"https:\/\/www.campingbellaterra.com\/wp-content\/uploads\/8-restaurant-cuixa.webp\"><\/div><div id=\"thumb-12548\" class=\"splide__slide\" data-counter=\"06\/07\"><noscript><img decoding=\"async\" width=\"1400\" height=\"1900\" src=\"https:\/\/www.campingbellaterra.com\/wp-content\/uploads\/7-restaurant-mejillones.webp\" class=\"attachment-vertical size-vertical\" alt srcset=\"https:\/\/www.campingbellaterra.com\/wp-content\/uploads\/7-restaurant-mejillones.webp 1400w, https:\/\/www.campingbellaterra.com\/wp-content\/uploads\/7-restaurant-mejillones-755x1024.webp 755w, https:\/\/www.campingbellaterra.com\/wp-content\/uploads\/7-restaurant-mejillones-768x1042.webp 768w, https:\/\/www.campingbellaterra.com\/wp-content\/uploads\/7-restaurant-mejillones-1132x1536.webp 1132w\" sizes=\"(max-width: 1400px) 100vw, 1400px\"><\/noscript><img decoding=\"async\" width=\"1400\" height=\"1900\" src=\"data:image\/svg+xml,%3Csvg%20xmlns%3D%22http%3A%2F%2Fwww.w3.org%2F2000%2Fsvg%22%20viewBox%3D%220%200%201400%201900%22%3E%3C%2Fsvg%3E\" class=\"attachment-vertical size-vertical lazyload\" alt srcset=\"data:image\/svg+xml,%3Csvg%20xmlns%3D%22http%3A%2F%2Fwww.w3.org%2F2000%2Fsvg%22%20viewBox%3D%220%200%201400%201900%22%3E%3C%2Fsvg%3E 1400w\" sizes=\"(max-width: 1400px) 100vw, 1400px\" data-srcset=\"https:\/\/www.campingbellaterra.com\/wp-content\/uploads\/7-restaurant-mejillones.webp 1400w, https:\/\/www.campingbellaterra.com\/wp-content\/uploads\/7-restaurant-mejillones-755x1024.webp 755w, https:\/\/www.campingbellaterra.com\/wp-content\/uploads\/7-restaurant-mejillones-768x1042.webp 768w, https:\/\/www.campingbellaterra.com\/wp-content\/uploads\/7-restaurant-mejillones-1132x1536.webp 1132w\" data-src=\"https:\/\/www.campingbellaterra.com\/wp-content\/uploads\/7-restaurant-mejillones.webp\"><\/div><div id=\"thumb-12555\" class=\"splide__slide\" data-counter=\"07\/07\"><noscript><img decoding=\"async\" width=\"1400\" height=\"1900\" src=\"https:\/\/www.campingbellaterra.com\/wp-content\/uploads\/6-restaurant-calamares.webp\" class=\"attachment-vertical size-vertical\" alt srcset=\"https:\/\/www.campingbellaterra.com\/wp-content\/uploads\/6-restaurant-calamares.webp 1400w, https:\/\/www.campingbellaterra.com\/wp-content\/uploads\/6-restaurant-calamares-755x1024.webp 755w, https:\/\/www.campingbellaterra.com\/wp-content\/uploads\/6-restaurant-calamares-768x1042.webp 768w, https:\/\/www.campingbellaterra.com\/wp-content\/uploads\/6-restaurant-calamares-1132x1536.webp 1132w\" sizes=\"(max-width: 1400px) 100vw, 1400px\"><\/noscript><img decoding=\"async\" width=\"1400\" height=\"1900\" src=\"data:image\/svg+xml,%3Csvg%20xmlns%3D%22http%3A%2F%2Fwww.w3.org%2F2000%2Fsvg%22%20viewBox%3D%220%200%201400%201900%22%3E%3C%2Fsvg%3E\" class=\"attachment-vertical size-vertical lazyload\" alt srcset=\"data:image\/svg+xml,%3Csvg%20xmlns%3D%22http%3A%2F%2Fwww.w3.org%2F2000%2Fsvg%22%20viewBox%3D%220%200%201400%201900%22%3E%3C%2Fsvg%3E 1400w\" sizes=\"(max-width: 1400px) 100vw, 1400px\" data-srcset=\"https:\/\/www.campingbellaterra.com\/wp-content\/uploads\/6-restaurant-calamares.webp 1400w, https:\/\/www.campingbellaterra.com\/wp-content\/uploads\/6-restaurant-calamares-755x1024.webp 755w, https:\/\/www.campingbellaterra.com\/wp-content\/uploads\/6-restaurant-calamares-768x1042.webp 768w, https:\/\/www.campingbellaterra.com\/wp-content\/uploads\/6-restaurant-calamares-1132x1536.webp 1132w\" data-src=\"https:\/\/www.campingbellaterra.com\/wp-content\/uploads\/6-restaurant-calamares.webp\"><\/div><\/div><\/div><\/div><\/div>\n            <script>\n            document.addEventListener( 'DOMContentLoaded', function () {\n\n                var splide = new Splide( '#slide_180', \n                    {\n                    type   : 'slide',\n                    pagination : true,\n                    arrows: false,\n                    perPage: 1,\n                    gap: '2em',\n                    padding: {\n                        left : '0%',\n                        right: '0%',\n                        },\n                    breakpoints: {\n                        750: {\n                            perPage: 0,\n                        },\n                        600: {\n                            perPage: 1,\n                        },\n                    }    \n\n\n                    }\n                ).mount();\n\n                function counter(){\n                    return document.querySelector('#slide_180 .is-active.is-visible').getAttribute('data-counter');\n                }\n\n                let initCounter = counter();\n\n                let arrows = document.querySelector('#slide_180 .splide__arrows');\n                let divCounter = '<div class=\"splide__counter\">'+initCounter+'<\/div>';\n                arrows.insertAdjacentHTML('afterend', divCounter);\n                console.log(counter());\n                splide.on( 'moved', function() {\n                    document.querySelector('#slide_180 .splide__counter').textContent = counter();\n                } );\n\n            });\n            <\/script>\n                        \n    <\/div>\n<\/div>\n<\/div>\n\n\n\n<div class=\"wp-block-column is-vertically-aligned-center is-layout-flow wp-block-column-is-layout-flow\">\n<h2 class=\"wp-block-heading\">Restauranten l&#8217;Era<\/h2>\n\n\n\n<p>Smag vores autentiske middelhavsk\u00f8kken eller vores internationale retter, alt sammen lavet med produkter af h\u00f8j kvalitet.<\/p>\n\n\n\n<p>Lad det v\u00e6re i vores h\u00e6nder!<\/p>\n\n\n\n<p>Du er velkommen til at behage dine smagsl\u00f8g med os !!<\/p>\n<\/div>\n<\/div>\n\n\n\n<figure class=\"wp-block-image alignfull fullimage\"><noscript><img decoding=\"async\" width=\"1920\" height=\"1070\" src=\"https:\/\/www.campingbellaterra.com\/wp-content\/uploads\/camping-bella-terra-terrassa.webp\" alt class=\"wp-image-12480\" srcset=\"https:\/\/www.campingbellaterra.com\/wp-content\/uploads\/camping-bella-terra-terrassa.webp 1920w, https:\/\/www.campingbellaterra.com\/wp-content\/uploads\/camping-bella-terra-terrassa-1024x571.webp 1024w, https:\/\/www.campingbellaterra.com\/wp-content\/uploads\/camping-bella-terra-terrassa-768x428.webp 768w, https:\/\/www.campingbellaterra.com\/wp-content\/uploads\/camping-bella-terra-terrassa-1536x856.webp 1536w\" sizes=\"(max-width: 1920px) 100vw, 1920px\"><\/noscript><img decoding=\"async\" width=\"1920\" height=\"1070\" src=\"data:image\/svg+xml,%3Csvg%20xmlns%3D%22http%3A%2F%2Fwww.w3.org%2F2000%2Fsvg%22%20viewBox%3D%220%200%201920%201070%22%3E%3C%2Fsvg%3E\" alt class=\"wp-image-12480 lazyload\" srcset=\"data:image\/svg+xml,%3Csvg%20xmlns%3D%22http%3A%2F%2Fwww.w3.org%2F2000%2Fsvg%22%20viewBox%3D%220%200%201920%201070%22%3E%3C%2Fsvg%3E 1920w\" sizes=\"(max-width: 1920px) 100vw, 1920px\" data-srcset=\"https:\/\/www.campingbellaterra.com\/wp-content\/uploads\/camping-bella-terra-terrassa.webp 1920w, https:\/\/www.campingbellaterra.com\/wp-content\/uploads\/camping-bella-terra-terrassa-1024x571.webp 1024w, https:\/\/www.campingbellaterra.com\/wp-content\/uploads\/camping-bella-terra-terrassa-768x428.webp 768w, https:\/\/www.campingbellaterra.com\/wp-content\/uploads\/camping-bella-terra-terrassa-1536x856.webp 1536w\" data-src=\"https:\/\/www.campingbellaterra.com\/wp-content\/uploads\/camping-bella-terra-terrassa.webp\"><\/figure>\n\n\n\n<div class=\"wp-block-columns alignwide block-bottom is-layout-flex wp-container-core-columns-is-layout-28f84493 wp-block-columns-is-layout-flex\">\n<div class=\"wp-block-column is-vertically-aligned-center is-layout-flow wp-block-column-is-layout-flow\">\n<h2 class=\"wp-block-heading\">La Terrassa Bar<\/h2>\n\n\n\n<p>Fra solopgang til midnat kan du nyde den fantastiske atmosf\u00e6re p\u00e5 terrassen.<\/p>\n\n\n\n<p>Lad os tilberede din morgenmad eller en s\u00f8d eller salt pandekage, som du v\u00e6lger!<\/p>\n\n\n\n<p>F\u00e5 en dejlig cocktail eller en forfriskende is, mens du har det sjovt med vores natteshow p\u00e5 baren.<\/p>\n\n\n\n<p>Slap af i den friske luft!<\/p>\n<\/div>\n\n\n\n<div class=\"wp-block-column is-layout-flow wp-block-column-is-layout-flow\"><div id=\"wp-block-slider-block_d51b5f5cc044aed385d53553e673eb39\" class=\"wp-block-slider\" style>\n    <div class=\"contingut-texte\">\n                    <div class=\"slider-container\"><div class=\"splide galeria-slider galeria-columnas-1\" id=\"slide_587\"><div class=\"splide__track\"><div class=\"splide__list\"><div id=\"thumb-12573\" class=\"splide__slide\" data-counter=\"01\/03\"><noscript><img decoding=\"async\" width=\"1400\" height=\"1900\" src=\"https:\/\/www.campingbellaterra.com\/wp-content\/uploads\/1-terrassa-cafe.webp\" class=\"attachment-vertical size-vertical\" alt srcset=\"https:\/\/www.campingbellaterra.com\/wp-content\/uploads\/1-terrassa-cafe.webp 1400w, https:\/\/www.campingbellaterra.com\/wp-content\/uploads\/1-terrassa-cafe-755x1024.webp 755w, https:\/\/www.campingbellaterra.com\/wp-content\/uploads\/1-terrassa-cafe-768x1042.webp 768w, https:\/\/www.campingbellaterra.com\/wp-content\/uploads\/1-terrassa-cafe-1132x1536.webp 1132w, https:\/\/www.campingbellaterra.com\/wp-content\/uploads\/1-terrassa-cafe-933x1266.webp 933w, https:\/\/www.campingbellaterra.com\/wp-content\/uploads\/1-terrassa-cafe-700x950.webp 700w, https:\/\/www.campingbellaterra.com\/wp-content\/uploads\/1-terrassa-cafe-466x633.webp 466w, https:\/\/www.campingbellaterra.com\/wp-content\/uploads\/1-terrassa-cafe-350x475.webp 350w\" sizes=\"(max-width: 1400px) 100vw, 1400px\"><\/noscript><img decoding=\"async\" width=\"1400\" height=\"1900\" src=\"data:image\/svg+xml,%3Csvg%20xmlns%3D%22http%3A%2F%2Fwww.w3.org%2F2000%2Fsvg%22%20viewBox%3D%220%200%201400%201900%22%3E%3C%2Fsvg%3E\" class=\"attachment-vertical size-vertical lazyload\" alt srcset=\"data:image\/svg+xml,%3Csvg%20xmlns%3D%22http%3A%2F%2Fwww.w3.org%2F2000%2Fsvg%22%20viewBox%3D%220%200%201400%201900%22%3E%3C%2Fsvg%3E 1400w\" sizes=\"(max-width: 1400px) 100vw, 1400px\" data-srcset=\"https:\/\/www.campingbellaterra.com\/wp-content\/uploads\/1-terrassa-cafe.webp 1400w, https:\/\/www.campingbellaterra.com\/wp-content\/uploads\/1-terrassa-cafe-755x1024.webp 755w, https:\/\/www.campingbellaterra.com\/wp-content\/uploads\/1-terrassa-cafe-768x1042.webp 768w, https:\/\/www.campingbellaterra.com\/wp-content\/uploads\/1-terrassa-cafe-1132x1536.webp 1132w, https:\/\/www.campingbellaterra.com\/wp-content\/uploads\/1-terrassa-cafe-933x1266.webp 933w, https:\/\/www.campingbellaterra.com\/wp-content\/uploads\/1-terrassa-cafe-700x950.webp 700w, https:\/\/www.campingbellaterra.com\/wp-content\/uploads\/1-terrassa-cafe-466x633.webp 466w, https:\/\/www.campingbellaterra.com\/wp-content\/uploads\/1-terrassa-cafe-350x475.webp 350w\" data-src=\"https:\/\/www.campingbellaterra.com\/wp-content\/uploads\/1-terrassa-cafe.webp\"><\/div><div id=\"thumb-12587\" class=\"splide__slide\" data-counter=\"02\/03\"><noscript><img decoding=\"async\" width=\"1400\" height=\"1900\" src=\"https:\/\/www.campingbellaterra.com\/wp-content\/uploads\/3-terrassa-seats.webp\" class=\"attachment-vertical size-vertical\" alt srcset=\"https:\/\/www.campingbellaterra.com\/wp-content\/uploads\/3-terrassa-seats.webp 1400w, https:\/\/www.campingbellaterra.com\/wp-content\/uploads\/3-terrassa-seats-755x1024.webp 755w, https:\/\/www.campingbellaterra.com\/wp-content\/uploads\/3-terrassa-seats-768x1042.webp 768w, https:\/\/www.campingbellaterra.com\/wp-content\/uploads\/3-terrassa-seats-1132x1536.webp 1132w, https:\/\/www.campingbellaterra.com\/wp-content\/uploads\/3-terrassa-seats-933x1266.webp 933w, https:\/\/www.campingbellaterra.com\/wp-content\/uploads\/3-terrassa-seats-700x950.webp 700w, https:\/\/www.campingbellaterra.com\/wp-content\/uploads\/3-terrassa-seats-466x633.webp 466w, https:\/\/www.campingbellaterra.com\/wp-content\/uploads\/3-terrassa-seats-350x475.webp 350w\" sizes=\"(max-width: 1400px) 100vw, 1400px\"><\/noscript><img decoding=\"async\" width=\"1400\" height=\"1900\" src=\"data:image\/svg+xml,%3Csvg%20xmlns%3D%22http%3A%2F%2Fwww.w3.org%2F2000%2Fsvg%22%20viewBox%3D%220%200%201400%201900%22%3E%3C%2Fsvg%3E\" class=\"attachment-vertical size-vertical lazyload\" alt srcset=\"data:image\/svg+xml,%3Csvg%20xmlns%3D%22http%3A%2F%2Fwww.w3.org%2F2000%2Fsvg%22%20viewBox%3D%220%200%201400%201900%22%3E%3C%2Fsvg%3E 1400w\" sizes=\"(max-width: 1400px) 100vw, 1400px\" data-srcset=\"https:\/\/www.campingbellaterra.com\/wp-content\/uploads\/3-terrassa-seats.webp 1400w, https:\/\/www.campingbellaterra.com\/wp-content\/uploads\/3-terrassa-seats-755x1024.webp 755w, https:\/\/www.campingbellaterra.com\/wp-content\/uploads\/3-terrassa-seats-768x1042.webp 768w, https:\/\/www.campingbellaterra.com\/wp-content\/uploads\/3-terrassa-seats-1132x1536.webp 1132w, https:\/\/www.campingbellaterra.com\/wp-content\/uploads\/3-terrassa-seats-933x1266.webp 933w, https:\/\/www.campingbellaterra.com\/wp-content\/uploads\/3-terrassa-seats-700x950.webp 700w, https:\/\/www.campingbellaterra.com\/wp-content\/uploads\/3-terrassa-seats-466x633.webp 466w, https:\/\/www.campingbellaterra.com\/wp-content\/uploads\/3-terrassa-seats-350x475.webp 350w\" data-src=\"https:\/\/www.campingbellaterra.com\/wp-content\/uploads\/3-terrassa-seats.webp\"><\/div><div id=\"thumb-12580\" class=\"splide__slide\" data-counter=\"03\/03\"><noscript><img decoding=\"async\" width=\"1400\" height=\"1900\" src=\"https:\/\/www.campingbellaterra.com\/wp-content\/uploads\/2-terrassa-crepe.webp\" class=\"attachment-vertical size-vertical\" alt srcset=\"https:\/\/www.campingbellaterra.com\/wp-content\/uploads\/2-terrassa-crepe.webp 1400w, https:\/\/www.campingbellaterra.com\/wp-content\/uploads\/2-terrassa-crepe-755x1024.webp 755w, https:\/\/www.campingbellaterra.com\/wp-content\/uploads\/2-terrassa-crepe-768x1042.webp 768w, https:\/\/www.campingbellaterra.com\/wp-content\/uploads\/2-terrassa-crepe-1132x1536.webp 1132w, https:\/\/www.campingbellaterra.com\/wp-content\/uploads\/2-terrassa-crepe-933x1266.webp 933w, https:\/\/www.campingbellaterra.com\/wp-content\/uploads\/2-terrassa-crepe-700x950.webp 700w, https:\/\/www.campingbellaterra.com\/wp-content\/uploads\/2-terrassa-crepe-466x633.webp 466w, https:\/\/www.campingbellaterra.com\/wp-content\/uploads\/2-terrassa-crepe-350x475.webp 350w\" sizes=\"(max-width: 1400px) 100vw, 1400px\"><\/noscript><img decoding=\"async\" width=\"1400\" height=\"1900\" src=\"data:image\/svg+xml,%3Csvg%20xmlns%3D%22http%3A%2F%2Fwww.w3.org%2F2000%2Fsvg%22%20viewBox%3D%220%200%201400%201900%22%3E%3C%2Fsvg%3E\" class=\"attachment-vertical size-vertical lazyload\" alt srcset=\"data:image\/svg+xml,%3Csvg%20xmlns%3D%22http%3A%2F%2Fwww.w3.org%2F2000%2Fsvg%22%20viewBox%3D%220%200%201400%201900%22%3E%3C%2Fsvg%3E 1400w\" sizes=\"(max-width: 1400px) 100vw, 1400px\" data-srcset=\"https:\/\/www.campingbellaterra.com\/wp-content\/uploads\/2-terrassa-crepe.webp 1400w, https:\/\/www.campingbellaterra.com\/wp-content\/uploads\/2-terrassa-crepe-755x1024.webp 755w, https:\/\/www.campingbellaterra.com\/wp-content\/uploads\/2-terrassa-crepe-768x1042.webp 768w, https:\/\/www.campingbellaterra.com\/wp-content\/uploads\/2-terrassa-crepe-1132x1536.webp 1132w, https:\/\/www.campingbellaterra.com\/wp-content\/uploads\/2-terrassa-crepe-933x1266.webp 933w, https:\/\/www.campingbellaterra.com\/wp-content\/uploads\/2-terrassa-crepe-700x950.webp 700w, https:\/\/www.campingbellaterra.com\/wp-content\/uploads\/2-terrassa-crepe-466x633.webp 466w, https:\/\/www.campingbellaterra.com\/wp-content\/uploads\/2-terrassa-crepe-350x475.webp 350w\" data-src=\"https:\/\/www.campingbellaterra.com\/wp-content\/uploads\/2-terrassa-crepe.webp\"><\/div><\/div><\/div><\/div><\/div>\n            <script>\n            document.addEventListener( 'DOMContentLoaded', function () {\n\n                var splide = new Splide( '#slide_587', \n                    {\n                    type   : 'slide',\n                    pagination : true,\n                    arrows: false,\n                    perPage: 1,\n                    gap: '2em',\n                    padding: {\n                        left : '0%',\n                        right: '0%',\n                        },\n                    breakpoints: {\n                        750: {\n                            perPage: 0,\n                        },\n                        600: {\n                            perPage: 1,\n                        },\n                    }    \n\n\n                    }\n                ).mount();\n\n                function counter(){\n                    return document.querySelector('#slide_587 .is-active.is-visible').getAttribute('data-counter');\n                }\n\n                let initCounter = counter();\n\n                let arrows = document.querySelector('#slide_587 .splide__arrows');\n                let divCounter = '<div class=\"splide__counter\">'+initCounter+'<\/div>';\n                arrows.insertAdjacentHTML('afterend', divCounter);\n                console.log(counter());\n                splide.on( 'moved', function() {\n                    document.querySelector('#slide_587 .splide__counter').textContent = counter();\n                } );\n\n            });\n            <\/script>\n                        \n    <\/div>\n<\/div>\n<\/div>\n<\/div>\n","protected":false},"excerpt":{"rendered":"<p>Restauranten best\u00e5r af restauranten L&#8217;Era og baren La Terrassa. Restauranten l&#8217;Era Smag vores autentiske middelhavsk\u00f8kken eller vores internationale retter, alt sammen lavet med produkter af&#8230;<\/p>\n","protected":false},"author":1,"featured_media":0,"parent":0,"menu_order":6,"comment_status":"closed","ping_status":"closed","template":"","meta":{"_acf_changed":false,"inline_featured_image":false,"_monsterinsights_skip_tracking":false,"_monsterinsights_sitenote_active":false,"_monsterinsights_sitenote_note":"","_monsterinsights_sitenote_category":0,"footnotes":""},"class_list":["post-14500","page","type-page","status-publish","hentry"],"acf":[],"yoast_head":"<!-- This site is optimized with the Yoast SEO plugin v27.0 - https:\/\/yoast.com\/product\/yoast-seo-wordpress\/ -->\n<title>Restauranterne - Camping Bella Terra<\/title>\n<meta name=\"robots\" content=\"index, follow, max-snippet:-1, max-image-preview:large, max-video-preview:-1\" \/>\n<link rel=\"canonical\" href=\"https:\/\/www.campingbellaterra.com\/da\/restauranterne\/\" \/>\n<meta property=\"og:locale\" content=\"da_DK\" \/>\n<meta property=\"og:type\" content=\"article\" \/>\n<meta property=\"og:title\" content=\"Restauranterne - Camping Bella Terra\" \/>\n<meta property=\"og:description\" content=\"Restauranten best\u00e5r af restauranten L&#8217;Era og baren La Terrassa. Restauranten l&#8217;Era Smag vores autentiske middelhavsk\u00f8kken eller vores internationale retter, alt sammen lavet med produkter af...\" \/>\n<meta property=\"og:url\" content=\"https:\/\/www.campingbellaterra.com\/da\/restauranterne\/\" \/>\n<meta property=\"og:site_name\" content=\"Camping Bella Terra\" \/>\n<meta property=\"article:publisher\" content=\"https:\/\/www.facebook.com\/campingbellaterra\/\" \/>\n<meta property=\"article:modified_time\" content=\"2024-11-15T10:29:08+00:00\" \/>\n<meta property=\"og:image\" content=\"https:\/\/www.campingbellaterra.com\/wp-content\/uploads\/restaurant-main.jpg\" \/>\n<meta name=\"twitter:card\" content=\"summary_large_image\" \/>\n<meta name=\"twitter:site\" content=\"@cbellaterra\" \/>\n<meta name=\"twitter:label1\" content=\"Estimeret l\u00e6setid\" \/>\n\t<meta name=\"twitter:data1\" content=\"3 minutter\" \/>\n<script type=\"application\/ld+json\" class=\"yoast-schema-graph\">{\"@context\":\"https:\/\/schema.org\",\"@graph\":[{\"@type\":\"WebPage\",\"@id\":\"https:\/\/www.campingbellaterra.com\/da\/restauranterne\/\",\"url\":\"https:\/\/www.campingbellaterra.com\/da\/restauranterne\/\",\"name\":\"Restauranterne - Camping Bella Terra\",\"isPartOf\":{\"@id\":\"https:\/\/www.campingbellaterra.com\/da\/#website\"},\"primaryImageOfPage\":{\"@id\":\"https:\/\/www.campingbellaterra.com\/da\/restauranterne\/#primaryimage\"},\"image\":{\"@id\":\"https:\/\/www.campingbellaterra.com\/da\/restauranterne\/#primaryimage\"},\"thumbnailUrl\":\"https:\/\/www.campingbellaterra.com\/wp-content\/uploads\/restaurant-main.jpg\",\"datePublished\":\"2022-04-04T07:24:30+00:00\",\"dateModified\":\"2024-11-15T10:29:08+00:00\",\"breadcrumb\":{\"@id\":\"https:\/\/www.campingbellaterra.com\/da\/restauranterne\/#breadcrumb\"},\"inLanguage\":\"da-DK\",\"potentialAction\":[{\"@type\":\"ReadAction\",\"target\":[\"https:\/\/www.campingbellaterra.com\/da\/restauranterne\/\"]}]},{\"@type\":\"ImageObject\",\"inLanguage\":\"da-DK\",\"@id\":\"https:\/\/www.campingbellaterra.com\/da\/restauranterne\/#primaryimage\",\"url\":\"https:\/\/www.campingbellaterra.com\/wp-content\/uploads\/restaurant-main.jpg\",\"contentUrl\":\"https:\/\/www.campingbellaterra.com\/wp-content\/uploads\/restaurant-main.jpg\"},{\"@type\":\"BreadcrumbList\",\"@id\":\"https:\/\/www.campingbellaterra.com\/da\/restauranterne\/#breadcrumb\",\"itemListElement\":[{\"@type\":\"ListItem\",\"position\":1,\"name\":\"Inici\",\"item\":\"https:\/\/www.campingbellaterra.com\/da\/\"},{\"@type\":\"ListItem\",\"position\":2,\"name\":\"Restauranterne\"}]},{\"@type\":\"WebSite\",\"@id\":\"https:\/\/www.campingbellaterra.com\/da\/#website\",\"url\":\"https:\/\/www.campingbellaterra.com\/da\/\",\"name\":\"Camping Bella Terra\",\"description\":\"Otro sitio realizado con WordPress\",\"publisher\":{\"@id\":\"https:\/\/www.campingbellaterra.com\/da\/#organization\"},\"potentialAction\":[{\"@type\":\"SearchAction\",\"target\":{\"@type\":\"EntryPoint\",\"urlTemplate\":\"https:\/\/www.campingbellaterra.com\/da\/?s={search_term_string}\"},\"query-input\":{\"@type\":\"PropertyValueSpecification\",\"valueRequired\":true,\"valueName\":\"search_term_string\"}}],\"inLanguage\":\"da-DK\"},{\"@type\":\"Organization\",\"@id\":\"https:\/\/www.campingbellaterra.com\/da\/#organization\",\"name\":\"Camping Bella Terra\",\"url\":\"https:\/\/www.campingbellaterra.com\/da\/\",\"logo\":{\"@type\":\"ImageObject\",\"inLanguage\":\"da-DK\",\"@id\":\"https:\/\/www.campingbellaterra.com\/da\/#\/schema\/logo\/image\/\",\"url\":\"https:\/\/www.campingbellaterra.com\/wp-content\/uploads\/logo6.svg\",\"contentUrl\":\"https:\/\/www.campingbellaterra.com\/wp-content\/uploads\/logo6.svg\",\"width\":\"2048\",\"height\":\"2048\",\"caption\":\"Camping Bella Terra\"},\"image\":{\"@id\":\"https:\/\/www.campingbellaterra.com\/da\/#\/schema\/logo\/image\/\"},\"sameAs\":[\"https:\/\/www.facebook.com\/campingbellaterra\/\",\"https:\/\/x.com\/cbellaterra\",\"https:\/\/www.instagram.com\/campingbellaterra\/\",\"https:\/\/www.youtube.com\/c\/Camping-Bellaterra-Blanes\",\"https:\/\/www.tripadvisor.es\/Hotel_Review-g580331-d3328184-Reviews-Camping_Bella_Terra-Blanes_Costa_Brava_Province_of_Girona_Catalonia.html\"]}]}<\/script>\n<!-- \/ Yoast SEO plugin. -->","yoast_head_json":{"title":"Restauranterne - Camping Bella Terra","robots":{"index":"index","follow":"follow","max-snippet":"max-snippet:-1","max-image-preview":"max-image-preview:large","max-video-preview":"max-video-preview:-1"},"canonical":"https:\/\/www.campingbellaterra.com\/da\/restauranterne\/","og_locale":"da_DK","og_type":"article","og_title":"Restauranterne - Camping Bella Terra","og_description":"Restauranten best\u00e5r af restauranten L&#8217;Era og baren La Terrassa. Restauranten l&#8217;Era Smag vores autentiske middelhavsk\u00f8kken eller vores internationale retter, alt sammen lavet med produkter af...","og_url":"https:\/\/www.campingbellaterra.com\/da\/restauranterne\/","og_site_name":"Camping Bella Terra","article_publisher":"https:\/\/www.facebook.com\/campingbellaterra\/","article_modified_time":"2024-11-15T10:29:08+00:00","og_image":[{"url":"https:\/\/www.campingbellaterra.com\/wp-content\/uploads\/restaurant-main.jpg","type":"","width":"","height":""}],"twitter_card":"summary_large_image","twitter_site":"@cbellaterra","twitter_misc":{"Estimeret l\u00e6setid":"3 minutter"},"schema":{"@context":"https:\/\/schema.org","@graph":[{"@type":"WebPage","@id":"https:\/\/www.campingbellaterra.com\/da\/restauranterne\/","url":"https:\/\/www.campingbellaterra.com\/da\/restauranterne\/","name":"Restauranterne - Camping Bella Terra","isPartOf":{"@id":"https:\/\/www.campingbellaterra.com\/da\/#website"},"primaryImageOfPage":{"@id":"https:\/\/www.campingbellaterra.com\/da\/restauranterne\/#primaryimage"},"image":{"@id":"https:\/\/www.campingbellaterra.com\/da\/restauranterne\/#primaryimage"},"thumbnailUrl":"https:\/\/www.campingbellaterra.com\/wp-content\/uploads\/restaurant-main.jpg","datePublished":"2022-04-04T07:24:30+00:00","dateModified":"2024-11-15T10:29:08+00:00","breadcrumb":{"@id":"https:\/\/www.campingbellaterra.com\/da\/restauranterne\/#breadcrumb"},"inLanguage":"da-DK","potentialAction":[{"@type":"ReadAction","target":["https:\/\/www.campingbellaterra.com\/da\/restauranterne\/"]}]},{"@type":"ImageObject","inLanguage":"da-DK","@id":"https:\/\/www.campingbellaterra.com\/da\/restauranterne\/#primaryimage","url":"https:\/\/www.campingbellaterra.com\/wp-content\/uploads\/restaurant-main.jpg","contentUrl":"https:\/\/www.campingbellaterra.com\/wp-content\/uploads\/restaurant-main.jpg"},{"@type":"BreadcrumbList","@id":"https:\/\/www.campingbellaterra.com\/da\/restauranterne\/#breadcrumb","itemListElement":[{"@type":"ListItem","position":1,"name":"Inici","item":"https:\/\/www.campingbellaterra.com\/da\/"},{"@type":"ListItem","position":2,"name":"Restauranterne"}]},{"@type":"WebSite","@id":"https:\/\/www.campingbellaterra.com\/da\/#website","url":"https:\/\/www.campingbellaterra.com\/da\/","name":"Camping Bella Terra","description":"Otro sitio realizado con WordPress","publisher":{"@id":"https:\/\/www.campingbellaterra.com\/da\/#organization"},"potentialAction":[{"@type":"SearchAction","target":{"@type":"EntryPoint","urlTemplate":"https:\/\/www.campingbellaterra.com\/da\/?s={search_term_string}"},"query-input":{"@type":"PropertyValueSpecification","valueRequired":true,"valueName":"search_term_string"}}],"inLanguage":"da-DK"},{"@type":"Organization","@id":"https:\/\/www.campingbellaterra.com\/da\/#organization","name":"Camping Bella Terra","url":"https:\/\/www.campingbellaterra.com\/da\/","logo":{"@type":"ImageObject","inLanguage":"da-DK","@id":"https:\/\/www.campingbellaterra.com\/da\/#\/schema\/logo\/image\/","url":"https:\/\/www.campingbellaterra.com\/wp-content\/uploads\/logo6.svg","contentUrl":"https:\/\/www.campingbellaterra.com\/wp-content\/uploads\/logo6.svg","width":"2048","height":"2048","caption":"Camping Bella Terra"},"image":{"@id":"https:\/\/www.campingbellaterra.com\/da\/#\/schema\/logo\/image\/"},"sameAs":["https:\/\/www.facebook.com\/campingbellaterra\/","https:\/\/x.com\/cbellaterra","https:\/\/www.instagram.com\/campingbellaterra\/","https:\/\/www.youtube.com\/c\/Camping-Bellaterra-Blanes","https:\/\/www.tripadvisor.es\/Hotel_Review-g580331-d3328184-Reviews-Camping_Bella_Terra-Blanes_Costa_Brava_Province_of_Girona_Catalonia.html"]}]}},"_links":{"self":[{"href":"https:\/\/www.campingbellaterra.com\/da\/wp-json\/wp\/v2\/pages\/14500","targetHints":{"allow":["GET"]}}],"collection":[{"href":"https:\/\/www.campingbellaterra.com\/da\/wp-json\/wp\/v2\/pages"}],"about":[{"href":"https:\/\/www.campingbellaterra.com\/da\/wp-json\/wp\/v2\/types\/page"}],"author":[{"embeddable":true,"href":"https:\/\/www.campingbellaterra.com\/da\/wp-json\/wp\/v2\/users\/1"}],"replies":[{"embeddable":true,"href":"https:\/\/www.campingbellaterra.com\/da\/wp-json\/wp\/v2\/comments?post=14500"}],"version-history":[{"count":13,"href":"https:\/\/www.campingbellaterra.com\/da\/wp-json\/wp\/v2\/pages\/14500\/revisions"}],"predecessor-version":[{"id":20294,"href":"https:\/\/www.campingbellaterra.com\/da\/wp-json\/wp\/v2\/pages\/14500\/revisions\/20294"}],"wp:attachment":[{"href":"https:\/\/www.campingbellaterra.com\/da\/wp-json\/wp\/v2\/media?parent=14500"}],"curies":[{"name":"wp","href":"https:\/\/api.w.org\/{rel}","templated":true}]}}