{"id":14506,"date":"2022-03-31T10:21:37","date_gmt":"2022-03-31T08:21:37","guid":{"rendered":"https:\/\/www.campingbellaterra.com\/toiletter\/"},"modified":"2024-11-15T11:43:12","modified_gmt":"2024-11-15T10:43:12","slug":"toiletter","status":"publish","type":"page","link":"https:\/\/www.campingbellaterra.com\/da\/toiletter\/","title":{"rendered":"Toiletter"},"content":{"rendered":"<div class=\"wp-block-cover alignfull is-light wp-align-content-end scroll-down\" style=\"min-height:100vh;aspect-ratio:unset;\"><span aria-hidden=\"true\" class=\"wp-block-cover__background has-background-dim-10 has-background-dim\"><\/span><noscript><img decoding=\"async\" width=\"1920\" height=\"1080\" class=\"wp-block-cover__image-background wp-image-11620\" alt src=\"https:\/\/www.campingbellaterra.com\/wp-content\/uploads\/sanitaris-main.webp\" data-object-fit=\"cover\" srcset=\"https:\/\/www.campingbellaterra.com\/wp-content\/uploads\/sanitaris-main.webp 1920w, https:\/\/www.campingbellaterra.com\/wp-content\/uploads\/sanitaris-main-1024x576.webp 1024w, https:\/\/www.campingbellaterra.com\/wp-content\/uploads\/sanitaris-main-768x432.webp 768w, https:\/\/www.campingbellaterra.com\/wp-content\/uploads\/sanitaris-main-1536x864.webp 1536w\" sizes=\"(max-width: 1920px) 100vw, 1920px\"><\/noscript><img decoding=\"async\" width=\"1920\" height=\"1080\" class=\"wp-block-cover__image-background wp-image-11620 lazyload\" alt src=\"data:image\/svg+xml,%3Csvg%20xmlns%3D%22http%3A%2F%2Fwww.w3.org%2F2000%2Fsvg%22%20viewBox%3D%220%200%201920%201080%22%3E%3C%2Fsvg%3E\" data-object-fit=\"cover\" srcset=\"data:image\/svg+xml,%3Csvg%20xmlns%3D%22http%3A%2F%2Fwww.w3.org%2F2000%2Fsvg%22%20viewBox%3D%220%200%201920%201080%22%3E%3C%2Fsvg%3E 1920w\" sizes=\"(max-width: 1920px) 100vw, 1920px\" data-srcset=\"https:\/\/www.campingbellaterra.com\/wp-content\/uploads\/sanitaris-main.webp 1920w, https:\/\/www.campingbellaterra.com\/wp-content\/uploads\/sanitaris-main-1024x576.webp 1024w, https:\/\/www.campingbellaterra.com\/wp-content\/uploads\/sanitaris-main-768x432.webp 768w, https:\/\/www.campingbellaterra.com\/wp-content\/uploads\/sanitaris-main-1536x864.webp 1536w\" data-src=\"https:\/\/www.campingbellaterra.com\/wp-content\/uploads\/sanitaris-main.webp\"><div class=\"wp-block-cover__inner-container is-layout-flow wp-block-cover-is-layout-flow\">\n<div class=\"wp-block-columns is-not-stacked-on-mobile alignwide is-layout-flex wp-container-core-columns-is-layout-28f84493 wp-block-columns-is-layout-flex\">\n<div class=\"wp-block-column is-vertically-aligned-bottom is-layout-flow wp-block-column-is-layout-flow\" style=\"flex-basis:75%\">\n<h1 class=\"wp-block-heading large-text-shadow has-blank-white-color has-text-color\" id=\"a-peu-de-platja\">Toiletter<\/h1>\n\n\n\n<p class=\"short-text-shadow icon-date_range has-blank-white-color has-text-color has-link-color wp-elements-83a7902396bde7713cabe5cdfe6c13f3\">Data d&#8217;obertura 28 de mar\u00e7<\/p>\n<\/div>\n\n\n\n<div class=\"wp-block-column is-vertically-aligned-bottom is-layout-flow wp-block-column-is-layout-flow\" style=\"flex-basis:25%\"><div id=\"owm-weather-id-497-1\" class=\"owm-weather-id\" data-id=\"497\" data-weather_id=\"owm-weather-id-497-1\"><div class=\"owmw-loading-spinner\"><button id=\"button-owm-weather-id-497-1\" onclick=\"owmw_refresh_weather(this.id)\"><noscript><img decoding=\"async\" src=\"https:\/\/www.campingbellaterra.com\/wp-content\/plugins\/owm-weather\/img\/owmloading.gif\" alt=\"loader\"><\/noscript><img decoding=\"async\" src=\"data:image\/gif;base64,R0lGODlhAQABAIAAAAAAAP\/\/\/yH5BAEAAAAALAAAAAABAAEAAAIBRAA7\" alt=\"loader\" data-src=\"https:\/\/www.campingbellaterra.com\/wp-content\/plugins\/owm-weather\/img\/owmloading.gif\" class=\" lazyload\"><\/button><\/div><\/div>\n<\/div>\n<\/div>\n\n\n\n<div class=\"wp-block-buttons is-content-justification-center is-layout-flex wp-container-core-buttons-is-layout-a89b3969 wp-block-buttons-is-layout-flex\">\n<div class=\"wp-block-button icon-mouse icon-link\"><a class=\"wp-block-button__link wp-element-button\" href=\"#scrolldown\"><strong>scrolldown<\/strong><\/a><\/div>\n<\/div>\n<\/div><\/div>\n\n\n\n<div class=\"wp-block-cover alignwide is-light cover-auto-height wp-duotone-b0e5d2-b0e5d2-1\" id=\"scrolldown\"><span aria-hidden=\"true\" class=\"wp-block-cover__background has-background-dim-0 has-background-dim\"><\/span><noscript><img decoding=\"async\" width=\"1062\" height=\"284\" class=\"wp-block-cover__image-background wp-image-11629\" alt src=\"https:\/\/www.campingbellaterra.com\/wp-content\/uploads\/brush-04.svg\" data-object-fit=\"cover\"><\/noscript><img decoding=\"async\" width=\"1062\" height=\"284\" class=\"wp-block-cover__image-background wp-image-11629 lazyload\" alt src=\"data:image\/svg+xml,%3Csvg%20xmlns%3D%22http%3A%2F%2Fwww.w3.org%2F2000%2Fsvg%22%20viewBox%3D%220%200%201062%20284%22%3E%3C%2Fsvg%3E\" data-object-fit=\"cover\" data-src=\"https:\/\/www.campingbellaterra.com\/wp-content\/uploads\/brush-04.svg\"><div class=\"wp-block-cover__inner-container is-layout-flow wp-block-cover-is-layout-flow\">\n<div class=\"wp-block-group alignnormal is-layout-flow wp-block-group-is-layout-flow\">\n<p class=\"has-text-align-center\">Vores faciliteter best\u00e5r af tre blokke med toiletter, fordelt p\u00e5 forskellige omr\u00e5der af campingpladsen, og de er tilpasset til handicappede. B\u00f8rn har et omr\u00e5de til deres brug, som de kun kan f\u00e5 adgang til med voksenoverv\u00e5gning.<\/p>\n\n\n\n<p class=\"has-text-align-center\">Vores personale holder toiletterne konstant rene og desinficerede.<\/p>\n<\/div>\n<\/div><\/div>\n\n\n\n<div class=\"wp-block-columns alignfull wp-block-slider-text is-layout-flex wp-container-core-columns-is-layout-28f84493 wp-block-columns-is-layout-flex\">\n<div class=\"wp-block-column is-vertically-aligned-center is-layout-flow wp-block-column-is-layout-flow\" style=\"flex-basis:60%\"><div id=\"wp-block-slider-block_e313863fa00a5d20859027b52ea55a16\" class=\"wp-block-slider\" style>\n    <div class=\"contingut-texte\">\n                    <div class=\"slider-container\"><div class=\"splide galeria-slider galeria-columnas-1\" id=\"slide_91\"><div class=\"splide__track\"><div class=\"splide__list\"><div id=\"thumb-11640\" class=\"splide__slide\" data-counter=\"01\/04\"><noscript><img decoding=\"async\" width=\"1900\" height=\"900\" src=\"https:\/\/www.campingbellaterra.com\/wp-content\/uploads\/1-sanitaris-infantil.webp\" class=\"attachment-panoramic size-panoramic\" alt srcset=\"https:\/\/www.campingbellaterra.com\/wp-content\/uploads\/1-sanitaris-infantil.webp 1900w, https:\/\/www.campingbellaterra.com\/wp-content\/uploads\/1-sanitaris-infantil-1024x485.webp 1024w, https:\/\/www.campingbellaterra.com\/wp-content\/uploads\/1-sanitaris-infantil-768x364.webp 768w, https:\/\/www.campingbellaterra.com\/wp-content\/uploads\/1-sanitaris-infantil-1536x728.webp 1536w, https:\/\/www.campingbellaterra.com\/wp-content\/uploads\/1-sanitaris-infantil-1266x600.webp 1266w, https:\/\/www.campingbellaterra.com\/wp-content\/uploads\/1-sanitaris-infantil-950x450.webp 950w, https:\/\/www.campingbellaterra.com\/wp-content\/uploads\/1-sanitaris-infantil-633x300.webp 633w, https:\/\/www.campingbellaterra.com\/wp-content\/uploads\/1-sanitaris-infantil-475x225.webp 475w\" sizes=\"(max-width: 1900px) 100vw, 1900px\"><\/noscript><img decoding=\"async\" width=\"1900\" height=\"900\" src=\"data:image\/svg+xml,%3Csvg%20xmlns%3D%22http%3A%2F%2Fwww.w3.org%2F2000%2Fsvg%22%20viewBox%3D%220%200%201900%20900%22%3E%3C%2Fsvg%3E\" class=\"attachment-panoramic size-panoramic lazyload\" alt srcset=\"data:image\/svg+xml,%3Csvg%20xmlns%3D%22http%3A%2F%2Fwww.w3.org%2F2000%2Fsvg%22%20viewBox%3D%220%200%201900%20900%22%3E%3C%2Fsvg%3E 1900w\" sizes=\"(max-width: 1900px) 100vw, 1900px\" data-srcset=\"https:\/\/www.campingbellaterra.com\/wp-content\/uploads\/1-sanitaris-infantil.webp 1900w, https:\/\/www.campingbellaterra.com\/wp-content\/uploads\/1-sanitaris-infantil-1024x485.webp 1024w, https:\/\/www.campingbellaterra.com\/wp-content\/uploads\/1-sanitaris-infantil-768x364.webp 768w, https:\/\/www.campingbellaterra.com\/wp-content\/uploads\/1-sanitaris-infantil-1536x728.webp 1536w, https:\/\/www.campingbellaterra.com\/wp-content\/uploads\/1-sanitaris-infantil-1266x600.webp 1266w, https:\/\/www.campingbellaterra.com\/wp-content\/uploads\/1-sanitaris-infantil-950x450.webp 950w, https:\/\/www.campingbellaterra.com\/wp-content\/uploads\/1-sanitaris-infantil-633x300.webp 633w, https:\/\/www.campingbellaterra.com\/wp-content\/uploads\/1-sanitaris-infantil-475x225.webp 475w\" data-src=\"https:\/\/www.campingbellaterra.com\/wp-content\/uploads\/1-sanitaris-infantil.webp\"><\/div><div id=\"thumb-11647\" class=\"splide__slide\" data-counter=\"02\/04\"><noscript><img decoding=\"async\" width=\"1900\" height=\"900\" src=\"https:\/\/www.campingbellaterra.com\/wp-content\/uploads\/4-sanitaris-quimic.webp\" class=\"attachment-panoramic size-panoramic\" alt srcset=\"https:\/\/www.campingbellaterra.com\/wp-content\/uploads\/4-sanitaris-quimic.webp 1900w, https:\/\/www.campingbellaterra.com\/wp-content\/uploads\/4-sanitaris-quimic-1024x485.webp 1024w, https:\/\/www.campingbellaterra.com\/wp-content\/uploads\/4-sanitaris-quimic-768x364.webp 768w, https:\/\/www.campingbellaterra.com\/wp-content\/uploads\/4-sanitaris-quimic-1536x728.webp 1536w, https:\/\/www.campingbellaterra.com\/wp-content\/uploads\/4-sanitaris-quimic-1266x600.webp 1266w, https:\/\/www.campingbellaterra.com\/wp-content\/uploads\/4-sanitaris-quimic-950x450.webp 950w, https:\/\/www.campingbellaterra.com\/wp-content\/uploads\/4-sanitaris-quimic-633x300.webp 633w, https:\/\/www.campingbellaterra.com\/wp-content\/uploads\/4-sanitaris-quimic-475x225.webp 475w\" sizes=\"(max-width: 1900px) 100vw, 1900px\"><\/noscript><img decoding=\"async\" width=\"1900\" height=\"900\" src=\"data:image\/svg+xml,%3Csvg%20xmlns%3D%22http%3A%2F%2Fwww.w3.org%2F2000%2Fsvg%22%20viewBox%3D%220%200%201900%20900%22%3E%3C%2Fsvg%3E\" class=\"attachment-panoramic size-panoramic lazyload\" alt srcset=\"data:image\/svg+xml,%3Csvg%20xmlns%3D%22http%3A%2F%2Fwww.w3.org%2F2000%2Fsvg%22%20viewBox%3D%220%200%201900%20900%22%3E%3C%2Fsvg%3E 1900w\" sizes=\"(max-width: 1900px) 100vw, 1900px\" data-srcset=\"https:\/\/www.campingbellaterra.com\/wp-content\/uploads\/4-sanitaris-quimic.webp 1900w, https:\/\/www.campingbellaterra.com\/wp-content\/uploads\/4-sanitaris-quimic-1024x485.webp 1024w, https:\/\/www.campingbellaterra.com\/wp-content\/uploads\/4-sanitaris-quimic-768x364.webp 768w, https:\/\/www.campingbellaterra.com\/wp-content\/uploads\/4-sanitaris-quimic-1536x728.webp 1536w, https:\/\/www.campingbellaterra.com\/wp-content\/uploads\/4-sanitaris-quimic-1266x600.webp 1266w, https:\/\/www.campingbellaterra.com\/wp-content\/uploads\/4-sanitaris-quimic-950x450.webp 950w, https:\/\/www.campingbellaterra.com\/wp-content\/uploads\/4-sanitaris-quimic-633x300.webp 633w, https:\/\/www.campingbellaterra.com\/wp-content\/uploads\/4-sanitaris-quimic-475x225.webp 475w\" data-src=\"https:\/\/www.campingbellaterra.com\/wp-content\/uploads\/4-sanitaris-quimic.webp\"><\/div><div id=\"thumb-11654\" class=\"splide__slide\" data-counter=\"03\/04\"><noscript><img decoding=\"async\" width=\"1900\" height=\"900\" src=\"https:\/\/www.campingbellaterra.com\/wp-content\/uploads\/3-sanitaris-nadons.webp\" class=\"attachment-panoramic size-panoramic\" alt srcset=\"https:\/\/www.campingbellaterra.com\/wp-content\/uploads\/3-sanitaris-nadons.webp 1900w, https:\/\/www.campingbellaterra.com\/wp-content\/uploads\/3-sanitaris-nadons-1024x485.webp 1024w, https:\/\/www.campingbellaterra.com\/wp-content\/uploads\/3-sanitaris-nadons-768x364.webp 768w, https:\/\/www.campingbellaterra.com\/wp-content\/uploads\/3-sanitaris-nadons-1536x728.webp 1536w, https:\/\/www.campingbellaterra.com\/wp-content\/uploads\/3-sanitaris-nadons-1266x600.webp 1266w, https:\/\/www.campingbellaterra.com\/wp-content\/uploads\/3-sanitaris-nadons-950x450.webp 950w, https:\/\/www.campingbellaterra.com\/wp-content\/uploads\/3-sanitaris-nadons-633x300.webp 633w, https:\/\/www.campingbellaterra.com\/wp-content\/uploads\/3-sanitaris-nadons-475x225.webp 475w\" sizes=\"(max-width: 1900px) 100vw, 1900px\"><\/noscript><img decoding=\"async\" width=\"1900\" height=\"900\" src=\"data:image\/svg+xml,%3Csvg%20xmlns%3D%22http%3A%2F%2Fwww.w3.org%2F2000%2Fsvg%22%20viewBox%3D%220%200%201900%20900%22%3E%3C%2Fsvg%3E\" class=\"attachment-panoramic size-panoramic lazyload\" alt srcset=\"data:image\/svg+xml,%3Csvg%20xmlns%3D%22http%3A%2F%2Fwww.w3.org%2F2000%2Fsvg%22%20viewBox%3D%220%200%201900%20900%22%3E%3C%2Fsvg%3E 1900w\" sizes=\"(max-width: 1900px) 100vw, 1900px\" data-srcset=\"https:\/\/www.campingbellaterra.com\/wp-content\/uploads\/3-sanitaris-nadons.webp 1900w, https:\/\/www.campingbellaterra.com\/wp-content\/uploads\/3-sanitaris-nadons-1024x485.webp 1024w, https:\/\/www.campingbellaterra.com\/wp-content\/uploads\/3-sanitaris-nadons-768x364.webp 768w, https:\/\/www.campingbellaterra.com\/wp-content\/uploads\/3-sanitaris-nadons-1536x728.webp 1536w, https:\/\/www.campingbellaterra.com\/wp-content\/uploads\/3-sanitaris-nadons-1266x600.webp 1266w, https:\/\/www.campingbellaterra.com\/wp-content\/uploads\/3-sanitaris-nadons-950x450.webp 950w, https:\/\/www.campingbellaterra.com\/wp-content\/uploads\/3-sanitaris-nadons-633x300.webp 633w, https:\/\/www.campingbellaterra.com\/wp-content\/uploads\/3-sanitaris-nadons-475x225.webp 475w\" data-src=\"https:\/\/www.campingbellaterra.com\/wp-content\/uploads\/3-sanitaris-nadons.webp\"><\/div><div id=\"thumb-11661\" class=\"splide__slide\" data-counter=\"04\/04\"><noscript><img decoding=\"async\" width=\"1900\" height=\"900\" src=\"https:\/\/www.campingbellaterra.com\/wp-content\/uploads\/2-sanitaris-cabines.webp\" class=\"attachment-panoramic size-panoramic\" alt srcset=\"https:\/\/www.campingbellaterra.com\/wp-content\/uploads\/2-sanitaris-cabines.webp 1900w, https:\/\/www.campingbellaterra.com\/wp-content\/uploads\/2-sanitaris-cabines-1024x485.webp 1024w, https:\/\/www.campingbellaterra.com\/wp-content\/uploads\/2-sanitaris-cabines-768x364.webp 768w, https:\/\/www.campingbellaterra.com\/wp-content\/uploads\/2-sanitaris-cabines-1536x728.webp 1536w, https:\/\/www.campingbellaterra.com\/wp-content\/uploads\/2-sanitaris-cabines-1266x600.webp 1266w, https:\/\/www.campingbellaterra.com\/wp-content\/uploads\/2-sanitaris-cabines-950x450.webp 950w, https:\/\/www.campingbellaterra.com\/wp-content\/uploads\/2-sanitaris-cabines-633x300.webp 633w, https:\/\/www.campingbellaterra.com\/wp-content\/uploads\/2-sanitaris-cabines-475x225.webp 475w\" sizes=\"(max-width: 1900px) 100vw, 1900px\"><\/noscript><img decoding=\"async\" width=\"1900\" height=\"900\" src=\"data:image\/svg+xml,%3Csvg%20xmlns%3D%22http%3A%2F%2Fwww.w3.org%2F2000%2Fsvg%22%20viewBox%3D%220%200%201900%20900%22%3E%3C%2Fsvg%3E\" class=\"attachment-panoramic size-panoramic lazyload\" alt srcset=\"data:image\/svg+xml,%3Csvg%20xmlns%3D%22http%3A%2F%2Fwww.w3.org%2F2000%2Fsvg%22%20viewBox%3D%220%200%201900%20900%22%3E%3C%2Fsvg%3E 1900w\" sizes=\"(max-width: 1900px) 100vw, 1900px\" data-srcset=\"https:\/\/www.campingbellaterra.com\/wp-content\/uploads\/2-sanitaris-cabines.webp 1900w, https:\/\/www.campingbellaterra.com\/wp-content\/uploads\/2-sanitaris-cabines-1024x485.webp 1024w, https:\/\/www.campingbellaterra.com\/wp-content\/uploads\/2-sanitaris-cabines-768x364.webp 768w, https:\/\/www.campingbellaterra.com\/wp-content\/uploads\/2-sanitaris-cabines-1536x728.webp 1536w, https:\/\/www.campingbellaterra.com\/wp-content\/uploads\/2-sanitaris-cabines-1266x600.webp 1266w, https:\/\/www.campingbellaterra.com\/wp-content\/uploads\/2-sanitaris-cabines-950x450.webp 950w, https:\/\/www.campingbellaterra.com\/wp-content\/uploads\/2-sanitaris-cabines-633x300.webp 633w, https:\/\/www.campingbellaterra.com\/wp-content\/uploads\/2-sanitaris-cabines-475x225.webp 475w\" data-src=\"https:\/\/www.campingbellaterra.com\/wp-content\/uploads\/2-sanitaris-cabines.webp\"><\/div><\/div><\/div><\/div><\/div>\n            <script>\n            document.addEventListener( 'DOMContentLoaded', function () {\n\n                var splide = new Splide( '#slide_91', \n                    {\n                    type   : 'slide',\n                    pagination : true,\n                    arrows: false,\n                    perPage: 1,\n                    gap: '2em',\n                    padding: {\n                        left : '0%',\n                        right: '0%',\n                        },\n                    breakpoints: {\n                        750: {\n                            perPage: 0,\n                        },\n                        600: {\n                            perPage: 1,\n                        },\n                    }    \n\n\n                    }\n                ).mount();\n\n                function counter(){\n                    return document.querySelector('#slide_91 .is-active.is-visible').getAttribute('data-counter');\n                }\n\n                let initCounter = counter();\n\n                let arrows = document.querySelector('#slide_91 .splide__arrows');\n                let divCounter = '<div class=\"splide__counter\">'+initCounter+'<\/div>';\n                arrows.insertAdjacentHTML('afterend', divCounter);\n                console.log(counter());\n                splide.on( 'moved', function() {\n                    document.querySelector('#slide_91 .splide__counter').textContent = counter();\n                } );\n\n            });\n            <\/script>\n                        \n    <\/div>\n<\/div>\n<\/div>\n\n\n\n<div class=\"wp-block-column has-blank-grey-background-color has-background is-layout-flow wp-block-column-is-layout-flow\" style=\"padding-top:0px;padding-right:0px;padding-bottom:0px;padding-left:0px;flex-basis:40%\">\n<p class=\"has-text-align-center\">Der er individuelle badekabiner, babybaderum og kemiske toiletter.<\/p>\n<\/div>\n<\/div>\n\n\n\n<div class=\"wp-block-columns alignfull wp-block-slider-text is-layout-flex wp-container-core-columns-is-layout-28f84493 wp-block-columns-is-layout-flex\">\n<div class=\"wp-block-column has-blank-grey-background-color has-background is-layout-flow wp-block-column-is-layout-flow\" style=\"flex-basis:40%\">\n<p class=\"has-text-align-center\">Vores faciliteter er tilpasset alle mennesker med reduceret mobilitet.<\/p>\n<\/div>\n\n\n\n<div class=\"wp-block-column is-layout-flow wp-block-column-is-layout-flow\" style=\"padding-top:0px;padding-right:0px;padding-bottom:0px;padding-left:0px;flex-basis:60%\"><div id=\"wp-block-slider-block_d8a07e35b7c70958586525a451ed5e5a\" class=\"wp-block-slider\" style>\n    <div class=\"contingut-texte\">\n                    <div class=\"slider-container\"><div class=\"splide galeria-slider galeria-columnas-1\" id=\"slide_29\"><div class=\"splide__track\"><div class=\"splide__list\"><div id=\"thumb-11701\" class=\"splide__slide\" data-counter=\"01\/03\"><noscript><img decoding=\"async\" width=\"1900\" height=\"900\" src=\"https:\/\/www.campingbellaterra.com\/wp-content\/uploads\/3-sanitaris-minusvalids.webp\" class=\"attachment-panoramic size-panoramic\" alt srcset=\"https:\/\/www.campingbellaterra.com\/wp-content\/uploads\/3-sanitaris-minusvalids.webp 1900w, https:\/\/www.campingbellaterra.com\/wp-content\/uploads\/3-sanitaris-minusvalids-1024x485.webp 1024w, https:\/\/www.campingbellaterra.com\/wp-content\/uploads\/3-sanitaris-minusvalids-768x364.webp 768w, https:\/\/www.campingbellaterra.com\/wp-content\/uploads\/3-sanitaris-minusvalids-1536x728.webp 1536w, https:\/\/www.campingbellaterra.com\/wp-content\/uploads\/3-sanitaris-minusvalids-1266x600.webp 1266w, https:\/\/www.campingbellaterra.com\/wp-content\/uploads\/3-sanitaris-minusvalids-950x450.webp 950w, https:\/\/www.campingbellaterra.com\/wp-content\/uploads\/3-sanitaris-minusvalids-633x300.webp 633w, https:\/\/www.campingbellaterra.com\/wp-content\/uploads\/3-sanitaris-minusvalids-475x225.webp 475w\" sizes=\"(max-width: 1900px) 100vw, 1900px\"><\/noscript><img decoding=\"async\" width=\"1900\" height=\"900\" src=\"data:image\/svg+xml,%3Csvg%20xmlns%3D%22http%3A%2F%2Fwww.w3.org%2F2000%2Fsvg%22%20viewBox%3D%220%200%201900%20900%22%3E%3C%2Fsvg%3E\" class=\"attachment-panoramic size-panoramic lazyload\" alt srcset=\"data:image\/svg+xml,%3Csvg%20xmlns%3D%22http%3A%2F%2Fwww.w3.org%2F2000%2Fsvg%22%20viewBox%3D%220%200%201900%20900%22%3E%3C%2Fsvg%3E 1900w\" sizes=\"(max-width: 1900px) 100vw, 1900px\" data-srcset=\"https:\/\/www.campingbellaterra.com\/wp-content\/uploads\/3-sanitaris-minusvalids.webp 1900w, https:\/\/www.campingbellaterra.com\/wp-content\/uploads\/3-sanitaris-minusvalids-1024x485.webp 1024w, https:\/\/www.campingbellaterra.com\/wp-content\/uploads\/3-sanitaris-minusvalids-768x364.webp 768w, https:\/\/www.campingbellaterra.com\/wp-content\/uploads\/3-sanitaris-minusvalids-1536x728.webp 1536w, https:\/\/www.campingbellaterra.com\/wp-content\/uploads\/3-sanitaris-minusvalids-1266x600.webp 1266w, https:\/\/www.campingbellaterra.com\/wp-content\/uploads\/3-sanitaris-minusvalids-950x450.webp 950w, https:\/\/www.campingbellaterra.com\/wp-content\/uploads\/3-sanitaris-minusvalids-633x300.webp 633w, https:\/\/www.campingbellaterra.com\/wp-content\/uploads\/3-sanitaris-minusvalids-475x225.webp 475w\" data-src=\"https:\/\/www.campingbellaterra.com\/wp-content\/uploads\/3-sanitaris-minusvalids.webp\"><\/div><div id=\"thumb-11687\" class=\"splide__slide\" data-counter=\"02\/03\"><noscript><img decoding=\"async\" width=\"1900\" height=\"900\" src=\"https:\/\/www.campingbellaterra.com\/wp-content\/uploads\/1-sanitaris-minusvalids.webp\" class=\"attachment-panoramic size-panoramic\" alt srcset=\"https:\/\/www.campingbellaterra.com\/wp-content\/uploads\/1-sanitaris-minusvalids.webp 1900w, https:\/\/www.campingbellaterra.com\/wp-content\/uploads\/1-sanitaris-minusvalids-1024x485.webp 1024w, https:\/\/www.campingbellaterra.com\/wp-content\/uploads\/1-sanitaris-minusvalids-768x364.webp 768w, https:\/\/www.campingbellaterra.com\/wp-content\/uploads\/1-sanitaris-minusvalids-1536x728.webp 1536w, https:\/\/www.campingbellaterra.com\/wp-content\/uploads\/1-sanitaris-minusvalids-1266x600.webp 1266w, https:\/\/www.campingbellaterra.com\/wp-content\/uploads\/1-sanitaris-minusvalids-950x450.webp 950w, https:\/\/www.campingbellaterra.com\/wp-content\/uploads\/1-sanitaris-minusvalids-633x300.webp 633w, https:\/\/www.campingbellaterra.com\/wp-content\/uploads\/1-sanitaris-minusvalids-475x225.webp 475w\" sizes=\"(max-width: 1900px) 100vw, 1900px\"><\/noscript><img decoding=\"async\" width=\"1900\" height=\"900\" src=\"data:image\/svg+xml,%3Csvg%20xmlns%3D%22http%3A%2F%2Fwww.w3.org%2F2000%2Fsvg%22%20viewBox%3D%220%200%201900%20900%22%3E%3C%2Fsvg%3E\" class=\"attachment-panoramic size-panoramic lazyload\" alt srcset=\"data:image\/svg+xml,%3Csvg%20xmlns%3D%22http%3A%2F%2Fwww.w3.org%2F2000%2Fsvg%22%20viewBox%3D%220%200%201900%20900%22%3E%3C%2Fsvg%3E 1900w\" sizes=\"(max-width: 1900px) 100vw, 1900px\" data-srcset=\"https:\/\/www.campingbellaterra.com\/wp-content\/uploads\/1-sanitaris-minusvalids.webp 1900w, https:\/\/www.campingbellaterra.com\/wp-content\/uploads\/1-sanitaris-minusvalids-1024x485.webp 1024w, https:\/\/www.campingbellaterra.com\/wp-content\/uploads\/1-sanitaris-minusvalids-768x364.webp 768w, https:\/\/www.campingbellaterra.com\/wp-content\/uploads\/1-sanitaris-minusvalids-1536x728.webp 1536w, https:\/\/www.campingbellaterra.com\/wp-content\/uploads\/1-sanitaris-minusvalids-1266x600.webp 1266w, https:\/\/www.campingbellaterra.com\/wp-content\/uploads\/1-sanitaris-minusvalids-950x450.webp 950w, https:\/\/www.campingbellaterra.com\/wp-content\/uploads\/1-sanitaris-minusvalids-633x300.webp 633w, https:\/\/www.campingbellaterra.com\/wp-content\/uploads\/1-sanitaris-minusvalids-475x225.webp 475w\" data-src=\"https:\/\/www.campingbellaterra.com\/wp-content\/uploads\/1-sanitaris-minusvalids.webp\"><\/div><div id=\"thumb-11694\" class=\"splide__slide\" data-counter=\"03\/03\"><noscript><img decoding=\"async\" width=\"1900\" height=\"900\" src=\"https:\/\/www.campingbellaterra.com\/wp-content\/uploads\/2-sanitaris-minusvalids.webp\" class=\"attachment-panoramic size-panoramic\" alt srcset=\"https:\/\/www.campingbellaterra.com\/wp-content\/uploads\/2-sanitaris-minusvalids.webp 1900w, https:\/\/www.campingbellaterra.com\/wp-content\/uploads\/2-sanitaris-minusvalids-1024x485.webp 1024w, https:\/\/www.campingbellaterra.com\/wp-content\/uploads\/2-sanitaris-minusvalids-768x364.webp 768w, https:\/\/www.campingbellaterra.com\/wp-content\/uploads\/2-sanitaris-minusvalids-1536x728.webp 1536w, https:\/\/www.campingbellaterra.com\/wp-content\/uploads\/2-sanitaris-minusvalids-1266x600.webp 1266w, https:\/\/www.campingbellaterra.com\/wp-content\/uploads\/2-sanitaris-minusvalids-950x450.webp 950w, https:\/\/www.campingbellaterra.com\/wp-content\/uploads\/2-sanitaris-minusvalids-633x300.webp 633w, https:\/\/www.campingbellaterra.com\/wp-content\/uploads\/2-sanitaris-minusvalids-475x225.webp 475w\" sizes=\"(max-width: 1900px) 100vw, 1900px\"><\/noscript><img decoding=\"async\" width=\"1900\" height=\"900\" src=\"data:image\/svg+xml,%3Csvg%20xmlns%3D%22http%3A%2F%2Fwww.w3.org%2F2000%2Fsvg%22%20viewBox%3D%220%200%201900%20900%22%3E%3C%2Fsvg%3E\" class=\"attachment-panoramic size-panoramic lazyload\" alt srcset=\"data:image\/svg+xml,%3Csvg%20xmlns%3D%22http%3A%2F%2Fwww.w3.org%2F2000%2Fsvg%22%20viewBox%3D%220%200%201900%20900%22%3E%3C%2Fsvg%3E 1900w\" sizes=\"(max-width: 1900px) 100vw, 1900px\" data-srcset=\"https:\/\/www.campingbellaterra.com\/wp-content\/uploads\/2-sanitaris-minusvalids.webp 1900w, https:\/\/www.campingbellaterra.com\/wp-content\/uploads\/2-sanitaris-minusvalids-1024x485.webp 1024w, https:\/\/www.campingbellaterra.com\/wp-content\/uploads\/2-sanitaris-minusvalids-768x364.webp 768w, https:\/\/www.campingbellaterra.com\/wp-content\/uploads\/2-sanitaris-minusvalids-1536x728.webp 1536w, https:\/\/www.campingbellaterra.com\/wp-content\/uploads\/2-sanitaris-minusvalids-1266x600.webp 1266w, https:\/\/www.campingbellaterra.com\/wp-content\/uploads\/2-sanitaris-minusvalids-950x450.webp 950w, https:\/\/www.campingbellaterra.com\/wp-content\/uploads\/2-sanitaris-minusvalids-633x300.webp 633w, https:\/\/www.campingbellaterra.com\/wp-content\/uploads\/2-sanitaris-minusvalids-475x225.webp 475w\" data-src=\"https:\/\/www.campingbellaterra.com\/wp-content\/uploads\/2-sanitaris-minusvalids.webp\"><\/div><\/div><\/div><\/div><\/div>\n            <script>\n            document.addEventListener( 'DOMContentLoaded', function () {\n\n                var splide = new Splide( '#slide_29', \n                    {\n                    type   : 'slide',\n                    pagination : true,\n                    arrows: false,\n                    perPage: 1,\n                    gap: '2em',\n                    padding: {\n                        left : '0%',\n                        right: '0%',\n                        },\n                    breakpoints: {\n                        750: {\n                            perPage: 0,\n                        },\n                        600: {\n                            perPage: 1,\n                        },\n                    }    \n\n\n                    }\n                ).mount();\n\n                function counter(){\n                    return document.querySelector('#slide_29 .is-active.is-visible').getAttribute('data-counter');\n                }\n\n                let initCounter = counter();\n\n                let arrows = document.querySelector('#slide_29 .splide__arrows');\n                let divCounter = '<div class=\"splide__counter\">'+initCounter+'<\/div>';\n                arrows.insertAdjacentHTML('afterend', divCounter);\n                console.log(counter());\n                splide.on( 'moved', function() {\n                    document.querySelector('#slide_29 .splide__counter').textContent = counter();\n                } );\n\n            });\n            <\/script>\n                        \n    <\/div>\n<\/div>\n<\/div>\n<\/div>\n\n\n\n<div class=\"wp-block-columns alignfull wp-block-slider-text block-bottom is-layout-flex wp-container-core-columns-is-layout-28f84493 wp-block-columns-is-layout-flex\">\n<div class=\"wp-block-column is-vertically-aligned-center is-layout-flow wp-block-column-is-layout-flow\" style=\"flex-basis:60%\"><div id=\"wp-block-slider-block_2eb3a10afd0268656c403fe24e27012a\" class=\"wp-block-slider\" style>\n    <div class=\"contingut-texte\">\n                    <div class=\"slider-container\"><div class=\"splide galeria-slider galeria-columnas-1\" id=\"slide_995\"><div class=\"splide__track\"><div class=\"splide__list\"><div id=\"thumb-11893\" class=\"splide__slide\" data-counter=\"01\/03\"><noscript><img decoding=\"async\" width=\"1900\" height=\"900\" src=\"https:\/\/www.campingbellaterra.com\/wp-content\/uploads\/2-sanitaris-rentadores.webp\" class=\"attachment-panoramic size-panoramic\" alt srcset=\"https:\/\/www.campingbellaterra.com\/wp-content\/uploads\/2-sanitaris-rentadores.webp 1900w, https:\/\/www.campingbellaterra.com\/wp-content\/uploads\/2-sanitaris-rentadores-1024x485.webp 1024w, https:\/\/www.campingbellaterra.com\/wp-content\/uploads\/2-sanitaris-rentadores-768x364.webp 768w, https:\/\/www.campingbellaterra.com\/wp-content\/uploads\/2-sanitaris-rentadores-1536x728.webp 1536w, https:\/\/www.campingbellaterra.com\/wp-content\/uploads\/2-sanitaris-rentadores-1266x600.webp 1266w, https:\/\/www.campingbellaterra.com\/wp-content\/uploads\/2-sanitaris-rentadores-950x450.webp 950w, https:\/\/www.campingbellaterra.com\/wp-content\/uploads\/2-sanitaris-rentadores-633x300.webp 633w, https:\/\/www.campingbellaterra.com\/wp-content\/uploads\/2-sanitaris-rentadores-475x225.webp 475w\" sizes=\"(max-width: 1900px) 100vw, 1900px\"><\/noscript><img decoding=\"async\" width=\"1900\" height=\"900\" src=\"data:image\/svg+xml,%3Csvg%20xmlns%3D%22http%3A%2F%2Fwww.w3.org%2F2000%2Fsvg%22%20viewBox%3D%220%200%201900%20900%22%3E%3C%2Fsvg%3E\" class=\"attachment-panoramic size-panoramic lazyload\" alt srcset=\"data:image\/svg+xml,%3Csvg%20xmlns%3D%22http%3A%2F%2Fwww.w3.org%2F2000%2Fsvg%22%20viewBox%3D%220%200%201900%20900%22%3E%3C%2Fsvg%3E 1900w\" sizes=\"(max-width: 1900px) 100vw, 1900px\" data-srcset=\"https:\/\/www.campingbellaterra.com\/wp-content\/uploads\/2-sanitaris-rentadores.webp 1900w, https:\/\/www.campingbellaterra.com\/wp-content\/uploads\/2-sanitaris-rentadores-1024x485.webp 1024w, https:\/\/www.campingbellaterra.com\/wp-content\/uploads\/2-sanitaris-rentadores-768x364.webp 768w, https:\/\/www.campingbellaterra.com\/wp-content\/uploads\/2-sanitaris-rentadores-1536x728.webp 1536w, https:\/\/www.campingbellaterra.com\/wp-content\/uploads\/2-sanitaris-rentadores-1266x600.webp 1266w, https:\/\/www.campingbellaterra.com\/wp-content\/uploads\/2-sanitaris-rentadores-950x450.webp 950w, https:\/\/www.campingbellaterra.com\/wp-content\/uploads\/2-sanitaris-rentadores-633x300.webp 633w, https:\/\/www.campingbellaterra.com\/wp-content\/uploads\/2-sanitaris-rentadores-475x225.webp 475w\" data-src=\"https:\/\/www.campingbellaterra.com\/wp-content\/uploads\/2-sanitaris-rentadores.webp\"><\/div><div id=\"thumb-11886\" class=\"splide__slide\" data-counter=\"02\/03\"><noscript><img decoding=\"async\" width=\"1900\" height=\"900\" src=\"https:\/\/www.campingbellaterra.com\/wp-content\/uploads\/3-sanitaris-piques.webp\" class=\"attachment-panoramic size-panoramic\" alt srcset=\"https:\/\/www.campingbellaterra.com\/wp-content\/uploads\/3-sanitaris-piques.webp 1900w, https:\/\/www.campingbellaterra.com\/wp-content\/uploads\/3-sanitaris-piques-1024x485.webp 1024w, https:\/\/www.campingbellaterra.com\/wp-content\/uploads\/3-sanitaris-piques-768x364.webp 768w, https:\/\/www.campingbellaterra.com\/wp-content\/uploads\/3-sanitaris-piques-1536x728.webp 1536w, https:\/\/www.campingbellaterra.com\/wp-content\/uploads\/3-sanitaris-piques-1266x600.webp 1266w, https:\/\/www.campingbellaterra.com\/wp-content\/uploads\/3-sanitaris-piques-950x450.webp 950w, https:\/\/www.campingbellaterra.com\/wp-content\/uploads\/3-sanitaris-piques-633x300.webp 633w, https:\/\/www.campingbellaterra.com\/wp-content\/uploads\/3-sanitaris-piques-475x225.webp 475w\" sizes=\"(max-width: 1900px) 100vw, 1900px\"><\/noscript><img decoding=\"async\" width=\"1900\" height=\"900\" src=\"data:image\/svg+xml,%3Csvg%20xmlns%3D%22http%3A%2F%2Fwww.w3.org%2F2000%2Fsvg%22%20viewBox%3D%220%200%201900%20900%22%3E%3C%2Fsvg%3E\" class=\"attachment-panoramic size-panoramic lazyload\" alt srcset=\"data:image\/svg+xml,%3Csvg%20xmlns%3D%22http%3A%2F%2Fwww.w3.org%2F2000%2Fsvg%22%20viewBox%3D%220%200%201900%20900%22%3E%3C%2Fsvg%3E 1900w\" sizes=\"(max-width: 1900px) 100vw, 1900px\" data-srcset=\"https:\/\/www.campingbellaterra.com\/wp-content\/uploads\/3-sanitaris-piques.webp 1900w, https:\/\/www.campingbellaterra.com\/wp-content\/uploads\/3-sanitaris-piques-1024x485.webp 1024w, https:\/\/www.campingbellaterra.com\/wp-content\/uploads\/3-sanitaris-piques-768x364.webp 768w, https:\/\/www.campingbellaterra.com\/wp-content\/uploads\/3-sanitaris-piques-1536x728.webp 1536w, https:\/\/www.campingbellaterra.com\/wp-content\/uploads\/3-sanitaris-piques-1266x600.webp 1266w, https:\/\/www.campingbellaterra.com\/wp-content\/uploads\/3-sanitaris-piques-950x450.webp 950w, https:\/\/www.campingbellaterra.com\/wp-content\/uploads\/3-sanitaris-piques-633x300.webp 633w, https:\/\/www.campingbellaterra.com\/wp-content\/uploads\/3-sanitaris-piques-475x225.webp 475w\" data-src=\"https:\/\/www.campingbellaterra.com\/wp-content\/uploads\/3-sanitaris-piques.webp\"><\/div><div id=\"thumb-11879\" class=\"splide__slide\" data-counter=\"03\/03\"><noscript><img decoding=\"async\" width=\"1900\" height=\"900\" src=\"https:\/\/www.campingbellaterra.com\/wp-content\/uploads\/1-sanitaris-rentaplats.webp\" class=\"attachment-panoramic size-panoramic\" alt srcset=\"https:\/\/www.campingbellaterra.com\/wp-content\/uploads\/1-sanitaris-rentaplats.webp 1900w, https:\/\/www.campingbellaterra.com\/wp-content\/uploads\/1-sanitaris-rentaplats-1024x485.webp 1024w, https:\/\/www.campingbellaterra.com\/wp-content\/uploads\/1-sanitaris-rentaplats-768x364.webp 768w, https:\/\/www.campingbellaterra.com\/wp-content\/uploads\/1-sanitaris-rentaplats-1536x728.webp 1536w, https:\/\/www.campingbellaterra.com\/wp-content\/uploads\/1-sanitaris-rentaplats-1266x600.webp 1266w, https:\/\/www.campingbellaterra.com\/wp-content\/uploads\/1-sanitaris-rentaplats-950x450.webp 950w, https:\/\/www.campingbellaterra.com\/wp-content\/uploads\/1-sanitaris-rentaplats-633x300.webp 633w, https:\/\/www.campingbellaterra.com\/wp-content\/uploads\/1-sanitaris-rentaplats-475x225.webp 475w\" sizes=\"(max-width: 1900px) 100vw, 1900px\"><\/noscript><img decoding=\"async\" width=\"1900\" height=\"900\" src=\"data:image\/svg+xml,%3Csvg%20xmlns%3D%22http%3A%2F%2Fwww.w3.org%2F2000%2Fsvg%22%20viewBox%3D%220%200%201900%20900%22%3E%3C%2Fsvg%3E\" class=\"attachment-panoramic size-panoramic lazyload\" alt srcset=\"data:image\/svg+xml,%3Csvg%20xmlns%3D%22http%3A%2F%2Fwww.w3.org%2F2000%2Fsvg%22%20viewBox%3D%220%200%201900%20900%22%3E%3C%2Fsvg%3E 1900w\" sizes=\"(max-width: 1900px) 100vw, 1900px\" data-srcset=\"https:\/\/www.campingbellaterra.com\/wp-content\/uploads\/1-sanitaris-rentaplats.webp 1900w, https:\/\/www.campingbellaterra.com\/wp-content\/uploads\/1-sanitaris-rentaplats-1024x485.webp 1024w, https:\/\/www.campingbellaterra.com\/wp-content\/uploads\/1-sanitaris-rentaplats-768x364.webp 768w, https:\/\/www.campingbellaterra.com\/wp-content\/uploads\/1-sanitaris-rentaplats-1536x728.webp 1536w, https:\/\/www.campingbellaterra.com\/wp-content\/uploads\/1-sanitaris-rentaplats-1266x600.webp 1266w, https:\/\/www.campingbellaterra.com\/wp-content\/uploads\/1-sanitaris-rentaplats-950x450.webp 950w, https:\/\/www.campingbellaterra.com\/wp-content\/uploads\/1-sanitaris-rentaplats-633x300.webp 633w, https:\/\/www.campingbellaterra.com\/wp-content\/uploads\/1-sanitaris-rentaplats-475x225.webp 475w\" data-src=\"https:\/\/www.campingbellaterra.com\/wp-content\/uploads\/1-sanitaris-rentaplats.webp\"><\/div><\/div><\/div><\/div><\/div>\n            <script>\n            document.addEventListener( 'DOMContentLoaded', function () {\n\n                var splide = new Splide( '#slide_995', \n                    {\n                    type   : 'slide',\n                    pagination : true,\n                    arrows: false,\n                    perPage: 1,\n                    gap: '2em',\n                    padding: {\n                        left : '0%',\n                        right: '0%',\n                        },\n                    breakpoints: {\n                        750: {\n                            perPage: 0,\n                        },\n                        600: {\n                            perPage: 1,\n                        },\n                    }    \n\n\n                    }\n                ).mount();\n\n                function counter(){\n                    return document.querySelector('#slide_995 .is-active.is-visible').getAttribute('data-counter');\n                }\n\n                let initCounter = counter();\n\n                let arrows = document.querySelector('#slide_995 .splide__arrows');\n                let divCounter = '<div class=\"splide__counter\">'+initCounter+'<\/div>';\n                arrows.insertAdjacentHTML('afterend', divCounter);\n                console.log(counter());\n                splide.on( 'moved', function() {\n                    document.querySelector('#slide_995 .splide__counter').textContent = counter();\n                } );\n\n            });\n            <\/script>\n                        \n    <\/div>\n<\/div>\n<\/div>\n\n\n\n<div class=\"wp-block-column has-blank-grey-background-color has-background is-layout-flow wp-block-column-is-layout-flow\" style=\"padding-top:0px;padding-right:0px;padding-bottom:0px;padding-left:0px;flex-basis:40%\">\n<p class=\"has-text-align-center\">Vores toiletterbygninger inkluderer et vaskeri, hvor du finder vaskemaskiner og t\u00f8rretumblere. Der er ogs\u00e5 et rum til vask af opvask og et vaskerum.<\/p>\n<\/div>\n<\/div>\n","protected":false},"excerpt":{"rendered":"<p>Der er individuelle badekabiner, babybaderum og kemiske toiletter. Vores faciliteter er tilpasset alle mennesker med reduceret mobilitet. Vores toiletterbygninger inkluderer et vaskeri, hvor du finder&#8230;<\/p>\n","protected":false},"author":1,"featured_media":0,"parent":0,"menu_order":10,"comment_status":"closed","ping_status":"closed","template":"","meta":{"_acf_changed":false,"inline_featured_image":false,"_monsterinsights_skip_tracking":false,"_monsterinsights_sitenote_active":false,"_monsterinsights_sitenote_note":"","_monsterinsights_sitenote_category":0,"footnotes":""},"class_list":["post-14506","page","type-page","status-publish","hentry"],"acf":[],"yoast_head":"<!-- This site is optimized with the Yoast SEO plugin v27.0 - https:\/\/yoast.com\/product\/yoast-seo-wordpress\/ -->\n<title>Toiletter - Camping Bella Terra<\/title>\n<meta name=\"robots\" content=\"index, follow, max-snippet:-1, max-image-preview:large, max-video-preview:-1\" \/>\n<link rel=\"canonical\" href=\"https:\/\/www.campingbellaterra.com\/da\/toiletter\/\" \/>\n<meta property=\"og:locale\" content=\"da_DK\" \/>\n<meta property=\"og:type\" content=\"article\" \/>\n<meta property=\"og:title\" content=\"Toiletter - Camping Bella Terra\" \/>\n<meta property=\"og:description\" content=\"Der er individuelle badekabiner, babybaderum og kemiske toiletter. Vores faciliteter er tilpasset alle mennesker med reduceret mobilitet. Vores toiletterbygninger inkluderer et vaskeri, hvor du finder...\" \/>\n<meta property=\"og:url\" content=\"https:\/\/www.campingbellaterra.com\/da\/toiletter\/\" \/>\n<meta property=\"og:site_name\" content=\"Camping Bella Terra\" \/>\n<meta property=\"article:publisher\" content=\"https:\/\/www.facebook.com\/campingbellaterra\/\" \/>\n<meta property=\"article:modified_time\" content=\"2024-11-15T10:43:12+00:00\" \/>\n<meta property=\"og:image\" content=\"https:\/\/www.campingbellaterra.com\/wp-content\/uploads\/sanitaris-main.webp\" \/>\n<meta name=\"twitter:card\" content=\"summary_large_image\" \/>\n<meta name=\"twitter:site\" content=\"@cbellaterra\" \/>\n<meta name=\"twitter:label1\" content=\"Estimeret l\u00e6setid\" \/>\n\t<meta name=\"twitter:data1\" content=\"2 minutter\" \/>\n<script type=\"application\/ld+json\" class=\"yoast-schema-graph\">{\"@context\":\"https:\/\/schema.org\",\"@graph\":[{\"@type\":\"WebPage\",\"@id\":\"https:\/\/www.campingbellaterra.com\/da\/toiletter\/\",\"url\":\"https:\/\/www.campingbellaterra.com\/da\/toiletter\/\",\"name\":\"Toiletter - Camping Bella Terra\",\"isPartOf\":{\"@id\":\"https:\/\/www.campingbellaterra.com\/da\/#website\"},\"primaryImageOfPage\":{\"@id\":\"https:\/\/www.campingbellaterra.com\/da\/toiletter\/#primaryimage\"},\"image\":{\"@id\":\"https:\/\/www.campingbellaterra.com\/da\/toiletter\/#primaryimage\"},\"thumbnailUrl\":\"https:\/\/www.campingbellaterra.com\/wp-content\/uploads\/sanitaris-main.webp\",\"datePublished\":\"2022-03-31T08:21:37+00:00\",\"dateModified\":\"2024-11-15T10:43:12+00:00\",\"breadcrumb\":{\"@id\":\"https:\/\/www.campingbellaterra.com\/da\/toiletter\/#breadcrumb\"},\"inLanguage\":\"da-DK\",\"potentialAction\":[{\"@type\":\"ReadAction\",\"target\":[\"https:\/\/www.campingbellaterra.com\/da\/toiletter\/\"]}]},{\"@type\":\"ImageObject\",\"inLanguage\":\"da-DK\",\"@id\":\"https:\/\/www.campingbellaterra.com\/da\/toiletter\/#primaryimage\",\"url\":\"https:\/\/www.campingbellaterra.com\/wp-content\/uploads\/sanitaris-main.webp\",\"contentUrl\":\"https:\/\/www.campingbellaterra.com\/wp-content\/uploads\/sanitaris-main.webp\"},{\"@type\":\"BreadcrumbList\",\"@id\":\"https:\/\/www.campingbellaterra.com\/da\/toiletter\/#breadcrumb\",\"itemListElement\":[{\"@type\":\"ListItem\",\"position\":1,\"name\":\"Inici\",\"item\":\"https:\/\/www.campingbellaterra.com\/da\/\"},{\"@type\":\"ListItem\",\"position\":2,\"name\":\"Toiletter\"}]},{\"@type\":\"WebSite\",\"@id\":\"https:\/\/www.campingbellaterra.com\/da\/#website\",\"url\":\"https:\/\/www.campingbellaterra.com\/da\/\",\"name\":\"Camping Bella Terra\",\"description\":\"Otro sitio realizado con WordPress\",\"publisher\":{\"@id\":\"https:\/\/www.campingbellaterra.com\/da\/#organization\"},\"potentialAction\":[{\"@type\":\"SearchAction\",\"target\":{\"@type\":\"EntryPoint\",\"urlTemplate\":\"https:\/\/www.campingbellaterra.com\/da\/?s={search_term_string}\"},\"query-input\":{\"@type\":\"PropertyValueSpecification\",\"valueRequired\":true,\"valueName\":\"search_term_string\"}}],\"inLanguage\":\"da-DK\"},{\"@type\":\"Organization\",\"@id\":\"https:\/\/www.campingbellaterra.com\/da\/#organization\",\"name\":\"Camping Bella Terra\",\"url\":\"https:\/\/www.campingbellaterra.com\/da\/\",\"logo\":{\"@type\":\"ImageObject\",\"inLanguage\":\"da-DK\",\"@id\":\"https:\/\/www.campingbellaterra.com\/da\/#\/schema\/logo\/image\/\",\"url\":\"https:\/\/www.campingbellaterra.com\/wp-content\/uploads\/logo6.svg\",\"contentUrl\":\"https:\/\/www.campingbellaterra.com\/wp-content\/uploads\/logo6.svg\",\"width\":\"2048\",\"height\":\"2048\",\"caption\":\"Camping Bella Terra\"},\"image\":{\"@id\":\"https:\/\/www.campingbellaterra.com\/da\/#\/schema\/logo\/image\/\"},\"sameAs\":[\"https:\/\/www.facebook.com\/campingbellaterra\/\",\"https:\/\/x.com\/cbellaterra\",\"https:\/\/www.instagram.com\/campingbellaterra\/\",\"https:\/\/www.youtube.com\/c\/Camping-Bellaterra-Blanes\",\"https:\/\/www.tripadvisor.es\/Hotel_Review-g580331-d3328184-Reviews-Camping_Bella_Terra-Blanes_Costa_Brava_Province_of_Girona_Catalonia.html\"]}]}<\/script>\n<!-- \/ Yoast SEO plugin. -->","yoast_head_json":{"title":"Toiletter - Camping Bella Terra","robots":{"index":"index","follow":"follow","max-snippet":"max-snippet:-1","max-image-preview":"max-image-preview:large","max-video-preview":"max-video-preview:-1"},"canonical":"https:\/\/www.campingbellaterra.com\/da\/toiletter\/","og_locale":"da_DK","og_type":"article","og_title":"Toiletter - Camping Bella Terra","og_description":"Der er individuelle badekabiner, babybaderum og kemiske toiletter. Vores faciliteter er tilpasset alle mennesker med reduceret mobilitet. Vores toiletterbygninger inkluderer et vaskeri, hvor du finder...","og_url":"https:\/\/www.campingbellaterra.com\/da\/toiletter\/","og_site_name":"Camping Bella Terra","article_publisher":"https:\/\/www.facebook.com\/campingbellaterra\/","article_modified_time":"2024-11-15T10:43:12+00:00","og_image":[{"url":"https:\/\/www.campingbellaterra.com\/wp-content\/uploads\/sanitaris-main.webp","type":"","width":"","height":""}],"twitter_card":"summary_large_image","twitter_site":"@cbellaterra","twitter_misc":{"Estimeret l\u00e6setid":"2 minutter"},"schema":{"@context":"https:\/\/schema.org","@graph":[{"@type":"WebPage","@id":"https:\/\/www.campingbellaterra.com\/da\/toiletter\/","url":"https:\/\/www.campingbellaterra.com\/da\/toiletter\/","name":"Toiletter - Camping Bella Terra","isPartOf":{"@id":"https:\/\/www.campingbellaterra.com\/da\/#website"},"primaryImageOfPage":{"@id":"https:\/\/www.campingbellaterra.com\/da\/toiletter\/#primaryimage"},"image":{"@id":"https:\/\/www.campingbellaterra.com\/da\/toiletter\/#primaryimage"},"thumbnailUrl":"https:\/\/www.campingbellaterra.com\/wp-content\/uploads\/sanitaris-main.webp","datePublished":"2022-03-31T08:21:37+00:00","dateModified":"2024-11-15T10:43:12+00:00","breadcrumb":{"@id":"https:\/\/www.campingbellaterra.com\/da\/toiletter\/#breadcrumb"},"inLanguage":"da-DK","potentialAction":[{"@type":"ReadAction","target":["https:\/\/www.campingbellaterra.com\/da\/toiletter\/"]}]},{"@type":"ImageObject","inLanguage":"da-DK","@id":"https:\/\/www.campingbellaterra.com\/da\/toiletter\/#primaryimage","url":"https:\/\/www.campingbellaterra.com\/wp-content\/uploads\/sanitaris-main.webp","contentUrl":"https:\/\/www.campingbellaterra.com\/wp-content\/uploads\/sanitaris-main.webp"},{"@type":"BreadcrumbList","@id":"https:\/\/www.campingbellaterra.com\/da\/toiletter\/#breadcrumb","itemListElement":[{"@type":"ListItem","position":1,"name":"Inici","item":"https:\/\/www.campingbellaterra.com\/da\/"},{"@type":"ListItem","position":2,"name":"Toiletter"}]},{"@type":"WebSite","@id":"https:\/\/www.campingbellaterra.com\/da\/#website","url":"https:\/\/www.campingbellaterra.com\/da\/","name":"Camping Bella Terra","description":"Otro sitio realizado con WordPress","publisher":{"@id":"https:\/\/www.campingbellaterra.com\/da\/#organization"},"potentialAction":[{"@type":"SearchAction","target":{"@type":"EntryPoint","urlTemplate":"https:\/\/www.campingbellaterra.com\/da\/?s={search_term_string}"},"query-input":{"@type":"PropertyValueSpecification","valueRequired":true,"valueName":"search_term_string"}}],"inLanguage":"da-DK"},{"@type":"Organization","@id":"https:\/\/www.campingbellaterra.com\/da\/#organization","name":"Camping Bella Terra","url":"https:\/\/www.campingbellaterra.com\/da\/","logo":{"@type":"ImageObject","inLanguage":"da-DK","@id":"https:\/\/www.campingbellaterra.com\/da\/#\/schema\/logo\/image\/","url":"https:\/\/www.campingbellaterra.com\/wp-content\/uploads\/logo6.svg","contentUrl":"https:\/\/www.campingbellaterra.com\/wp-content\/uploads\/logo6.svg","width":"2048","height":"2048","caption":"Camping Bella Terra"},"image":{"@id":"https:\/\/www.campingbellaterra.com\/da\/#\/schema\/logo\/image\/"},"sameAs":["https:\/\/www.facebook.com\/campingbellaterra\/","https:\/\/x.com\/cbellaterra","https:\/\/www.instagram.com\/campingbellaterra\/","https:\/\/www.youtube.com\/c\/Camping-Bellaterra-Blanes","https:\/\/www.tripadvisor.es\/Hotel_Review-g580331-d3328184-Reviews-Camping_Bella_Terra-Blanes_Costa_Brava_Province_of_Girona_Catalonia.html"]}]}},"_links":{"self":[{"href":"https:\/\/www.campingbellaterra.com\/da\/wp-json\/wp\/v2\/pages\/14506","targetHints":{"allow":["GET"]}}],"collection":[{"href":"https:\/\/www.campingbellaterra.com\/da\/wp-json\/wp\/v2\/pages"}],"about":[{"href":"https:\/\/www.campingbellaterra.com\/da\/wp-json\/wp\/v2\/types\/page"}],"author":[{"embeddable":true,"href":"https:\/\/www.campingbellaterra.com\/da\/wp-json\/wp\/v2\/users\/1"}],"replies":[{"embeddable":true,"href":"https:\/\/www.campingbellaterra.com\/da\/wp-json\/wp\/v2\/comments?post=14506"}],"version-history":[{"count":6,"href":"https:\/\/www.campingbellaterra.com\/da\/wp-json\/wp\/v2\/pages\/14506\/revisions"}],"predecessor-version":[{"id":20322,"href":"https:\/\/www.campingbellaterra.com\/da\/wp-json\/wp\/v2\/pages\/14506\/revisions\/20322"}],"wp:attachment":[{"href":"https:\/\/www.campingbellaterra.com\/da\/wp-json\/wp\/v2\/media?parent=14506"}],"curies":[{"name":"wp","href":"https:\/\/api.w.org\/{rel}","templated":true}]}}