{"id":14512,"date":"2022-03-30T13:07:47","date_gmt":"2022-03-30T11:07:47","guid":{"rendered":"https:\/\/www.campingbellaterra.com\/placering\/"},"modified":"2024-11-15T11:52:04","modified_gmt":"2024-11-15T10:52:04","slug":"placering","status":"publish","type":"page","link":"https:\/\/www.campingbellaterra.com\/da\/placering\/","title":{"rendered":"Placering"},"content":{"rendered":"<div class=\"wp-block-cover alignfull is-light wp-align-content-end scroll-down\" style=\"min-height:100vh;aspect-ratio:unset;\"><span aria-hidden=\"true\" class=\"wp-block-cover__background has-background-dim-10 has-background-dim\"><\/span><noscript><img decoding=\"async\" width=\"1920\" height=\"1275\" class=\"wp-block-cover__image-background wp-image-11332\" alt src=\"https:\/\/www.campingbellaterra.com\/wp-content\/uploads\/camping-costa-brava-air.webp\" data-object-fit=\"cover\" srcset=\"https:\/\/www.campingbellaterra.com\/wp-content\/uploads\/camping-costa-brava-air.webp 1920w, https:\/\/www.campingbellaterra.com\/wp-content\/uploads\/camping-costa-brava-air-1024x680.webp 1024w, https:\/\/www.campingbellaterra.com\/wp-content\/uploads\/camping-costa-brava-air-768x510.webp 768w, https:\/\/www.campingbellaterra.com\/wp-content\/uploads\/camping-costa-brava-air-1536x1020.webp 1536w, https:\/\/www.campingbellaterra.com\/wp-content\/uploads\/camping-costa-brava-air-450x300.webp 450w, https:\/\/www.campingbellaterra.com\/wp-content\/uploads\/camping-costa-brava-air-225x150.webp 225w\" sizes=\"(max-width: 1920px) 100vw, 1920px\"><\/noscript><img decoding=\"async\" width=\"1920\" height=\"1275\" class=\"wp-block-cover__image-background wp-image-11332 lazyload\" alt src=\"data:image\/svg+xml,%3Csvg%20xmlns%3D%22http%3A%2F%2Fwww.w3.org%2F2000%2Fsvg%22%20viewBox%3D%220%200%201920%201275%22%3E%3C%2Fsvg%3E\" data-object-fit=\"cover\" srcset=\"data:image\/svg+xml,%3Csvg%20xmlns%3D%22http%3A%2F%2Fwww.w3.org%2F2000%2Fsvg%22%20viewBox%3D%220%200%201920%201275%22%3E%3C%2Fsvg%3E 1920w\" sizes=\"(max-width: 1920px) 100vw, 1920px\" data-srcset=\"https:\/\/www.campingbellaterra.com\/wp-content\/uploads\/camping-costa-brava-air.webp 1920w, https:\/\/www.campingbellaterra.com\/wp-content\/uploads\/camping-costa-brava-air-1024x680.webp 1024w, https:\/\/www.campingbellaterra.com\/wp-content\/uploads\/camping-costa-brava-air-768x510.webp 768w, https:\/\/www.campingbellaterra.com\/wp-content\/uploads\/camping-costa-brava-air-1536x1020.webp 1536w, https:\/\/www.campingbellaterra.com\/wp-content\/uploads\/camping-costa-brava-air-450x300.webp 450w, https:\/\/www.campingbellaterra.com\/wp-content\/uploads\/camping-costa-brava-air-225x150.webp 225w\" data-src=\"https:\/\/www.campingbellaterra.com\/wp-content\/uploads\/camping-costa-brava-air.webp\"><div class=\"wp-block-cover__inner-container is-layout-flow wp-block-cover-is-layout-flow\">\n<div class=\"wp-block-columns is-not-stacked-on-mobile alignwide is-layout-flex wp-container-core-columns-is-layout-28f84493 wp-block-columns-is-layout-flex\">\n<div class=\"wp-block-column is-vertically-aligned-bottom is-layout-flow wp-block-column-is-layout-flow\" style=\"flex-basis:75%\">\n<h1 class=\"wp-block-heading large-text-shadow has-blank-white-color has-text-color\" id=\"a-peu-de-platja\">Placering<\/h1>\n\n\n\n<p class=\"short-text-shadow icon-date_range has-blank-white-color has-text-color has-link-color wp-elements-83a7902396bde7713cabe5cdfe6c13f3\">Data d&#8217;obertura 28 de mar\u00e7<\/p>\n<\/div>\n\n\n\n<div class=\"wp-block-column is-vertically-aligned-bottom is-layout-flow wp-block-column-is-layout-flow\" style=\"flex-basis:25%\"><div id=\"owm-weather-id-497-1\" class=\"owm-weather-id\" data-id=\"497\" data-weather_id=\"owm-weather-id-497-1\"><div class=\"owmw-loading-spinner\"><button id=\"button-owm-weather-id-497-1\" onclick=\"owmw_refresh_weather(this.id)\"><noscript><img decoding=\"async\" src=\"https:\/\/www.campingbellaterra.com\/wp-content\/plugins\/owm-weather\/img\/owmloading.gif\" alt=\"loader\"><\/noscript><img decoding=\"async\" src=\"data:image\/gif;base64,R0lGODlhAQABAIAAAAAAAP\/\/\/yH5BAEAAAAALAAAAAABAAEAAAIBRAA7\" alt=\"loader\" data-src=\"https:\/\/www.campingbellaterra.com\/wp-content\/plugins\/owm-weather\/img\/owmloading.gif\" class=\" lazyload\"><\/button><\/div><\/div>\n<\/div>\n<\/div>\n\n\n\n<div class=\"wp-block-buttons is-content-justification-center is-layout-flex wp-container-core-buttons-is-layout-a89b3969 wp-block-buttons-is-layout-flex\">\n<div class=\"wp-block-button icon-mouse icon-link\"><a class=\"wp-block-button__link wp-element-button\" href=\"#scrolldown\"><strong>scrolldown<\/strong><\/a><\/div>\n<\/div>\n<\/div><\/div>\n\n\n\n<div class=\"wp-block-cover alignwide is-light cover-auto-height wp-duotone-fff7ce-fff7ce-1\" id=\"scrolldown\"><span aria-hidden=\"true\" class=\"wp-block-cover__background has-background-dim-0 has-background-dim\"><\/span><noscript><img decoding=\"async\" width=\"1033\" height=\"308\" class=\"wp-block-cover__image-background wp-image-559\" alt src=\"https:\/\/www.campingbellaterra.com\/wp-content\/uploads\/brush-01.svg\" data-object-fit=\"cover\"><\/noscript><img decoding=\"async\" width=\"1033\" height=\"308\" class=\"wp-block-cover__image-background wp-image-559 lazyload\" alt src=\"data:image\/svg+xml,%3Csvg%20xmlns%3D%22http%3A%2F%2Fwww.w3.org%2F2000%2Fsvg%22%20viewBox%3D%220%200%201033%20308%22%3E%3C%2Fsvg%3E\" data-object-fit=\"cover\" data-src=\"https:\/\/www.campingbellaterra.com\/wp-content\/uploads\/brush-01.svg\"><div class=\"wp-block-cover__inner-container is-layout-flow wp-block-cover-is-layout-flow\">\n<div class=\"wp-block-group alignnormal is-layout-flow wp-block-group-is-layout-flow\">\n<h2 class=\"wp-block-heading has-text-align-center\">La Costa Brava<\/h2>\n\n\n\n<p class=\"has-text-align-center\">Blanes, Portal de la Costa Brava, ligger i provinsen Girona, 55 minutter fra den franske gr\u00e6nse og 45 minutter fra byen Barcelona. Dens placering og gode kombinationer af transportmidler (fly, tog og skibe) g\u00f8r Camping Bella Terra meget tilg\u00e6ngelig for familier, der foretr\u00e6kker at rejse uden at bruge deres eget k\u00f8ret\u00f8j.<\/p>\n\n\n\n<p class=\"has-text-align-center\">Costa Brava har en kystlinje p\u00e5 158 km og er, som navnet antyder, stejl og med et vildt landskab. Gr\u00f8nne fyrreskove h\u00e6nger over klipperne og n\u00e5r strande og bugter af hvidt sand badet ved det dybe bl\u00e5 Middelhav.<\/p>\n\n\n\n<p class=\"has-text-align-center\">Mod syd begynder Costa Brava i Blanes og n\u00e5r Portbou, n\u00e6r den franske gr\u00e6nse. Vi kan finde naturparker som Cap de Creus, Medes Islands eller Aiguamolls de l\u2019Empord\u00e0. Ogs\u00e5 emblematiske landsbyer som Cadaqu\u00e9s, Pals eller Emp\u00faries (med de ber\u00f8mte romanske ruiner), middelalderlandsbyer som Monells, Peratallada. Smukke bugter i Begur eller Llafranc (hvor du kan finde det ber\u00f8mte fyr i San Sebasti\u00e0), botaniske haver i Blanes og Delta del Tordera, som ligger f\u00e5 meter fra Camping Bella Terra.<\/p>\n\n\n\n<p class=\"has-text-align-center\">Alt i alt et fantastisk sted at tilbringe et par dage eller en uforglemmelig familieferie.<\/p>\n<\/div>\n<\/div><\/div>\n\n\n\n<div class=\"wp-block-columns block-bottom is-layout-flex wp-container-core-columns-is-layout-28f84493 wp-block-columns-is-layout-flex\">\n<div class=\"wp-block-column is-layout-flow wp-block-column-is-layout-flow\">\n<figure class=\"wp-block-image aligncenter size-full is-resized is-style-rounded circle-shadow\"><noscript><img decoding=\"async\" width=\"986\" height=\"986\" src=\"https:\/\/www.campingbellaterra.com\/wp-content\/uploads\/blanes-planol-turistic-web-download.webp\" alt class=\"wp-image-11352\" style=\"width:286px;height:286px\" srcset=\"https:\/\/www.campingbellaterra.com\/wp-content\/uploads\/blanes-planol-turistic-web-download.webp 986w, https:\/\/www.campingbellaterra.com\/wp-content\/uploads\/blanes-planol-turistic-web-download-200x200.webp 200w, https:\/\/www.campingbellaterra.com\/wp-content\/uploads\/blanes-planol-turistic-web-download-768x768.webp 768w\" sizes=\"(max-width: 986px) 100vw, 986px\"><\/noscript><img decoding=\"async\" width=\"986\" height=\"986\" src=\"data:image\/svg+xml,%3Csvg%20xmlns%3D%22http%3A%2F%2Fwww.w3.org%2F2000%2Fsvg%22%20viewBox%3D%220%200%20986%20986%22%3E%3C%2Fsvg%3E\" alt class=\"wp-image-11352 lazyload\" style=\"width:286px;height:286px\" srcset=\"data:image\/svg+xml,%3Csvg%20xmlns%3D%22http%3A%2F%2Fwww.w3.org%2F2000%2Fsvg%22%20viewBox%3D%220%200%20986%20986%22%3E%3C%2Fsvg%3E 986w\" sizes=\"(max-width: 986px) 100vw, 986px\" data-srcset=\"https:\/\/www.campingbellaterra.com\/wp-content\/uploads\/blanes-planol-turistic-web-download.webp 986w, https:\/\/www.campingbellaterra.com\/wp-content\/uploads\/blanes-planol-turistic-web-download-200x200.webp 200w, https:\/\/www.campingbellaterra.com\/wp-content\/uploads\/blanes-planol-turistic-web-download-768x768.webp 768w\" data-src=\"https:\/\/www.campingbellaterra.com\/wp-content\/uploads\/blanes-planol-turistic-web-download.webp\"><\/figure>\n\n\n\n<div class=\"wp-block-buttons is-content-justification-center is-layout-flex wp-container-core-buttons-is-layout-a89b3969 wp-block-buttons-is-layout-flex\">\n<div class=\"wp-block-button is-style-outline icon-cloud_download is-style-outline--2\"><a class=\"wp-block-button__link wp-element-button\" href=\"https:\/\/www.campingbellaterra.com\/wp-content\/uploads\/blanes-planol-turistic.pdf\" style=\"border-radius:8px\" target=\"_blank\" rel=\"noreferrer noopener\">Kort over Blanes<\/a><\/div>\n<\/div>\n<\/div>\n\n\n\n<div class=\"wp-block-column is-layout-flow wp-block-column-is-layout-flow\">\n<figure class=\"wp-block-image aligncenter size-full is-resized is-style-rounded circle-shadow\"><noscript><img decoding=\"async\" width=\"842\" height=\"842\" src=\"https:\/\/www.campingbellaterra.com\/wp-content\/uploads\/plano-full-alta-res-downloads.webp\" alt class=\"wp-image-11359\" style=\"width:286px;height:286px\" srcset=\"https:\/\/www.campingbellaterra.com\/wp-content\/uploads\/plano-full-alta-res-downloads.webp 842w, https:\/\/www.campingbellaterra.com\/wp-content\/uploads\/plano-full-alta-res-downloads-200x200.webp 200w, https:\/\/www.campingbellaterra.com\/wp-content\/uploads\/plano-full-alta-res-downloads-768x768.webp 768w\" sizes=\"(max-width: 842px) 100vw, 842px\"><\/noscript><img decoding=\"async\" width=\"842\" height=\"842\" src=\"data:image\/svg+xml,%3Csvg%20xmlns%3D%22http%3A%2F%2Fwww.w3.org%2F2000%2Fsvg%22%20viewBox%3D%220%200%20842%20842%22%3E%3C%2Fsvg%3E\" alt class=\"wp-image-11359 lazyload\" style=\"width:286px;height:286px\" srcset=\"data:image\/svg+xml,%3Csvg%20xmlns%3D%22http%3A%2F%2Fwww.w3.org%2F2000%2Fsvg%22%20viewBox%3D%220%200%20842%20842%22%3E%3C%2Fsvg%3E 842w\" sizes=\"(max-width: 842px) 100vw, 842px\" data-srcset=\"https:\/\/www.campingbellaterra.com\/wp-content\/uploads\/plano-full-alta-res-downloads.webp 842w, https:\/\/www.campingbellaterra.com\/wp-content\/uploads\/plano-full-alta-res-downloads-200x200.webp 200w, https:\/\/www.campingbellaterra.com\/wp-content\/uploads\/plano-full-alta-res-downloads-768x768.webp 768w\" data-src=\"https:\/\/www.campingbellaterra.com\/wp-content\/uploads\/plano-full-alta-res-downloads.webp\"><\/figure>\n\n\n\n<div class=\"wp-block-buttons is-content-justification-center is-layout-flex wp-container-core-buttons-is-layout-a89b3969 wp-block-buttons-is-layout-flex\">\n<div class=\"wp-block-button is-style-outline icon-cloud_download is-style-outline--3\"><a class=\"wp-block-button__link wp-element-button\" href=\"https:\/\/www.campingbellaterra.com\/wp-content\/uploads\/plano-full.pdf\" style=\"border-radius:8px\" target=\"_blank\" rel=\"noreferrer noopener\">Kort over campingpladsen<\/a><\/div>\n<\/div>\n<\/div>\n<\/div>\n\n\n<div id=\"flxmap-69edf69a79fd8\" class=\"flxmap-container\" data-flxmap=\"flxmap_69edf69a79fd8\" style=\"width:100%;height:400px;\"><\/div>\n<div id=\"flxmap-69edf69a79fd8-dir\" class=\"flxmap-directions\"><\/div>\n<script data-noptimize=\"1\">\n\/* <![CDATA[ *\/\n(function(w, fn) {\n if (w.addEventListener) w.addEventListener(\"DOMContentLoaded\", fn, false);\n else if (w.attachEvent) w.attachEvent(\"onload\", fn);\n})(window, function() {\n var f = new FlexibleMap();\n f.markerDirections = true;\n f.markerDirectionsDiv = \"flxmap-69edf69a79fd8-dir\";\n f.setlocale(\"da-DK\");\n f.zoom = 14;\n f.markerTitle = \"Camping Bella Terra\";\n f.showAddress(\"flxmap-69edf69a79fd8\", \"Av. Vila de Madrid 35-40 Blanes Costa Brava Girona\");\n window.flxmap_69edf69a79fd8 = f;\n});\n\/* ]]> *\/\n<\/script>\n\n","protected":false},"excerpt":{"rendered":"","protected":false},"author":1,"featured_media":0,"parent":0,"menu_order":12,"comment_status":"closed","ping_status":"closed","template":"","meta":{"_acf_changed":false,"inline_featured_image":false,"_monsterinsights_skip_tracking":false,"_monsterinsights_sitenote_active":false,"_monsterinsights_sitenote_note":"","_monsterinsights_sitenote_category":0,"footnotes":""},"class_list":["post-14512","page","type-page","status-publish","hentry"],"acf":[],"yoast_head":"<!-- This site is optimized with the Yoast SEO plugin v27.0 - https:\/\/yoast.com\/product\/yoast-seo-wordpress\/ -->\n<title>Placering - Camping Bella Terra<\/title>\n<meta name=\"robots\" content=\"index, follow, max-snippet:-1, max-image-preview:large, max-video-preview:-1\" \/>\n<link rel=\"canonical\" href=\"https:\/\/www.campingbellaterra.com\/da\/placering\/\" \/>\n<meta property=\"og:locale\" content=\"da_DK\" \/>\n<meta property=\"og:type\" content=\"article\" \/>\n<meta property=\"og:title\" content=\"Placering - Camping Bella Terra\" \/>\n<meta property=\"og:url\" content=\"https:\/\/www.campingbellaterra.com\/da\/placering\/\" \/>\n<meta property=\"og:site_name\" content=\"Camping Bella Terra\" \/>\n<meta property=\"article:publisher\" content=\"https:\/\/www.facebook.com\/campingbellaterra\/\" \/>\n<meta property=\"article:modified_time\" content=\"2024-11-15T10:52:04+00:00\" \/>\n<meta property=\"og:image\" content=\"https:\/\/www.campingbellaterra.com\/wp-content\/uploads\/camping-costa-brava-air.webp\" \/>\n<meta name=\"twitter:card\" content=\"summary_large_image\" \/>\n<meta name=\"twitter:site\" content=\"@cbellaterra\" \/>\n<meta name=\"twitter:label1\" content=\"Estimeret l\u00e6setid\" \/>\n\t<meta name=\"twitter:data1\" content=\"2 minutter\" \/>\n<script type=\"application\/ld+json\" class=\"yoast-schema-graph\">{\"@context\":\"https:\/\/schema.org\",\"@graph\":[{\"@type\":\"WebPage\",\"@id\":\"https:\/\/www.campingbellaterra.com\/da\/placering\/\",\"url\":\"https:\/\/www.campingbellaterra.com\/da\/placering\/\",\"name\":\"Placering - Camping Bella Terra\",\"isPartOf\":{\"@id\":\"https:\/\/www.campingbellaterra.com\/da\/#website\"},\"primaryImageOfPage\":{\"@id\":\"https:\/\/www.campingbellaterra.com\/da\/placering\/#primaryimage\"},\"image\":{\"@id\":\"https:\/\/www.campingbellaterra.com\/da\/placering\/#primaryimage\"},\"thumbnailUrl\":\"https:\/\/www.campingbellaterra.com\/wp-content\/uploads\/camping-costa-brava-air.webp\",\"datePublished\":\"2022-03-30T11:07:47+00:00\",\"dateModified\":\"2024-11-15T10:52:04+00:00\",\"breadcrumb\":{\"@id\":\"https:\/\/www.campingbellaterra.com\/da\/placering\/#breadcrumb\"},\"inLanguage\":\"da-DK\",\"potentialAction\":[{\"@type\":\"ReadAction\",\"target\":[\"https:\/\/www.campingbellaterra.com\/da\/placering\/\"]}]},{\"@type\":\"ImageObject\",\"inLanguage\":\"da-DK\",\"@id\":\"https:\/\/www.campingbellaterra.com\/da\/placering\/#primaryimage\",\"url\":\"https:\/\/www.campingbellaterra.com\/wp-content\/uploads\/camping-costa-brava-air.webp\",\"contentUrl\":\"https:\/\/www.campingbellaterra.com\/wp-content\/uploads\/camping-costa-brava-air.webp\"},{\"@type\":\"BreadcrumbList\",\"@id\":\"https:\/\/www.campingbellaterra.com\/da\/placering\/#breadcrumb\",\"itemListElement\":[{\"@type\":\"ListItem\",\"position\":1,\"name\":\"Inici\",\"item\":\"https:\/\/www.campingbellaterra.com\/da\/\"},{\"@type\":\"ListItem\",\"position\":2,\"name\":\"Placering\"}]},{\"@type\":\"WebSite\",\"@id\":\"https:\/\/www.campingbellaterra.com\/da\/#website\",\"url\":\"https:\/\/www.campingbellaterra.com\/da\/\",\"name\":\"Camping Bella Terra\",\"description\":\"Otro sitio realizado con WordPress\",\"publisher\":{\"@id\":\"https:\/\/www.campingbellaterra.com\/da\/#organization\"},\"potentialAction\":[{\"@type\":\"SearchAction\",\"target\":{\"@type\":\"EntryPoint\",\"urlTemplate\":\"https:\/\/www.campingbellaterra.com\/da\/?s={search_term_string}\"},\"query-input\":{\"@type\":\"PropertyValueSpecification\",\"valueRequired\":true,\"valueName\":\"search_term_string\"}}],\"inLanguage\":\"da-DK\"},{\"@type\":\"Organization\",\"@id\":\"https:\/\/www.campingbellaterra.com\/da\/#organization\",\"name\":\"Camping Bella Terra\",\"url\":\"https:\/\/www.campingbellaterra.com\/da\/\",\"logo\":{\"@type\":\"ImageObject\",\"inLanguage\":\"da-DK\",\"@id\":\"https:\/\/www.campingbellaterra.com\/da\/#\/schema\/logo\/image\/\",\"url\":\"https:\/\/www.campingbellaterra.com\/wp-content\/uploads\/logo6.svg\",\"contentUrl\":\"https:\/\/www.campingbellaterra.com\/wp-content\/uploads\/logo6.svg\",\"width\":\"2048\",\"height\":\"2048\",\"caption\":\"Camping Bella Terra\"},\"image\":{\"@id\":\"https:\/\/www.campingbellaterra.com\/da\/#\/schema\/logo\/image\/\"},\"sameAs\":[\"https:\/\/www.facebook.com\/campingbellaterra\/\",\"https:\/\/x.com\/cbellaterra\",\"https:\/\/www.instagram.com\/campingbellaterra\/\",\"https:\/\/www.youtube.com\/c\/Camping-Bellaterra-Blanes\",\"https:\/\/www.tripadvisor.es\/Hotel_Review-g580331-d3328184-Reviews-Camping_Bella_Terra-Blanes_Costa_Brava_Province_of_Girona_Catalonia.html\"]}]}<\/script>\n<!-- \/ Yoast SEO plugin. -->","yoast_head_json":{"title":"Placering - Camping Bella Terra","robots":{"index":"index","follow":"follow","max-snippet":"max-snippet:-1","max-image-preview":"max-image-preview:large","max-video-preview":"max-video-preview:-1"},"canonical":"https:\/\/www.campingbellaterra.com\/da\/placering\/","og_locale":"da_DK","og_type":"article","og_title":"Placering - Camping Bella Terra","og_url":"https:\/\/www.campingbellaterra.com\/da\/placering\/","og_site_name":"Camping Bella Terra","article_publisher":"https:\/\/www.facebook.com\/campingbellaterra\/","article_modified_time":"2024-11-15T10:52:04+00:00","og_image":[{"url":"https:\/\/www.campingbellaterra.com\/wp-content\/uploads\/camping-costa-brava-air.webp","type":"","width":"","height":""}],"twitter_card":"summary_large_image","twitter_site":"@cbellaterra","twitter_misc":{"Estimeret l\u00e6setid":"2 minutter"},"schema":{"@context":"https:\/\/schema.org","@graph":[{"@type":"WebPage","@id":"https:\/\/www.campingbellaterra.com\/da\/placering\/","url":"https:\/\/www.campingbellaterra.com\/da\/placering\/","name":"Placering - Camping Bella Terra","isPartOf":{"@id":"https:\/\/www.campingbellaterra.com\/da\/#website"},"primaryImageOfPage":{"@id":"https:\/\/www.campingbellaterra.com\/da\/placering\/#primaryimage"},"image":{"@id":"https:\/\/www.campingbellaterra.com\/da\/placering\/#primaryimage"},"thumbnailUrl":"https:\/\/www.campingbellaterra.com\/wp-content\/uploads\/camping-costa-brava-air.webp","datePublished":"2022-03-30T11:07:47+00:00","dateModified":"2024-11-15T10:52:04+00:00","breadcrumb":{"@id":"https:\/\/www.campingbellaterra.com\/da\/placering\/#breadcrumb"},"inLanguage":"da-DK","potentialAction":[{"@type":"ReadAction","target":["https:\/\/www.campingbellaterra.com\/da\/placering\/"]}]},{"@type":"ImageObject","inLanguage":"da-DK","@id":"https:\/\/www.campingbellaterra.com\/da\/placering\/#primaryimage","url":"https:\/\/www.campingbellaterra.com\/wp-content\/uploads\/camping-costa-brava-air.webp","contentUrl":"https:\/\/www.campingbellaterra.com\/wp-content\/uploads\/camping-costa-brava-air.webp"},{"@type":"BreadcrumbList","@id":"https:\/\/www.campingbellaterra.com\/da\/placering\/#breadcrumb","itemListElement":[{"@type":"ListItem","position":1,"name":"Inici","item":"https:\/\/www.campingbellaterra.com\/da\/"},{"@type":"ListItem","position":2,"name":"Placering"}]},{"@type":"WebSite","@id":"https:\/\/www.campingbellaterra.com\/da\/#website","url":"https:\/\/www.campingbellaterra.com\/da\/","name":"Camping Bella Terra","description":"Otro sitio realizado con WordPress","publisher":{"@id":"https:\/\/www.campingbellaterra.com\/da\/#organization"},"potentialAction":[{"@type":"SearchAction","target":{"@type":"EntryPoint","urlTemplate":"https:\/\/www.campingbellaterra.com\/da\/?s={search_term_string}"},"query-input":{"@type":"PropertyValueSpecification","valueRequired":true,"valueName":"search_term_string"}}],"inLanguage":"da-DK"},{"@type":"Organization","@id":"https:\/\/www.campingbellaterra.com\/da\/#organization","name":"Camping Bella Terra","url":"https:\/\/www.campingbellaterra.com\/da\/","logo":{"@type":"ImageObject","inLanguage":"da-DK","@id":"https:\/\/www.campingbellaterra.com\/da\/#\/schema\/logo\/image\/","url":"https:\/\/www.campingbellaterra.com\/wp-content\/uploads\/logo6.svg","contentUrl":"https:\/\/www.campingbellaterra.com\/wp-content\/uploads\/logo6.svg","width":"2048","height":"2048","caption":"Camping Bella Terra"},"image":{"@id":"https:\/\/www.campingbellaterra.com\/da\/#\/schema\/logo\/image\/"},"sameAs":["https:\/\/www.facebook.com\/campingbellaterra\/","https:\/\/x.com\/cbellaterra","https:\/\/www.instagram.com\/campingbellaterra\/","https:\/\/www.youtube.com\/c\/Camping-Bellaterra-Blanes","https:\/\/www.tripadvisor.es\/Hotel_Review-g580331-d3328184-Reviews-Camping_Bella_Terra-Blanes_Costa_Brava_Province_of_Girona_Catalonia.html"]}]}},"_links":{"self":[{"href":"https:\/\/www.campingbellaterra.com\/da\/wp-json\/wp\/v2\/pages\/14512","targetHints":{"allow":["GET"]}}],"collection":[{"href":"https:\/\/www.campingbellaterra.com\/da\/wp-json\/wp\/v2\/pages"}],"about":[{"href":"https:\/\/www.campingbellaterra.com\/da\/wp-json\/wp\/v2\/types\/page"}],"author":[{"embeddable":true,"href":"https:\/\/www.campingbellaterra.com\/da\/wp-json\/wp\/v2\/users\/1"}],"replies":[{"embeddable":true,"href":"https:\/\/www.campingbellaterra.com\/da\/wp-json\/wp\/v2\/comments?post=14512"}],"version-history":[{"count":6,"href":"https:\/\/www.campingbellaterra.com\/da\/wp-json\/wp\/v2\/pages\/14512\/revisions"}],"predecessor-version":[{"id":20331,"href":"https:\/\/www.campingbellaterra.com\/da\/wp-json\/wp\/v2\/pages\/14512\/revisions\/20331"}],"wp:attachment":[{"href":"https:\/\/www.campingbellaterra.com\/da\/wp-json\/wp\/v2\/media?parent=14512"}],"curies":[{"name":"wp","href":"https:\/\/api.w.org\/{rel}","templated":true}]}}