{"id":14514,"date":"2022-02-22T11:14:28","date_gmt":"2022-02-22T10:14:28","guid":{"rendered":"https:\/\/www.campingbellaterra.com\/on-the-beach\/"},"modified":"2024-11-15T11:57:42","modified_gmt":"2024-11-15T10:57:42","slug":"on-the-beach","status":"publish","type":"page","link":"https:\/\/www.campingbellaterra.com\/da\/on-the-beach\/","title":{"rendered":"On the Beach"},"content":{"rendered":"<div class=\"wp-block-cover alignfull is-light wp-align-content-end scroll-down\" style=\"min-height:100vh;aspect-ratio:unset;\"><span aria-hidden=\"true\" class=\"wp-block-cover__background has-background-dim-10 has-background-dim\"><\/span><noscript><img decoding=\"async\" width=\"1920\" height=\"1080\" class=\"wp-block-cover__image-background wp-image-7539\" alt src=\"https:\/\/www.campingbellaterra.com\/wp-content\/uploads\/apeudeplatja-main.webp\" data-object-fit=\"cover\" srcset=\"https:\/\/www.campingbellaterra.com\/wp-content\/uploads\/apeudeplatja-main.webp 1920w, https:\/\/www.campingbellaterra.com\/wp-content\/uploads\/apeudeplatja-main-1024x576.webp 1024w, https:\/\/www.campingbellaterra.com\/wp-content\/uploads\/apeudeplatja-main-768x432.webp 768w, https:\/\/www.campingbellaterra.com\/wp-content\/uploads\/apeudeplatja-main-1536x864.webp 1536w\" sizes=\"(max-width: 1920px) 100vw, 1920px\"><\/noscript><img decoding=\"async\" width=\"1920\" height=\"1080\" class=\"wp-block-cover__image-background wp-image-7539 lazyload\" alt src=\"data:image\/svg+xml,%3Csvg%20xmlns%3D%22http%3A%2F%2Fwww.w3.org%2F2000%2Fsvg%22%20viewBox%3D%220%200%201920%201080%22%3E%3C%2Fsvg%3E\" data-object-fit=\"cover\" srcset=\"data:image\/svg+xml,%3Csvg%20xmlns%3D%22http%3A%2F%2Fwww.w3.org%2F2000%2Fsvg%22%20viewBox%3D%220%200%201920%201080%22%3E%3C%2Fsvg%3E 1920w\" sizes=\"(max-width: 1920px) 100vw, 1920px\" data-srcset=\"https:\/\/www.campingbellaterra.com\/wp-content\/uploads\/apeudeplatja-main.webp 1920w, https:\/\/www.campingbellaterra.com\/wp-content\/uploads\/apeudeplatja-main-1024x576.webp 1024w, https:\/\/www.campingbellaterra.com\/wp-content\/uploads\/apeudeplatja-main-768x432.webp 768w, https:\/\/www.campingbellaterra.com\/wp-content\/uploads\/apeudeplatja-main-1536x864.webp 1536w\" data-src=\"https:\/\/www.campingbellaterra.com\/wp-content\/uploads\/apeudeplatja-main.webp\"><div class=\"wp-block-cover__inner-container is-layout-flow wp-block-cover-is-layout-flow\">\n<div class=\"wp-block-columns is-not-stacked-on-mobile alignwide is-layout-flex wp-container-core-columns-is-layout-28f84493 wp-block-columns-is-layout-flex\">\n<div class=\"wp-block-column is-vertically-aligned-bottom is-layout-flow wp-block-column-is-layout-flow\" style=\"flex-basis:75%\">\n<h1 class=\"wp-block-heading large-text-shadow has-blank-white-color has-text-color\" id=\"a-peu-de-platja\"><span class=\"text-stroke\">On<\/span> the Beach<\/h1>\n\n\n\n<p class=\"short-text-shadow icon-date_range has-blank-white-color has-text-color has-link-color wp-elements-83a7902396bde7713cabe5cdfe6c13f3\">Data d&#8217;obertura 28 de mar\u00e7<\/p>\n<\/div>\n\n\n\n<div class=\"wp-block-column is-vertically-aligned-bottom is-layout-flow wp-block-column-is-layout-flow\" style=\"flex-basis:25%\"><div id=\"owm-weather-id-497-1\" class=\"owm-weather-id\" data-id=\"497\" data-weather_id=\"owm-weather-id-497-1\"><div class=\"owmw-loading-spinner\"><button id=\"button-owm-weather-id-497-1\" onclick=\"owmw_refresh_weather(this.id)\"><noscript><img decoding=\"async\" src=\"https:\/\/www.campingbellaterra.com\/wp-content\/plugins\/owm-weather\/img\/owmloading.gif\" alt=\"loader\"><\/noscript><img decoding=\"async\" src=\"data:image\/gif;base64,R0lGODlhAQABAIAAAAAAAP\/\/\/yH5BAEAAAAALAAAAAABAAEAAAIBRAA7\" alt=\"loader\" data-src=\"https:\/\/www.campingbellaterra.com\/wp-content\/plugins\/owm-weather\/img\/owmloading.gif\" class=\" lazyload\"><\/button><\/div><\/div>\n<\/div>\n<\/div>\n\n\n\n<div class=\"wp-block-buttons is-content-justification-center is-layout-flex wp-container-core-buttons-is-layout-a89b3969 wp-block-buttons-is-layout-flex\">\n<div class=\"wp-block-button icon-mouse icon-link\"><a class=\"wp-block-button__link wp-element-button\" href=\"#scrolldown\"><strong>scrolldown<\/strong><\/a><\/div>\n<\/div>\n<\/div><\/div>\n\n\n\n<div class=\"wp-block-cover alignwide is-light cover-auto-height wp-duotone-d0e3f2-d0e3f2-1\" id=\"scrolldown\"><span aria-hidden=\"true\" class=\"wp-block-cover__background has-background-dim-0 has-background-dim\"><\/span><noscript><img decoding=\"async\" width=\"1002\" height=\"331\" class=\"wp-block-cover__image-background wp-image-560\" alt src=\"https:\/\/www.campingbellaterra.com\/wp-content\/uploads\/brush-02.svg\" data-object-fit=\"cover\"><\/noscript><img decoding=\"async\" width=\"1002\" height=\"331\" class=\"wp-block-cover__image-background wp-image-560 lazyload\" alt src=\"data:image\/svg+xml,%3Csvg%20xmlns%3D%22http%3A%2F%2Fwww.w3.org%2F2000%2Fsvg%22%20viewBox%3D%220%200%201002%20331%22%3E%3C%2Fsvg%3E\" data-object-fit=\"cover\" data-src=\"https:\/\/www.campingbellaterra.com\/wp-content\/uploads\/brush-02.svg\"><div class=\"wp-block-cover__inner-container is-layout-flow wp-block-cover-is-layout-flow\">\n<div class=\"wp-block-group alignnormal is-layout-flow wp-block-group-is-layout-flow\">\n<p class=\"has-text-align-center\">Camping Bella Terra ligger ved siden af S\u2019Abanell Beach (Blanes), der hvert \u00e5r tildeles af Det Europ\u00e6iske \u00d8konomiske F\u00e6llesskab med Blue Flag-emblemet.<\/p>\n\n\n\n<p class=\"has-text-align-center\">Dette emblem betyder, at S\u2019abanell Beach er en strand af h\u00f8j kvalitet og har en havbund af h\u00f8j kvalitet.<\/p>\n\n\n\n<p class=\"has-text-align-center\">Vores privilegerede placering giver vores kunder nemt adgang til stranden gennem to udgange, der altid er beskyttet og hver med bruseservice. Fra stranden med udsigt mod nord\u00f8st vil vi overveje den fabelagtige udsigt over Bay of Blanes, Sant Joan Castle og den emblematiske klippe SA Palomera, gangen Costa Brava.<\/p>\n\n\n\n<p class=\"has-text-align-center\">Mod sydvest finder vi Delta del Tordera og Maresme-kysten. Nyd Middelhavet med direkte adgang, der tilbydes af Camping Bella Terra. Du kan sv\u00f8mme, ud\u00f8ve sport og komme tilbage til dit plot eller bungalow uden at bruge nogen form for transport. <strong><em><\/em><\/strong><\/p>\n<\/div>\n<\/div><\/div>\n\n\n\n<div class=\"wp-block-media-text alignfull is-stacked-on-mobile has-blank-grey-background-color has-background\" style=\"grid-template-columns:60% auto\"><figure class=\"wp-block-media-text__media\"><noscript><img decoding=\"async\" width=\"1900\" height=\"900\" src=\"https:\/\/www.campingbellaterra.com\/wp-content\/uploads\/1-deltatordera.webp\" alt class=\"wp-image-7531 size-full\" srcset=\"https:\/\/www.campingbellaterra.com\/wp-content\/uploads\/1-deltatordera.webp 1900w, https:\/\/www.campingbellaterra.com\/wp-content\/uploads\/1-deltatordera-1024x485.webp 1024w, https:\/\/www.campingbellaterra.com\/wp-content\/uploads\/1-deltatordera-768x364.webp 768w, https:\/\/www.campingbellaterra.com\/wp-content\/uploads\/1-deltatordera-1536x728.webp 1536w, https:\/\/www.campingbellaterra.com\/wp-content\/uploads\/1-deltatordera-1266x600.webp 1266w, https:\/\/www.campingbellaterra.com\/wp-content\/uploads\/1-deltatordera-950x450.webp 950w, https:\/\/www.campingbellaterra.com\/wp-content\/uploads\/1-deltatordera-633x300.webp 633w, https:\/\/www.campingbellaterra.com\/wp-content\/uploads\/1-deltatordera-475x225.webp 475w\" sizes=\"(max-width: 1900px) 100vw, 1900px\"><\/noscript><img decoding=\"async\" width=\"1900\" height=\"900\" src=\"data:image\/svg+xml,%3Csvg%20xmlns%3D%22http%3A%2F%2Fwww.w3.org%2F2000%2Fsvg%22%20viewBox%3D%220%200%201900%20900%22%3E%3C%2Fsvg%3E\" alt class=\"wp-image-7531 size-full lazyload\" srcset=\"data:image\/svg+xml,%3Csvg%20xmlns%3D%22http%3A%2F%2Fwww.w3.org%2F2000%2Fsvg%22%20viewBox%3D%220%200%201900%20900%22%3E%3C%2Fsvg%3E 1900w\" sizes=\"(max-width: 1900px) 100vw, 1900px\" data-srcset=\"https:\/\/www.campingbellaterra.com\/wp-content\/uploads\/1-deltatordera.webp 1900w, https:\/\/www.campingbellaterra.com\/wp-content\/uploads\/1-deltatordera-1024x485.webp 1024w, https:\/\/www.campingbellaterra.com\/wp-content\/uploads\/1-deltatordera-768x364.webp 768w, https:\/\/www.campingbellaterra.com\/wp-content\/uploads\/1-deltatordera-1536x728.webp 1536w, https:\/\/www.campingbellaterra.com\/wp-content\/uploads\/1-deltatordera-1266x600.webp 1266w, https:\/\/www.campingbellaterra.com\/wp-content\/uploads\/1-deltatordera-950x450.webp 950w, https:\/\/www.campingbellaterra.com\/wp-content\/uploads\/1-deltatordera-633x300.webp 633w, https:\/\/www.campingbellaterra.com\/wp-content\/uploads\/1-deltatordera-475x225.webp 475w\" data-src=\"https:\/\/www.campingbellaterra.com\/wp-content\/uploads\/1-deltatordera.webp\"><\/figure><div class=\"wp-block-media-text__content\">\n<h3 class=\"wp-block-heading has-text-align-center\">Delta de la Tordera<\/h3>\n\n\n\n<p class=\"has-text-align-center\">Det er et beskyttet naturligt rum omgivet af vegetation. Det er et m\u00f8dested for mange sorter af indf\u00f8dte og vandrende fuglearter, der kan observeres fra forskellige synspunkter. Det er ogs\u00e5 beboet af flodslanger, skildpadder og den sydlige fr\u00f8 (Bella er inspireret af den)<\/p>\n<\/div><\/div>\n\n\n\n<div class=\"wp-block-media-text alignfull has-media-on-the-right is-stacked-on-mobile has-blank-grey-background-color has-background\" style=\"grid-template-columns:auto 60%\"><div class=\"wp-block-media-text__content\">\n<h3 class=\"wp-block-heading has-text-align-center\">Bugter<\/h3>\n\n\n\n<p class=\"has-text-align-center\">Costa Brava kan prale af <strong>mange bl\u00e5 krystalklare<\/strong>, rolige bugter omgivet af klipper og vegetation.<\/p>\n\n\n\n<p class=\"has-text-align-center\">Oplev p\u00e5 vores kort de mest fantastiske bugter t\u00e6t p\u00e5 Costa Brava campingplads.<\/p>\n<\/div><figure class=\"wp-block-media-text__media\"><noscript><img decoding=\"async\" width=\"1900\" height=\"900\" src=\"https:\/\/www.campingbellaterra.com\/wp-content\/uploads\/2-cales.webp\" alt class=\"wp-image-7532 size-full\" srcset=\"https:\/\/www.campingbellaterra.com\/wp-content\/uploads\/2-cales.webp 1900w, https:\/\/www.campingbellaterra.com\/wp-content\/uploads\/2-cales-1024x485.webp 1024w, https:\/\/www.campingbellaterra.com\/wp-content\/uploads\/2-cales-768x364.webp 768w, https:\/\/www.campingbellaterra.com\/wp-content\/uploads\/2-cales-1536x728.webp 1536w, https:\/\/www.campingbellaterra.com\/wp-content\/uploads\/2-cales-1266x600.webp 1266w, https:\/\/www.campingbellaterra.com\/wp-content\/uploads\/2-cales-950x450.webp 950w, https:\/\/www.campingbellaterra.com\/wp-content\/uploads\/2-cales-633x300.webp 633w, https:\/\/www.campingbellaterra.com\/wp-content\/uploads\/2-cales-475x225.webp 475w\" sizes=\"(max-width: 1900px) 100vw, 1900px\"><\/noscript><img decoding=\"async\" width=\"1900\" height=\"900\" src=\"data:image\/svg+xml,%3Csvg%20xmlns%3D%22http%3A%2F%2Fwww.w3.org%2F2000%2Fsvg%22%20viewBox%3D%220%200%201900%20900%22%3E%3C%2Fsvg%3E\" alt class=\"wp-image-7532 size-full lazyload\" srcset=\"data:image\/svg+xml,%3Csvg%20xmlns%3D%22http%3A%2F%2Fwww.w3.org%2F2000%2Fsvg%22%20viewBox%3D%220%200%201900%20900%22%3E%3C%2Fsvg%3E 1900w\" sizes=\"(max-width: 1900px) 100vw, 1900px\" data-srcset=\"https:\/\/www.campingbellaterra.com\/wp-content\/uploads\/2-cales.webp 1900w, https:\/\/www.campingbellaterra.com\/wp-content\/uploads\/2-cales-1024x485.webp 1024w, https:\/\/www.campingbellaterra.com\/wp-content\/uploads\/2-cales-768x364.webp 768w, https:\/\/www.campingbellaterra.com\/wp-content\/uploads\/2-cales-1536x728.webp 1536w, https:\/\/www.campingbellaterra.com\/wp-content\/uploads\/2-cales-1266x600.webp 1266w, https:\/\/www.campingbellaterra.com\/wp-content\/uploads\/2-cales-950x450.webp 950w, https:\/\/www.campingbellaterra.com\/wp-content\/uploads\/2-cales-633x300.webp 633w, https:\/\/www.campingbellaterra.com\/wp-content\/uploads\/2-cales-475x225.webp 475w\" data-src=\"https:\/\/www.campingbellaterra.com\/wp-content\/uploads\/2-cales.webp\"><\/figure><\/div>\n\n\n\n<div class=\"wp-block-media-text alignfull is-stacked-on-mobile has-blank-grey-background-color has-background\" style=\"grid-template-columns:60% auto\"><figure class=\"wp-block-media-text__media\"><noscript><img decoding=\"async\" width=\"1900\" height=\"900\" src=\"https:\/\/www.campingbellaterra.com\/wp-content\/uploads\/3-padelsurf.webp\" alt class=\"wp-image-7533 size-full\" srcset=\"https:\/\/www.campingbellaterra.com\/wp-content\/uploads\/3-padelsurf.webp 1900w, https:\/\/www.campingbellaterra.com\/wp-content\/uploads\/3-padelsurf-1024x485.webp 1024w, https:\/\/www.campingbellaterra.com\/wp-content\/uploads\/3-padelsurf-768x364.webp 768w, https:\/\/www.campingbellaterra.com\/wp-content\/uploads\/3-padelsurf-1536x728.webp 1536w, https:\/\/www.campingbellaterra.com\/wp-content\/uploads\/3-padelsurf-1266x600.webp 1266w, https:\/\/www.campingbellaterra.com\/wp-content\/uploads\/3-padelsurf-950x450.webp 950w, https:\/\/www.campingbellaterra.com\/wp-content\/uploads\/3-padelsurf-633x300.webp 633w, https:\/\/www.campingbellaterra.com\/wp-content\/uploads\/3-padelsurf-475x225.webp 475w\" sizes=\"(max-width: 1900px) 100vw, 1900px\"><\/noscript><img decoding=\"async\" width=\"1900\" height=\"900\" src=\"data:image\/svg+xml,%3Csvg%20xmlns%3D%22http%3A%2F%2Fwww.w3.org%2F2000%2Fsvg%22%20viewBox%3D%220%200%201900%20900%22%3E%3C%2Fsvg%3E\" alt class=\"wp-image-7533 size-full lazyload\" srcset=\"data:image\/svg+xml,%3Csvg%20xmlns%3D%22http%3A%2F%2Fwww.w3.org%2F2000%2Fsvg%22%20viewBox%3D%220%200%201900%20900%22%3E%3C%2Fsvg%3E 1900w\" sizes=\"(max-width: 1900px) 100vw, 1900px\" data-srcset=\"https:\/\/www.campingbellaterra.com\/wp-content\/uploads\/3-padelsurf.webp 1900w, https:\/\/www.campingbellaterra.com\/wp-content\/uploads\/3-padelsurf-1024x485.webp 1024w, https:\/\/www.campingbellaterra.com\/wp-content\/uploads\/3-padelsurf-768x364.webp 768w, https:\/\/www.campingbellaterra.com\/wp-content\/uploads\/3-padelsurf-1536x728.webp 1536w, https:\/\/www.campingbellaterra.com\/wp-content\/uploads\/3-padelsurf-1266x600.webp 1266w, https:\/\/www.campingbellaterra.com\/wp-content\/uploads\/3-padelsurf-950x450.webp 950w, https:\/\/www.campingbellaterra.com\/wp-content\/uploads\/3-padelsurf-633x300.webp 633w, https:\/\/www.campingbellaterra.com\/wp-content\/uploads\/3-padelsurf-475x225.webp 475w\" data-src=\"https:\/\/www.campingbellaterra.com\/wp-content\/uploads\/3-padelsurf.webp\"><\/figure><div class=\"wp-block-media-text__content\">\n<h3 class=\"wp-block-heading has-text-align-center\">Paddle Surf (S.U.P)<\/h3>\n\n\n\n<p class=\"has-text-align-center\">Camping Bella Terra tilbyder paddle surf (SUP) udlejning.<\/p>\n\n\n\n<p class=\"has-text-align-center\">Takket v\u00e6re det rolige vand i Middelhavet vil du v\u00e6re i stand til at dyrke sport og opdage Blanes kyst fra et andet perspektiv. Op med hum\u00f8ret!<\/p>\n\n\n\n<p class=\"has-text-align-center\">Find ud af om vores priser i receptionen.<\/p>\n<\/div><\/div>\n\n\n\n<figure class=\"wp-block-image alignfull\"><noscript><img decoding=\"async\" width=\"1920\" height=\"711\" src=\"https:\/\/www.campingbellaterra.com\/wp-content\/uploads\/6linia-de-la-costa-camping-bella-terra.webp\" alt class=\"wp-image-565\" srcset=\"https:\/\/www.campingbellaterra.com\/wp-content\/uploads\/6linia-de-la-costa-camping-bella-terra.webp 1920w, https:\/\/www.campingbellaterra.com\/wp-content\/uploads\/6linia-de-la-costa-camping-bella-terra-1024x379.webp 1024w, https:\/\/www.campingbellaterra.com\/wp-content\/uploads\/6linia-de-la-costa-camping-bella-terra-768x284.webp 768w, https:\/\/www.campingbellaterra.com\/wp-content\/uploads\/6linia-de-la-costa-camping-bella-terra-1536x569.webp 1536w\" sizes=\"(max-width: 1920px) 100vw, 1920px\"><\/noscript><img decoding=\"async\" width=\"1920\" height=\"711\" src=\"data:image\/svg+xml,%3Csvg%20xmlns%3D%22http%3A%2F%2Fwww.w3.org%2F2000%2Fsvg%22%20viewBox%3D%220%200%201920%20711%22%3E%3C%2Fsvg%3E\" alt class=\"wp-image-565 lazyload\" srcset=\"data:image\/svg+xml,%3Csvg%20xmlns%3D%22http%3A%2F%2Fwww.w3.org%2F2000%2Fsvg%22%20viewBox%3D%220%200%201920%20711%22%3E%3C%2Fsvg%3E 1920w\" sizes=\"(max-width: 1920px) 100vw, 1920px\" data-srcset=\"https:\/\/www.campingbellaterra.com\/wp-content\/uploads\/6linia-de-la-costa-camping-bella-terra.webp 1920w, https:\/\/www.campingbellaterra.com\/wp-content\/uploads\/6linia-de-la-costa-camping-bella-terra-1024x379.webp 1024w, https:\/\/www.campingbellaterra.com\/wp-content\/uploads\/6linia-de-la-costa-camping-bella-terra-768x284.webp 768w, https:\/\/www.campingbellaterra.com\/wp-content\/uploads\/6linia-de-la-costa-camping-bella-terra-1536x569.webp 1536w\" data-src=\"https:\/\/www.campingbellaterra.com\/wp-content\/uploads\/6linia-de-la-costa-camping-bella-terra.webp\"><\/figure>\n\n\n<div id=\"wp-block-slider-block_0ad57e81b704693d48a9642b61f64028\" class=\"wp-block-slider block-bottom alignfull\" style>\n    <div class=\"contingut-texte\">\n                    <div class=\"slider-container\"><div class=\"splide galeria-slider galeria-columnas-1\" id=\"slide_362\"><div class=\"splide__track\"><div class=\"splide__list\"><div id=\"thumb-10681\" class=\"splide__slide\" data-counter=\"01\/04\"><noscript><img decoding=\"async\" width=\"1900\" height=\"900\" src=\"https:\/\/www.campingbellaterra.com\/wp-content\/uploads\/peuplatja-slider1.webp\" class=\"attachment-panoramic size-panoramic\" alt srcset=\"https:\/\/www.campingbellaterra.com\/wp-content\/uploads\/peuplatja-slider1.webp 1900w, https:\/\/www.campingbellaterra.com\/wp-content\/uploads\/peuplatja-slider1-1024x485.webp 1024w, https:\/\/www.campingbellaterra.com\/wp-content\/uploads\/peuplatja-slider1-768x364.webp 768w, https:\/\/www.campingbellaterra.com\/wp-content\/uploads\/peuplatja-slider1-1536x728.webp 1536w, https:\/\/www.campingbellaterra.com\/wp-content\/uploads\/peuplatja-slider1-1266x600.webp 1266w, https:\/\/www.campingbellaterra.com\/wp-content\/uploads\/peuplatja-slider1-950x450.webp 950w, https:\/\/www.campingbellaterra.com\/wp-content\/uploads\/peuplatja-slider1-633x300.webp 633w, https:\/\/www.campingbellaterra.com\/wp-content\/uploads\/peuplatja-slider1-475x225.webp 475w\" sizes=\"(max-width: 1900px) 100vw, 1900px\"><\/noscript><img decoding=\"async\" width=\"1900\" height=\"900\" src=\"data:image\/svg+xml,%3Csvg%20xmlns%3D%22http%3A%2F%2Fwww.w3.org%2F2000%2Fsvg%22%20viewBox%3D%220%200%201900%20900%22%3E%3C%2Fsvg%3E\" class=\"attachment-panoramic size-panoramic lazyload\" alt srcset=\"data:image\/svg+xml,%3Csvg%20xmlns%3D%22http%3A%2F%2Fwww.w3.org%2F2000%2Fsvg%22%20viewBox%3D%220%200%201900%20900%22%3E%3C%2Fsvg%3E 1900w\" sizes=\"(max-width: 1900px) 100vw, 1900px\" data-srcset=\"https:\/\/www.campingbellaterra.com\/wp-content\/uploads\/peuplatja-slider1.webp 1900w, https:\/\/www.campingbellaterra.com\/wp-content\/uploads\/peuplatja-slider1-1024x485.webp 1024w, https:\/\/www.campingbellaterra.com\/wp-content\/uploads\/peuplatja-slider1-768x364.webp 768w, https:\/\/www.campingbellaterra.com\/wp-content\/uploads\/peuplatja-slider1-1536x728.webp 1536w, https:\/\/www.campingbellaterra.com\/wp-content\/uploads\/peuplatja-slider1-1266x600.webp 1266w, https:\/\/www.campingbellaterra.com\/wp-content\/uploads\/peuplatja-slider1-950x450.webp 950w, https:\/\/www.campingbellaterra.com\/wp-content\/uploads\/peuplatja-slider1-633x300.webp 633w, https:\/\/www.campingbellaterra.com\/wp-content\/uploads\/peuplatja-slider1-475x225.webp 475w\" data-src=\"https:\/\/www.campingbellaterra.com\/wp-content\/uploads\/peuplatja-slider1.webp\"><\/div><div id=\"thumb-10687\" class=\"splide__slide\" data-counter=\"02\/04\"><noscript><img decoding=\"async\" width=\"1900\" height=\"900\" src=\"https:\/\/www.campingbellaterra.com\/wp-content\/uploads\/peuplatja-slider2.webp\" class=\"attachment-panoramic size-panoramic\" alt srcset=\"https:\/\/www.campingbellaterra.com\/wp-content\/uploads\/peuplatja-slider2.webp 1900w, https:\/\/www.campingbellaterra.com\/wp-content\/uploads\/peuplatja-slider2-1024x485.webp 1024w, https:\/\/www.campingbellaterra.com\/wp-content\/uploads\/peuplatja-slider2-768x364.webp 768w, https:\/\/www.campingbellaterra.com\/wp-content\/uploads\/peuplatja-slider2-1536x728.webp 1536w, https:\/\/www.campingbellaterra.com\/wp-content\/uploads\/peuplatja-slider2-1266x600.webp 1266w, https:\/\/www.campingbellaterra.com\/wp-content\/uploads\/peuplatja-slider2-950x450.webp 950w, https:\/\/www.campingbellaterra.com\/wp-content\/uploads\/peuplatja-slider2-633x300.webp 633w, https:\/\/www.campingbellaterra.com\/wp-content\/uploads\/peuplatja-slider2-475x225.webp 475w\" sizes=\"(max-width: 1900px) 100vw, 1900px\"><\/noscript><img decoding=\"async\" width=\"1900\" height=\"900\" src=\"data:image\/svg+xml,%3Csvg%20xmlns%3D%22http%3A%2F%2Fwww.w3.org%2F2000%2Fsvg%22%20viewBox%3D%220%200%201900%20900%22%3E%3C%2Fsvg%3E\" class=\"attachment-panoramic size-panoramic lazyload\" alt srcset=\"data:image\/svg+xml,%3Csvg%20xmlns%3D%22http%3A%2F%2Fwww.w3.org%2F2000%2Fsvg%22%20viewBox%3D%220%200%201900%20900%22%3E%3C%2Fsvg%3E 1900w\" sizes=\"(max-width: 1900px) 100vw, 1900px\" data-srcset=\"https:\/\/www.campingbellaterra.com\/wp-content\/uploads\/peuplatja-slider2.webp 1900w, https:\/\/www.campingbellaterra.com\/wp-content\/uploads\/peuplatja-slider2-1024x485.webp 1024w, https:\/\/www.campingbellaterra.com\/wp-content\/uploads\/peuplatja-slider2-768x364.webp 768w, https:\/\/www.campingbellaterra.com\/wp-content\/uploads\/peuplatja-slider2-1536x728.webp 1536w, https:\/\/www.campingbellaterra.com\/wp-content\/uploads\/peuplatja-slider2-1266x600.webp 1266w, https:\/\/www.campingbellaterra.com\/wp-content\/uploads\/peuplatja-slider2-950x450.webp 950w, https:\/\/www.campingbellaterra.com\/wp-content\/uploads\/peuplatja-slider2-633x300.webp 633w, https:\/\/www.campingbellaterra.com\/wp-content\/uploads\/peuplatja-slider2-475x225.webp 475w\" data-src=\"https:\/\/www.campingbellaterra.com\/wp-content\/uploads\/peuplatja-slider2.webp\"><\/div><div id=\"thumb-10693\" class=\"splide__slide\" data-counter=\"03\/04\"><noscript><img decoding=\"async\" width=\"1900\" height=\"900\" src=\"https:\/\/www.campingbellaterra.com\/wp-content\/uploads\/peuplatja-slider3.webp\" class=\"attachment-panoramic size-panoramic\" alt srcset=\"https:\/\/www.campingbellaterra.com\/wp-content\/uploads\/peuplatja-slider3.webp 1900w, https:\/\/www.campingbellaterra.com\/wp-content\/uploads\/peuplatja-slider3-1024x485.webp 1024w, https:\/\/www.campingbellaterra.com\/wp-content\/uploads\/peuplatja-slider3-768x364.webp 768w, https:\/\/www.campingbellaterra.com\/wp-content\/uploads\/peuplatja-slider3-1536x728.webp 1536w, https:\/\/www.campingbellaterra.com\/wp-content\/uploads\/peuplatja-slider3-1266x600.webp 1266w, https:\/\/www.campingbellaterra.com\/wp-content\/uploads\/peuplatja-slider3-950x450.webp 950w, https:\/\/www.campingbellaterra.com\/wp-content\/uploads\/peuplatja-slider3-633x300.webp 633w, https:\/\/www.campingbellaterra.com\/wp-content\/uploads\/peuplatja-slider3-475x225.webp 475w\" sizes=\"(max-width: 1900px) 100vw, 1900px\"><\/noscript><img decoding=\"async\" width=\"1900\" height=\"900\" src=\"data:image\/svg+xml,%3Csvg%20xmlns%3D%22http%3A%2F%2Fwww.w3.org%2F2000%2Fsvg%22%20viewBox%3D%220%200%201900%20900%22%3E%3C%2Fsvg%3E\" class=\"attachment-panoramic size-panoramic lazyload\" alt srcset=\"data:image\/svg+xml,%3Csvg%20xmlns%3D%22http%3A%2F%2Fwww.w3.org%2F2000%2Fsvg%22%20viewBox%3D%220%200%201900%20900%22%3E%3C%2Fsvg%3E 1900w\" sizes=\"(max-width: 1900px) 100vw, 1900px\" data-srcset=\"https:\/\/www.campingbellaterra.com\/wp-content\/uploads\/peuplatja-slider3.webp 1900w, https:\/\/www.campingbellaterra.com\/wp-content\/uploads\/peuplatja-slider3-1024x485.webp 1024w, https:\/\/www.campingbellaterra.com\/wp-content\/uploads\/peuplatja-slider3-768x364.webp 768w, https:\/\/www.campingbellaterra.com\/wp-content\/uploads\/peuplatja-slider3-1536x728.webp 1536w, https:\/\/www.campingbellaterra.com\/wp-content\/uploads\/peuplatja-slider3-1266x600.webp 1266w, https:\/\/www.campingbellaterra.com\/wp-content\/uploads\/peuplatja-slider3-950x450.webp 950w, https:\/\/www.campingbellaterra.com\/wp-content\/uploads\/peuplatja-slider3-633x300.webp 633w, https:\/\/www.campingbellaterra.com\/wp-content\/uploads\/peuplatja-slider3-475x225.webp 475w\" data-src=\"https:\/\/www.campingbellaterra.com\/wp-content\/uploads\/peuplatja-slider3.webp\"><\/div><div id=\"thumb-10705\" class=\"splide__slide\" data-counter=\"04\/04\"><noscript><img decoding=\"async\" width=\"1900\" height=\"900\" src=\"https:\/\/www.campingbellaterra.com\/wp-content\/uploads\/peuplatja-slider5.webp\" class=\"attachment-panoramic size-panoramic\" alt srcset=\"https:\/\/www.campingbellaterra.com\/wp-content\/uploads\/peuplatja-slider5.webp 1900w, https:\/\/www.campingbellaterra.com\/wp-content\/uploads\/peuplatja-slider5-1024x485.webp 1024w, https:\/\/www.campingbellaterra.com\/wp-content\/uploads\/peuplatja-slider5-768x364.webp 768w, https:\/\/www.campingbellaterra.com\/wp-content\/uploads\/peuplatja-slider5-1536x728.webp 1536w, https:\/\/www.campingbellaterra.com\/wp-content\/uploads\/peuplatja-slider5-1266x600.webp 1266w, https:\/\/www.campingbellaterra.com\/wp-content\/uploads\/peuplatja-slider5-950x450.webp 950w, https:\/\/www.campingbellaterra.com\/wp-content\/uploads\/peuplatja-slider5-633x300.webp 633w, https:\/\/www.campingbellaterra.com\/wp-content\/uploads\/peuplatja-slider5-475x225.webp 475w\" sizes=\"(max-width: 1900px) 100vw, 1900px\"><\/noscript><img decoding=\"async\" width=\"1900\" height=\"900\" src=\"data:image\/svg+xml,%3Csvg%20xmlns%3D%22http%3A%2F%2Fwww.w3.org%2F2000%2Fsvg%22%20viewBox%3D%220%200%201900%20900%22%3E%3C%2Fsvg%3E\" class=\"attachment-panoramic size-panoramic lazyload\" alt srcset=\"data:image\/svg+xml,%3Csvg%20xmlns%3D%22http%3A%2F%2Fwww.w3.org%2F2000%2Fsvg%22%20viewBox%3D%220%200%201900%20900%22%3E%3C%2Fsvg%3E 1900w\" sizes=\"(max-width: 1900px) 100vw, 1900px\" data-srcset=\"https:\/\/www.campingbellaterra.com\/wp-content\/uploads\/peuplatja-slider5.webp 1900w, https:\/\/www.campingbellaterra.com\/wp-content\/uploads\/peuplatja-slider5-1024x485.webp 1024w, https:\/\/www.campingbellaterra.com\/wp-content\/uploads\/peuplatja-slider5-768x364.webp 768w, https:\/\/www.campingbellaterra.com\/wp-content\/uploads\/peuplatja-slider5-1536x728.webp 1536w, https:\/\/www.campingbellaterra.com\/wp-content\/uploads\/peuplatja-slider5-1266x600.webp 1266w, https:\/\/www.campingbellaterra.com\/wp-content\/uploads\/peuplatja-slider5-950x450.webp 950w, https:\/\/www.campingbellaterra.com\/wp-content\/uploads\/peuplatja-slider5-633x300.webp 633w, https:\/\/www.campingbellaterra.com\/wp-content\/uploads\/peuplatja-slider5-475x225.webp 475w\" data-src=\"https:\/\/www.campingbellaterra.com\/wp-content\/uploads\/peuplatja-slider5.webp\"><\/div><\/div><\/div><\/div><\/div>\n            <script>\n            document.addEventListener( 'DOMContentLoaded', function () {\n\n                var splide = new Splide( '#slide_362', \n                    {\n                    type   : 'slide',\n                    pagination : true,\n                    arrows: false,\n                    perPage: 1,\n                    gap: '2em',\n                    padding: {\n                        left : '0%',\n                        right: '0%',\n                        },\n                    breakpoints: {\n                        750: {\n                            perPage: 0,\n                        },\n                        600: {\n                            perPage: 1,\n                        },\n                    }    \n\n\n                    }\n                ).mount();\n\n                function counter(){\n                    return document.querySelector('#slide_362 .is-active.is-visible').getAttribute('data-counter');\n                }\n\n                let initCounter = counter();\n\n                let arrows = document.querySelector('#slide_362 .splide__arrows');\n                let divCounter = '<div class=\"splide__counter\">'+initCounter+'<\/div>';\n                arrows.insertAdjacentHTML('afterend', divCounter);\n                console.log(counter());\n                splide.on( 'moved', function() {\n                    document.querySelector('#slide_362 .splide__counter').textContent = counter();\n                } );\n\n            });\n            <\/script>\n                        \n    <\/div>\n<\/div>\n","protected":false},"excerpt":{"rendered":"<p>Delta de la Tordera Det er et beskyttet naturligt rum omgivet af vegetation. Det er et m\u00f8dested for mange sorter af indf\u00f8dte og vandrende fuglearter,&#8230;<\/p>\n","protected":false},"author":1,"featured_media":0,"parent":0,"menu_order":13,"comment_status":"closed","ping_status":"closed","template":"","meta":{"_acf_changed":false,"inline_featured_image":false,"_monsterinsights_skip_tracking":false,"_monsterinsights_sitenote_active":false,"_monsterinsights_sitenote_note":"","_monsterinsights_sitenote_category":0,"footnotes":""},"class_list":["post-14514","page","type-page","status-publish","hentry"],"acf":[],"yoast_head":"<!-- This site is optimized with the Yoast SEO plugin v27.0 - https:\/\/yoast.com\/product\/yoast-seo-wordpress\/ -->\n<title>On the Beach - Camping Bella Terra<\/title>\n<meta name=\"robots\" content=\"index, follow, max-snippet:-1, max-image-preview:large, max-video-preview:-1\" \/>\n<link rel=\"canonical\" href=\"https:\/\/www.campingbellaterra.com\/da\/on-the-beach\/\" \/>\n<meta property=\"og:locale\" content=\"da_DK\" \/>\n<meta property=\"og:type\" content=\"article\" \/>\n<meta property=\"og:title\" content=\"On the Beach - Camping Bella Terra\" \/>\n<meta property=\"og:description\" content=\"Delta de la Tordera Det er et beskyttet naturligt rum omgivet af vegetation. Det er et m\u00f8dested for mange sorter af indf\u00f8dte og vandrende fuglearter,...\" \/>\n<meta property=\"og:url\" content=\"https:\/\/www.campingbellaterra.com\/da\/on-the-beach\/\" \/>\n<meta property=\"og:site_name\" content=\"Camping Bella Terra\" \/>\n<meta property=\"article:publisher\" content=\"https:\/\/www.facebook.com\/campingbellaterra\/\" \/>\n<meta property=\"article:modified_time\" content=\"2024-11-15T10:57:42+00:00\" \/>\n<meta property=\"og:image\" content=\"https:\/\/www.campingbellaterra.com\/wp-content\/uploads\/apeudeplatja-main.webp\" \/>\n<meta name=\"twitter:card\" content=\"summary_large_image\" \/>\n<meta name=\"twitter:site\" content=\"@cbellaterra\" \/>\n<meta name=\"twitter:label1\" content=\"Estimeret l\u00e6setid\" \/>\n\t<meta name=\"twitter:data1\" content=\"6 minutter\" \/>\n<script type=\"application\/ld+json\" class=\"yoast-schema-graph\">{\"@context\":\"https:\/\/schema.org\",\"@graph\":[{\"@type\":\"WebPage\",\"@id\":\"https:\/\/www.campingbellaterra.com\/da\/on-the-beach\/\",\"url\":\"https:\/\/www.campingbellaterra.com\/da\/on-the-beach\/\",\"name\":\"On the Beach - Camping Bella Terra\",\"isPartOf\":{\"@id\":\"https:\/\/www.campingbellaterra.com\/da\/#website\"},\"primaryImageOfPage\":{\"@id\":\"https:\/\/www.campingbellaterra.com\/da\/on-the-beach\/#primaryimage\"},\"image\":{\"@id\":\"https:\/\/www.campingbellaterra.com\/da\/on-the-beach\/#primaryimage\"},\"thumbnailUrl\":\"https:\/\/www.campingbellaterra.com\/wp-content\/uploads\/apeudeplatja-main.webp\",\"datePublished\":\"2022-02-22T10:14:28+00:00\",\"dateModified\":\"2024-11-15T10:57:42+00:00\",\"breadcrumb\":{\"@id\":\"https:\/\/www.campingbellaterra.com\/da\/on-the-beach\/#breadcrumb\"},\"inLanguage\":\"da-DK\",\"potentialAction\":[{\"@type\":\"ReadAction\",\"target\":[\"https:\/\/www.campingbellaterra.com\/da\/on-the-beach\/\"]}]},{\"@type\":\"ImageObject\",\"inLanguage\":\"da-DK\",\"@id\":\"https:\/\/www.campingbellaterra.com\/da\/on-the-beach\/#primaryimage\",\"url\":\"https:\/\/www.campingbellaterra.com\/wp-content\/uploads\/apeudeplatja-main.webp\",\"contentUrl\":\"https:\/\/www.campingbellaterra.com\/wp-content\/uploads\/apeudeplatja-main.webp\"},{\"@type\":\"BreadcrumbList\",\"@id\":\"https:\/\/www.campingbellaterra.com\/da\/on-the-beach\/#breadcrumb\",\"itemListElement\":[{\"@type\":\"ListItem\",\"position\":1,\"name\":\"Inici\",\"item\":\"https:\/\/www.campingbellaterra.com\/da\/\"},{\"@type\":\"ListItem\",\"position\":2,\"name\":\"On the Beach\"}]},{\"@type\":\"WebSite\",\"@id\":\"https:\/\/www.campingbellaterra.com\/da\/#website\",\"url\":\"https:\/\/www.campingbellaterra.com\/da\/\",\"name\":\"Camping Bella Terra\",\"description\":\"Otro sitio realizado con WordPress\",\"publisher\":{\"@id\":\"https:\/\/www.campingbellaterra.com\/da\/#organization\"},\"potentialAction\":[{\"@type\":\"SearchAction\",\"target\":{\"@type\":\"EntryPoint\",\"urlTemplate\":\"https:\/\/www.campingbellaterra.com\/da\/?s={search_term_string}\"},\"query-input\":{\"@type\":\"PropertyValueSpecification\",\"valueRequired\":true,\"valueName\":\"search_term_string\"}}],\"inLanguage\":\"da-DK\"},{\"@type\":\"Organization\",\"@id\":\"https:\/\/www.campingbellaterra.com\/da\/#organization\",\"name\":\"Camping Bella Terra\",\"url\":\"https:\/\/www.campingbellaterra.com\/da\/\",\"logo\":{\"@type\":\"ImageObject\",\"inLanguage\":\"da-DK\",\"@id\":\"https:\/\/www.campingbellaterra.com\/da\/#\/schema\/logo\/image\/\",\"url\":\"https:\/\/www.campingbellaterra.com\/wp-content\/uploads\/logo6.svg\",\"contentUrl\":\"https:\/\/www.campingbellaterra.com\/wp-content\/uploads\/logo6.svg\",\"width\":\"2048\",\"height\":\"2048\",\"caption\":\"Camping Bella Terra\"},\"image\":{\"@id\":\"https:\/\/www.campingbellaterra.com\/da\/#\/schema\/logo\/image\/\"},\"sameAs\":[\"https:\/\/www.facebook.com\/campingbellaterra\/\",\"https:\/\/x.com\/cbellaterra\",\"https:\/\/www.instagram.com\/campingbellaterra\/\",\"https:\/\/www.youtube.com\/c\/Camping-Bellaterra-Blanes\",\"https:\/\/www.tripadvisor.es\/Hotel_Review-g580331-d3328184-Reviews-Camping_Bella_Terra-Blanes_Costa_Brava_Province_of_Girona_Catalonia.html\"]}]}<\/script>\n<!-- \/ Yoast SEO plugin. -->","yoast_head_json":{"title":"On the Beach - Camping Bella Terra","robots":{"index":"index","follow":"follow","max-snippet":"max-snippet:-1","max-image-preview":"max-image-preview:large","max-video-preview":"max-video-preview:-1"},"canonical":"https:\/\/www.campingbellaterra.com\/da\/on-the-beach\/","og_locale":"da_DK","og_type":"article","og_title":"On the Beach - Camping Bella Terra","og_description":"Delta de la Tordera Det er et beskyttet naturligt rum omgivet af vegetation. Det er et m\u00f8dested for mange sorter af indf\u00f8dte og vandrende fuglearter,...","og_url":"https:\/\/www.campingbellaterra.com\/da\/on-the-beach\/","og_site_name":"Camping Bella Terra","article_publisher":"https:\/\/www.facebook.com\/campingbellaterra\/","article_modified_time":"2024-11-15T10:57:42+00:00","og_image":[{"url":"https:\/\/www.campingbellaterra.com\/wp-content\/uploads\/apeudeplatja-main.webp","type":"","width":"","height":""}],"twitter_card":"summary_large_image","twitter_site":"@cbellaterra","twitter_misc":{"Estimeret l\u00e6setid":"6 minutter"},"schema":{"@context":"https:\/\/schema.org","@graph":[{"@type":"WebPage","@id":"https:\/\/www.campingbellaterra.com\/da\/on-the-beach\/","url":"https:\/\/www.campingbellaterra.com\/da\/on-the-beach\/","name":"On the Beach - Camping Bella Terra","isPartOf":{"@id":"https:\/\/www.campingbellaterra.com\/da\/#website"},"primaryImageOfPage":{"@id":"https:\/\/www.campingbellaterra.com\/da\/on-the-beach\/#primaryimage"},"image":{"@id":"https:\/\/www.campingbellaterra.com\/da\/on-the-beach\/#primaryimage"},"thumbnailUrl":"https:\/\/www.campingbellaterra.com\/wp-content\/uploads\/apeudeplatja-main.webp","datePublished":"2022-02-22T10:14:28+00:00","dateModified":"2024-11-15T10:57:42+00:00","breadcrumb":{"@id":"https:\/\/www.campingbellaterra.com\/da\/on-the-beach\/#breadcrumb"},"inLanguage":"da-DK","potentialAction":[{"@type":"ReadAction","target":["https:\/\/www.campingbellaterra.com\/da\/on-the-beach\/"]}]},{"@type":"ImageObject","inLanguage":"da-DK","@id":"https:\/\/www.campingbellaterra.com\/da\/on-the-beach\/#primaryimage","url":"https:\/\/www.campingbellaterra.com\/wp-content\/uploads\/apeudeplatja-main.webp","contentUrl":"https:\/\/www.campingbellaterra.com\/wp-content\/uploads\/apeudeplatja-main.webp"},{"@type":"BreadcrumbList","@id":"https:\/\/www.campingbellaterra.com\/da\/on-the-beach\/#breadcrumb","itemListElement":[{"@type":"ListItem","position":1,"name":"Inici","item":"https:\/\/www.campingbellaterra.com\/da\/"},{"@type":"ListItem","position":2,"name":"On the Beach"}]},{"@type":"WebSite","@id":"https:\/\/www.campingbellaterra.com\/da\/#website","url":"https:\/\/www.campingbellaterra.com\/da\/","name":"Camping Bella Terra","description":"Otro sitio realizado con WordPress","publisher":{"@id":"https:\/\/www.campingbellaterra.com\/da\/#organization"},"potentialAction":[{"@type":"SearchAction","target":{"@type":"EntryPoint","urlTemplate":"https:\/\/www.campingbellaterra.com\/da\/?s={search_term_string}"},"query-input":{"@type":"PropertyValueSpecification","valueRequired":true,"valueName":"search_term_string"}}],"inLanguage":"da-DK"},{"@type":"Organization","@id":"https:\/\/www.campingbellaterra.com\/da\/#organization","name":"Camping Bella Terra","url":"https:\/\/www.campingbellaterra.com\/da\/","logo":{"@type":"ImageObject","inLanguage":"da-DK","@id":"https:\/\/www.campingbellaterra.com\/da\/#\/schema\/logo\/image\/","url":"https:\/\/www.campingbellaterra.com\/wp-content\/uploads\/logo6.svg","contentUrl":"https:\/\/www.campingbellaterra.com\/wp-content\/uploads\/logo6.svg","width":"2048","height":"2048","caption":"Camping Bella Terra"},"image":{"@id":"https:\/\/www.campingbellaterra.com\/da\/#\/schema\/logo\/image\/"},"sameAs":["https:\/\/www.facebook.com\/campingbellaterra\/","https:\/\/x.com\/cbellaterra","https:\/\/www.instagram.com\/campingbellaterra\/","https:\/\/www.youtube.com\/c\/Camping-Bellaterra-Blanes","https:\/\/www.tripadvisor.es\/Hotel_Review-g580331-d3328184-Reviews-Camping_Bella_Terra-Blanes_Costa_Brava_Province_of_Girona_Catalonia.html"]}]}},"_links":{"self":[{"href":"https:\/\/www.campingbellaterra.com\/da\/wp-json\/wp\/v2\/pages\/14514","targetHints":{"allow":["GET"]}}],"collection":[{"href":"https:\/\/www.campingbellaterra.com\/da\/wp-json\/wp\/v2\/pages"}],"about":[{"href":"https:\/\/www.campingbellaterra.com\/da\/wp-json\/wp\/v2\/types\/page"}],"author":[{"embeddable":true,"href":"https:\/\/www.campingbellaterra.com\/da\/wp-json\/wp\/v2\/users\/1"}],"replies":[{"embeddable":true,"href":"https:\/\/www.campingbellaterra.com\/da\/wp-json\/wp\/v2\/comments?post=14514"}],"version-history":[{"count":6,"href":"https:\/\/www.campingbellaterra.com\/da\/wp-json\/wp\/v2\/pages\/14514\/revisions"}],"predecessor-version":[{"id":20342,"href":"https:\/\/www.campingbellaterra.com\/da\/wp-json\/wp\/v2\/pages\/14514\/revisions\/20342"}],"wp:attachment":[{"href":"https:\/\/www.campingbellaterra.com\/da\/wp-json\/wp\/v2\/media?parent=14514"}],"curies":[{"name":"wp","href":"https:\/\/api.w.org\/{rel}","templated":true}]}}