{"id":14432,"date":"2021-05-11T12:21:19","date_gmt":"2021-05-11T10:21:19","guid":{"rendered":"https:\/\/www.campingbellaterra.com\/home\/"},"modified":"2025-10-13T18:18:35","modified_gmt":"2025-10-13T16:18:35","slug":"home","status":"publish","type":"page","link":"https:\/\/www.campingbellaterra.com\/de\/","title":{"rendered":"Home"},"content":{"rendered":"<div class=\"wp-block-cover alignfull wp-align-content-end scroll-down\" style=\"min-height:100vh;aspect-ratio:unset;\"><span aria-hidden=\"true\" class=\"wp-block-cover__background has-background-dim-20 has-background-dim\"><\/span><noscript><img decoding=\"async\" width=\"1920\" height=\"1080\" class=\"wp-block-cover__image-background wp-image-13416\" alt src=\"https:\/\/www.campingbellaterra.com\/wp-content\/uploads\/home-main.jpg\" data-object-fit=\"cover\" srcset=\"https:\/\/www.campingbellaterra.com\/wp-content\/uploads\/home-main.jpg 1920w, https:\/\/www.campingbellaterra.com\/wp-content\/uploads\/home-main-1024x576.jpg 1024w, https:\/\/www.campingbellaterra.com\/wp-content\/uploads\/home-main-768x432.jpg 768w, https:\/\/www.campingbellaterra.com\/wp-content\/uploads\/home-main-1536x864.jpg 1536w\" sizes=\"(max-width: 1920px) 100vw, 1920px\"><\/noscript><img decoding=\"async\" width=\"1920\" height=\"1080\" class=\"wp-block-cover__image-background wp-image-13416 lazyload\" alt src=\"data:image\/svg+xml,%3Csvg%20xmlns%3D%22http%3A%2F%2Fwww.w3.org%2F2000%2Fsvg%22%20viewBox%3D%220%200%201920%201080%22%3E%3C%2Fsvg%3E\" data-object-fit=\"cover\" srcset=\"data:image\/svg+xml,%3Csvg%20xmlns%3D%22http%3A%2F%2Fwww.w3.org%2F2000%2Fsvg%22%20viewBox%3D%220%200%201920%201080%22%3E%3C%2Fsvg%3E 1920w\" sizes=\"(max-width: 1920px) 100vw, 1920px\" data-srcset=\"https:\/\/www.campingbellaterra.com\/wp-content\/uploads\/home-main.jpg 1920w, https:\/\/www.campingbellaterra.com\/wp-content\/uploads\/home-main-1024x576.jpg 1024w, https:\/\/www.campingbellaterra.com\/wp-content\/uploads\/home-main-768x432.jpg 768w, https:\/\/www.campingbellaterra.com\/wp-content\/uploads\/home-main-1536x864.jpg 1536w\" data-src=\"https:\/\/www.campingbellaterra.com\/wp-content\/uploads\/home-main.jpg\"><div class=\"wp-block-cover__inner-container is-layout-flow wp-block-cover-is-layout-flow\">\n<div class=\"wp-block-columns is-not-stacked-on-mobile alignwide is-layout-flex wp-container-core-columns-is-layout-28f84493 wp-block-columns-is-layout-flex\">\n<div class=\"wp-block-column is-vertically-aligned-bottom is-layout-flow wp-block-column-is-layout-flow\" style=\"flex-basis:50%\">\n<h1 class=\"wp-block-heading large-text-shadow has-blank-white-color has-text-color\" id=\"a-peu-de-platja\"><span class=\"text-stroke\">Camping<\/span> <br>Bella Terra<\/h1>\n\n\n\n<p class=\"short-text-shadow icon-date_range has-blank-white-color has-text-color has-link-color wp-elements-15d1b01851e6d254f3d642392f736ded\">Er\u00f6ffnungstermin: 28. M\u00e4rz<\/p>\n<\/div>\n\n\n\n<div class=\"wp-block-column is-vertically-aligned-bottom is-layout-flow wp-block-column-is-layout-flow\" style=\"flex-basis:50%\"><div id=\"owm-weather-id-497-1\" class=\"owm-weather-id\" data-id=\"497\" data-weather_id=\"owm-weather-id-497-1\"><div class=\"owmw-loading-spinner\"><button id=\"button-owm-weather-id-497-1\" onclick=\"owmw_refresh_weather(this.id)\"><noscript><img decoding=\"async\" src=\"https:\/\/www.campingbellaterra.com\/wp-content\/plugins\/owm-weather\/img\/owmloading.gif\" alt=\"loader\"><\/noscript><img decoding=\"async\" src=\"data:image\/gif;base64,R0lGODlhAQABAIAAAAAAAP\/\/\/yH5BAEAAAAALAAAAAABAAEAAAIBRAA7\" alt=\"loader\" data-src=\"https:\/\/www.campingbellaterra.com\/wp-content\/plugins\/owm-weather\/img\/owmloading.gif\" class=\" lazyload\"><\/button><\/div><\/div>\n<\/div>\n<\/div>\n\n\n\n<div class=\"wp-block-buttons is-content-justification-center is-layout-flex wp-container-core-buttons-is-layout-a89b3969 wp-block-buttons-is-layout-flex\">\n<div class=\"wp-block-button icon-mouse icon-link\"><a class=\"wp-block-button__link wp-element-button\" href=\"#scrolldown\"><strong>scrolldown<\/strong><\/a><\/div>\n<\/div>\n<\/div><\/div>\n\n\n\n<div class=\"wp-block-cover alignwide is-light cover-auto-height wp-duotone-fff7ce-fff7ce-1\" id=\"scrolldown\"><span aria-hidden=\"true\" class=\"wp-block-cover__background has-background-dim-0 has-background-dim\"><\/span><noscript><img decoding=\"async\" width=\"1118\" height=\"298\" class=\"wp-block-cover__image-background wp-image-13425\" alt src=\"https:\/\/www.campingbellaterra.com\/wp-content\/uploads\/brush-07.svg\" data-object-fit=\"cover\"><\/noscript><img decoding=\"async\" width=\"1118\" height=\"298\" class=\"wp-block-cover__image-background wp-image-13425 lazyload\" alt src=\"data:image\/svg+xml,%3Csvg%20xmlns%3D%22http%3A%2F%2Fwww.w3.org%2F2000%2Fsvg%22%20viewBox%3D%220%200%201118%20298%22%3E%3C%2Fsvg%3E\" data-object-fit=\"cover\" data-src=\"https:\/\/www.campingbellaterra.com\/wp-content\/uploads\/brush-07.svg\"><div class=\"wp-block-cover__inner-container is-layout-flow wp-block-cover-is-layout-flow\">\n<h2 class=\"wp-block-heading has-text-align-center alignnormal\">Willkommen im Camp Bella Terra<\/h2>\n\n\n\n<p class=\"has-text-align-center alignnormal\">Der Campingplatz Bella Terra ist ein ruhiger, <strong>familienfreundlicher Campingplatz<\/strong>, der an einem der sch\u00f6nsten Str\u00e4nde der Costa Brava in der Stadt Blanes (Region La Selva, in der N\u00e4he des Baix Empord\u00e0) liegt. Blanes ist bekannt f\u00fcr die Einzigartigkeit seiner typischen Landschaft an der Costa Brava und ist sehr gut von den Flugh\u00e4fen Girona und Barcelona aus zu erreichen.<\/p>\n\n\n\n<p class=\"has-text-align-center alignnormal\">Der Campingplatz liegt inmitten eines Pinienwaldes und <strong>hat einen direkten Zugang zum Strand S&#8217;Abanell<\/strong>, wo man alle Arten von Wassersport, wie Kajakfahren oder Paddelsurfen (SUP) aus\u00fcben kann. Dar\u00fcber hinaus bietet sich dem Besucher ein abwechslungsreiches Angebot an Freizeitaktivit\u00e4ten, wie Wandern oder Radfahren, sowie ein breitgef\u00e4chertes Angebot an Gastronomie und Kultur.<\/p>\n<\/div><\/div>\n\n\n\n<h2 class=\"wp-block-heading has-text-align-center\">Unterkunft an der Costa Brava<\/h2>\n\n\n\n<div class=\"wp-block-group alignfull is-layout-constrained wp-block-group-is-layout-constrained\" id=\"bungalows\">\n\n\n<div id=\"slide_212\" class=\"wp-block-page-slider alignfull horizontal-block has-media-on-the-right splide\">\n    <div class=\"splide__arrows\">\n        <button class=\"splide__arrow splide__arrow--prev\">\n            <p>prev<br><span class=\"icon-arrow_back\"><\/span><\/p>\n        <\/button>\n        <div class=\"splide__counter\"><span>1<\/span>\/5<\/div>\n        <button class=\"splide__arrow splide__arrow--next\">\n            <p>next<br><span class=\"icon-arrow_forward\"><\/span><\/p>\n        <\/button>\n    <\/div>\n    <div class=\"splide__track\">\n        <div class=\"splide__list\">\n            \n                        \n            \n                        <div class=\"splide__slide page-card\" data-counter=\"1\" data-counter-total=\"5\">\n                            <div class=\"page-card-cover\" style=\"background: url(https:\/\/www.campingbellaterra.com\/wp-content\/uploads\/costa-brava-bungalow-terraconfort-1-1800x900.webp) center no-repeat; background-size: cover\"><\/div>   \n                <div class=\"page-card-content\">\n                    <div>\n                        <h4>Bungalows                        <h3>Terra Confort<\/h3>\n                        <p>Entspannen Sie sich mit Ihrer Familie in einem hochwertigen, ger\u00e4umigen Bungalow inmitten einer ruhigen und landschaftlich reizvollen Umgebung.<\/p>\n                    <\/h4><\/div>\n                    <div>\n                        <div class=\"page-card-icons\">\n                                                            <div class=\"accommodation-icon-pax\">\n                                    <p>5<\/p>\n                                <\/div>\n                                                                                        <div class=\"bungalow-icon-rooms\">\n                                    <p>2<\/p>\n                                <\/div>\n                                                                                    <div class=\"bungalow-icon-doublebed\">\n                                <p>1<\/p>\n                            <\/div>\n                                                                                    <div class=\"bungalow-icon-singlebed\">   \n                                <p>3<\/p>\n                            <\/div>\n                                                    <\/div>\n                                                <div class=\"wp-block-button\">\n                            <a class=\"wp-block-button__link has-blank-blue-background-color has-background\" href=\"https:\/\/www.campingbellaterra.com\/de\/bungalows\/terra-confort\/\">Entdecken<\/a>\n                        <\/div>\n                            \n                    <\/div>   \n                <\/div>\n                        <\/div>\n            \n            \n                        \n            \n                        <div class=\"splide__slide page-card\" data-counter=\"2\" data-counter-total=\"5\">\n                            <div class=\"page-card-cover\" style=\"background: url(https:\/\/www.campingbellaterra.com\/wp-content\/uploads\/costa-brava-bungalow-terra-main-1800x1080.webp) center no-repeat; background-size: cover\"><\/div>   \n                <div class=\"page-card-content\">\n                    <div>\n                        <h4>Bungalows                        <h3>Terra<\/h3>\n                        <p>Die perfekte Unterkunft f\u00fcr Familien mit Kindern, die ein paar Tage in der<br>\nNatur verbringen m\u00f6chten.<\/p>\n                    <\/h4><\/div>\n                    <div>\n                        <div class=\"page-card-icons\">\n                                                            <div class=\"accommodation-icon-pax\">\n                                    <p>5<\/p>\n                                <\/div>\n                                                                                        <div class=\"bungalow-icon-rooms\">\n                                    <p>2<\/p>\n                                <\/div>\n                                                                                    <div class=\"bungalow-icon-doublebed\">\n                                <p>1<\/p>\n                            <\/div>\n                                                                                    <div class=\"bungalow-icon-singlebed\">   \n                                <p>3<\/p>\n                            <\/div>\n                                                    <\/div>\n                                                <div class=\"wp-block-button\">\n                            <a class=\"wp-block-button__link has-blank-blue-background-color has-background\" href=\"https:\/\/www.campingbellaterra.com\/de\/bungalows\/terra\/\">Entdecken<\/a>\n                        <\/div>\n                            \n                    <\/div>   \n                <\/div>\n                        <\/div>\n            \n            \n                        \n            \n                        <div class=\"splide__slide page-card\" data-counter=\"3\" data-counter-total=\"5\">\n                            <div class=\"page-card-cover\" style=\"background: url(https:\/\/www.campingbellaterra.com\/wp-content\/uploads\/costa-brava-bungalow-la-pinya-main-1800x1080.webp) center no-repeat; background-size: cover\"><\/div>   \n                <div class=\"page-card-content\">\n                    <div>\n                        <h4>Bungalows                        <h3>La Pinya<\/h3>\n                        <p>Genie\u00dfen Sie die gem\u00fctlichen La Pinya Bungalows im Schatten eines ausgedehnten Pinienwaldes. Ideal um ein paar Tage mit der Familie zu verbringen.<\/p>\n                    <\/h4><\/div>\n                    <div>\n                        <div class=\"page-card-icons\">\n                                                            <div class=\"accommodation-icon-pax\">\n                                    <p>5<\/p>\n                                <\/div>\n                                                                                        <div class=\"bungalow-icon-rooms\">\n                                    <p>2<\/p>\n                                <\/div>\n                                                                                    <div class=\"bungalow-icon-doublebed\">\n                                <p>1<\/p>\n                            <\/div>\n                                                                                    <div class=\"bungalow-icon-singlebed\">   \n                                <p>3<\/p>\n                            <\/div>\n                                                    <\/div>\n                                                <div class=\"wp-block-button\">\n                            <a class=\"wp-block-button__link has-blank-blue-background-color has-background\" href=\"https:\/\/www.campingbellaterra.com\/de\/bungalows\/la-pinya\/\">Entdecken<\/a>\n                        <\/div>\n                            \n                    <\/div>   \n                <\/div>\n                        <\/div>\n            \n            \n                        \n            \n                        <div class=\"splide__slide page-card\" data-counter=\"4\" data-counter-total=\"5\">\n                            <div class=\"page-card-cover\" style=\"background: url(https:\/\/www.campingbellaterra.com\/wp-content\/uploads\/costa-brava-bungalow-treumal6-main-1800x1080.webp) center no-repeat; background-size: cover\"><\/div>   \n                <div class=\"page-card-content\">\n                    <div>\n                        <h4>Bungalows                        <h3>Treumal<\/h3>\n                        <p>Direkt vor unseren Schwimmb\u00e4dern gelegen und nur eine Minute vom Strand entfernt. Die \u201eTreumal\u201c Bungalows sind ideal f\u00fcr gro\u00dfe Familien.<\/p>\n                    <\/h4><\/div>\n                    <div>\n                        <div class=\"page-card-icons\">\n                                                            <div class=\"accommodation-icon-pax\">\n                                    <p>6<\/p>\n                                <\/div>\n                                                                                        <div class=\"bungalow-icon-rooms\">\n                                    <p>3<\/p>\n                                <\/div>\n                                                                                    <div class=\"bungalow-icon-doublebed\">\n                                <p>2<\/p>\n                            <\/div>\n                                                                                    <div class=\"bungalow-icon-singlebed\">   \n                                <p>2<\/p>\n                            <\/div>\n                                                    <\/div>\n                                                <div class=\"wp-block-button\">\n                            <a class=\"wp-block-button__link has-blank-blue-background-color has-background\" href=\"https:\/\/www.campingbellaterra.com\/de\/bungalows\/treumal-6\/\">Entdecken<\/a>\n                        <\/div>\n                            \n                    <\/div>   \n                <\/div>\n                        <\/div>\n            \n            \n                        \n            \n                        <div class=\"splide__slide page-card\" data-counter=\"5\" data-counter-total=\"5\">\n                            <div class=\"page-card-cover\" style=\"background: url(https:\/\/www.campingbellaterra.com\/wp-content\/uploads\/sapineda-out-r-1800x1080.jpg) center no-repeat; background-size: cover\"><\/div>   \n                <div class=\"page-card-content\">\n                    <div>\n                        <h4>Bungalows                        <h3>Sa Pineda<\/h3>\n                        <p>Entdecken Sie die gem\u00fctlichen und komfortablen Bungalows Sa Pineda in der N\u00e4he des Pools. Sie sind besonders geeignet f\u00fcr Paare oder Eheleute mit einem oder zwei Kindern.<\/p>\n                    <\/h4><\/div>\n                    <div>\n                        <div class=\"page-card-icons\">\n                                                            <div class=\"accommodation-icon-pax\">\n                                    <p>4<\/p>\n                                <\/div>\n                                                                                        <div class=\"bungalow-icon-rooms\">\n                                    <p>2<\/p>\n                                <\/div>\n                                                                                    <div class=\"bungalow-icon-doublebed\">\n                                <p>1<\/p>\n                            <\/div>\n                                                                                    <div class=\"bungalow-icon-singlebed\">   \n                                <p>2<\/p>\n                            <\/div>\n                                                    <\/div>\n                                                <div class=\"wp-block-button\">\n                            <a class=\"wp-block-button__link has-blank-blue-background-color has-background\" href=\"https:\/\/www.campingbellaterra.com\/de\/bungalows\/sapineda\/\">Entdecken<\/a>\n                        <\/div>\n                            \n                    <\/div>   \n                <\/div>\n                        <\/div>\n            \n            \n                   \n        <\/div>\n    <\/div>    \n<\/div>\n\n<script type=\"text\/javascript\">\n                \n                var splide = new Splide( '#slide_212', {\n                    type   : 'slide',\n                    pagination: false,\n                    perPage: 1,\n                    gap: 0,\n                    padding: { left: 0, right: 0 },\n                    width: '100%',\n                    updateOnMove: true,\n                    focus: 'center',\n                    mediaQuery: 'min',\n                    breakpoints: {\n                        1000: {\n                            perPage: 2,\n                            padding: { left: 0, right: 0 }\n                        },\n                        750: {\n                            perPage: 1,\n                        }\n                    },\n                    destroy: 0\n                    } ).mount();\n\n                    if (document.querySelector('.horizontal-block')) {\n\n                        splide.on( 'move', function() {\n                            document.querySelector('#slide_212.wp-block-page-slider.horizontal-block .splide__arrows').classList.add('hide');\n                        } );\n\n                        splide.on( 'moved', function() {\n                            document.querySelector('#slide_212.wp-block-page-slider.horizontal-block .splide__counter span').innerHTML = document.querySelector('#slide_212.wp-block-page-slider.horizontal-block .page-card.is-active.is-visible').getAttribute('data-counter');\n                            document.querySelector('#slide_212.wp-block-page-slider.horizontal-block .splide__arrows').classList.remove('hide');\n                        } );\n                    \n                    }\n                \n            <\/script>\n<\/div>\n\n\n\n<div class=\"wp-block-group alignfull is-layout-constrained wp-block-group-is-layout-constrained\" id=\"parcelles\">\n\n\n<div id=\"slide_478\" class=\"wp-block-page-slider block-bottom alignfull horizontal-block has-media-on-the-left splide\">\n    <div class=\"splide__arrows\">\n        <button class=\"splide__arrow splide__arrow--prev\">\n            <p>prev<br><span class=\"icon-arrow_back\"><\/span><\/p>\n        <\/button>\n        <div class=\"splide__counter\"><span>1<\/span>\/8<\/div>\n        <button class=\"splide__arrow splide__arrow--next\">\n            <p>next<br><span class=\"icon-arrow_forward\"><\/span><\/p>\n        <\/button>\n    <\/div>\n    <div class=\"splide__track\">\n        <div class=\"splide__list\">\n            \n                        \n            \n                        <div class=\"splide__slide page-card\" data-counter=\"1\" data-counter-total=\"8\">\n                            <div class=\"page-card-cover\" style=\"background: url(https:\/\/www.campingbellaterra.com\/wp-content\/uploads\/standard-main-1800x1080.webp) center no-repeat; background-size: cover\"><\/div>   \n                <div class=\"page-card-content\">\n                    <div>\n                        <h4>Stellpl\u00e4tze                        <h3>Standard 1<\/h3>\n                        <p>Im Schatten eines gro\u00dfen Kiefernwaldes gelegen, sind unsere Standardparzellen nicht nur leicht zug\u00e4nglich, sondern befinden sich in der N\u00e4he aller Dienstleistungen.<\/p>\n                    <\/h4><\/div>\n                    <div>\n                        <div class=\"page-card-icons\">\n                                                            <div class=\"accommodation-icon-pax\">\n                                    <p>6<\/p>\n                                <\/div>\n                                                                                        <div class=\"plot-icon-electro\">\n                                    <p>5A<\/p>\n                                <\/div>\n                                                                                    <div class=\"plot-icon-size\">\n                                <p>70 i 80m2<\/p>\n                            <\/div>\n                                                                                    <div class=\"plot-icon-shadows\">   \n                                <p>1 Auto<\/p>\n                            <\/div>\n                                                    <\/div>\n                                                <div class=\"wp-block-button\">\n                            <a class=\"wp-block-button__link has-blank-blue-background-color has-background\" href=\"https:\/\/www.campingbellaterra.com\/de\/stellplaetze\/standard-stellplaetze\/\">Entdecken<\/a>\n                        <\/div>\n                            \n                    <\/div>   \n                <\/div>\n                        <\/div>\n            \n            \n                        \n            \n                        <div class=\"splide__slide page-card\" data-counter=\"2\" data-counter-total=\"8\">\n                            <div class=\"page-card-cover\" style=\"background: url(https:\/\/www.campingbellaterra.com\/wp-content\/uploads\/standard-main-1800x1080.webp) center no-repeat; background-size: cover\"><\/div>   \n                <div class=\"page-card-content\">\n                    <div>\n                        <h4>Stellpl\u00e4tze                        <h3>Standard 2<\/h3>\n                        <p>Im Schatten eines gro\u00dfen Kiefernwaldes gelegen, sind unsere Standardparzellen nicht nur leicht zug\u00e4nglich, sondern befinden sich in der N\u00e4he aller Dienstleistungen.<\/p>\n                    <\/h4><\/div>\n                    <div>\n                        <div class=\"page-card-icons\">\n                                                            <div class=\"accommodation-icon-pax\">\n                                    <p>6<\/p>\n                                <\/div>\n                                                                                        <div class=\"plot-icon-electro\">\n                                    <p>5A<\/p>\n                                <\/div>\n                                                                                    <div class=\"plot-icon-size\">\n                                <p>70 i 80m2<\/p>\n                            <\/div>\n                                                                                    <div class=\"plot-icon-shadows\">   \n                                <p>1 Auto<\/p>\n                            <\/div>\n                                                    <\/div>\n                                                <div class=\"wp-block-button\">\n                            <a class=\"wp-block-button__link has-blank-blue-background-color has-background\" href=\"https:\/\/www.campingbellaterra.com\/de\/stellplaetze\/standard-2\/\">Entdecken<\/a>\n                        <\/div>\n                            \n                    <\/div>   \n                <\/div>\n                        <\/div>\n            \n            \n                        \n            \n                        <div class=\"splide__slide page-card\" data-counter=\"3\" data-counter-total=\"8\">\n                            <div class=\"page-card-cover\" style=\"background: url(https:\/\/www.campingbellaterra.com\/wp-content\/uploads\/confort-main-1800x1080.webp) center no-repeat; background-size: cover\"><\/div>   \n                <div class=\"page-card-content\">\n                    <div>\n                        <h4>Stellpl\u00e4tze                        <h3>Komfort 1<\/h3>\n                        <p>Sie zeichnen sich durch ihre Weitl\u00e4ufigkeit und weil es nur wenige Meter vom Strand entfernt liegt.<\/p>\n                    <\/h4><\/div>\n                    <div>\n                        <div class=\"page-card-icons\">\n                                                            <div class=\"accommodation-icon-pax\">\n                                    <p>6<\/p>\n                                <\/div>\n                                                                                        <div class=\"plot-icon-electro\">\n                                    <p>6A<\/p>\n                                <\/div>\n                                                                                    <div class=\"plot-icon-size\">\n                                <p>90m\u00b2<\/p>\n                            <\/div>\n                                                                                    <div class=\"plot-icon-shadows\">   \n                                <p>1 Auto<\/p>\n                            <\/div>\n                                                    <\/div>\n                                                <div class=\"wp-block-button\">\n                            <a class=\"wp-block-button__link has-blank-blue-background-color has-background\" href=\"https:\/\/www.campingbellaterra.com\/de\/stellplaetze\/komfort-stellplatz\/\">Entdecken<\/a>\n                        <\/div>\n                            \n                    <\/div>   \n                <\/div>\n                        <\/div>\n            \n            \n                        \n            \n                        <div class=\"splide__slide page-card\" data-counter=\"4\" data-counter-total=\"8\">\n                            <div class=\"page-card-cover\" style=\"background: url(https:\/\/www.campingbellaterra.com\/wp-content\/uploads\/confort-main-1800x1080.webp) center no-repeat; background-size: cover\"><\/div>   \n                <div class=\"page-card-content\">\n                    <div>\n                        <h4>Stellpl\u00e4tze                        <h3>Estel.lar 1<\/h3>\n                        <p>Sie zeichnen sich durch ihre Weitl\u00e4ufigkeit und weil es nur wenige Meter vom Strand entfernt liegt.<\/p>\n                    <\/h4><\/div>\n                    <div>\n                        <div class=\"page-card-icons\">\n                                                            <div class=\"accommodation-icon-pax\">\n                                    <p>6<\/p>\n                                <\/div>\n                                                                                        <div class=\"plot-icon-electro\">\n                                    <p>6A<\/p>\n                                <\/div>\n                                                                                    <div class=\"plot-icon-size\">\n                                <p>70-80m\u00b2<\/p>\n                            <\/div>\n                                                                                    <div class=\"plot-icon-shadows\">   \n                                <p>1 Auto<\/p>\n                            <\/div>\n                                                    <\/div>\n                                                <div class=\"wp-block-button\">\n                            <a class=\"wp-block-button__link has-blank-blue-background-color has-background\" href=\"https:\/\/www.campingbellaterra.com\/de\/stellplaetze\/stellar-1\/\">Entdecken<\/a>\n                        <\/div>\n                            \n                    <\/div>   \n                <\/div>\n                        <\/div>\n            \n            \n                        \n            \n                        <div class=\"splide__slide page-card\" data-counter=\"5\" data-counter-total=\"8\">\n                            <div class=\"page-card-cover\" style=\"background: url(https:\/\/www.campingbellaterra.com\/wp-content\/uploads\/confort-main-1800x1080.webp) center no-repeat; background-size: cover\"><\/div>   \n                <div class=\"page-card-content\">\n                    <div>\n                        <h4>Stellpl\u00e4tze                        <h3>Estel.lar 2<\/h3>\n                        <p>Schattige Stellpl\u00e4tze in der Camping 2 70-80 m2. Die Seiten sind mit Anschl\u00fcssen f\u00fcr Strom 6A, Wasserversorgung und Entw\u00e4sserung ausgestattet und externer Parkplatz im Gemeinschaftsbereich<\/p>\n                    <\/h4><\/div>\n                    <div>\n                        <div class=\"page-card-icons\">\n                                                            <div class=\"accommodation-icon-pax\">\n                                    <p>6<\/p>\n                                <\/div>\n                                                                                        <div class=\"plot-icon-electro\">\n                                    <p>6A<\/p>\n                                <\/div>\n                                                                                    <div class=\"plot-icon-size\">\n                                <p>90m\u00b2<\/p>\n                            <\/div>\n                                                                                    <div class=\"plot-icon-shadows\">   \n                                <p>1 Auto<\/p>\n                            <\/div>\n                                                    <\/div>\n                                                <div class=\"wp-block-button\">\n                            <a class=\"wp-block-button__link has-blank-blue-background-color has-background\" href=\"https:\/\/www.campingbellaterra.com\/de\/stellplaetze\/stellar-2\/\">Entdecken<\/a>\n                        <\/div>\n                            \n                    <\/div>   \n                <\/div>\n                        <\/div>\n            \n            \n                        \n            \n                        <div class=\"splide__slide page-card\" data-counter=\"6\" data-counter-total=\"8\">\n                            <div class=\"page-card-cover\" style=\"background: url(https:\/\/www.campingbellaterra.com\/wp-content\/uploads\/confort-main-1800x1080.webp) center no-repeat; background-size: cover\"><\/div>   \n                <div class=\"page-card-content\">\n                    <div>\n                        <h4>Stellpl\u00e4tze                        <h3>Komfort Strand<\/h3>\n                        <p>Sie zeichnen sich durch ihre Ger\u00e4umigkeit und ihre Lage direkt am Meer aus.<\/p>\n                    <\/h4><\/div>\n                    <div>\n                        <div class=\"page-card-icons\">\n                                                            <div class=\"accommodation-icon-pax\">\n                                    <p>6<\/p>\n                                <\/div>\n                                                                                        <div class=\"plot-icon-electro\">\n                                    <p>6A<\/p>\n                                <\/div>\n                                                                                    <div class=\"plot-icon-size\">\n                                <p>90m\u00b2<\/p>\n                            <\/div>\n                                                                                    <div class=\"plot-icon-shadows\">   \n                                <p>1 Auto<\/p>\n                            <\/div>\n                                                    <\/div>\n                                                <div class=\"wp-block-button\">\n                            <a class=\"wp-block-button__link has-blank-blue-background-color has-background\" href=\"https:\/\/www.campingbellaterra.com\/de\/stellplaetze\/komfort-strand\/\">Entdecken<\/a>\n                        <\/div>\n                            \n                    <\/div>   \n                <\/div>\n                        <\/div>\n            \n            \n                        \n            \n                        <div class=\"splide__slide page-card\" data-counter=\"7\" data-counter-total=\"8\">\n                            <div class=\"page-card-cover\" style=\"background: url(https:\/\/www.campingbellaterra.com\/wp-content\/uploads\/confort-main-1800x1080.webp) center no-repeat; background-size: cover\"><\/div>   \n                <div class=\"page-card-content\">\n                    <div>\n                        <h4>Stellpl\u00e4tze                        <h3>Komfort Plus<\/h3>\n                        <p>Sie zeichnen sich durch ihre Ger\u00e4umigkeit und den Meerblick aus.<\/p>\n                    <\/h4><\/div>\n                    <div>\n                        <div class=\"page-card-icons\">\n                                                            <div class=\"accommodation-icon-pax\">\n                                    <p>6<\/p>\n                                <\/div>\n                                                                                        <div class=\"plot-icon-electro\">\n                                    <p>6A<\/p>\n                                <\/div>\n                                                                                    <div class=\"plot-icon-size\">\n                                <p>90m\u00b2<\/p>\n                            <\/div>\n                                                                                    <div class=\"plot-icon-shadows\">   \n                                <p>1 Auto<\/p>\n                            <\/div>\n                                                    <\/div>\n                                                <div class=\"wp-block-button\">\n                            <a class=\"wp-block-button__link has-blank-blue-background-color has-background\" href=\"https:\/\/www.campingbellaterra.com\/de\/stellplaetze\/komfort-plus\/\">Entdecken<\/a>\n                        <\/div>\n                            \n                    <\/div>   \n                <\/div>\n                        <\/div>\n            \n            \n                        \n            \n                        <div class=\"splide__slide page-card\" data-counter=\"8\" data-counter-total=\"8\">\n                            <div class=\"page-card-cover\" style=\"background: url(https:\/\/www.campingbellaterra.com\/wp-content\/uploads\/confort-main-1800x1080.webp) center no-repeat; background-size: cover\"><\/div>   \n                <div class=\"page-card-content\">\n                    <div>\n                        <h4>Stellpl\u00e4tze                        <h3>Komfort plus parking<\/h3>\n                        <p>Sie zeichnen sich durch ihre Ger\u00e4umigkeit und den Meerblick aus.<\/p>\n                    <\/h4><\/div>\n                    <div>\n                        <div class=\"page-card-icons\">\n                                                            <div class=\"accommodation-icon-pax\">\n                                    <p>6<\/p>\n                                <\/div>\n                                                                                        <div class=\"plot-icon-electro\">\n                                    <p>6A<\/p>\n                                <\/div>\n                                                                                    <div class=\"plot-icon-size\">\n                                <p>70-80m\u00b2<\/p>\n                            <\/div>\n                                                                                    <div class=\"plot-icon-shadows\">   \n                                <p>1 Auto<\/p>\n                            <\/div>\n                                                    <\/div>\n                                                <div class=\"wp-block-button\">\n                            <a class=\"wp-block-button__link has-blank-blue-background-color has-background\" href=\"https:\/\/www.campingbellaterra.com\/de\/stellplaetze\/komfort-plus-parking\/\">Entdecken<\/a>\n                        <\/div>\n                            \n                    <\/div>   \n                <\/div>\n                        <\/div>\n            \n            \n                   \n        <\/div>\n    <\/div>    \n<\/div>\n\n<script type=\"text\/javascript\">\n                \n                var splide = new Splide( '#slide_478', {\n                    type   : 'slide',\n                    pagination: false,\n                    perPage: 1,\n                    gap: 0,\n                    padding: { left: 0, right: 0 },\n                    width: '100%',\n                    updateOnMove: true,\n                    focus: 'center',\n                    mediaQuery: 'min',\n                    breakpoints: {\n                        1000: {\n                            perPage: 2,\n                            padding: { left: 0, right: 0 }\n                        },\n                        750: {\n                            perPage: 1,\n                        }\n                    },\n                    destroy: 0\n                    } ).mount();\n\n                    if (document.querySelector('.horizontal-block')) {\n\n                        splide.on( 'move', function() {\n                            document.querySelector('#slide_478.wp-block-page-slider.horizontal-block .splide__arrows').classList.add('hide');\n                        } );\n\n                        splide.on( 'moved', function() {\n                            document.querySelector('#slide_478.wp-block-page-slider.horizontal-block .splide__counter span').innerHTML = document.querySelector('#slide_478.wp-block-page-slider.horizontal-block .page-card.is-active.is-visible').getAttribute('data-counter');\n                            document.querySelector('#slide_478.wp-block-page-slider.horizontal-block .splide__arrows').classList.remove('hide');\n                        } );\n                    \n                    }\n                \n            <\/script>\n<\/div>\n\n\n\n<div class=\"wp-block-cover alignfull is-light wp-block-cover-link\"><span aria-hidden=\"true\" class=\"wp-block-cover__background has-blank-white-background-color has-background-dim-0 has-background-dim\"><\/span><noscript><img decoding=\"async\" width=\"1920\" height=\"1080\" class=\"wp-block-cover__image-background wp-image-12600\" alt src=\"https:\/\/www.campingbellaterra.com\/wp-content\/uploads\/camping-piscina-main.webp\" data-object-fit=\"cover\" srcset=\"https:\/\/www.campingbellaterra.com\/wp-content\/uploads\/camping-piscina-main.webp 1920w, https:\/\/www.campingbellaterra.com\/wp-content\/uploads\/camping-piscina-main-1024x576.webp 1024w, https:\/\/www.campingbellaterra.com\/wp-content\/uploads\/camping-piscina-main-768x432.webp 768w, https:\/\/www.campingbellaterra.com\/wp-content\/uploads\/camping-piscina-main-1536x864.webp 1536w\" sizes=\"(max-width: 1920px) 100vw, 1920px\"><\/noscript><img decoding=\"async\" width=\"1920\" height=\"1080\" class=\"wp-block-cover__image-background wp-image-12600 lazyload\" alt src=\"data:image\/svg+xml,%3Csvg%20xmlns%3D%22http%3A%2F%2Fwww.w3.org%2F2000%2Fsvg%22%20viewBox%3D%220%200%201920%201080%22%3E%3C%2Fsvg%3E\" data-object-fit=\"cover\" srcset=\"data:image\/svg+xml,%3Csvg%20xmlns%3D%22http%3A%2F%2Fwww.w3.org%2F2000%2Fsvg%22%20viewBox%3D%220%200%201920%201080%22%3E%3C%2Fsvg%3E 1920w\" sizes=\"(max-width: 1920px) 100vw, 1920px\" data-srcset=\"https:\/\/www.campingbellaterra.com\/wp-content\/uploads\/camping-piscina-main.webp 1920w, https:\/\/www.campingbellaterra.com\/wp-content\/uploads\/camping-piscina-main-1024x576.webp 1024w, https:\/\/www.campingbellaterra.com\/wp-content\/uploads\/camping-piscina-main-768x432.webp 768w, https:\/\/www.campingbellaterra.com\/wp-content\/uploads\/camping-piscina-main-1536x864.webp 1536w\" data-src=\"https:\/\/www.campingbellaterra.com\/wp-content\/uploads\/camping-piscina-main.webp\"><div class=\"wp-block-cover__inner-container is-layout-flow wp-block-cover-is-layout-flow\">\n<h4 class=\"wp-block-heading has-text-align-center\">Abk\u00fchlen bei<\/h4>\n\n\n\n<h3 class=\"wp-block-heading has-text-align-center\">Unsere Schwimmb\u00e4der<\/h3>\n\n\n\n<p class=\"has-text-align-center\">Mit der Ankunft des guten Wetters werden die Schwimmb\u00e4der des Campingplatzes Bella Terra zu einer der Hauptattraktionen f\u00fcr all unsere Camper.<\/p>\n\n\n\n<p class=\"has-text-align-center\">.<\/p>\n\n\n\n<div class=\"wp-block-buttons is-content-justification-center is-layout-flex wp-container-core-buttons-is-layout-a89b3969 wp-block-buttons-is-layout-flex\">\n<div class=\"wp-block-button is-style-outline is-style-outline--2\"><a class=\"wp-block-button__link wp-element-button\" href=\"https:\/\/www.campingbellaterra.com\/de\/unsere-schwimmbaeder\/\" style=\"border-radius:8px\">Weiterlesen<\/a><\/div>\n<\/div>\n<\/div><\/div>\n\n\n\n<div class=\"wp-block-group alignfull wp-block-cover-link-grid is-layout-flow wp-block-group-is-layout-flow\">\n<div class=\"wp-block-cover alignfull is-light wp-block-cover-link\"><span aria-hidden=\"true\" class=\"wp-block-cover__background has-blank-white-background-color has-background-dim-0 has-background-dim\"><\/span><noscript><img decoding=\"async\" width=\"1920\" height=\"1080\" class=\"wp-block-cover__image-background wp-image-7539\" alt src=\"https:\/\/www.campingbellaterra.com\/wp-content\/uploads\/apeudeplatja-main.webp\" data-object-fit=\"cover\" srcset=\"https:\/\/www.campingbellaterra.com\/wp-content\/uploads\/apeudeplatja-main.webp 1920w, https:\/\/www.campingbellaterra.com\/wp-content\/uploads\/apeudeplatja-main-1024x576.webp 1024w, https:\/\/www.campingbellaterra.com\/wp-content\/uploads\/apeudeplatja-main-768x432.webp 768w, https:\/\/www.campingbellaterra.com\/wp-content\/uploads\/apeudeplatja-main-1536x864.webp 1536w\" sizes=\"(max-width: 1920px) 100vw, 1920px\"><\/noscript><img decoding=\"async\" width=\"1920\" height=\"1080\" class=\"wp-block-cover__image-background wp-image-7539 lazyload\" alt src=\"data:image\/svg+xml,%3Csvg%20xmlns%3D%22http%3A%2F%2Fwww.w3.org%2F2000%2Fsvg%22%20viewBox%3D%220%200%201920%201080%22%3E%3C%2Fsvg%3E\" data-object-fit=\"cover\" srcset=\"data:image\/svg+xml,%3Csvg%20xmlns%3D%22http%3A%2F%2Fwww.w3.org%2F2000%2Fsvg%22%20viewBox%3D%220%200%201920%201080%22%3E%3C%2Fsvg%3E 1920w\" sizes=\"(max-width: 1920px) 100vw, 1920px\" data-srcset=\"https:\/\/www.campingbellaterra.com\/wp-content\/uploads\/apeudeplatja-main.webp 1920w, https:\/\/www.campingbellaterra.com\/wp-content\/uploads\/apeudeplatja-main-1024x576.webp 1024w, https:\/\/www.campingbellaterra.com\/wp-content\/uploads\/apeudeplatja-main-768x432.webp 768w, https:\/\/www.campingbellaterra.com\/wp-content\/uploads\/apeudeplatja-main-1536x864.webp 1536w\" data-src=\"https:\/\/www.campingbellaterra.com\/wp-content\/uploads\/apeudeplatja-main.webp\"><div class=\"wp-block-cover__inner-container is-layout-flow wp-block-cover-is-layout-flow\">\n<h4 class=\"wp-block-heading has-text-align-center\">DEINE FERIEN<\/h4>\n\n\n\n<h3 class=\"wp-block-heading has-text-align-center\">Am Fu\u00df des Strandes<\/h3>\n\n\n\n<p class=\"has-text-align-center\">Die Sch\u00f6nheit ihrer paradiesischen Str\u00e4nde und Buchten ist einer der Gr\u00fcnde, warum die Landschaft der Costa Brava so bekannt ist.<\/p>\n\n\n\n<div class=\"wp-block-buttons is-content-justification-center is-layout-flex wp-container-core-buttons-is-layout-a89b3969 wp-block-buttons-is-layout-flex\">\n<div class=\"wp-block-button is-style-outline is-style-outline--3\"><a class=\"wp-block-button__link wp-element-button\" href=\"https:\/\/www.campingbellaterra.com\/de\/direkt-am-strand\/\" style=\"border-radius:8px\">Weiterlesen<\/a><\/div>\n<\/div>\n<\/div><\/div>\n\n\n\n<div class=\"wp-block-cover alignfull is-light wp-block-cover-link\"><span aria-hidden=\"true\" class=\"wp-block-cover__background has-blank-white-background-color has-background-dim-0 has-background-dim\"><\/span><noscript><img decoding=\"async\" width=\"1920\" height=\"1080\" class=\"wp-block-cover__image-background wp-image-12426\" alt src=\"https:\/\/www.campingbellaterra.com\/wp-content\/uploads\/restaurant-main.webp\" data-object-fit=\"cover\" srcset=\"https:\/\/www.campingbellaterra.com\/wp-content\/uploads\/restaurant-main.webp 1920w, https:\/\/www.campingbellaterra.com\/wp-content\/uploads\/restaurant-main-1024x576.webp 1024w, https:\/\/www.campingbellaterra.com\/wp-content\/uploads\/restaurant-main-768x432.webp 768w, https:\/\/www.campingbellaterra.com\/wp-content\/uploads\/restaurant-main-1536x864.webp 1536w\" sizes=\"(max-width: 1920px) 100vw, 1920px\"><\/noscript><img decoding=\"async\" width=\"1920\" height=\"1080\" class=\"wp-block-cover__image-background wp-image-12426 lazyload\" alt src=\"data:image\/svg+xml,%3Csvg%20xmlns%3D%22http%3A%2F%2Fwww.w3.org%2F2000%2Fsvg%22%20viewBox%3D%220%200%201920%201080%22%3E%3C%2Fsvg%3E\" data-object-fit=\"cover\" srcset=\"data:image\/svg+xml,%3Csvg%20xmlns%3D%22http%3A%2F%2Fwww.w3.org%2F2000%2Fsvg%22%20viewBox%3D%220%200%201920%201080%22%3E%3C%2Fsvg%3E 1920w\" sizes=\"(max-width: 1920px) 100vw, 1920px\" data-srcset=\"https:\/\/www.campingbellaterra.com\/wp-content\/uploads\/restaurant-main.webp 1920w, https:\/\/www.campingbellaterra.com\/wp-content\/uploads\/restaurant-main-1024x576.webp 1024w, https:\/\/www.campingbellaterra.com\/wp-content\/uploads\/restaurant-main-768x432.webp 768w, https:\/\/www.campingbellaterra.com\/wp-content\/uploads\/restaurant-main-1536x864.webp 1536w\" data-src=\"https:\/\/www.campingbellaterra.com\/wp-content\/uploads\/restaurant-main.webp\"><div class=\"wp-block-cover__inner-container is-layout-flow wp-block-cover-is-layout-flow\">\n<h4 class=\"wp-block-heading has-text-align-center\">Mediterrane Gastronomie<\/h4>\n\n\n\n<h3 class=\"wp-block-heading has-text-align-center\">Restaurant \u201eLa Era\u201c<\/h3>\n\n\n\n<p class=\"has-text-align-center\">Wenn Sie ein leckeres Essen in guter Gesellschaft genie\u00dfen m\u00f6chten, sind Sie bei uns richtig aufgehoben! Im Restaurant La Era finden Sie eine gro\u00dfe Auswahl an lokalen und internationalen Gerichten.<\/p>\n\n\n\n<div class=\"wp-block-buttons is-content-justification-center is-layout-flex wp-container-core-buttons-is-layout-a89b3969 wp-block-buttons-is-layout-flex\">\n<div class=\"wp-block-button is-style-outline is-style-outline--4\"><a class=\"wp-block-button__link wp-element-button\" href=\"https:\/\/www.campingbellaterra.com\/de\/gastronomie\/\" style=\"border-radius:8px\">Weiterlesen<\/a><\/div>\n<\/div>\n<\/div><\/div>\n\n\n\n<div class=\"wp-block-cover alignfull is-light wp-block-cover-link\"><span aria-hidden=\"true\" class=\"wp-block-cover__background has-blank-white-background-color has-background-dim-0 has-background-dim\"><\/span><noscript><img decoding=\"async\" width=\"1920\" height=\"1080\" class=\"wp-block-cover__image-background wp-image-11927\" alt src=\"https:\/\/www.campingbellaterra.com\/wp-content\/uploads\/camping-animacio-main.webp\" data-object-fit=\"cover\" srcset=\"https:\/\/www.campingbellaterra.com\/wp-content\/uploads\/camping-animacio-main.webp 1920w, https:\/\/www.campingbellaterra.com\/wp-content\/uploads\/camping-animacio-main-1024x576.webp 1024w, https:\/\/www.campingbellaterra.com\/wp-content\/uploads\/camping-animacio-main-768x432.webp 768w, https:\/\/www.campingbellaterra.com\/wp-content\/uploads\/camping-animacio-main-1536x864.webp 1536w\" sizes=\"(max-width: 1920px) 100vw, 1920px\"><\/noscript><img decoding=\"async\" width=\"1920\" height=\"1080\" class=\"wp-block-cover__image-background wp-image-11927 lazyload\" alt src=\"data:image\/svg+xml,%3Csvg%20xmlns%3D%22http%3A%2F%2Fwww.w3.org%2F2000%2Fsvg%22%20viewBox%3D%220%200%201920%201080%22%3E%3C%2Fsvg%3E\" data-object-fit=\"cover\" srcset=\"data:image\/svg+xml,%3Csvg%20xmlns%3D%22http%3A%2F%2Fwww.w3.org%2F2000%2Fsvg%22%20viewBox%3D%220%200%201920%201080%22%3E%3C%2Fsvg%3E 1920w\" sizes=\"(max-width: 1920px) 100vw, 1920px\" data-srcset=\"https:\/\/www.campingbellaterra.com\/wp-content\/uploads\/camping-animacio-main.webp 1920w, https:\/\/www.campingbellaterra.com\/wp-content\/uploads\/camping-animacio-main-1024x576.webp 1024w, https:\/\/www.campingbellaterra.com\/wp-content\/uploads\/camping-animacio-main-768x432.webp 768w, https:\/\/www.campingbellaterra.com\/wp-content\/uploads\/camping-animacio-main-1536x864.webp 1536w\" data-src=\"https:\/\/www.campingbellaterra.com\/wp-content\/uploads\/camping-animacio-main.webp\"><div class=\"wp-block-cover__inner-container is-layout-flow wp-block-cover-is-layout-flow\">\n<h4 class=\"wp-block-heading has-text-align-center\">HABEN SIE SPASS mit uns<\/h4>\n\n\n\n<h3 class=\"wp-block-heading has-text-align-center\">Unterhaltung und Entertainment<\/h3>\n\n\n\n<p class=\"has-text-align-center\">Das breite Spektrum an Aktivit\u00e4ten, welches unser Animationsteam gemeinsam mit Bella anbietet, wird Ihnen garantiert unvergessliche Erinnerungen und tolle Erlebnisse bescheren.<\/p>\n\n\n\n<div class=\"wp-block-buttons is-content-justification-center is-layout-flex wp-container-core-buttons-is-layout-a89b3969 wp-block-buttons-is-layout-flex\">\n<div class=\"wp-block-button is-style-outline is-style-outline--5\"><a class=\"wp-block-button__link wp-element-button\" href=\"https:\/\/www.campingbellaterra.com\/de\/animation\/\" style=\"border-radius:8px\">Weiterlesen<\/a><\/div>\n<\/div>\n<\/div><\/div>\n\n\n\n<div class=\"wp-block-cover alignfull wp-block-cover-link\"><span aria-hidden=\"true\" class=\"wp-block-cover__background has-blank-white-background-color has-background-dim-0 has-background-dim\"><\/span><noscript><img decoding=\"async\" width=\"1920\" height=\"1080\" class=\"wp-block-cover__image-background wp-image-11727\" alt src=\"https:\/\/www.campingbellaterra.com\/wp-content\/uploads\/supermercat-main.jpg\" data-object-fit=\"cover\" srcset=\"https:\/\/www.campingbellaterra.com\/wp-content\/uploads\/supermercat-main.jpg 1920w, https:\/\/www.campingbellaterra.com\/wp-content\/uploads\/supermercat-main-1024x576.jpg 1024w, https:\/\/www.campingbellaterra.com\/wp-content\/uploads\/supermercat-main-768x432.jpg 768w, https:\/\/www.campingbellaterra.com\/wp-content\/uploads\/supermercat-main-1536x864.jpg 1536w\" sizes=\"(max-width: 1920px) 100vw, 1920px\"><\/noscript><img decoding=\"async\" width=\"1920\" height=\"1080\" class=\"wp-block-cover__image-background wp-image-11727 lazyload\" alt src=\"data:image\/svg+xml,%3Csvg%20xmlns%3D%22http%3A%2F%2Fwww.w3.org%2F2000%2Fsvg%22%20viewBox%3D%220%200%201920%201080%22%3E%3C%2Fsvg%3E\" data-object-fit=\"cover\" srcset=\"data:image\/svg+xml,%3Csvg%20xmlns%3D%22http%3A%2F%2Fwww.w3.org%2F2000%2Fsvg%22%20viewBox%3D%220%200%201920%201080%22%3E%3C%2Fsvg%3E 1920w\" sizes=\"(max-width: 1920px) 100vw, 1920px\" data-srcset=\"https:\/\/www.campingbellaterra.com\/wp-content\/uploads\/supermercat-main.jpg 1920w, https:\/\/www.campingbellaterra.com\/wp-content\/uploads\/supermercat-main-1024x576.jpg 1024w, https:\/\/www.campingbellaterra.com\/wp-content\/uploads\/supermercat-main-768x432.jpg 768w, https:\/\/www.campingbellaterra.com\/wp-content\/uploads\/supermercat-main-1536x864.jpg 1536w\" data-src=\"https:\/\/www.campingbellaterra.com\/wp-content\/uploads\/supermercat-main.jpg\"><div class=\"wp-block-cover__inner-container is-layout-flow wp-block-cover-is-layout-flow\">\n<h4 class=\"wp-block-heading has-text-align-center\">FINDEN SIE DIE BESTEN PRODUKTE A<\/h4>\n\n\n\n<h3 class=\"wp-block-heading has-text-align-center\">Supermarkt<\/h3>\n\n\n\n<p class=\"has-text-align-center\">Der Supermarkt des Campingplatzes bietet eine gro\u00dfe Auswahl an lokalen und internationalen Produkten: t\u00e4glich frisch gebackenes Brot, frisches Obst, Campingausr\u00fcstung, internationale Presse und vieles mehr.<\/p>\n\n\n\n<div class=\"wp-block-buttons is-content-justification-center is-layout-flex wp-container-core-buttons-is-layout-a89b3969 wp-block-buttons-is-layout-flex\">\n<div class=\"wp-block-button is-style-outline is-style-outline--6\"><a class=\"wp-block-button__link wp-element-button\" href=\"https:\/\/www.campingbellaterra.com\/de\/supermarkt\/\" style=\"border-radius:8px\">Weiterlesen<\/a><\/div>\n<\/div>\n<\/div><\/div>\n<\/div>\n\n\n\n<div class=\"wp-block-cover alignfull is-light block-bottom center-block-mobile\"><span aria-hidden=\"true\" class=\"wp-block-cover__background has-blank-white-background-color has-background-dim-80 has-background-dim\"><\/span><noscript><img decoding=\"async\" width=\"1440\" height=\"633\" class=\"wp-block-cover__image-background wp-image-13516\" alt src=\"https:\/\/www.campingbellaterra.com\/wp-content\/uploads\/opinions.webp\" data-object-fit=\"cover\" srcset=\"https:\/\/www.campingbellaterra.com\/wp-content\/uploads\/opinions.webp 1440w, https:\/\/www.campingbellaterra.com\/wp-content\/uploads\/opinions-1024x450.webp 1024w, https:\/\/www.campingbellaterra.com\/wp-content\/uploads\/opinions-768x338.webp 768w\" sizes=\"(max-width: 1440px) 100vw, 1440px\"><\/noscript><img decoding=\"async\" width=\"1440\" height=\"633\" class=\"wp-block-cover__image-background wp-image-13516 lazyload\" alt src=\"data:image\/svg+xml,%3Csvg%20xmlns%3D%22http%3A%2F%2Fwww.w3.org%2F2000%2Fsvg%22%20viewBox%3D%220%200%201440%20633%22%3E%3C%2Fsvg%3E\" data-object-fit=\"cover\" srcset=\"data:image\/svg+xml,%3Csvg%20xmlns%3D%22http%3A%2F%2Fwww.w3.org%2F2000%2Fsvg%22%20viewBox%3D%220%200%201440%20633%22%3E%3C%2Fsvg%3E 1440w\" sizes=\"(max-width: 1440px) 100vw, 1440px\" data-srcset=\"https:\/\/www.campingbellaterra.com\/wp-content\/uploads\/opinions.webp 1440w, https:\/\/www.campingbellaterra.com\/wp-content\/uploads\/opinions-1024x450.webp 1024w, https:\/\/www.campingbellaterra.com\/wp-content\/uploads\/opinions-768x338.webp 768w\" data-src=\"https:\/\/www.campingbellaterra.com\/wp-content\/uploads\/opinions.webp\"><div class=\"wp-block-cover__inner-container is-layout-flow wp-block-cover-is-layout-flow\">\n<div class=\"wp-block-columns alignwide is-layout-flex wp-container-core-columns-is-layout-28f84493 wp-block-columns-is-layout-flex\">\n<div class=\"wp-block-column is-vertically-aligned-center is-layout-flow wp-block-column-is-layout-flow\" style=\"flex-basis:25%\">\n<h2 class=\"wp-block-heading title-ornament-blue\">Meinungen<\/h2>\n\n\n\n<p>Lesen Sie, was unsere Kunden \u00fcber uns sagen.<\/p>\n<\/div>\n\n\n\n<div class=\"wp-block-column is-vertically-aligned-center is-layout-flow wp-block-column-is-layout-flow\">\n<div id=\"wp-block-review-slider-block_913c9f5b8bb8139395f05264a0e31761\" class=\"wp-block-review-slider splide\">\n    <div class=\"splide__arrows\">\n        <button class=\"splide__arrow splide__arrow--prev\">\n            <p>prev<br><span class=\"icon-arrow_back\"><\/span><\/p>\n        <\/button>\n        <button class=\"splide__arrow splide__arrow--next\">\n            <p>next<br><span class=\"icon-arrow_forward\"><\/span><\/p>\n        <\/button>\n    <\/div>\n    <div class=\"splide__track\">\n        <div class=\"splide__list\">\n            \n\n<div id=\"wp-review-block_2427cb47be2c940e0bfc46443be025fb\" class=\"wp-review splide__slide\">\n        <div class=\"rating-image\" style=\"background:url(https:\/\/www.campingbellaterra.com\/wp-content\/themes\/blankv4\/img\/5-5.svg);\"><\/div>\n        \n\n<h4 class=\"wp-block-heading\">heiko<\/h4>\n\n\n\n<p>Ich komme seit 38 Jahren nach Bella Terra und kann nur sagen es ist immer ein erholsamer wundersch\u00f6ner Urlaub. Man f\u00fchlt sich einfach wohl, das Personal ist sehr freundlich und die Anlage wird immer Top Gepflegt! Ich freue mich schon aufs n\u00e4chste Jahr!<\/p>\n\n<\/div>\n\n\n<div id=\"wp-review-block_55f9e8b123f9f59be2f3295ec214d062\" class=\"wp-review splide__slide\">\n        <div class=\"rating-image\" style=\"background:url(https:\/\/www.campingbellaterra.com\/wp-content\/themes\/blankv4\/img\/4-5.svg);\"><\/div>\n        \n\n<h4 class=\"wp-block-heading\">KFZSVBECKER<\/h4>\n\n\n\n<p>Sehr guter CP. Alles zu unserer Zufriedenheit gelaufen. Von der Buchung \u00fcber Internet von unterwegs bis zur Abreise war alles unproblematisch. Guter Supermarkt sowie ein sch\u00f6nes Schwimmbecken. Wir w\u00fcrden wiederkommen.<\/p>\n\n<\/div>\n\n\n<div id=\"wp-review-block_2427cb47be2c940e0bfc46443be025fb\" class=\"wp-review splide__slide\">\n        <div class=\"rating-image\" style=\"background:url(https:\/\/www.campingbellaterra.com\/wp-content\/themes\/blankv4\/img\/5-5.svg);\"><\/div>\n        \n\n<h4 class=\"wp-block-heading\">ST_WOIDECK<\/h4>\n\n\n\n<p>Wir haben uns dort sehr wohl gef\u00fchlt. Die Stellfl\u00e4chen sind eben, bzw. gen\u00fcgten einfache Auffahrkeile, um dann eben zu stehen. Wir standen mit einem Mini-Van und dem Dachzelt nur wenige Schritte vom Strand entfernt. Direkt an unserem Platz gab es Wasser und Strom. Das Personal ist bemerkenswert freundlich und kompetent. Neben Spanisch ist eine Kommunikation auf Englisch oder Franz\u00f6sisch ebenfalls m\u00f6glich. Herausragend ist das Restaurant auf dem Campingplatz.<\/p>\n\n<\/div>\n\n\n<div id=\"wp-review-block_2427cb47be2c940e0bfc46443be025fb\" class=\"wp-review splide__slide\">\n        <div class=\"rating-image\" style=\"background:url(https:\/\/www.campingbellaterra.com\/wp-content\/themes\/blankv4\/img\/5-5.svg);\"><\/div>\n        \n\n<h4 class=\"wp-block-heading\">KHK156<\/h4>\n\n\n\n<p>Super Unterkunft, toller Campingplatz &#8211; wir waren rundum zufrieden. Ruhig gelegen, tolle Poollandschaft, saubere Anlage, gut sortierter Supermarkt, Wlan auch am Strand, das Mobilheim gut ausgestattet, sehr sauber, kurze Wege nach Blanes und zum Bahnhof.<\/p>\n\n<\/div>\n        <\/div>\n    <\/div>    \n<\/div>\n\n\n<script>\n    \n    var splide = new Splide( '.wp-block-review-slider.splide', {\n        type   : 'loop',\n        pagination: true,\n        perPage: 1,\n        updateOnMove: true,\n        width: '668px',\n    } ).mount();\n\n<\/script>\n<\/div>\n<\/div>\n<\/div><\/div>\n","protected":false},"excerpt":{"rendered":"<p>Unterkunft an der Costa Brava<\/p>\n","protected":false},"author":1,"featured_media":0,"parent":0,"menu_order":0,"comment_status":"closed","ping_status":"closed","template":"","meta":{"_acf_changed":false,"inline_featured_image":false,"_monsterinsights_skip_tracking":false,"_monsterinsights_sitenote_active":false,"_monsterinsights_sitenote_note":"","_monsterinsights_sitenote_category":0,"footnotes":""},"class_list":["post-14432","page","type-page","status-publish","hentry"],"acf":[],"yoast_head":"<!-- This site is optimized with the Yoast SEO plugin v27.0 - https:\/\/yoast.com\/product\/yoast-seo-wordpress\/ -->\n<title>Camping Bella Terra - Bungalow Park<\/title>\n<meta name=\"robots\" content=\"index, follow, max-snippet:-1, max-image-preview:large, max-video-preview:-1\" \/>\n<link rel=\"canonical\" href=\"https:\/\/www.campingbellaterra.com\/de\/\" \/>\n<meta property=\"og:locale\" content=\"de_DE\" \/>\n<meta property=\"og:type\" content=\"article\" \/>\n<meta property=\"og:title\" content=\"Camping Bella Terra - Bungalow Park\" \/>\n<meta property=\"og:description\" content=\"Unterkunft an der Costa Brava\" \/>\n<meta property=\"og:url\" content=\"https:\/\/www.campingbellaterra.com\/de\/\" \/>\n<meta property=\"og:site_name\" content=\"Camping Bella Terra\" \/>\n<meta property=\"article:publisher\" content=\"https:\/\/www.facebook.com\/campingbellaterra\/\" \/>\n<meta property=\"article:modified_time\" content=\"2025-10-13T16:18:35+00:00\" \/>\n<meta property=\"og:image\" content=\"https:\/\/www.campingbellaterra.com\/wp-content\/uploads\/home-main.jpg\" \/>\n\t<meta property=\"og:image:width\" content=\"1920\" \/>\n\t<meta property=\"og:image:height\" content=\"1080\" \/>\n\t<meta property=\"og:image:type\" content=\"image\/jpeg\" \/>\n<meta name=\"twitter:card\" content=\"summary_large_image\" \/>\n<meta name=\"twitter:site\" content=\"@cbellaterra\" \/>\n<meta name=\"twitter:label1\" content=\"Gesch\u00e4tzte Lesezeit\" \/>\n\t<meta name=\"twitter:data1\" content=\"4\u00a0Minuten\" \/>\n<script type=\"application\/ld+json\" class=\"yoast-schema-graph\">{\"@context\":\"https:\/\/schema.org\",\"@graph\":[{\"@type\":\"WebPage\",\"@id\":\"https:\/\/www.campingbellaterra.com\/de\/\",\"url\":\"https:\/\/www.campingbellaterra.com\/de\/\",\"name\":\"Camping Bella Terra - Bungalow Park\",\"isPartOf\":{\"@id\":\"https:\/\/www.campingbellaterra.com\/de\/#website\"},\"primaryImageOfPage\":{\"@id\":\"https:\/\/www.campingbellaterra.com\/de\/#primaryimage\"},\"image\":{\"@id\":\"https:\/\/www.campingbellaterra.com\/de\/#primaryimage\"},\"thumbnailUrl\":\"https:\/\/www.campingbellaterra.com\/wp-content\/uploads\/home-main.jpg\",\"datePublished\":\"2021-05-11T10:21:19+00:00\",\"dateModified\":\"2025-10-13T16:18:35+00:00\",\"breadcrumb\":{\"@id\":\"https:\/\/www.campingbellaterra.com\/de\/#breadcrumb\"},\"inLanguage\":\"de\",\"potentialAction\":[{\"@type\":\"ReadAction\",\"target\":[\"https:\/\/www.campingbellaterra.com\/de\/\"]}]},{\"@type\":\"ImageObject\",\"inLanguage\":\"de\",\"@id\":\"https:\/\/www.campingbellaterra.com\/de\/#primaryimage\",\"url\":\"https:\/\/www.campingbellaterra.com\/wp-content\/uploads\/home-main.jpg\",\"contentUrl\":\"https:\/\/www.campingbellaterra.com\/wp-content\/uploads\/home-main.jpg\"},{\"@type\":\"BreadcrumbList\",\"@id\":\"https:\/\/www.campingbellaterra.com\/de\/#breadcrumb\",\"itemListElement\":[{\"@type\":\"ListItem\",\"position\":1,\"name\":\"Inici\",\"item\":\"https:\/\/www.campingbellaterra.com\/de\/\"},{\"@type\":\"ListItem\",\"position\":2,\"name\":\"Home\"}]},{\"@type\":\"WebSite\",\"@id\":\"https:\/\/www.campingbellaterra.com\/de\/#website\",\"url\":\"https:\/\/www.campingbellaterra.com\/de\/\",\"name\":\"Camping Bella Terra\",\"description\":\"Otro sitio realizado con WordPress\",\"publisher\":{\"@id\":\"https:\/\/www.campingbellaterra.com\/de\/#organization\"},\"potentialAction\":[{\"@type\":\"SearchAction\",\"target\":{\"@type\":\"EntryPoint\",\"urlTemplate\":\"https:\/\/www.campingbellaterra.com\/de\/?s={search_term_string}\"},\"query-input\":{\"@type\":\"PropertyValueSpecification\",\"valueRequired\":true,\"valueName\":\"search_term_string\"}}],\"inLanguage\":\"de\"},{\"@type\":\"Organization\",\"@id\":\"https:\/\/www.campingbellaterra.com\/de\/#organization\",\"name\":\"Camping Bella Terra\",\"url\":\"https:\/\/www.campingbellaterra.com\/de\/\",\"logo\":{\"@type\":\"ImageObject\",\"inLanguage\":\"de\",\"@id\":\"https:\/\/www.campingbellaterra.com\/de\/#\/schema\/logo\/image\/\",\"url\":\"https:\/\/www.campingbellaterra.com\/wp-content\/uploads\/logo6.svg\",\"contentUrl\":\"https:\/\/www.campingbellaterra.com\/wp-content\/uploads\/logo6.svg\",\"width\":\"2048\",\"height\":\"2048\",\"caption\":\"Camping Bella Terra\"},\"image\":{\"@id\":\"https:\/\/www.campingbellaterra.com\/de\/#\/schema\/logo\/image\/\"},\"sameAs\":[\"https:\/\/www.facebook.com\/campingbellaterra\/\",\"https:\/\/x.com\/cbellaterra\",\"https:\/\/www.instagram.com\/campingbellaterra\/\",\"https:\/\/www.youtube.com\/c\/Camping-Bellaterra-Blanes\",\"https:\/\/www.tripadvisor.es\/Hotel_Review-g580331-d3328184-Reviews-Camping_Bella_Terra-Blanes_Costa_Brava_Province_of_Girona_Catalonia.html\"]}]}<\/script>\n<!-- \/ Yoast SEO plugin. -->","yoast_head_json":{"title":"Camping Bella Terra - Bungalow Park","robots":{"index":"index","follow":"follow","max-snippet":"max-snippet:-1","max-image-preview":"max-image-preview:large","max-video-preview":"max-video-preview:-1"},"canonical":"https:\/\/www.campingbellaterra.com\/de\/","og_locale":"de_DE","og_type":"article","og_title":"Camping Bella Terra - Bungalow Park","og_description":"Unterkunft an der Costa Brava","og_url":"https:\/\/www.campingbellaterra.com\/de\/","og_site_name":"Camping Bella Terra","article_publisher":"https:\/\/www.facebook.com\/campingbellaterra\/","article_modified_time":"2025-10-13T16:18:35+00:00","og_image":[{"width":1920,"height":1080,"url":"https:\/\/www.campingbellaterra.com\/wp-content\/uploads\/home-main.jpg","type":"image\/jpeg"}],"twitter_card":"summary_large_image","twitter_site":"@cbellaterra","twitter_misc":{"Gesch\u00e4tzte Lesezeit":"4\u00a0Minuten"},"schema":{"@context":"https:\/\/schema.org","@graph":[{"@type":"WebPage","@id":"https:\/\/www.campingbellaterra.com\/de\/","url":"https:\/\/www.campingbellaterra.com\/de\/","name":"Camping Bella Terra - Bungalow Park","isPartOf":{"@id":"https:\/\/www.campingbellaterra.com\/de\/#website"},"primaryImageOfPage":{"@id":"https:\/\/www.campingbellaterra.com\/de\/#primaryimage"},"image":{"@id":"https:\/\/www.campingbellaterra.com\/de\/#primaryimage"},"thumbnailUrl":"https:\/\/www.campingbellaterra.com\/wp-content\/uploads\/home-main.jpg","datePublished":"2021-05-11T10:21:19+00:00","dateModified":"2025-10-13T16:18:35+00:00","breadcrumb":{"@id":"https:\/\/www.campingbellaterra.com\/de\/#breadcrumb"},"inLanguage":"de","potentialAction":[{"@type":"ReadAction","target":["https:\/\/www.campingbellaterra.com\/de\/"]}]},{"@type":"ImageObject","inLanguage":"de","@id":"https:\/\/www.campingbellaterra.com\/de\/#primaryimage","url":"https:\/\/www.campingbellaterra.com\/wp-content\/uploads\/home-main.jpg","contentUrl":"https:\/\/www.campingbellaterra.com\/wp-content\/uploads\/home-main.jpg"},{"@type":"BreadcrumbList","@id":"https:\/\/www.campingbellaterra.com\/de\/#breadcrumb","itemListElement":[{"@type":"ListItem","position":1,"name":"Inici","item":"https:\/\/www.campingbellaterra.com\/de\/"},{"@type":"ListItem","position":2,"name":"Home"}]},{"@type":"WebSite","@id":"https:\/\/www.campingbellaterra.com\/de\/#website","url":"https:\/\/www.campingbellaterra.com\/de\/","name":"Camping Bella Terra","description":"Otro sitio realizado con WordPress","publisher":{"@id":"https:\/\/www.campingbellaterra.com\/de\/#organization"},"potentialAction":[{"@type":"SearchAction","target":{"@type":"EntryPoint","urlTemplate":"https:\/\/www.campingbellaterra.com\/de\/?s={search_term_string}"},"query-input":{"@type":"PropertyValueSpecification","valueRequired":true,"valueName":"search_term_string"}}],"inLanguage":"de"},{"@type":"Organization","@id":"https:\/\/www.campingbellaterra.com\/de\/#organization","name":"Camping Bella Terra","url":"https:\/\/www.campingbellaterra.com\/de\/","logo":{"@type":"ImageObject","inLanguage":"de","@id":"https:\/\/www.campingbellaterra.com\/de\/#\/schema\/logo\/image\/","url":"https:\/\/www.campingbellaterra.com\/wp-content\/uploads\/logo6.svg","contentUrl":"https:\/\/www.campingbellaterra.com\/wp-content\/uploads\/logo6.svg","width":"2048","height":"2048","caption":"Camping Bella Terra"},"image":{"@id":"https:\/\/www.campingbellaterra.com\/de\/#\/schema\/logo\/image\/"},"sameAs":["https:\/\/www.facebook.com\/campingbellaterra\/","https:\/\/x.com\/cbellaterra","https:\/\/www.instagram.com\/campingbellaterra\/","https:\/\/www.youtube.com\/c\/Camping-Bellaterra-Blanes","https:\/\/www.tripadvisor.es\/Hotel_Review-g580331-d3328184-Reviews-Camping_Bella_Terra-Blanes_Costa_Brava_Province_of_Girona_Catalonia.html"]}]}},"_links":{"self":[{"href":"https:\/\/www.campingbellaterra.com\/de\/wp-json\/wp\/v2\/pages\/14432","targetHints":{"allow":["GET"]}}],"collection":[{"href":"https:\/\/www.campingbellaterra.com\/de\/wp-json\/wp\/v2\/pages"}],"about":[{"href":"https:\/\/www.campingbellaterra.com\/de\/wp-json\/wp\/v2\/types\/page"}],"author":[{"embeddable":true,"href":"https:\/\/www.campingbellaterra.com\/de\/wp-json\/wp\/v2\/users\/1"}],"replies":[{"embeddable":true,"href":"https:\/\/www.campingbellaterra.com\/de\/wp-json\/wp\/v2\/comments?post=14432"}],"version-history":[{"count":17,"href":"https:\/\/www.campingbellaterra.com\/de\/wp-json\/wp\/v2\/pages\/14432\/revisions"}],"predecessor-version":[{"id":21223,"href":"https:\/\/www.campingbellaterra.com\/de\/wp-json\/wp\/v2\/pages\/14432\/revisions\/21223"}],"wp:attachment":[{"href":"https:\/\/www.campingbellaterra.com\/de\/wp-json\/wp\/v2\/media?parent=14432"}],"curies":[{"name":"wp","href":"https:\/\/api.w.org\/{rel}","templated":true}]}}