{"id":16816,"date":"2022-10-13T11:03:31","date_gmt":"2022-10-13T09:03:31","guid":{"rendered":"https:\/\/www.campingbellaterra.com\/stellplaetze\/standard-2\/"},"modified":"2025-07-19T13:20:14","modified_gmt":"2025-07-19T11:20:14","slug":"standard-2","status":"publish","type":"page","link":"https:\/\/www.campingbellaterra.com\/de\/stellplaetze\/standard-2\/","title":{"rendered":"Standard 2"},"content":{"rendered":"<div class=\"wp-block-cover alignfull wp-align-content-end wp-block-no-margin-y\" style=\"min-height:100vh;aspect-ratio:unset;\"><span aria-hidden=\"true\" class=\"wp-block-cover__background has-background-dim-10 has-background-dim\"><\/span><noscript><img decoding=\"async\" width=\"1920\" height=\"1080\" class=\"wp-block-cover__image-background wp-image-13268\" alt src=\"https:\/\/www.campingbellaterra.com\/wp-content\/uploads\/standard-main.webp\" data-object-fit=\"cover\" srcset=\"https:\/\/www.campingbellaterra.com\/wp-content\/uploads\/standard-main.webp 1920w, https:\/\/www.campingbellaterra.com\/wp-content\/uploads\/standard-main-1024x576.webp 1024w, https:\/\/www.campingbellaterra.com\/wp-content\/uploads\/standard-main-768x432.webp 768w, https:\/\/www.campingbellaterra.com\/wp-content\/uploads\/standard-main-1536x864.webp 1536w\" sizes=\"(max-width: 1920px) 100vw, 1920px\"><\/noscript><img decoding=\"async\" width=\"1920\" height=\"1080\" class=\"wp-block-cover__image-background wp-image-13268 lazyload\" alt src=\"data:image\/svg+xml,%3Csvg%20xmlns%3D%22http%3A%2F%2Fwww.w3.org%2F2000%2Fsvg%22%20viewBox%3D%220%200%201920%201080%22%3E%3C%2Fsvg%3E\" data-object-fit=\"cover\" srcset=\"data:image\/svg+xml,%3Csvg%20xmlns%3D%22http%3A%2F%2Fwww.w3.org%2F2000%2Fsvg%22%20viewBox%3D%220%200%201920%201080%22%3E%3C%2Fsvg%3E 1920w\" sizes=\"(max-width: 1920px) 100vw, 1920px\" data-srcset=\"https:\/\/www.campingbellaterra.com\/wp-content\/uploads\/standard-main.webp 1920w, https:\/\/www.campingbellaterra.com\/wp-content\/uploads\/standard-main-1024x576.webp 1024w, https:\/\/www.campingbellaterra.com\/wp-content\/uploads\/standard-main-768x432.webp 768w, https:\/\/www.campingbellaterra.com\/wp-content\/uploads\/standard-main-1536x864.webp 1536w\" data-src=\"https:\/\/www.campingbellaterra.com\/wp-content\/uploads\/standard-main.webp\"><div class=\"wp-block-cover__inner-container is-layout-flow wp-block-cover-is-layout-flow\">\n<div class=\"wp-block-columns is-not-stacked-on-mobile alignwide is-layout-flex wp-container-core-columns-is-layout-28f84493 wp-block-columns-is-layout-flex\">\n<div class=\"wp-block-column is-vertically-aligned-bottom is-layout-flow wp-block-column-is-layout-flow\" style=\"flex-basis:75%\">\n<h1 class=\"wp-block-heading large-text-shadow has-blank-white-color has-text-color\" id=\"a-peu-de-platja\"><span class=\"text-stroke\">Standard 2<\/span> Platz<\/h1>\n\n\n\n<p class=\"short-text-shadow icon-date_range has-blank-white-color has-text-color has-link-color wp-elements-15d1b01851e6d254f3d642392f736ded\">Er\u00f6ffnungstermin: 28. M\u00e4rz<\/p>\n<\/div>\n\n\n\n<div class=\"wp-block-column is-vertically-aligned-bottom is-layout-flow wp-block-column-is-layout-flow\" style=\"flex-basis:25%\"><div id=\"owm-weather-id-497-1\" class=\"owm-weather-id\" data-id=\"497\" data-weather_id=\"owm-weather-id-497-1\"><div class=\"owmw-loading-spinner\"><button id=\"button-owm-weather-id-497-1\" onclick=\"owmw_refresh_weather(this.id)\"><noscript><img decoding=\"async\" src=\"https:\/\/www.campingbellaterra.com\/wp-content\/plugins\/owm-weather\/img\/owmloading.gif\" alt=\"loader\"><\/noscript><img decoding=\"async\" src=\"data:image\/gif;base64,R0lGODlhAQABAIAAAAAAAP\/\/\/yH5BAEAAAAALAAAAAABAAEAAAIBRAA7\" alt=\"loader\" data-src=\"https:\/\/www.campingbellaterra.com\/wp-content\/plugins\/owm-weather\/img\/owmloading.gif\" class=\" lazyload\"><\/button><\/div><\/div>\n<\/div>\n<\/div>\n\n\n\n<div class=\"wp-block-buttons is-content-justification-center is-layout-flex wp-container-core-buttons-is-layout-a89b3969 wp-block-buttons-is-layout-flex\">\n<div class=\"wp-block-button icon-mouse icon-link\"><a class=\"wp-block-button__link wp-element-button\" href=\"#scrolldown\"><strong>scrolldown<\/strong><\/a><\/div>\n<\/div>\n<\/div><\/div>\n\n\n\n<div class=\"wp-block-media-text alignfull has-media-on-the-right is-stacked-on-mobile wp-block-media-text-wide wp-block-no-margin-y\" id=\"scrolldown\"><div class=\"wp-block-media-text__content\">\n<h3 class=\"wp-block-heading\">Leicht zug\u00e4ngliche, schattige Stellpl\u00e4tze<\/h3>\n\n\n\n<p>Sie sind unsere h\u00e4ufigste Art von Stellpl\u00e4tzen, die vom Pinienwald des Campingplatzes beschattet werden. Mit einer Gr\u00f6\u00dfe zwischen 70 und 80 m2 erm\u00f6glichen sie einen komfortablen Aufenthalt. Die Stellpl\u00e4tze sind leicht zug\u00e4nglich und alle Dienstleistungen befinden sich in unmittelbarer N\u00e4he. Diese Parzellen befinden sich in einem besonders ruhigen Bereich des Campingplatzes.<\/p>\n\n\n\n<div class=\"wp-block-buttons is-layout-flex wp-block-buttons-is-layout-flex\">\n<div class=\"wp-block-button\"><a class=\"wp-block-button__link has-blank-blue-background-color has-background wp-element-button\" href=\"https:\/\/booking.campingbellaterra.com\/search?categoryIds=2&amp;lang=ca\" style=\"border-radius:8px\" target=\"_blank\" rel=\"noreferrer noopener\">BUCHEN SIE JETZT<\/a><\/div>\n<\/div>\n<\/div><figure class=\"wp-block-media-text__media\"><noscript><img decoding=\"async\" width=\"1920\" height=\"1080\" src=\"https:\/\/www.campingbellaterra.com\/wp-content\/uploads\/standard-pi-aquarela.webp\" alt class=\"wp-image-13333 size-full\" srcset=\"https:\/\/www.campingbellaterra.com\/wp-content\/uploads\/standard-pi-aquarela.webp 1920w, https:\/\/www.campingbellaterra.com\/wp-content\/uploads\/standard-pi-aquarela-1024x576.webp 1024w, https:\/\/www.campingbellaterra.com\/wp-content\/uploads\/standard-pi-aquarela-768x432.webp 768w, https:\/\/www.campingbellaterra.com\/wp-content\/uploads\/standard-pi-aquarela-1536x864.webp 1536w\" sizes=\"(max-width: 1920px) 100vw, 1920px\"><\/noscript><img decoding=\"async\" width=\"1920\" height=\"1080\" src=\"data:image\/svg+xml,%3Csvg%20xmlns%3D%22http%3A%2F%2Fwww.w3.org%2F2000%2Fsvg%22%20viewBox%3D%220%200%201920%201080%22%3E%3C%2Fsvg%3E\" alt class=\"wp-image-13333 size-full lazyload\" srcset=\"data:image\/svg+xml,%3Csvg%20xmlns%3D%22http%3A%2F%2Fwww.w3.org%2F2000%2Fsvg%22%20viewBox%3D%220%200%201920%201080%22%3E%3C%2Fsvg%3E 1920w\" sizes=\"(max-width: 1920px) 100vw, 1920px\" data-srcset=\"https:\/\/www.campingbellaterra.com\/wp-content\/uploads\/standard-pi-aquarela.webp 1920w, https:\/\/www.campingbellaterra.com\/wp-content\/uploads\/standard-pi-aquarela-1024x576.webp 1024w, https:\/\/www.campingbellaterra.com\/wp-content\/uploads\/standard-pi-aquarela-768x432.webp 768w, https:\/\/www.campingbellaterra.com\/wp-content\/uploads\/standard-pi-aquarela-1536x864.webp 1536w\" data-src=\"https:\/\/www.campingbellaterra.com\/wp-content\/uploads\/standard-pi-aquarela.webp\"><\/figure><\/div>\n\n\n\n<div class=\"wp-block-group alignfull wp-block-no-margin-y wp-block-icons-1 block-bottom has-blank-blue-background-color has-background is-layout-constrained wp-container-core-group-is-layout-2db066cb wp-block-group-is-layout-constrained\">\n<div class=\"wp-block-columns is-layout-flex wp-container-core-columns-is-layout-28f84493 wp-block-columns-is-layout-flex\">\n<div class=\"wp-block-column is-layout-flow wp-block-column-is-layout-flow\">\n<figure class=\"wp-block-image aligncenter size-large is-style-rounded\"><noscript><img decoding=\"async\" src=\"https:\/\/www.campingbellaterra.com\/wp-content\/uploads\/user.svg\" alt class=\"wp-image-12676\"><\/noscript><img decoding=\"async\" src=\"data:image\/gif;base64,R0lGODlhAQABAIAAAAAAAP\/\/\/yH5BAEAAAAALAAAAAABAAEAAAIBRAA7\" alt class=\"wp-image-12676 lazyload\" data-src=\"https:\/\/www.campingbellaterra.com\/wp-content\/uploads\/user.svg\"><figcaption class=\"wp-element-caption\">6 pax<\/figcaption><\/figure>\n<\/div>\n\n\n\n<div class=\"wp-block-column is-layout-flow wp-block-column-is-layout-flow\">\n<figure class=\"wp-block-image aligncenter size-large is-style-rounded\"><noscript><img decoding=\"async\" width=\"48\" height=\"48\" src=\"https:\/\/www.campingbellaterra.com\/wp-content\/uploads\/electro.svg\" alt class=\"wp-image-13286\"><\/noscript><img decoding=\"async\" width=\"48\" height=\"48\" src=\"data:image\/svg+xml,%3Csvg%20xmlns%3D%22http%3A%2F%2Fwww.w3.org%2F2000%2Fsvg%22%20viewBox%3D%220%200%2048%2048%22%3E%3C%2Fsvg%3E\" alt class=\"wp-image-13286 lazyload\" data-src=\"https:\/\/www.campingbellaterra.com\/wp-content\/uploads\/electro.svg\"><figcaption class=\"wp-element-caption\">5A elektrischer Stromanschluss<\/figcaption><\/figure>\n<\/div>\n\n\n\n<div class=\"wp-block-column is-layout-flow wp-block-column-is-layout-flow\">\n<figure class=\"wp-block-image aligncenter size-large is-style-rounded\"><noscript><img decoding=\"async\" width=\"48\" height=\"48\" src=\"https:\/\/www.campingbellaterra.com\/wp-content\/uploads\/tent.svg\" alt class=\"wp-image-13293\"><\/noscript><img decoding=\"async\" width=\"48\" height=\"48\" src=\"data:image\/svg+xml,%3Csvg%20xmlns%3D%22http%3A%2F%2Fwww.w3.org%2F2000%2Fsvg%22%20viewBox%3D%220%200%2048%2048%22%3E%3C%2Fsvg%3E\" alt class=\"wp-image-13293 lazyload\" data-src=\"https:\/\/www.campingbellaterra.com\/wp-content\/uploads\/tent.svg\"><figcaption class=\"wp-element-caption\">1 Wohnwagen \/ Wohnmobil oder Zelt<\/figcaption><\/figure>\n<\/div>\n\n\n\n<div class=\"wp-block-column is-layout-flow wp-block-column-is-layout-flow\">\n<figure class=\"wp-block-image aligncenter size-large is-style-rounded\"><noscript><img decoding=\"async\" width=\"48\" height=\"48\" src=\"https:\/\/www.campingbellaterra.com\/wp-content\/uploads\/cotxe.svg\" alt class=\"wp-image-13964\"><\/noscript><img decoding=\"async\" width=\"48\" height=\"48\" src=\"data:image\/svg+xml,%3Csvg%20xmlns%3D%22http%3A%2F%2Fwww.w3.org%2F2000%2Fsvg%22%20viewBox%3D%220%200%2048%2048%22%3E%3C%2Fsvg%3E\" alt class=\"wp-image-13964 lazyload\" data-src=\"https:\/\/www.campingbellaterra.com\/wp-content\/uploads\/cotxe.svg\"><figcaption class=\"wp-element-caption\">1 Auto<\/figcaption><\/figure>\n<\/div>\n\n\n\n<div class=\"wp-block-column is-layout-flow wp-block-column-is-layout-flow\">\n<figure class=\"wp-block-image aligncenter size-large is-style-rounded\"><noscript><img decoding=\"async\" width=\"48\" height=\"48\" src=\"https:\/\/www.campingbellaterra.com\/wp-content\/uploads\/rellotge.svg\" alt class=\"wp-image-13971\"><\/noscript><img decoding=\"async\" width=\"48\" height=\"48\" src=\"data:image\/svg+xml,%3Csvg%20xmlns%3D%22http%3A%2F%2Fwww.w3.org%2F2000%2Fsvg%22%20viewBox%3D%220%200%2048%2048%22%3E%3C%2Fsvg%3E\" alt class=\"wp-image-13971 lazyload\" data-src=\"https:\/\/www.campingbellaterra.com\/wp-content\/uploads\/rellotge.svg\"><figcaption class=\"wp-element-caption\">Check out 12h<\/figcaption><\/figure>\n<\/div>\n<\/div>\n<\/div>\n\n\n<div id=\"wp-block-slider-block_e0d5887b8b46869ce1c2efebe660ad79\" class=\"wp-block-slider block-bottom alignfull\" style>\n    <div class=\"contingut-texte\">\n                    <div class=\"slider-container\"><div class=\"splide galeria-slider galeria-columnas-1\" id=\"slide_168\"><div class=\"splide__track\"><div class=\"splide__list\"><div id=\"thumb-13326\" class=\"splide__slide\" data-counter=\"01\/03\"><noscript><img decoding=\"async\" width=\"1900\" height=\"900\" src=\"https:\/\/www.campingbellaterra.com\/wp-content\/uploads\/1-standard-beach.webp\" class=\"attachment-panoramic size-panoramic\" alt srcset=\"https:\/\/www.campingbellaterra.com\/wp-content\/uploads\/1-standard-beach.webp 1900w, https:\/\/www.campingbellaterra.com\/wp-content\/uploads\/1-standard-beach-1024x485.webp 1024w, https:\/\/www.campingbellaterra.com\/wp-content\/uploads\/1-standard-beach-768x364.webp 768w, https:\/\/www.campingbellaterra.com\/wp-content\/uploads\/1-standard-beach-1536x728.webp 1536w, https:\/\/www.campingbellaterra.com\/wp-content\/uploads\/1-standard-beach-1266x600.webp 1266w, https:\/\/www.campingbellaterra.com\/wp-content\/uploads\/1-standard-beach-950x450.webp 950w, https:\/\/www.campingbellaterra.com\/wp-content\/uploads\/1-standard-beach-633x300.webp 633w, https:\/\/www.campingbellaterra.com\/wp-content\/uploads\/1-standard-beach-475x225.webp 475w\" sizes=\"(max-width: 1900px) 100vw, 1900px\"><\/noscript><img decoding=\"async\" width=\"1900\" height=\"900\" src=\"data:image\/svg+xml,%3Csvg%20xmlns%3D%22http%3A%2F%2Fwww.w3.org%2F2000%2Fsvg%22%20viewBox%3D%220%200%201900%20900%22%3E%3C%2Fsvg%3E\" class=\"attachment-panoramic size-panoramic lazyload\" alt srcset=\"data:image\/svg+xml,%3Csvg%20xmlns%3D%22http%3A%2F%2Fwww.w3.org%2F2000%2Fsvg%22%20viewBox%3D%220%200%201900%20900%22%3E%3C%2Fsvg%3E 1900w\" sizes=\"(max-width: 1900px) 100vw, 1900px\" data-srcset=\"https:\/\/www.campingbellaterra.com\/wp-content\/uploads\/1-standard-beach.webp 1900w, https:\/\/www.campingbellaterra.com\/wp-content\/uploads\/1-standard-beach-1024x485.webp 1024w, https:\/\/www.campingbellaterra.com\/wp-content\/uploads\/1-standard-beach-768x364.webp 768w, https:\/\/www.campingbellaterra.com\/wp-content\/uploads\/1-standard-beach-1536x728.webp 1536w, https:\/\/www.campingbellaterra.com\/wp-content\/uploads\/1-standard-beach-1266x600.webp 1266w, https:\/\/www.campingbellaterra.com\/wp-content\/uploads\/1-standard-beach-950x450.webp 950w, https:\/\/www.campingbellaterra.com\/wp-content\/uploads\/1-standard-beach-633x300.webp 633w, https:\/\/www.campingbellaterra.com\/wp-content\/uploads\/1-standard-beach-475x225.webp 475w\" data-src=\"https:\/\/www.campingbellaterra.com\/wp-content\/uploads\/1-standard-beach.webp\"><\/div><div id=\"thumb-13312\" class=\"splide__slide\" data-counter=\"02\/03\"><noscript><img decoding=\"async\" width=\"1900\" height=\"900\" src=\"https:\/\/www.campingbellaterra.com\/wp-content\/uploads\/3-standard-strand.webp\" class=\"attachment-panoramic size-panoramic\" alt srcset=\"https:\/\/www.campingbellaterra.com\/wp-content\/uploads\/3-standard-strand.webp 1900w, https:\/\/www.campingbellaterra.com\/wp-content\/uploads\/3-standard-strand-1024x485.webp 1024w, https:\/\/www.campingbellaterra.com\/wp-content\/uploads\/3-standard-strand-768x364.webp 768w, https:\/\/www.campingbellaterra.com\/wp-content\/uploads\/3-standard-strand-1536x728.webp 1536w, https:\/\/www.campingbellaterra.com\/wp-content\/uploads\/3-standard-strand-1266x600.webp 1266w, https:\/\/www.campingbellaterra.com\/wp-content\/uploads\/3-standard-strand-950x450.webp 950w, https:\/\/www.campingbellaterra.com\/wp-content\/uploads\/3-standard-strand-633x300.webp 633w, https:\/\/www.campingbellaterra.com\/wp-content\/uploads\/3-standard-strand-475x225.webp 475w\" sizes=\"(max-width: 1900px) 100vw, 1900px\"><\/noscript><img decoding=\"async\" width=\"1900\" height=\"900\" src=\"data:image\/svg+xml,%3Csvg%20xmlns%3D%22http%3A%2F%2Fwww.w3.org%2F2000%2Fsvg%22%20viewBox%3D%220%200%201900%20900%22%3E%3C%2Fsvg%3E\" class=\"attachment-panoramic size-panoramic lazyload\" alt srcset=\"data:image\/svg+xml,%3Csvg%20xmlns%3D%22http%3A%2F%2Fwww.w3.org%2F2000%2Fsvg%22%20viewBox%3D%220%200%201900%20900%22%3E%3C%2Fsvg%3E 1900w\" sizes=\"(max-width: 1900px) 100vw, 1900px\" data-srcset=\"https:\/\/www.campingbellaterra.com\/wp-content\/uploads\/3-standard-strand.webp 1900w, https:\/\/www.campingbellaterra.com\/wp-content\/uploads\/3-standard-strand-1024x485.webp 1024w, https:\/\/www.campingbellaterra.com\/wp-content\/uploads\/3-standard-strand-768x364.webp 768w, https:\/\/www.campingbellaterra.com\/wp-content\/uploads\/3-standard-strand-1536x728.webp 1536w, https:\/\/www.campingbellaterra.com\/wp-content\/uploads\/3-standard-strand-1266x600.webp 1266w, https:\/\/www.campingbellaterra.com\/wp-content\/uploads\/3-standard-strand-950x450.webp 950w, https:\/\/www.campingbellaterra.com\/wp-content\/uploads\/3-standard-strand-633x300.webp 633w, https:\/\/www.campingbellaterra.com\/wp-content\/uploads\/3-standard-strand-475x225.webp 475w\" data-src=\"https:\/\/www.campingbellaterra.com\/wp-content\/uploads\/3-standard-strand.webp\"><\/div><div id=\"thumb-16997\" class=\"splide__slide\" data-counter=\"03\/03\"><noscript><img decoding=\"async\" width=\"1900\" height=\"900\" src=\"https:\/\/www.campingbellaterra.com\/wp-content\/uploads\/standard21.jpg\" class=\"attachment-panoramic size-panoramic\" alt srcset=\"https:\/\/www.campingbellaterra.com\/wp-content\/uploads\/standard21.jpg 1900w, https:\/\/www.campingbellaterra.com\/wp-content\/uploads\/standard21-1024x485.jpg 1024w, https:\/\/www.campingbellaterra.com\/wp-content\/uploads\/standard21-768x364.jpg 768w, https:\/\/www.campingbellaterra.com\/wp-content\/uploads\/standard21-1536x728.jpg 1536w, https:\/\/www.campingbellaterra.com\/wp-content\/uploads\/standard21-1266x600.jpg 1266w, https:\/\/www.campingbellaterra.com\/wp-content\/uploads\/standard21-950x450.jpg 950w, https:\/\/www.campingbellaterra.com\/wp-content\/uploads\/standard21-633x300.jpg 633w, https:\/\/www.campingbellaterra.com\/wp-content\/uploads\/standard21-475x225.jpg 475w\" sizes=\"(max-width: 1900px) 100vw, 1900px\"><\/noscript><img decoding=\"async\" width=\"1900\" height=\"900\" src=\"data:image\/svg+xml,%3Csvg%20xmlns%3D%22http%3A%2F%2Fwww.w3.org%2F2000%2Fsvg%22%20viewBox%3D%220%200%201900%20900%22%3E%3C%2Fsvg%3E\" class=\"attachment-panoramic size-panoramic lazyload\" alt srcset=\"data:image\/svg+xml,%3Csvg%20xmlns%3D%22http%3A%2F%2Fwww.w3.org%2F2000%2Fsvg%22%20viewBox%3D%220%200%201900%20900%22%3E%3C%2Fsvg%3E 1900w\" sizes=\"(max-width: 1900px) 100vw, 1900px\" data-srcset=\"https:\/\/www.campingbellaterra.com\/wp-content\/uploads\/standard21.jpg 1900w, https:\/\/www.campingbellaterra.com\/wp-content\/uploads\/standard21-1024x485.jpg 1024w, https:\/\/www.campingbellaterra.com\/wp-content\/uploads\/standard21-768x364.jpg 768w, https:\/\/www.campingbellaterra.com\/wp-content\/uploads\/standard21-1536x728.jpg 1536w, https:\/\/www.campingbellaterra.com\/wp-content\/uploads\/standard21-1266x600.jpg 1266w, https:\/\/www.campingbellaterra.com\/wp-content\/uploads\/standard21-950x450.jpg 950w, https:\/\/www.campingbellaterra.com\/wp-content\/uploads\/standard21-633x300.jpg 633w, https:\/\/www.campingbellaterra.com\/wp-content\/uploads\/standard21-475x225.jpg 475w\" data-src=\"https:\/\/www.campingbellaterra.com\/wp-content\/uploads\/standard21.jpg\"><\/div><\/div><\/div><\/div><\/div>\n            <script>\n            document.addEventListener( 'DOMContentLoaded', function () {\n\n                var splide = new Splide( '#slide_168', \n                    {\n                    type   : 'slide',\n                    pagination : true,\n                    arrows: false,\n                    perPage: 1,\n                    gap: '2em',\n                    padding: {\n                        left : '0%',\n                        right: '0%',\n                        },\n                    breakpoints: {\n                        750: {\n                            perPage: 0,\n                        },\n                        600: {\n                            perPage: 1,\n                        },\n                    }    \n\n\n                    }\n                ).mount();\n\n                function counter(){\n                    return document.querySelector('#slide_168 .is-active.is-visible').getAttribute('data-counter');\n                }\n\n                let initCounter = counter();\n\n                let arrows = document.querySelector('#slide_168 .splide__arrows');\n                let divCounter = '<div class=\"splide__counter\">'+initCounter+'<\/div>';\n                arrows.insertAdjacentHTML('afterend', divCounter);\n                console.log(counter());\n                splide.on( 'moved', function() {\n                    document.querySelector('#slide_168 .splide__counter').textContent = counter();\n                } );\n\n            });\n            <\/script>\n                        \n    <\/div>\n<\/div>\n\n\n\n<div class=\"wp-block-cover alignfull is-light cover-auto-height cover-img-left wp-duotone-d0e3f2-d0e3f2-1\"><span aria-hidden=\"true\" class=\"wp-block-cover__background has-background-dim-0 has-background-dim\"><\/span><noscript><img decoding=\"async\" width=\"1002\" height=\"331\" class=\"wp-block-cover__image-background wp-image-560\" alt src=\"https:\/\/www.campingbellaterra.com\/wp-content\/uploads\/brush-02.svg\" data-object-fit=\"cover\"><\/noscript><img decoding=\"async\" width=\"1002\" height=\"331\" class=\"wp-block-cover__image-background wp-image-560 lazyload\" alt src=\"data:image\/svg+xml,%3Csvg%20xmlns%3D%22http%3A%2F%2Fwww.w3.org%2F2000%2Fsvg%22%20viewBox%3D%220%200%201002%20331%22%3E%3C%2Fsvg%3E\" data-object-fit=\"cover\" data-src=\"https:\/\/www.campingbellaterra.com\/wp-content\/uploads\/brush-02.svg\"><div class=\"wp-block-cover__inner-container is-layout-flow wp-block-cover-is-layout-flow\">\n<div class=\"wp-block-columns alignwide is-layout-flex wp-container-core-columns-is-layout-28f84493 wp-block-columns-is-layout-flex\">\n<div class=\"wp-block-column is-vertically-aligned-center is-layout-flow wp-block-column-is-layout-flow\">\n<p>Suchen Sie die Standardstellpl\u00e4tze 2 auf der Karte des Campingplatzes.<\/p>\n<\/div>\n\n\n\n<div class=\"wp-block-column is-layout-flow wp-block-column-is-layout-flow\">\n<figure class=\"wp-block-image size-full\"><a href=\"https:\/\/www.campingbellaterra.com\/wp-content\/uploads\/standard2.jpg\" class=\"image-link\"><noscript><img decoding=\"async\" width=\"1637\" height=\"1158\" src=\"https:\/\/www.campingbellaterra.com\/wp-content\/uploads\/standard2.jpg\" alt class=\"wp-image-16802\" srcset=\"https:\/\/www.campingbellaterra.com\/wp-content\/uploads\/standard2.jpg 1637w, https:\/\/www.campingbellaterra.com\/wp-content\/uploads\/standard2-1024x724.jpg 1024w, https:\/\/www.campingbellaterra.com\/wp-content\/uploads\/standard2-768x543.jpg 768w, https:\/\/www.campingbellaterra.com\/wp-content\/uploads\/standard2-1536x1087.jpg 1536w\" sizes=\"(max-width: 1637px) 100vw, 1637px\"><\/noscript><img decoding=\"async\" width=\"1637\" height=\"1158\" src=\"data:image\/svg+xml,%3Csvg%20xmlns%3D%22http%3A%2F%2Fwww.w3.org%2F2000%2Fsvg%22%20viewBox%3D%220%200%201637%201158%22%3E%3C%2Fsvg%3E\" alt class=\"wp-image-16802 lazyload\" srcset=\"data:image\/svg+xml,%3Csvg%20xmlns%3D%22http%3A%2F%2Fwww.w3.org%2F2000%2Fsvg%22%20viewBox%3D%220%200%201637%201158%22%3E%3C%2Fsvg%3E 1637w\" sizes=\"(max-width: 1637px) 100vw, 1637px\" data-srcset=\"https:\/\/www.campingbellaterra.com\/wp-content\/uploads\/standard2.jpg 1637w, https:\/\/www.campingbellaterra.com\/wp-content\/uploads\/standard2-1024x724.jpg 1024w, https:\/\/www.campingbellaterra.com\/wp-content\/uploads\/standard2-768x543.jpg 768w, https:\/\/www.campingbellaterra.com\/wp-content\/uploads\/standard2-1536x1087.jpg 1536w\" data-src=\"https:\/\/www.campingbellaterra.com\/wp-content\/uploads\/standard2.jpg\"><\/a><\/figure>\n<\/div>\n<\/div>\n<\/div><\/div>\n\n\n\n<h2 class=\"wp-block-heading has-text-align-center title-ornament-blue centered-ornament\">Andere Unterk\u00fcnfte<\/h2>\n\n\n\n\n\n<div id=\"slide_458\" class=\"wp-block-page-slider block-bottom alignfull splide\">\n    <div class=\"splide__arrows\">\n        <button class=\"splide__arrow splide__arrow--prev\">\n            <p>prev<br><span class=\"icon-arrow_back\"><\/span><\/p>\n        <\/button>\n        <div class=\"splide__counter\"><span>1<\/span>\/7<\/div>\n        <button class=\"splide__arrow splide__arrow--next\">\n            <p>next<br><span class=\"icon-arrow_forward\"><\/span><\/p>\n        <\/button>\n    <\/div>\n    <div class=\"splide__track\">\n        <div class=\"splide__list\">\n            \n                        \n            \n                        <a class=\"splide__slide page-card\" href=\"https:\/\/www.campingbellaterra.com\/de\/stellplaetze\/standard-stellplaetze\/\">\n                            <div class=\"page-card-cover\" style=\"background: url(https:\/\/www.campingbellaterra.com\/wp-content\/uploads\/standard-main-1800x1080.webp) center no-repeat; background-size: cover\"><\/div>   \n                <div class=\"page-card-content\">\n                    <div>\n                        <h4>Stellpl\u00e4tze                        <h3>Standard 1<\/h3>\n                        <p>Im Schatten eines gro\u00dfen Kiefernwaldes gelegen, sind unsere Standardparzellen nicht nur leicht zug\u00e4nglich, sondern befinden sich in der N\u00e4he aller Dienstleistungen.<\/p>\n                    <\/h4><\/div>\n                    <div>\n                        <div class=\"page-card-icons\">\n                                                            <div class=\"accommodation-icon-pax\">\n                                    <p>6<\/p>\n                                <\/div>\n                                                                                        <div class=\"plot-icon-electro\">\n                                    <p>5A<\/p>\n                                <\/div>\n                                                                                    <div class=\"plot-icon-size\">\n                                <p>70 i 80m2<\/p>\n                            <\/div>\n                                                                                    <div class=\"plot-icon-shadows\">   \n                                <p>1 Auto<\/p>\n                            <\/div>\n                                                    <\/div>\n                            \n                    <\/div>   \n                <\/div>\n                        <\/a>\n            \n            \n                        \n            \n                        <a class=\"splide__slide page-card\" href=\"https:\/\/www.campingbellaterra.com\/de\/stellplaetze\/komfort-stellplatz\/\">\n                            <div class=\"page-card-cover\" style=\"background: url(https:\/\/www.campingbellaterra.com\/wp-content\/uploads\/confort-main-1800x1080.webp) center no-repeat; background-size: cover\"><\/div>   \n                <div class=\"page-card-content\">\n                    <div>\n                        <h4>Stellpl\u00e4tze                        <h3>Komfort 1<\/h3>\n                        <p>Sie zeichnen sich durch ihre Weitl\u00e4ufigkeit und weil es nur wenige Meter vom Strand entfernt liegt.<\/p>\n                    <\/h4><\/div>\n                    <div>\n                        <div class=\"page-card-icons\">\n                                                            <div class=\"accommodation-icon-pax\">\n                                    <p>6<\/p>\n                                <\/div>\n                                                                                        <div class=\"plot-icon-electro\">\n                                    <p>6A<\/p>\n                                <\/div>\n                                                                                    <div class=\"plot-icon-size\">\n                                <p>90m\u00b2<\/p>\n                            <\/div>\n                                                                                    <div class=\"plot-icon-shadows\">   \n                                <p>1 Auto<\/p>\n                            <\/div>\n                                                    <\/div>\n                            \n                    <\/div>   \n                <\/div>\n                        <\/a>\n            \n            \n                        \n            \n                        <a class=\"splide__slide page-card\" href=\"https:\/\/www.campingbellaterra.com\/de\/stellplaetze\/stellar-1\/\">\n                            <div class=\"page-card-cover\" style=\"background: url(https:\/\/www.campingbellaterra.com\/wp-content\/uploads\/confort-main-1800x1080.webp) center no-repeat; background-size: cover\"><\/div>   \n                <div class=\"page-card-content\">\n                    <div>\n                        <h4>Stellpl\u00e4tze                        <h3>Estel.lar 1<\/h3>\n                        <p>Sie zeichnen sich durch ihre Weitl\u00e4ufigkeit und weil es nur wenige Meter vom Strand entfernt liegt.<\/p>\n                    <\/h4><\/div>\n                    <div>\n                        <div class=\"page-card-icons\">\n                                                            <div class=\"accommodation-icon-pax\">\n                                    <p>6<\/p>\n                                <\/div>\n                                                                                        <div class=\"plot-icon-electro\">\n                                    <p>6A<\/p>\n                                <\/div>\n                                                                                    <div class=\"plot-icon-size\">\n                                <p>70-80m\u00b2<\/p>\n                            <\/div>\n                                                                                    <div class=\"plot-icon-shadows\">   \n                                <p>1 Auto<\/p>\n                            <\/div>\n                                                    <\/div>\n                            \n                    <\/div>   \n                <\/div>\n                        <\/a>\n            \n            \n                        \n            \n                        <a class=\"splide__slide page-card\" href=\"https:\/\/www.campingbellaterra.com\/de\/stellplaetze\/stellar-2\/\">\n                            <div class=\"page-card-cover\" style=\"background: url(https:\/\/www.campingbellaterra.com\/wp-content\/uploads\/confort-main-1800x1080.webp) center no-repeat; background-size: cover\"><\/div>   \n                <div class=\"page-card-content\">\n                    <div>\n                        <h4>Stellpl\u00e4tze                        <h3>Estel.lar 2<\/h3>\n                        <p>Schattige Stellpl\u00e4tze in der Camping 2 70-80 m2. Die Seiten sind mit Anschl\u00fcssen f\u00fcr Strom 6A, Wasserversorgung und Entw\u00e4sserung ausgestattet und externer Parkplatz im Gemeinschaftsbereich<\/p>\n                    <\/h4><\/div>\n                    <div>\n                        <div class=\"page-card-icons\">\n                                                            <div class=\"accommodation-icon-pax\">\n                                    <p>6<\/p>\n                                <\/div>\n                                                                                        <div class=\"plot-icon-electro\">\n                                    <p>6A<\/p>\n                                <\/div>\n                                                                                    <div class=\"plot-icon-size\">\n                                <p>90m\u00b2<\/p>\n                            <\/div>\n                                                                                    <div class=\"plot-icon-shadows\">   \n                                <p>1 Auto<\/p>\n                            <\/div>\n                                                    <\/div>\n                            \n                    <\/div>   \n                <\/div>\n                        <\/a>\n            \n            \n                        \n            \n                        <a class=\"splide__slide page-card\" href=\"https:\/\/www.campingbellaterra.com\/de\/stellplaetze\/komfort-strand\/\">\n                            <div class=\"page-card-cover\" style=\"background: url(https:\/\/www.campingbellaterra.com\/wp-content\/uploads\/confort-main-1800x1080.webp) center no-repeat; background-size: cover\"><\/div>   \n                <div class=\"page-card-content\">\n                    <div>\n                        <h4>Stellpl\u00e4tze                        <h3>Komfort Strand<\/h3>\n                        <p>Sie zeichnen sich durch ihre Ger\u00e4umigkeit und ihre Lage direkt am Meer aus.<\/p>\n                    <\/h4><\/div>\n                    <div>\n                        <div class=\"page-card-icons\">\n                                                            <div class=\"accommodation-icon-pax\">\n                                    <p>6<\/p>\n                                <\/div>\n                                                                                        <div class=\"plot-icon-electro\">\n                                    <p>6A<\/p>\n                                <\/div>\n                                                                                    <div class=\"plot-icon-size\">\n                                <p>90m\u00b2<\/p>\n                            <\/div>\n                                                                                    <div class=\"plot-icon-shadows\">   \n                                <p>1 Auto<\/p>\n                            <\/div>\n                                                    <\/div>\n                            \n                    <\/div>   \n                <\/div>\n                        <\/a>\n            \n            \n                        \n            \n                        <a class=\"splide__slide page-card\" href=\"https:\/\/www.campingbellaterra.com\/de\/stellplaetze\/komfort-plus\/\">\n                            <div class=\"page-card-cover\" style=\"background: url(https:\/\/www.campingbellaterra.com\/wp-content\/uploads\/confort-main-1800x1080.webp) center no-repeat; background-size: cover\"><\/div>   \n                <div class=\"page-card-content\">\n                    <div>\n                        <h4>Stellpl\u00e4tze                        <h3>Komfort Plus<\/h3>\n                        <p>Sie zeichnen sich durch ihre Ger\u00e4umigkeit und den Meerblick aus.<\/p>\n                    <\/h4><\/div>\n                    <div>\n                        <div class=\"page-card-icons\">\n                                                            <div class=\"accommodation-icon-pax\">\n                                    <p>6<\/p>\n                                <\/div>\n                                                                                        <div class=\"plot-icon-electro\">\n                                    <p>6A<\/p>\n                                <\/div>\n                                                                                    <div class=\"plot-icon-size\">\n                                <p>90m\u00b2<\/p>\n                            <\/div>\n                                                                                    <div class=\"plot-icon-shadows\">   \n                                <p>1 Auto<\/p>\n                            <\/div>\n                                                    <\/div>\n                            \n                    <\/div>   \n                <\/div>\n                        <\/a>\n            \n            \n                        \n            \n                        <a class=\"splide__slide page-card\" href=\"https:\/\/www.campingbellaterra.com\/de\/stellplaetze\/komfort-plus-parking\/\">\n                            <div class=\"page-card-cover\" style=\"background: url(https:\/\/www.campingbellaterra.com\/wp-content\/uploads\/confort-main-1800x1080.webp) center no-repeat; background-size: cover\"><\/div>   \n                <div class=\"page-card-content\">\n                    <div>\n                        <h4>Stellpl\u00e4tze                        <h3>Komfort plus parking<\/h3>\n                        <p>Sie zeichnen sich durch ihre Ger\u00e4umigkeit und den Meerblick aus.<\/p>\n                    <\/h4><\/div>\n                    <div>\n                        <div class=\"page-card-icons\">\n                                                            <div class=\"accommodation-icon-pax\">\n                                    <p>6<\/p>\n                                <\/div>\n                                                                                        <div class=\"plot-icon-electro\">\n                                    <p>6A<\/p>\n                                <\/div>\n                                                                                    <div class=\"plot-icon-size\">\n                                <p>70-80m\u00b2<\/p>\n                            <\/div>\n                                                                                    <div class=\"plot-icon-shadows\">   \n                                <p>1 Auto<\/p>\n                            <\/div>\n                                                    <\/div>\n                            \n                    <\/div>   \n                <\/div>\n                        <\/a>\n            \n            \n                   \n        <\/div>\n    <\/div>    \n<\/div>\n\n<script type=\"text\/javascript\">\n                \n                var splide = new Splide( '#slide_458', {\n                    type   : 'loop',\n                    pagination: false,\n                    perPage: 3,\n                    gap: 52,\n                    padding: { left: 115, right: 115 },\n                    width: '100%',\n                    updateOnMove: true,\n                    focus: 'center',\n                    mediaQuery: 'min',\n                    breakpoints: {\n                        1000: {\n                            perPage: 2,\n                            padding: { left: 0, right: 0 }\n                        },\n                        750: {\n                            perPage: 1,\n                        }\n                    },\n                    destroy: 0\n                    } ).mount();\n\n                    if (document.querySelector('.horizontal-block')) {\n\n                        splide.on( 'move', function() {\n                            document.querySelector('#slide_458.wp-block-page-slider.horizontal-block .splide__arrows').classList.add('hide');\n                        } );\n\n                        splide.on( 'moved', function() {\n                            document.querySelector('#slide_458.wp-block-page-slider.horizontal-block .splide__counter span').innerHTML = document.querySelector('#slide_458.wp-block-page-slider.horizontal-block .page-card.is-active.is-visible').getAttribute('data-counter');\n                            document.querySelector('#slide_458.wp-block-page-slider.horizontal-block .splide__arrows').classList.remove('hide');\n                        } );\n                    \n                    }\n                \n            <\/script>\n","protected":false},"excerpt":{"rendered":"<p>Im Schatten eines gro\u00dfen Kiefernwaldes gelegen, sind unsere Standardparzellen nicht nur leicht zug\u00e4nglich, sondern befinden sich in der N\u00e4he aller Dienstleistungen.<\/p>\n","protected":false},"author":2,"featured_media":13273,"parent":14445,"menu_order":1,"comment_status":"closed","ping_status":"closed","template":"templates\/tmpl-allotjament.php","meta":{"_acf_changed":false,"inline_featured_image":false,"_monsterinsights_skip_tracking":false,"_monsterinsights_sitenote_active":false,"_monsterinsights_sitenote_note":"","_monsterinsights_sitenote_category":0,"footnotes":""},"class_list":["post-16816","page","type-page","status-publish","has-post-thumbnail","hentry"],"acf":[],"yoast_head":"<!-- This site is optimized with the Yoast SEO plugin v27.0 - https:\/\/yoast.com\/product\/yoast-seo-wordpress\/ -->\n<title>Standard 2 - Camping Bella Terra<\/title>\n<meta name=\"robots\" content=\"index, follow, max-snippet:-1, max-image-preview:large, max-video-preview:-1\" \/>\n<link rel=\"canonical\" href=\"https:\/\/www.campingbellaterra.com\/de\/stellplaetze\/standard-2\/\" \/>\n<meta property=\"og:locale\" content=\"de_DE\" \/>\n<meta property=\"og:type\" content=\"article\" \/>\n<meta property=\"og:title\" content=\"Standard 2 - Camping Bella Terra\" \/>\n<meta property=\"og:description\" content=\"Im Schatten eines gro\u00dfen Kiefernwaldes gelegen, sind unsere Standardparzellen nicht nur leicht zug\u00e4nglich, sondern befinden sich in der N\u00e4he aller Dienstleistungen.\" \/>\n<meta property=\"og:url\" content=\"https:\/\/www.campingbellaterra.com\/de\/stellplaetze\/standard-2\/\" \/>\n<meta property=\"og:site_name\" content=\"Camping Bella Terra\" \/>\n<meta property=\"article:publisher\" content=\"https:\/\/www.facebook.com\/campingbellaterra\/\" \/>\n<meta property=\"article:modified_time\" content=\"2025-07-19T11:20:14+00:00\" \/>\n<meta property=\"og:image\" content=\"https:\/\/www.campingbellaterra.com\/wp-content\/uploads\/standard-main.webp\" \/>\n\t<meta property=\"og:image:width\" content=\"1920\" \/>\n\t<meta property=\"og:image:height\" content=\"1080\" \/>\n\t<meta property=\"og:image:type\" content=\"image\/webp\" \/>\n<meta name=\"twitter:card\" content=\"summary_large_image\" \/>\n<meta name=\"twitter:site\" content=\"@cbellaterra\" \/>\n<meta name=\"twitter:label1\" content=\"Gesch\u00e4tzte Lesezeit\" \/>\n\t<meta name=\"twitter:data1\" content=\"5\u00a0Minuten\" \/>\n<script type=\"application\/ld+json\" class=\"yoast-schema-graph\">{\"@context\":\"https:\/\/schema.org\",\"@graph\":[{\"@type\":\"WebPage\",\"@id\":\"https:\/\/www.campingbellaterra.com\/de\/stellplaetze\/standard-2\/\",\"url\":\"https:\/\/www.campingbellaterra.com\/de\/stellplaetze\/standard-2\/\",\"name\":\"Standard 2 - Camping Bella Terra\",\"isPartOf\":{\"@id\":\"https:\/\/www.campingbellaterra.com\/de\/#website\"},\"primaryImageOfPage\":{\"@id\":\"https:\/\/www.campingbellaterra.com\/de\/stellplaetze\/standard-2\/#primaryimage\"},\"image\":{\"@id\":\"https:\/\/www.campingbellaterra.com\/de\/stellplaetze\/standard-2\/#primaryimage\"},\"thumbnailUrl\":\"https:\/\/www.campingbellaterra.com\/wp-content\/uploads\/standard-main.webp\",\"datePublished\":\"2022-10-13T09:03:31+00:00\",\"dateModified\":\"2025-07-19T11:20:14+00:00\",\"breadcrumb\":{\"@id\":\"https:\/\/www.campingbellaterra.com\/de\/stellplaetze\/standard-2\/#breadcrumb\"},\"inLanguage\":\"de\",\"potentialAction\":[{\"@type\":\"ReadAction\",\"target\":[\"https:\/\/www.campingbellaterra.com\/de\/stellplaetze\/standard-2\/\"]}]},{\"@type\":\"ImageObject\",\"inLanguage\":\"de\",\"@id\":\"https:\/\/www.campingbellaterra.com\/de\/stellplaetze\/standard-2\/#primaryimage\",\"url\":\"https:\/\/www.campingbellaterra.com\/wp-content\/uploads\/standard-main.webp\",\"contentUrl\":\"https:\/\/www.campingbellaterra.com\/wp-content\/uploads\/standard-main.webp\",\"width\":1920,\"height\":1080},{\"@type\":\"BreadcrumbList\",\"@id\":\"https:\/\/www.campingbellaterra.com\/de\/stellplaetze\/standard-2\/#breadcrumb\",\"itemListElement\":[{\"@type\":\"ListItem\",\"position\":1,\"name\":\"Inici\",\"item\":\"https:\/\/www.campingbellaterra.com\/de\/\"},{\"@type\":\"ListItem\",\"position\":2,\"name\":\"Stellpl\u00e4tze\",\"item\":\"https:\/\/www.campingbellaterra.com\/de\/stellplaetze\/\"},{\"@type\":\"ListItem\",\"position\":3,\"name\":\"Standard 2\"}]},{\"@type\":\"WebSite\",\"@id\":\"https:\/\/www.campingbellaterra.com\/de\/#website\",\"url\":\"https:\/\/www.campingbellaterra.com\/de\/\",\"name\":\"Camping Bella Terra\",\"description\":\"Otro sitio realizado con WordPress\",\"publisher\":{\"@id\":\"https:\/\/www.campingbellaterra.com\/de\/#organization\"},\"potentialAction\":[{\"@type\":\"SearchAction\",\"target\":{\"@type\":\"EntryPoint\",\"urlTemplate\":\"https:\/\/www.campingbellaterra.com\/de\/?s={search_term_string}\"},\"query-input\":{\"@type\":\"PropertyValueSpecification\",\"valueRequired\":true,\"valueName\":\"search_term_string\"}}],\"inLanguage\":\"de\"},{\"@type\":\"Organization\",\"@id\":\"https:\/\/www.campingbellaterra.com\/de\/#organization\",\"name\":\"Camping Bella Terra\",\"url\":\"https:\/\/www.campingbellaterra.com\/de\/\",\"logo\":{\"@type\":\"ImageObject\",\"inLanguage\":\"de\",\"@id\":\"https:\/\/www.campingbellaterra.com\/de\/#\/schema\/logo\/image\/\",\"url\":\"https:\/\/www.campingbellaterra.com\/wp-content\/uploads\/logo6.svg\",\"contentUrl\":\"https:\/\/www.campingbellaterra.com\/wp-content\/uploads\/logo6.svg\",\"width\":\"2048\",\"height\":\"2048\",\"caption\":\"Camping Bella Terra\"},\"image\":{\"@id\":\"https:\/\/www.campingbellaterra.com\/de\/#\/schema\/logo\/image\/\"},\"sameAs\":[\"https:\/\/www.facebook.com\/campingbellaterra\/\",\"https:\/\/x.com\/cbellaterra\",\"https:\/\/www.instagram.com\/campingbellaterra\/\",\"https:\/\/www.youtube.com\/c\/Camping-Bellaterra-Blanes\",\"https:\/\/www.tripadvisor.es\/Hotel_Review-g580331-d3328184-Reviews-Camping_Bella_Terra-Blanes_Costa_Brava_Province_of_Girona_Catalonia.html\"]}]}<\/script>\n<!-- \/ Yoast SEO plugin. -->","yoast_head_json":{"title":"Standard 2 - Camping Bella Terra","robots":{"index":"index","follow":"follow","max-snippet":"max-snippet:-1","max-image-preview":"max-image-preview:large","max-video-preview":"max-video-preview:-1"},"canonical":"https:\/\/www.campingbellaterra.com\/de\/stellplaetze\/standard-2\/","og_locale":"de_DE","og_type":"article","og_title":"Standard 2 - Camping Bella Terra","og_description":"Im Schatten eines gro\u00dfen Kiefernwaldes gelegen, sind unsere Standardparzellen nicht nur leicht zug\u00e4nglich, sondern befinden sich in der N\u00e4he aller Dienstleistungen.","og_url":"https:\/\/www.campingbellaterra.com\/de\/stellplaetze\/standard-2\/","og_site_name":"Camping Bella Terra","article_publisher":"https:\/\/www.facebook.com\/campingbellaterra\/","article_modified_time":"2025-07-19T11:20:14+00:00","og_image":[{"width":1920,"height":1080,"url":"https:\/\/www.campingbellaterra.com\/wp-content\/uploads\/standard-main.webp","type":"image\/webp"}],"twitter_card":"summary_large_image","twitter_site":"@cbellaterra","twitter_misc":{"Gesch\u00e4tzte Lesezeit":"5\u00a0Minuten"},"schema":{"@context":"https:\/\/schema.org","@graph":[{"@type":"WebPage","@id":"https:\/\/www.campingbellaterra.com\/de\/stellplaetze\/standard-2\/","url":"https:\/\/www.campingbellaterra.com\/de\/stellplaetze\/standard-2\/","name":"Standard 2 - Camping Bella Terra","isPartOf":{"@id":"https:\/\/www.campingbellaterra.com\/de\/#website"},"primaryImageOfPage":{"@id":"https:\/\/www.campingbellaterra.com\/de\/stellplaetze\/standard-2\/#primaryimage"},"image":{"@id":"https:\/\/www.campingbellaterra.com\/de\/stellplaetze\/standard-2\/#primaryimage"},"thumbnailUrl":"https:\/\/www.campingbellaterra.com\/wp-content\/uploads\/standard-main.webp","datePublished":"2022-10-13T09:03:31+00:00","dateModified":"2025-07-19T11:20:14+00:00","breadcrumb":{"@id":"https:\/\/www.campingbellaterra.com\/de\/stellplaetze\/standard-2\/#breadcrumb"},"inLanguage":"de","potentialAction":[{"@type":"ReadAction","target":["https:\/\/www.campingbellaterra.com\/de\/stellplaetze\/standard-2\/"]}]},{"@type":"ImageObject","inLanguage":"de","@id":"https:\/\/www.campingbellaterra.com\/de\/stellplaetze\/standard-2\/#primaryimage","url":"https:\/\/www.campingbellaterra.com\/wp-content\/uploads\/standard-main.webp","contentUrl":"https:\/\/www.campingbellaterra.com\/wp-content\/uploads\/standard-main.webp","width":1920,"height":1080},{"@type":"BreadcrumbList","@id":"https:\/\/www.campingbellaterra.com\/de\/stellplaetze\/standard-2\/#breadcrumb","itemListElement":[{"@type":"ListItem","position":1,"name":"Inici","item":"https:\/\/www.campingbellaterra.com\/de\/"},{"@type":"ListItem","position":2,"name":"Stellpl\u00e4tze","item":"https:\/\/www.campingbellaterra.com\/de\/stellplaetze\/"},{"@type":"ListItem","position":3,"name":"Standard 2"}]},{"@type":"WebSite","@id":"https:\/\/www.campingbellaterra.com\/de\/#website","url":"https:\/\/www.campingbellaterra.com\/de\/","name":"Camping Bella Terra","description":"Otro sitio realizado con WordPress","publisher":{"@id":"https:\/\/www.campingbellaterra.com\/de\/#organization"},"potentialAction":[{"@type":"SearchAction","target":{"@type":"EntryPoint","urlTemplate":"https:\/\/www.campingbellaterra.com\/de\/?s={search_term_string}"},"query-input":{"@type":"PropertyValueSpecification","valueRequired":true,"valueName":"search_term_string"}}],"inLanguage":"de"},{"@type":"Organization","@id":"https:\/\/www.campingbellaterra.com\/de\/#organization","name":"Camping Bella Terra","url":"https:\/\/www.campingbellaterra.com\/de\/","logo":{"@type":"ImageObject","inLanguage":"de","@id":"https:\/\/www.campingbellaterra.com\/de\/#\/schema\/logo\/image\/","url":"https:\/\/www.campingbellaterra.com\/wp-content\/uploads\/logo6.svg","contentUrl":"https:\/\/www.campingbellaterra.com\/wp-content\/uploads\/logo6.svg","width":"2048","height":"2048","caption":"Camping Bella Terra"},"image":{"@id":"https:\/\/www.campingbellaterra.com\/de\/#\/schema\/logo\/image\/"},"sameAs":["https:\/\/www.facebook.com\/campingbellaterra\/","https:\/\/x.com\/cbellaterra","https:\/\/www.instagram.com\/campingbellaterra\/","https:\/\/www.youtube.com\/c\/Camping-Bellaterra-Blanes","https:\/\/www.tripadvisor.es\/Hotel_Review-g580331-d3328184-Reviews-Camping_Bella_Terra-Blanes_Costa_Brava_Province_of_Girona_Catalonia.html"]}]}},"_links":{"self":[{"href":"https:\/\/www.campingbellaterra.com\/de\/wp-json\/wp\/v2\/pages\/16816","targetHints":{"allow":["GET"]}}],"collection":[{"href":"https:\/\/www.campingbellaterra.com\/de\/wp-json\/wp\/v2\/pages"}],"about":[{"href":"https:\/\/www.campingbellaterra.com\/de\/wp-json\/wp\/v2\/types\/page"}],"author":[{"embeddable":true,"href":"https:\/\/www.campingbellaterra.com\/de\/wp-json\/wp\/v2\/users\/2"}],"replies":[{"embeddable":true,"href":"https:\/\/www.campingbellaterra.com\/de\/wp-json\/wp\/v2\/comments?post=16816"}],"version-history":[{"count":10,"href":"https:\/\/www.campingbellaterra.com\/de\/wp-json\/wp\/v2\/pages\/16816\/revisions"}],"predecessor-version":[{"id":21091,"href":"https:\/\/www.campingbellaterra.com\/de\/wp-json\/wp\/v2\/pages\/16816\/revisions\/21091"}],"up":[{"embeddable":true,"href":"https:\/\/www.campingbellaterra.com\/de\/wp-json\/wp\/v2\/pages\/14445"}],"wp:featuredmedia":[{"embeddable":true,"href":"https:\/\/www.campingbellaterra.com\/de\/wp-json\/wp\/v2\/media\/13273"}],"wp:attachment":[{"href":"https:\/\/www.campingbellaterra.com\/de\/wp-json\/wp\/v2\/media?parent=16816"}],"curies":[{"name":"wp","href":"https:\/\/api.w.org\/{rel}","templated":true}]}}