{"id":17633,"date":"2022-10-13T11:03:31","date_gmt":"2022-10-13T09:03:31","guid":{"rendered":"https:\/\/www.campingbellaterra.com\/?page_id=17633"},"modified":"2025-05-08T15:01:48","modified_gmt":"2025-05-08T13:01:48","slug":"caravana-vintage","status":"publish","type":"page","link":"https:\/\/www.campingbellaterra.com\/de\/caravana-vintage\/","title":{"rendered":"Caravana Vintage"},"content":{"rendered":"<div class=\"wp-block-cover alignfull is-light wp-align-content-end wp-block-no-margin-y\" style=\"min-height:100vh;aspect-ratio:unset;\"><span aria-hidden=\"true\" class=\"wp-block-cover__background has-background-dim-0 has-background-dim\"><\/span><noscript><img decoding=\"async\" width=\"2000\" height=\"1414\" class=\"wp-block-cover__image-background wp-image-19637\" alt src=\"https:\/\/www.campingbellaterra.com\/wp-content\/uploads\/caravanavintage-principal.jpg\" data-object-fit=\"cover\" srcset=\"https:\/\/www.campingbellaterra.com\/wp-content\/uploads\/caravanavintage-principal.jpg 2000w, https:\/\/www.campingbellaterra.com\/wp-content\/uploads\/caravanavintage-principal-1024x724.jpg 1024w, https:\/\/www.campingbellaterra.com\/wp-content\/uploads\/caravanavintage-principal-768x543.jpg 768w, https:\/\/www.campingbellaterra.com\/wp-content\/uploads\/caravanavintage-principal-1536x1086.jpg 1536w\" sizes=\"(max-width: 2000px) 100vw, 2000px\"><\/noscript><img decoding=\"async\" width=\"2000\" height=\"1414\" class=\"wp-block-cover__image-background wp-image-19637 lazyload\" alt src=\"data:image\/svg+xml,%3Csvg%20xmlns%3D%22http%3A%2F%2Fwww.w3.org%2F2000%2Fsvg%22%20viewBox%3D%220%200%202000%201414%22%3E%3C%2Fsvg%3E\" data-object-fit=\"cover\" srcset=\"data:image\/svg+xml,%3Csvg%20xmlns%3D%22http%3A%2F%2Fwww.w3.org%2F2000%2Fsvg%22%20viewBox%3D%220%200%202000%201414%22%3E%3C%2Fsvg%3E 2000w\" sizes=\"(max-width: 2000px) 100vw, 2000px\" data-srcset=\"https:\/\/www.campingbellaterra.com\/wp-content\/uploads\/caravanavintage-principal.jpg 2000w, https:\/\/www.campingbellaterra.com\/wp-content\/uploads\/caravanavintage-principal-1024x724.jpg 1024w, https:\/\/www.campingbellaterra.com\/wp-content\/uploads\/caravanavintage-principal-768x543.jpg 768w, https:\/\/www.campingbellaterra.com\/wp-content\/uploads\/caravanavintage-principal-1536x1086.jpg 1536w\" data-src=\"https:\/\/www.campingbellaterra.com\/wp-content\/uploads\/caravanavintage-principal.jpg\"><div class=\"wp-block-cover__inner-container is-layout-flow wp-block-cover-is-layout-flow\">\n<div class=\"wp-block-columns is-not-stacked-on-mobile alignwide is-layout-flex wp-container-core-columns-is-layout-28f84493 wp-block-columns-is-layout-flex\">\n<div class=\"wp-block-column is-vertically-aligned-bottom is-layout-flow wp-block-column-is-layout-flow\" style=\"flex-basis:75%\">\n<h1 class=\"wp-block-heading large-text-shadow has-blank-white-color has-text-color\" id=\"a-peu-de-platja\"><span class=\"text-stroke\">CARAVANA<\/span> <\/h1>\n\n\n\n<h1 class=\"wp-block-heading large-text-shadow has-blank-white-color has-text-color\" id=\"a-peu-de-platja\">VINTAGE<\/h1>\n\n\n\n<p class=\"short-text-shadow icon-date_range has-blank-white-color has-text-color has-link-color wp-elements-15d1b01851e6d254f3d642392f736ded\">Er\u00f6ffnungstermin: 28. M\u00e4rz<\/p>\n<\/div>\n\n\n\n<div class=\"wp-block-column is-vertically-aligned-bottom is-layout-flow wp-block-column-is-layout-flow\" style=\"flex-basis:25%\"><div id=\"owm-weather-id-497-1\" class=\"owm-weather-id\" data-id=\"497\" data-weather_id=\"owm-weather-id-497-1\"><div class=\"owmw-loading-spinner\"><button id=\"button-owm-weather-id-497-1\" onclick=\"owmw_refresh_weather(this.id)\"><noscript><img decoding=\"async\" src=\"https:\/\/www.campingbellaterra.com\/wp-content\/plugins\/owm-weather\/img\/owmloading.gif\" alt=\"loader\"><\/noscript><img decoding=\"async\" src=\"data:image\/gif;base64,R0lGODlhAQABAIAAAAAAAP\/\/\/yH5BAEAAAAALAAAAAABAAEAAAIBRAA7\" alt=\"loader\" data-src=\"https:\/\/www.campingbellaterra.com\/wp-content\/plugins\/owm-weather\/img\/owmloading.gif\" class=\" lazyload\"><\/button><\/div><\/div>\n<\/div>\n<\/div>\n\n\n\n<div class=\"wp-block-buttons is-content-justification-center is-layout-flex wp-container-core-buttons-is-layout-a89b3969 wp-block-buttons-is-layout-flex\">\n<div class=\"wp-block-button icon-mouse icon-link\"><a class=\"wp-block-button__link wp-element-button\" href=\"#scrolldown\"><strong>scrolldown<\/strong><\/a><\/div>\n<\/div>\n<\/div><\/div>\n\n<div class=\"wp-block-media-text alignfull has-media-on-the-right is-stacked-on-mobile wp-block-media-text-wide\" style=\"grid-template-columns:auto 52%\" id=\"scrolldown\"><div class=\"wp-block-media-text__content\">\n<h3 class=\"wp-block-heading\">Caravana Vintage<\/h3>\n\n\n\n<p>Komplett renoviert, um das Erlebnis des Aufenthalts in einem komfortablen Wohnwagen zu bieten. Ideal f\u00fcr Paare. Verf\u00fcgt \u00fcber eine ger\u00e4umige Veranda mit einer \u00fcberdachten Au\u00dfenk\u00fcche. Toilette und Dusche 40 Meter entfernt im Gemeinschaftsbereich des Campingplatzes<\/p>\n\n\n\n<div class=\"wp-block-buttons is-layout-flex wp-block-buttons-is-layout-flex\">\n<div class=\"wp-block-button\"><a class=\"wp-block-button__link has-blank-blue-background-color has-background wp-element-button\" href=\"https:\/\/booking.campingbellaterra.com\/search?categoryIds=21&amp;amp;lang=de\" style=\"border-radius:8px\" target=\"_blank\" rel=\"noreferrer noopener\">BUCHEN SIE JETZT<\/a><\/div>\n\n\n\n<div class=\"wp-block-button icon-360\"><a class=\"wp-block-button__link has-blank-medium-grey-background-color has-background wp-element-button\" style=\"border-radius:8px\">360\u00ba view<\/a><\/div>\n\n\n\n<div class=\"wp-block-button is-style-outline icon-cloud_download is-style-outline--1\"><a class=\"wp-block-button__link wp-element-button\" style=\"border-radius:8px\">Bestand anzeigen<\/a><\/div>\n<\/div>\n<\/div><figure class=\"wp-block-media-text__media\"><noscript><img decoding=\"async\" width=\"1920\" height=\"1080\" src=\"https:\/\/www.campingbellaterra.com\/wp-content\/uploads\/caravanavintage-costa-brava.jpg\" alt class=\"wp-image-17588 size-full\" srcset=\"https:\/\/www.campingbellaterra.com\/wp-content\/uploads\/caravanavintage-costa-brava.jpg 1920w, https:\/\/www.campingbellaterra.com\/wp-content\/uploads\/caravanavintage-costa-brava-1024x576.jpg 1024w, https:\/\/www.campingbellaterra.com\/wp-content\/uploads\/caravanavintage-costa-brava-768x432.jpg 768w, https:\/\/www.campingbellaterra.com\/wp-content\/uploads\/caravanavintage-costa-brava-1536x864.jpg 1536w\" sizes=\"(max-width: 1920px) 100vw, 1920px\"><\/noscript><img decoding=\"async\" width=\"1920\" height=\"1080\" src=\"data:image\/svg+xml,%3Csvg%20xmlns%3D%22http%3A%2F%2Fwww.w3.org%2F2000%2Fsvg%22%20viewBox%3D%220%200%201920%201080%22%3E%3C%2Fsvg%3E\" alt class=\"wp-image-17588 size-full lazyload\" srcset=\"data:image\/svg+xml,%3Csvg%20xmlns%3D%22http%3A%2F%2Fwww.w3.org%2F2000%2Fsvg%22%20viewBox%3D%220%200%201920%201080%22%3E%3C%2Fsvg%3E 1920w\" sizes=\"(max-width: 1920px) 100vw, 1920px\" data-srcset=\"https:\/\/www.campingbellaterra.com\/wp-content\/uploads\/caravanavintage-costa-brava.jpg 1920w, https:\/\/www.campingbellaterra.com\/wp-content\/uploads\/caravanavintage-costa-brava-1024x576.jpg 1024w, https:\/\/www.campingbellaterra.com\/wp-content\/uploads\/caravanavintage-costa-brava-768x432.jpg 768w, https:\/\/www.campingbellaterra.com\/wp-content\/uploads\/caravanavintage-costa-brava-1536x864.jpg 1536w\" data-src=\"https:\/\/www.campingbellaterra.com\/wp-content\/uploads\/caravanavintage-costa-brava.jpg\"><\/figure><\/div>\n\n<div class=\"wp-block-group alignfull wp-block-no-margin-y wp-block-icons-1 has-blank-blue-background-color has-background is-layout-constrained wp-container-core-group-is-layout-2db066cb wp-block-group-is-layout-constrained\">\n<div class=\"wp-block-columns is-layout-flex wp-container-core-columns-is-layout-28f84493 wp-block-columns-is-layout-flex\">\n<div class=\"wp-block-column is-layout-flow wp-block-column-is-layout-flow\">\n<figure class=\"wp-block-image aligncenter size-large is-resized is-style-rounded\"><noscript><img decoding=\"async\" src=\"https:\/\/www.campingbellaterra.com\/wp-content\/uploads\/user.svg\" alt class=\"wp-image-12676\" style=\"width:48px;height:48px\"><\/noscript><img decoding=\"async\" src=\"data:image\/gif;base64,R0lGODlhAQABAIAAAAAAAP\/\/\/yH5BAEAAAAALAAAAAABAAEAAAIBRAA7\" alt class=\"wp-image-12676 lazyload\" style=\"width:48px;height:48px\" data-src=\"https:\/\/www.campingbellaterra.com\/wp-content\/uploads\/user.svg\"><figcaption class=\"wp-element-caption\">2 pax<\/figcaption><\/figure>\n<\/div>\n\n\n\n<div class=\"wp-block-column is-layout-flow wp-block-column-is-layout-flow\">\n<figure class=\"wp-block-image aligncenter size-large is-style-rounded\"><noscript><img decoding=\"async\" width=\"48\" height=\"48\" src=\"https:\/\/www.campingbellaterra.com\/wp-content\/uploads\/door.svg\" alt class=\"wp-image-12683\"><\/noscript><img decoding=\"async\" width=\"48\" height=\"48\" src=\"data:image\/svg+xml,%3Csvg%20xmlns%3D%22http%3A%2F%2Fwww.w3.org%2F2000%2Fsvg%22%20viewBox%3D%220%200%2048%2048%22%3E%3C%2Fsvg%3E\" alt class=\"wp-image-12683 lazyload\" data-src=\"https:\/\/www.campingbellaterra.com\/wp-content\/uploads\/door.svg\"><figcaption class=\"wp-element-caption\">Ein offener Raum.<\/figcaption><\/figure>\n<\/div>\n\n\n\n<div class=\"wp-block-column is-layout-flow wp-block-column-is-layout-flow\">\n<figure class=\"wp-block-image aligncenter size-large is-style-rounded\"><noscript><img decoding=\"async\" width=\"48\" height=\"48\" src=\"https:\/\/www.campingbellaterra.com\/wp-content\/uploads\/doublebed.svg\" alt class=\"wp-image-12690\"><\/noscript><img decoding=\"async\" width=\"48\" height=\"48\" src=\"data:image\/svg+xml,%3Csvg%20xmlns%3D%22http%3A%2F%2Fwww.w3.org%2F2000%2Fsvg%22%20viewBox%3D%220%200%2048%2048%22%3E%3C%2Fsvg%3E\" alt class=\"wp-image-12690 lazyload\" data-src=\"https:\/\/www.campingbellaterra.com\/wp-content\/uploads\/doublebed.svg\"><figcaption class=\"wp-element-caption\">1 Doppelbett (130&#215;190).<\/figcaption><\/figure>\n<\/div>\n\n\n\n<div class=\"wp-block-column is-layout-flow wp-block-column-is-layout-flow\">\n<figure class=\"wp-block-image aligncenter size-large is-style-rounded\"><noscript><img decoding=\"async\" width=\"48\" height=\"48\" src=\"https:\/\/www.campingbellaterra.com\/wp-content\/uploads\/rellotge.svg\" alt class=\"wp-image-13971\"><\/noscript><img decoding=\"async\" width=\"48\" height=\"48\" src=\"data:image\/svg+xml,%3Csvg%20xmlns%3D%22http%3A%2F%2Fwww.w3.org%2F2000%2Fsvg%22%20viewBox%3D%220%200%2048%2048%22%3E%3C%2Fsvg%3E\" alt class=\"wp-image-13971 lazyload\" data-src=\"https:\/\/www.campingbellaterra.com\/wp-content\/uploads\/rellotge.svg\"><figcaption class=\"wp-element-caption\">Check in 14h<br>Check out 10h<\/figcaption><\/figure>\n<\/div>\n<\/div>\n<\/div>\n\n<div class=\"wp-block-group alignfull wp-block-no-margin-y wp-block-icons-2 has-blank-baby-blue-background-color has-background is-layout-constrained wp-container-core-group-is-layout-2db066cb wp-block-group-is-layout-constrained\">\n<div class=\"wp-block-group is-layout-flow wp-block-group-is-layout-flow\">\n<figure class=\"wp-block-image size-large is-resized\"><noscript><img decoding=\"async\" width=\"16\" height=\"16\" src=\"https:\/\/www.campingbellaterra.com\/wp-content\/uploads\/nevera.svg\" alt class=\"wp-image-12875\" style=\"width:16px;height:16px\"><\/noscript><img decoding=\"async\" width=\"16\" height=\"16\" src=\"data:image\/svg+xml,%3Csvg%20xmlns%3D%22http%3A%2F%2Fwww.w3.org%2F2000%2Fsvg%22%20viewBox%3D%220%200%2016%2016%22%3E%3C%2Fsvg%3E\" alt class=\"wp-image-12875 lazyload\" style=\"width:16px;height:16px\" data-src=\"https:\/\/www.campingbellaterra.com\/wp-content\/uploads\/nevera.svg\"><figcaption class=\"wp-element-caption\">Vollst\u00e4ndig ausgestattete Au\u00dfenk\u00fcche: K\u00fchlschrank, Mikrowelle, Toaster, Dolce Gusto Kaffeemaschine und italienische Kaffeemaschine.<\/figcaption><\/figure>\n\n\n\n<figure class=\"wp-block-image size-large is-resized\"><noscript><img decoding=\"async\" width=\"18\" height=\"18\" src=\"https:\/\/www.campingbellaterra.com\/wp-content\/uploads\/towels.svg\" alt class=\"wp-image-13872\" style=\"width:18px;height:18px\"><\/noscript><img decoding=\"async\" width=\"18\" height=\"18\" src=\"data:image\/svg+xml,%3Csvg%20xmlns%3D%22http%3A%2F%2Fwww.w3.org%2F2000%2Fsvg%22%20viewBox%3D%220%200%2018%2018%22%3E%3C%2Fsvg%3E\" alt class=\"wp-image-13872 lazyload\" style=\"width:18px;height:18px\" data-src=\"https:\/\/www.campingbellaterra.com\/wp-content\/uploads\/towels.svg\"><figcaption class=\"wp-element-caption\">Toilette und Dusche 40 Meter entfernt im Gemeinschaftsbereich des Campingplatzes<\/figcaption><\/figure>\n\n\n\n<figure class=\"wp-block-image size-large\"><noscript><img decoding=\"async\" width=\"16\" height=\"16\" src=\"https:\/\/www.campingbellaterra.com\/wp-content\/uploads\/tv.svg\" alt class=\"wp-image-12896\"><\/noscript><img decoding=\"async\" width=\"16\" height=\"16\" src=\"data:image\/svg+xml,%3Csvg%20xmlns%3D%22http%3A%2F%2Fwww.w3.org%2F2000%2Fsvg%22%20viewBox%3D%220%200%2016%2016%22%3E%3C%2Fsvg%3E\" alt class=\"wp-image-12896 lazyload\" data-src=\"https:\/\/www.campingbellaterra.com\/wp-content\/uploads\/tv.svg\"><figcaption class=\"wp-element-caption\">Flat Screen.<\/figcaption><\/figure>\n\n\n\n<figure class=\"wp-block-image size-large\"><noscript><img decoding=\"async\" width=\"18\" height=\"19\" src=\"https:\/\/www.campingbellaterra.com\/wp-content\/uploads\/gandula.svg\" alt class=\"wp-image-13879\"><\/noscript><img decoding=\"async\" width=\"18\" height=\"19\" src=\"data:image\/svg+xml,%3Csvg%20xmlns%3D%22http%3A%2F%2Fwww.w3.org%2F2000%2Fsvg%22%20viewBox%3D%220%200%2018%2019%22%3E%3C%2Fsvg%3E\" alt class=\"wp-image-13879 lazyload\" data-src=\"https:\/\/www.campingbellaterra.com\/wp-content\/uploads\/gandula.svg\"><figcaption class=\"wp-element-caption\">H\u00e4ngematten<\/figcaption><\/figure>\n\n\n\n<figure class=\"wp-block-image size-large\"><noscript><img decoding=\"async\" width=\"16\" height=\"17\" src=\"https:\/\/www.campingbellaterra.com\/wp-content\/uploads\/aire.svg\" alt class=\"wp-image-12840\"><\/noscript><img decoding=\"async\" width=\"16\" height=\"17\" src=\"data:image\/svg+xml,%3Csvg%20xmlns%3D%22http%3A%2F%2Fwww.w3.org%2F2000%2Fsvg%22%20viewBox%3D%220%200%2016%2017%22%3E%3C%2Fsvg%3E\" alt class=\"wp-image-12840 lazyload\" data-src=\"https:\/\/www.campingbellaterra.com\/wp-content\/uploads\/aire.svg\"><figcaption class=\"wp-element-caption\">Heizung und Klimatisierung<\/figcaption><\/figure>\n\n\n\n<figure class=\"wp-block-image size-large is-resized\"><noscript><img decoding=\"async\" width=\"16\" height=\"16\" src=\"https:\/\/www.campingbellaterra.com\/wp-content\/uploads\/parking.svg\" alt class=\"wp-image-12889\" style=\"width:16px;height:16px\"><\/noscript><img decoding=\"async\" width=\"16\" height=\"16\" src=\"data:image\/svg+xml,%3Csvg%20xmlns%3D%22http%3A%2F%2Fwww.w3.org%2F2000%2Fsvg%22%20viewBox%3D%220%200%2016%2016%22%3E%3C%2Fsvg%3E\" alt class=\"wp-image-12889 lazyload\" style=\"width:16px;height:16px\" data-src=\"https:\/\/www.campingbellaterra.com\/wp-content\/uploads\/parking.svg\"><figcaption class=\"wp-element-caption\">Parkplatz<\/figcaption><\/figure>\n\n\n\n<figure class=\"wp-block-image size-large\"><noscript><img decoding=\"async\" width=\"16\" height=\"17\" src=\"https:\/\/www.campingbellaterra.com\/wp-content\/uploads\/no-dog.svg\" alt class=\"wp-image-13893\"><\/noscript><img decoding=\"async\" width=\"16\" height=\"17\" src=\"data:image\/svg+xml,%3Csvg%20xmlns%3D%22http%3A%2F%2Fwww.w3.org%2F2000%2Fsvg%22%20viewBox%3D%220%200%2016%2017%22%3E%3C%2Fsvg%3E\" alt class=\"wp-image-13893 lazyload\" data-src=\"https:\/\/www.campingbellaterra.com\/wp-content\/uploads\/no-dog.svg\"><figcaption class=\"wp-element-caption\">Haustiere sind nicht erlaubt<\/figcaption><\/figure>\n\n\n\n<figure class=\"wp-block-image size-large\"><noscript><img decoding=\"async\" width=\"16\" height=\"16\" src=\"https:\/\/www.campingbellaterra.com\/wp-content\/uploads\/no-tent.svg\" alt class=\"wp-image-13900\"><\/noscript><img decoding=\"async\" width=\"16\" height=\"16\" src=\"data:image\/svg+xml,%3Csvg%20xmlns%3D%22http%3A%2F%2Fwww.w3.org%2F2000%2Fsvg%22%20viewBox%3D%220%200%2016%2016%22%3E%3C%2Fsvg%3E\" alt class=\"wp-image-13900 lazyload\" data-src=\"https:\/\/www.campingbellaterra.com\/wp-content\/uploads\/no-tent.svg\"><figcaption class=\"wp-element-caption\">Zelte sind nicht erlaubt<\/figcaption><\/figure>\n<\/div>\n\n\n\n<figure class=\"wp-block-image size-full is-resized\"><noscript><img decoding=\"async\" width=\"67\" height=\"67\" src=\"https:\/\/www.campingbellaterra.com\/wp-content\/uploads\/tickverd.png\" alt class=\"wp-image-18796\" style=\"width:20px;height:auto\"><\/noscript><img decoding=\"async\" width=\"67\" height=\"67\" src=\"data:image\/svg+xml,%3Csvg%20xmlns%3D%22http%3A%2F%2Fwww.w3.org%2F2000%2Fsvg%22%20viewBox%3D%220%200%2067%2067%22%3E%3C%2Fsvg%3E\" alt class=\"wp-image-18796 lazyload\" style=\"width:20px;height:auto\" data-src=\"https:\/\/www.campingbellaterra.com\/wp-content\/uploads\/tickverd.png\"><figcaption class=\"wp-element-caption\"><strong><mark style=\"background-color:rgba(0, 0, 0, 0);color:#008000\" class=\"has-inline-color\">KOSTENLOSE STORNIERUNG bis 30 Tage vor der Ankunf<\/mark><\/strong><\/figcaption><\/figure>\n<\/div>\n<div id=\"wp-block-slider-block_5e45b80d99cc404e8b40052ae390c56d\" class=\"wp-block-slider alignfull\" style>\n    <div class=\"contingut-texte\">\n                    <div class=\"slider-container\"><div class=\"splide galeria-slider galeria-columnas-1\" id=\"slide_874\"><div class=\"splide__track\"><div class=\"splide__list\"><div id=\"thumb-17778\" class=\"splide__slide\" data-counter=\"01\/13\"><noscript><img decoding=\"async\" width=\"1900\" height=\"900\" src=\"https:\/\/www.campingbellaterra.com\/wp-content\/uploads\/caravanavintage4.jpg\" class=\"attachment-panoramic size-panoramic\" alt srcset=\"https:\/\/www.campingbellaterra.com\/wp-content\/uploads\/caravanavintage4.jpg 1900w, https:\/\/www.campingbellaterra.com\/wp-content\/uploads\/caravanavintage4-1024x485.jpg 1024w, https:\/\/www.campingbellaterra.com\/wp-content\/uploads\/caravanavintage4-768x364.jpg 768w, https:\/\/www.campingbellaterra.com\/wp-content\/uploads\/caravanavintage4-1536x728.jpg 1536w, https:\/\/www.campingbellaterra.com\/wp-content\/uploads\/caravanavintage4-1266x600.jpg 1266w, https:\/\/www.campingbellaterra.com\/wp-content\/uploads\/caravanavintage4-950x450.jpg 950w, https:\/\/www.campingbellaterra.com\/wp-content\/uploads\/caravanavintage4-633x300.jpg 633w, https:\/\/www.campingbellaterra.com\/wp-content\/uploads\/caravanavintage4-475x225.jpg 475w\" sizes=\"(max-width: 1900px) 100vw, 1900px\"><\/noscript><img decoding=\"async\" width=\"1900\" height=\"900\" src=\"data:image\/svg+xml,%3Csvg%20xmlns%3D%22http%3A%2F%2Fwww.w3.org%2F2000%2Fsvg%22%20viewBox%3D%220%200%201900%20900%22%3E%3C%2Fsvg%3E\" class=\"attachment-panoramic size-panoramic lazyload\" alt srcset=\"data:image\/svg+xml,%3Csvg%20xmlns%3D%22http%3A%2F%2Fwww.w3.org%2F2000%2Fsvg%22%20viewBox%3D%220%200%201900%20900%22%3E%3C%2Fsvg%3E 1900w\" sizes=\"(max-width: 1900px) 100vw, 1900px\" data-srcset=\"https:\/\/www.campingbellaterra.com\/wp-content\/uploads\/caravanavintage4.jpg 1900w, https:\/\/www.campingbellaterra.com\/wp-content\/uploads\/caravanavintage4-1024x485.jpg 1024w, https:\/\/www.campingbellaterra.com\/wp-content\/uploads\/caravanavintage4-768x364.jpg 768w, https:\/\/www.campingbellaterra.com\/wp-content\/uploads\/caravanavintage4-1536x728.jpg 1536w, https:\/\/www.campingbellaterra.com\/wp-content\/uploads\/caravanavintage4-1266x600.jpg 1266w, https:\/\/www.campingbellaterra.com\/wp-content\/uploads\/caravanavintage4-950x450.jpg 950w, https:\/\/www.campingbellaterra.com\/wp-content\/uploads\/caravanavintage4-633x300.jpg 633w, https:\/\/www.campingbellaterra.com\/wp-content\/uploads\/caravanavintage4-475x225.jpg 475w\" data-src=\"https:\/\/www.campingbellaterra.com\/wp-content\/uploads\/caravanavintage4.jpg\"><\/div><div id=\"thumb-17764\" class=\"splide__slide\" data-counter=\"02\/13\"><noscript><img decoding=\"async\" width=\"1900\" height=\"900\" src=\"https:\/\/www.campingbellaterra.com\/wp-content\/uploads\/caravanavintage2.jpg\" class=\"attachment-panoramic size-panoramic\" alt srcset=\"https:\/\/www.campingbellaterra.com\/wp-content\/uploads\/caravanavintage2.jpg 1900w, https:\/\/www.campingbellaterra.com\/wp-content\/uploads\/caravanavintage2-1024x485.jpg 1024w, https:\/\/www.campingbellaterra.com\/wp-content\/uploads\/caravanavintage2-768x364.jpg 768w, https:\/\/www.campingbellaterra.com\/wp-content\/uploads\/caravanavintage2-1536x728.jpg 1536w, https:\/\/www.campingbellaterra.com\/wp-content\/uploads\/caravanavintage2-1266x600.jpg 1266w, https:\/\/www.campingbellaterra.com\/wp-content\/uploads\/caravanavintage2-950x450.jpg 950w, https:\/\/www.campingbellaterra.com\/wp-content\/uploads\/caravanavintage2-633x300.jpg 633w, https:\/\/www.campingbellaterra.com\/wp-content\/uploads\/caravanavintage2-475x225.jpg 475w\" sizes=\"(max-width: 1900px) 100vw, 1900px\"><\/noscript><img decoding=\"async\" width=\"1900\" height=\"900\" src=\"data:image\/svg+xml,%3Csvg%20xmlns%3D%22http%3A%2F%2Fwww.w3.org%2F2000%2Fsvg%22%20viewBox%3D%220%200%201900%20900%22%3E%3C%2Fsvg%3E\" class=\"attachment-panoramic size-panoramic lazyload\" alt srcset=\"data:image\/svg+xml,%3Csvg%20xmlns%3D%22http%3A%2F%2Fwww.w3.org%2F2000%2Fsvg%22%20viewBox%3D%220%200%201900%20900%22%3E%3C%2Fsvg%3E 1900w\" sizes=\"(max-width: 1900px) 100vw, 1900px\" data-srcset=\"https:\/\/www.campingbellaterra.com\/wp-content\/uploads\/caravanavintage2.jpg 1900w, https:\/\/www.campingbellaterra.com\/wp-content\/uploads\/caravanavintage2-1024x485.jpg 1024w, https:\/\/www.campingbellaterra.com\/wp-content\/uploads\/caravanavintage2-768x364.jpg 768w, https:\/\/www.campingbellaterra.com\/wp-content\/uploads\/caravanavintage2-1536x728.jpg 1536w, https:\/\/www.campingbellaterra.com\/wp-content\/uploads\/caravanavintage2-1266x600.jpg 1266w, https:\/\/www.campingbellaterra.com\/wp-content\/uploads\/caravanavintage2-950x450.jpg 950w, https:\/\/www.campingbellaterra.com\/wp-content\/uploads\/caravanavintage2-633x300.jpg 633w, https:\/\/www.campingbellaterra.com\/wp-content\/uploads\/caravanavintage2-475x225.jpg 475w\" data-src=\"https:\/\/www.campingbellaterra.com\/wp-content\/uploads\/caravanavintage2.jpg\"><\/div><div id=\"thumb-17757\" class=\"splide__slide\" data-counter=\"03\/13\"><noscript><img decoding=\"async\" width=\"1900\" height=\"900\" src=\"https:\/\/www.campingbellaterra.com\/wp-content\/uploads\/caravanavintage1.jpg\" class=\"attachment-panoramic size-panoramic\" alt srcset=\"https:\/\/www.campingbellaterra.com\/wp-content\/uploads\/caravanavintage1.jpg 1900w, https:\/\/www.campingbellaterra.com\/wp-content\/uploads\/caravanavintage1-1024x485.jpg 1024w, https:\/\/www.campingbellaterra.com\/wp-content\/uploads\/caravanavintage1-768x364.jpg 768w, https:\/\/www.campingbellaterra.com\/wp-content\/uploads\/caravanavintage1-1536x728.jpg 1536w, https:\/\/www.campingbellaterra.com\/wp-content\/uploads\/caravanavintage1-1266x600.jpg 1266w, https:\/\/www.campingbellaterra.com\/wp-content\/uploads\/caravanavintage1-950x450.jpg 950w, https:\/\/www.campingbellaterra.com\/wp-content\/uploads\/caravanavintage1-633x300.jpg 633w, https:\/\/www.campingbellaterra.com\/wp-content\/uploads\/caravanavintage1-475x225.jpg 475w\" sizes=\"(max-width: 1900px) 100vw, 1900px\"><\/noscript><img decoding=\"async\" width=\"1900\" height=\"900\" src=\"data:image\/svg+xml,%3Csvg%20xmlns%3D%22http%3A%2F%2Fwww.w3.org%2F2000%2Fsvg%22%20viewBox%3D%220%200%201900%20900%22%3E%3C%2Fsvg%3E\" class=\"attachment-panoramic size-panoramic lazyload\" alt srcset=\"data:image\/svg+xml,%3Csvg%20xmlns%3D%22http%3A%2F%2Fwww.w3.org%2F2000%2Fsvg%22%20viewBox%3D%220%200%201900%20900%22%3E%3C%2Fsvg%3E 1900w\" sizes=\"(max-width: 1900px) 100vw, 1900px\" data-srcset=\"https:\/\/www.campingbellaterra.com\/wp-content\/uploads\/caravanavintage1.jpg 1900w, https:\/\/www.campingbellaterra.com\/wp-content\/uploads\/caravanavintage1-1024x485.jpg 1024w, https:\/\/www.campingbellaterra.com\/wp-content\/uploads\/caravanavintage1-768x364.jpg 768w, https:\/\/www.campingbellaterra.com\/wp-content\/uploads\/caravanavintage1-1536x728.jpg 1536w, https:\/\/www.campingbellaterra.com\/wp-content\/uploads\/caravanavintage1-1266x600.jpg 1266w, https:\/\/www.campingbellaterra.com\/wp-content\/uploads\/caravanavintage1-950x450.jpg 950w, https:\/\/www.campingbellaterra.com\/wp-content\/uploads\/caravanavintage1-633x300.jpg 633w, https:\/\/www.campingbellaterra.com\/wp-content\/uploads\/caravanavintage1-475x225.jpg 475w\" data-src=\"https:\/\/www.campingbellaterra.com\/wp-content\/uploads\/caravanavintage1.jpg\"><\/div><div id=\"thumb-17771\" class=\"splide__slide\" data-counter=\"04\/13\"><noscript><img decoding=\"async\" width=\"1900\" height=\"900\" src=\"https:\/\/www.campingbellaterra.com\/wp-content\/uploads\/caravanavintage3.jpg\" class=\"attachment-panoramic size-panoramic\" alt srcset=\"https:\/\/www.campingbellaterra.com\/wp-content\/uploads\/caravanavintage3.jpg 1900w, https:\/\/www.campingbellaterra.com\/wp-content\/uploads\/caravanavintage3-1024x485.jpg 1024w, https:\/\/www.campingbellaterra.com\/wp-content\/uploads\/caravanavintage3-768x364.jpg 768w, https:\/\/www.campingbellaterra.com\/wp-content\/uploads\/caravanavintage3-1536x728.jpg 1536w, https:\/\/www.campingbellaterra.com\/wp-content\/uploads\/caravanavintage3-1266x600.jpg 1266w, https:\/\/www.campingbellaterra.com\/wp-content\/uploads\/caravanavintage3-950x450.jpg 950w, https:\/\/www.campingbellaterra.com\/wp-content\/uploads\/caravanavintage3-633x300.jpg 633w, https:\/\/www.campingbellaterra.com\/wp-content\/uploads\/caravanavintage3-475x225.jpg 475w\" sizes=\"(max-width: 1900px) 100vw, 1900px\"><\/noscript><img decoding=\"async\" width=\"1900\" height=\"900\" src=\"data:image\/svg+xml,%3Csvg%20xmlns%3D%22http%3A%2F%2Fwww.w3.org%2F2000%2Fsvg%22%20viewBox%3D%220%200%201900%20900%22%3E%3C%2Fsvg%3E\" class=\"attachment-panoramic size-panoramic lazyload\" alt srcset=\"data:image\/svg+xml,%3Csvg%20xmlns%3D%22http%3A%2F%2Fwww.w3.org%2F2000%2Fsvg%22%20viewBox%3D%220%200%201900%20900%22%3E%3C%2Fsvg%3E 1900w\" sizes=\"(max-width: 1900px) 100vw, 1900px\" data-srcset=\"https:\/\/www.campingbellaterra.com\/wp-content\/uploads\/caravanavintage3.jpg 1900w, https:\/\/www.campingbellaterra.com\/wp-content\/uploads\/caravanavintage3-1024x485.jpg 1024w, https:\/\/www.campingbellaterra.com\/wp-content\/uploads\/caravanavintage3-768x364.jpg 768w, https:\/\/www.campingbellaterra.com\/wp-content\/uploads\/caravanavintage3-1536x728.jpg 1536w, https:\/\/www.campingbellaterra.com\/wp-content\/uploads\/caravanavintage3-1266x600.jpg 1266w, https:\/\/www.campingbellaterra.com\/wp-content\/uploads\/caravanavintage3-950x450.jpg 950w, https:\/\/www.campingbellaterra.com\/wp-content\/uploads\/caravanavintage3-633x300.jpg 633w, https:\/\/www.campingbellaterra.com\/wp-content\/uploads\/caravanavintage3-475x225.jpg 475w\" data-src=\"https:\/\/www.campingbellaterra.com\/wp-content\/uploads\/caravanavintage3.jpg\"><\/div><div id=\"thumb-17785\" class=\"splide__slide\" data-counter=\"05\/13\"><noscript><img decoding=\"async\" width=\"1900\" height=\"900\" src=\"https:\/\/www.campingbellaterra.com\/wp-content\/uploads\/caravanavintage5.jpg\" class=\"attachment-panoramic size-panoramic\" alt srcset=\"https:\/\/www.campingbellaterra.com\/wp-content\/uploads\/caravanavintage5.jpg 1900w, https:\/\/www.campingbellaterra.com\/wp-content\/uploads\/caravanavintage5-1024x485.jpg 1024w, https:\/\/www.campingbellaterra.com\/wp-content\/uploads\/caravanavintage5-768x364.jpg 768w, https:\/\/www.campingbellaterra.com\/wp-content\/uploads\/caravanavintage5-1536x728.jpg 1536w, https:\/\/www.campingbellaterra.com\/wp-content\/uploads\/caravanavintage5-1266x600.jpg 1266w, https:\/\/www.campingbellaterra.com\/wp-content\/uploads\/caravanavintage5-950x450.jpg 950w, https:\/\/www.campingbellaterra.com\/wp-content\/uploads\/caravanavintage5-633x300.jpg 633w, https:\/\/www.campingbellaterra.com\/wp-content\/uploads\/caravanavintage5-475x225.jpg 475w\" sizes=\"(max-width: 1900px) 100vw, 1900px\"><\/noscript><img decoding=\"async\" width=\"1900\" height=\"900\" src=\"data:image\/svg+xml,%3Csvg%20xmlns%3D%22http%3A%2F%2Fwww.w3.org%2F2000%2Fsvg%22%20viewBox%3D%220%200%201900%20900%22%3E%3C%2Fsvg%3E\" class=\"attachment-panoramic size-panoramic lazyload\" alt srcset=\"data:image\/svg+xml,%3Csvg%20xmlns%3D%22http%3A%2F%2Fwww.w3.org%2F2000%2Fsvg%22%20viewBox%3D%220%200%201900%20900%22%3E%3C%2Fsvg%3E 1900w\" sizes=\"(max-width: 1900px) 100vw, 1900px\" data-srcset=\"https:\/\/www.campingbellaterra.com\/wp-content\/uploads\/caravanavintage5.jpg 1900w, https:\/\/www.campingbellaterra.com\/wp-content\/uploads\/caravanavintage5-1024x485.jpg 1024w, https:\/\/www.campingbellaterra.com\/wp-content\/uploads\/caravanavintage5-768x364.jpg 768w, https:\/\/www.campingbellaterra.com\/wp-content\/uploads\/caravanavintage5-1536x728.jpg 1536w, https:\/\/www.campingbellaterra.com\/wp-content\/uploads\/caravanavintage5-1266x600.jpg 1266w, https:\/\/www.campingbellaterra.com\/wp-content\/uploads\/caravanavintage5-950x450.jpg 950w, https:\/\/www.campingbellaterra.com\/wp-content\/uploads\/caravanavintage5-633x300.jpg 633w, https:\/\/www.campingbellaterra.com\/wp-content\/uploads\/caravanavintage5-475x225.jpg 475w\" data-src=\"https:\/\/www.campingbellaterra.com\/wp-content\/uploads\/caravanavintage5.jpg\"><\/div><div id=\"thumb-19658\" class=\"splide__slide\" data-counter=\"06\/13\"><noscript><img decoding=\"async\" width=\"1900\" height=\"900\" src=\"https:\/\/www.campingbellaterra.com\/wp-content\/uploads\/caravanavintage-21-1900x900.jpeg\" class=\"attachment-panoramic size-panoramic\" alt srcset=\"https:\/\/www.campingbellaterra.com\/wp-content\/uploads\/caravanavintage-21-1900x900.jpeg 1900w, https:\/\/www.campingbellaterra.com\/wp-content\/uploads\/caravanavintage-21-1266x600.jpeg 1266w, https:\/\/www.campingbellaterra.com\/wp-content\/uploads\/caravanavintage-21-950x450.jpeg 950w, https:\/\/www.campingbellaterra.com\/wp-content\/uploads\/caravanavintage-21-633x300.jpeg 633w, https:\/\/www.campingbellaterra.com\/wp-content\/uploads\/caravanavintage-21-475x225.jpeg 475w\" sizes=\"(max-width: 1900px) 100vw, 1900px\"><\/noscript><img decoding=\"async\" width=\"1900\" height=\"900\" src=\"data:image\/svg+xml,%3Csvg%20xmlns%3D%22http%3A%2F%2Fwww.w3.org%2F2000%2Fsvg%22%20viewBox%3D%220%200%201900%20900%22%3E%3C%2Fsvg%3E\" class=\"attachment-panoramic size-panoramic lazyload\" alt srcset=\"data:image\/svg+xml,%3Csvg%20xmlns%3D%22http%3A%2F%2Fwww.w3.org%2F2000%2Fsvg%22%20viewBox%3D%220%200%201900%20900%22%3E%3C%2Fsvg%3E 1900w\" sizes=\"(max-width: 1900px) 100vw, 1900px\" data-srcset=\"https:\/\/www.campingbellaterra.com\/wp-content\/uploads\/caravanavintage-21-1900x900.jpeg 1900w, https:\/\/www.campingbellaterra.com\/wp-content\/uploads\/caravanavintage-21-1266x600.jpeg 1266w, https:\/\/www.campingbellaterra.com\/wp-content\/uploads\/caravanavintage-21-950x450.jpeg 950w, https:\/\/www.campingbellaterra.com\/wp-content\/uploads\/caravanavintage-21-633x300.jpeg 633w, https:\/\/www.campingbellaterra.com\/wp-content\/uploads\/caravanavintage-21-475x225.jpeg 475w\" data-src=\"https:\/\/www.campingbellaterra.com\/wp-content\/uploads\/caravanavintage-21-1900x900.jpeg\"><\/div><div id=\"thumb-19651\" class=\"splide__slide\" data-counter=\"07\/13\"><noscript><img decoding=\"async\" width=\"1900\" height=\"900\" src=\"https:\/\/www.campingbellaterra.com\/wp-content\/uploads\/caravanavintage-20-1900x900.jpeg\" class=\"attachment-panoramic size-panoramic\" alt srcset=\"https:\/\/www.campingbellaterra.com\/wp-content\/uploads\/caravanavintage-20-1900x900.jpeg 1900w, https:\/\/www.campingbellaterra.com\/wp-content\/uploads\/caravanavintage-20-1266x600.jpeg 1266w, https:\/\/www.campingbellaterra.com\/wp-content\/uploads\/caravanavintage-20-950x450.jpeg 950w, https:\/\/www.campingbellaterra.com\/wp-content\/uploads\/caravanavintage-20-633x300.jpeg 633w, https:\/\/www.campingbellaterra.com\/wp-content\/uploads\/caravanavintage-20-475x225.jpeg 475w\" sizes=\"(max-width: 1900px) 100vw, 1900px\"><\/noscript><img decoding=\"async\" width=\"1900\" height=\"900\" src=\"data:image\/svg+xml,%3Csvg%20xmlns%3D%22http%3A%2F%2Fwww.w3.org%2F2000%2Fsvg%22%20viewBox%3D%220%200%201900%20900%22%3E%3C%2Fsvg%3E\" class=\"attachment-panoramic size-panoramic lazyload\" alt srcset=\"data:image\/svg+xml,%3Csvg%20xmlns%3D%22http%3A%2F%2Fwww.w3.org%2F2000%2Fsvg%22%20viewBox%3D%220%200%201900%20900%22%3E%3C%2Fsvg%3E 1900w\" sizes=\"(max-width: 1900px) 100vw, 1900px\" data-srcset=\"https:\/\/www.campingbellaterra.com\/wp-content\/uploads\/caravanavintage-20-1900x900.jpeg 1900w, https:\/\/www.campingbellaterra.com\/wp-content\/uploads\/caravanavintage-20-1266x600.jpeg 1266w, https:\/\/www.campingbellaterra.com\/wp-content\/uploads\/caravanavintage-20-950x450.jpeg 950w, https:\/\/www.campingbellaterra.com\/wp-content\/uploads\/caravanavintage-20-633x300.jpeg 633w, https:\/\/www.campingbellaterra.com\/wp-content\/uploads\/caravanavintage-20-475x225.jpeg 475w\" data-src=\"https:\/\/www.campingbellaterra.com\/wp-content\/uploads\/caravanavintage-20-1900x900.jpeg\"><\/div><div id=\"thumb-19665\" class=\"splide__slide\" data-counter=\"08\/13\"><noscript><img decoding=\"async\" width=\"1900\" height=\"900\" src=\"https:\/\/www.campingbellaterra.com\/wp-content\/uploads\/carvanavintage-22-1900x900.jpeg\" class=\"attachment-panoramic size-panoramic\" alt srcset=\"https:\/\/www.campingbellaterra.com\/wp-content\/uploads\/carvanavintage-22-1900x900.jpeg 1900w, https:\/\/www.campingbellaterra.com\/wp-content\/uploads\/carvanavintage-22-1266x600.jpeg 1266w, https:\/\/www.campingbellaterra.com\/wp-content\/uploads\/carvanavintage-22-950x450.jpeg 950w, https:\/\/www.campingbellaterra.com\/wp-content\/uploads\/carvanavintage-22-633x300.jpeg 633w, https:\/\/www.campingbellaterra.com\/wp-content\/uploads\/carvanavintage-22-475x225.jpeg 475w\" sizes=\"(max-width: 1900px) 100vw, 1900px\"><\/noscript><img decoding=\"async\" width=\"1900\" height=\"900\" src=\"data:image\/svg+xml,%3Csvg%20xmlns%3D%22http%3A%2F%2Fwww.w3.org%2F2000%2Fsvg%22%20viewBox%3D%220%200%201900%20900%22%3E%3C%2Fsvg%3E\" class=\"attachment-panoramic size-panoramic lazyload\" alt srcset=\"data:image\/svg+xml,%3Csvg%20xmlns%3D%22http%3A%2F%2Fwww.w3.org%2F2000%2Fsvg%22%20viewBox%3D%220%200%201900%20900%22%3E%3C%2Fsvg%3E 1900w\" sizes=\"(max-width: 1900px) 100vw, 1900px\" data-srcset=\"https:\/\/www.campingbellaterra.com\/wp-content\/uploads\/carvanavintage-22-1900x900.jpeg 1900w, https:\/\/www.campingbellaterra.com\/wp-content\/uploads\/carvanavintage-22-1266x600.jpeg 1266w, https:\/\/www.campingbellaterra.com\/wp-content\/uploads\/carvanavintage-22-950x450.jpeg 950w, https:\/\/www.campingbellaterra.com\/wp-content\/uploads\/carvanavintage-22-633x300.jpeg 633w, https:\/\/www.campingbellaterra.com\/wp-content\/uploads\/carvanavintage-22-475x225.jpeg 475w\" data-src=\"https:\/\/www.campingbellaterra.com\/wp-content\/uploads\/carvanavintage-22-1900x900.jpeg\"><\/div><div id=\"thumb-19489\" class=\"splide__slide\" data-counter=\"09\/13\"><noscript><img decoding=\"async\" width=\"1900\" height=\"900\" src=\"https:\/\/www.campingbellaterra.com\/wp-content\/uploads\/caravanavintage9-1900x900.jpeg\" class=\"attachment-panoramic size-panoramic\" alt srcset=\"https:\/\/www.campingbellaterra.com\/wp-content\/uploads\/caravanavintage9-1900x900.jpeg 1900w, https:\/\/www.campingbellaterra.com\/wp-content\/uploads\/caravanavintage9-1266x600.jpeg 1266w, https:\/\/www.campingbellaterra.com\/wp-content\/uploads\/caravanavintage9-950x450.jpeg 950w, https:\/\/www.campingbellaterra.com\/wp-content\/uploads\/caravanavintage9-633x300.jpeg 633w, https:\/\/www.campingbellaterra.com\/wp-content\/uploads\/caravanavintage9-475x225.jpeg 475w\" sizes=\"(max-width: 1900px) 100vw, 1900px\"><\/noscript><img decoding=\"async\" width=\"1900\" height=\"900\" src=\"data:image\/svg+xml,%3Csvg%20xmlns%3D%22http%3A%2F%2Fwww.w3.org%2F2000%2Fsvg%22%20viewBox%3D%220%200%201900%20900%22%3E%3C%2Fsvg%3E\" class=\"attachment-panoramic size-panoramic lazyload\" alt srcset=\"data:image\/svg+xml,%3Csvg%20xmlns%3D%22http%3A%2F%2Fwww.w3.org%2F2000%2Fsvg%22%20viewBox%3D%220%200%201900%20900%22%3E%3C%2Fsvg%3E 1900w\" sizes=\"(max-width: 1900px) 100vw, 1900px\" data-srcset=\"https:\/\/www.campingbellaterra.com\/wp-content\/uploads\/caravanavintage9-1900x900.jpeg 1900w, https:\/\/www.campingbellaterra.com\/wp-content\/uploads\/caravanavintage9-1266x600.jpeg 1266w, https:\/\/www.campingbellaterra.com\/wp-content\/uploads\/caravanavintage9-950x450.jpeg 950w, https:\/\/www.campingbellaterra.com\/wp-content\/uploads\/caravanavintage9-633x300.jpeg 633w, https:\/\/www.campingbellaterra.com\/wp-content\/uploads\/caravanavintage9-475x225.jpeg 475w\" data-src=\"https:\/\/www.campingbellaterra.com\/wp-content\/uploads\/caravanavintage9-1900x900.jpeg\"><\/div><div id=\"thumb-19538\" class=\"splide__slide\" data-counter=\"10\/13\"><noscript><img decoding=\"async\" width=\"1900\" height=\"900\" src=\"https:\/\/www.campingbellaterra.com\/wp-content\/uploads\/caravanavintage16-1900x900.jpeg\" class=\"attachment-panoramic size-panoramic\" alt srcset=\"https:\/\/www.campingbellaterra.com\/wp-content\/uploads\/caravanavintage16-1900x900.jpeg 1900w, https:\/\/www.campingbellaterra.com\/wp-content\/uploads\/caravanavintage16-1266x600.jpeg 1266w, https:\/\/www.campingbellaterra.com\/wp-content\/uploads\/caravanavintage16-950x450.jpeg 950w, https:\/\/www.campingbellaterra.com\/wp-content\/uploads\/caravanavintage16-633x300.jpeg 633w, https:\/\/www.campingbellaterra.com\/wp-content\/uploads\/caravanavintage16-475x225.jpeg 475w\" sizes=\"(max-width: 1900px) 100vw, 1900px\"><\/noscript><img decoding=\"async\" width=\"1900\" height=\"900\" src=\"data:image\/svg+xml,%3Csvg%20xmlns%3D%22http%3A%2F%2Fwww.w3.org%2F2000%2Fsvg%22%20viewBox%3D%220%200%201900%20900%22%3E%3C%2Fsvg%3E\" class=\"attachment-panoramic size-panoramic lazyload\" alt srcset=\"data:image\/svg+xml,%3Csvg%20xmlns%3D%22http%3A%2F%2Fwww.w3.org%2F2000%2Fsvg%22%20viewBox%3D%220%200%201900%20900%22%3E%3C%2Fsvg%3E 1900w\" sizes=\"(max-width: 1900px) 100vw, 1900px\" data-srcset=\"https:\/\/www.campingbellaterra.com\/wp-content\/uploads\/caravanavintage16-1900x900.jpeg 1900w, https:\/\/www.campingbellaterra.com\/wp-content\/uploads\/caravanavintage16-1266x600.jpeg 1266w, https:\/\/www.campingbellaterra.com\/wp-content\/uploads\/caravanavintage16-950x450.jpeg 950w, https:\/\/www.campingbellaterra.com\/wp-content\/uploads\/caravanavintage16-633x300.jpeg 633w, https:\/\/www.campingbellaterra.com\/wp-content\/uploads\/caravanavintage16-475x225.jpeg 475w\" data-src=\"https:\/\/www.campingbellaterra.com\/wp-content\/uploads\/caravanavintage16-1900x900.jpeg\"><\/div><div id=\"thumb-19496\" class=\"splide__slide\" data-counter=\"11\/13\"><noscript><img decoding=\"async\" width=\"1900\" height=\"900\" src=\"https:\/\/www.campingbellaterra.com\/wp-content\/uploads\/caravanavintage10-1900x900.jpeg\" class=\"attachment-panoramic size-panoramic\" alt srcset=\"https:\/\/www.campingbellaterra.com\/wp-content\/uploads\/caravanavintage10-1900x900.jpeg 1900w, https:\/\/www.campingbellaterra.com\/wp-content\/uploads\/caravanavintage10-1266x600.jpeg 1266w, https:\/\/www.campingbellaterra.com\/wp-content\/uploads\/caravanavintage10-950x450.jpeg 950w, https:\/\/www.campingbellaterra.com\/wp-content\/uploads\/caravanavintage10-633x300.jpeg 633w, https:\/\/www.campingbellaterra.com\/wp-content\/uploads\/caravanavintage10-475x225.jpeg 475w\" sizes=\"(max-width: 1900px) 100vw, 1900px\"><\/noscript><img decoding=\"async\" width=\"1900\" height=\"900\" src=\"data:image\/svg+xml,%3Csvg%20xmlns%3D%22http%3A%2F%2Fwww.w3.org%2F2000%2Fsvg%22%20viewBox%3D%220%200%201900%20900%22%3E%3C%2Fsvg%3E\" class=\"attachment-panoramic size-panoramic lazyload\" alt srcset=\"data:image\/svg+xml,%3Csvg%20xmlns%3D%22http%3A%2F%2Fwww.w3.org%2F2000%2Fsvg%22%20viewBox%3D%220%200%201900%20900%22%3E%3C%2Fsvg%3E 1900w\" sizes=\"(max-width: 1900px) 100vw, 1900px\" data-srcset=\"https:\/\/www.campingbellaterra.com\/wp-content\/uploads\/caravanavintage10-1900x900.jpeg 1900w, https:\/\/www.campingbellaterra.com\/wp-content\/uploads\/caravanavintage10-1266x600.jpeg 1266w, https:\/\/www.campingbellaterra.com\/wp-content\/uploads\/caravanavintage10-950x450.jpeg 950w, https:\/\/www.campingbellaterra.com\/wp-content\/uploads\/caravanavintage10-633x300.jpeg 633w, https:\/\/www.campingbellaterra.com\/wp-content\/uploads\/caravanavintage10-475x225.jpeg 475w\" data-src=\"https:\/\/www.campingbellaterra.com\/wp-content\/uploads\/caravanavintage10-1900x900.jpeg\"><\/div><div id=\"thumb-19552\" class=\"splide__slide\" data-counter=\"12\/13\"><noscript><img decoding=\"async\" width=\"1900\" height=\"900\" src=\"https:\/\/www.campingbellaterra.com\/wp-content\/uploads\/caravanavintage17-1900x900.jpeg\" class=\"attachment-panoramic size-panoramic\" alt srcset=\"https:\/\/www.campingbellaterra.com\/wp-content\/uploads\/caravanavintage17-1900x900.jpeg 1900w, https:\/\/www.campingbellaterra.com\/wp-content\/uploads\/caravanavintage17-1266x600.jpeg 1266w, https:\/\/www.campingbellaterra.com\/wp-content\/uploads\/caravanavintage17-950x450.jpeg 950w, https:\/\/www.campingbellaterra.com\/wp-content\/uploads\/caravanavintage17-633x300.jpeg 633w, https:\/\/www.campingbellaterra.com\/wp-content\/uploads\/caravanavintage17-475x225.jpeg 475w\" sizes=\"(max-width: 1900px) 100vw, 1900px\"><\/noscript><img decoding=\"async\" width=\"1900\" height=\"900\" src=\"data:image\/svg+xml,%3Csvg%20xmlns%3D%22http%3A%2F%2Fwww.w3.org%2F2000%2Fsvg%22%20viewBox%3D%220%200%201900%20900%22%3E%3C%2Fsvg%3E\" class=\"attachment-panoramic size-panoramic lazyload\" alt srcset=\"data:image\/svg+xml,%3Csvg%20xmlns%3D%22http%3A%2F%2Fwww.w3.org%2F2000%2Fsvg%22%20viewBox%3D%220%200%201900%20900%22%3E%3C%2Fsvg%3E 1900w\" sizes=\"(max-width: 1900px) 100vw, 1900px\" data-srcset=\"https:\/\/www.campingbellaterra.com\/wp-content\/uploads\/caravanavintage17-1900x900.jpeg 1900w, https:\/\/www.campingbellaterra.com\/wp-content\/uploads\/caravanavintage17-1266x600.jpeg 1266w, https:\/\/www.campingbellaterra.com\/wp-content\/uploads\/caravanavintage17-950x450.jpeg 950w, https:\/\/www.campingbellaterra.com\/wp-content\/uploads\/caravanavintage17-633x300.jpeg 633w, https:\/\/www.campingbellaterra.com\/wp-content\/uploads\/caravanavintage17-475x225.jpeg 475w\" data-src=\"https:\/\/www.campingbellaterra.com\/wp-content\/uploads\/caravanavintage17-1900x900.jpeg\"><\/div><div id=\"thumb-19559\" class=\"splide__slide\" data-counter=\"13\/13\"><noscript><img decoding=\"async\" width=\"1900\" height=\"900\" src=\"https:\/\/www.campingbellaterra.com\/wp-content\/uploads\/caravanavintage-main2-1900x900.jpeg\" class=\"attachment-panoramic size-panoramic\" alt srcset=\"https:\/\/www.campingbellaterra.com\/wp-content\/uploads\/caravanavintage-main2-1900x900.jpeg 1900w, https:\/\/www.campingbellaterra.com\/wp-content\/uploads\/caravanavintage-main2-1266x600.jpeg 1266w, https:\/\/www.campingbellaterra.com\/wp-content\/uploads\/caravanavintage-main2-950x450.jpeg 950w, https:\/\/www.campingbellaterra.com\/wp-content\/uploads\/caravanavintage-main2-633x300.jpeg 633w, https:\/\/www.campingbellaterra.com\/wp-content\/uploads\/caravanavintage-main2-475x225.jpeg 475w\" sizes=\"(max-width: 1900px) 100vw, 1900px\"><\/noscript><img decoding=\"async\" width=\"1900\" height=\"900\" src=\"data:image\/svg+xml,%3Csvg%20xmlns%3D%22http%3A%2F%2Fwww.w3.org%2F2000%2Fsvg%22%20viewBox%3D%220%200%201900%20900%22%3E%3C%2Fsvg%3E\" class=\"attachment-panoramic size-panoramic lazyload\" alt srcset=\"data:image\/svg+xml,%3Csvg%20xmlns%3D%22http%3A%2F%2Fwww.w3.org%2F2000%2Fsvg%22%20viewBox%3D%220%200%201900%20900%22%3E%3C%2Fsvg%3E 1900w\" sizes=\"(max-width: 1900px) 100vw, 1900px\" data-srcset=\"https:\/\/www.campingbellaterra.com\/wp-content\/uploads\/caravanavintage-main2-1900x900.jpeg 1900w, https:\/\/www.campingbellaterra.com\/wp-content\/uploads\/caravanavintage-main2-1266x600.jpeg 1266w, https:\/\/www.campingbellaterra.com\/wp-content\/uploads\/caravanavintage-main2-950x450.jpeg 950w, https:\/\/www.campingbellaterra.com\/wp-content\/uploads\/caravanavintage-main2-633x300.jpeg 633w, https:\/\/www.campingbellaterra.com\/wp-content\/uploads\/caravanavintage-main2-475x225.jpeg 475w\" data-src=\"https:\/\/www.campingbellaterra.com\/wp-content\/uploads\/caravanavintage-main2-1900x900.jpeg\"><\/div><\/div><\/div><\/div><\/div>\n            <script>\n            document.addEventListener( 'DOMContentLoaded', function () {\n\n                var splide = new Splide( '#slide_874', \n                    {\n                    type   : 'slide',\n                    pagination : true,\n                    arrows: false,\n                    perPage: 1,\n                    gap: '2em',\n                    padding: {\n                        left : '0%',\n                        right: '0%',\n                        },\n                    breakpoints: {\n                        750: {\n                            perPage: 0,\n                        },\n                        600: {\n                            perPage: 1,\n                        },\n                    }    \n\n\n                    }\n                ).mount();\n\n                function counter(){\n                    return document.querySelector('#slide_874 .is-active.is-visible').getAttribute('data-counter');\n                }\n\n                let initCounter = counter();\n\n                let arrows = document.querySelector('#slide_874 .splide__arrows');\n                let divCounter = '<div class=\"splide__counter\">'+initCounter+'<\/div>';\n                arrows.insertAdjacentHTML('afterend', divCounter);\n                console.log(counter());\n                splide.on( 'moved', function() {\n                    document.querySelector('#slide_874 .splide__counter').textContent = counter();\n                } );\n\n            });\n            <\/script>\n                        \n    <\/div>\n<\/div>\n\n<div class=\"wp-block-cover alignfull is-light cover-auto-height cover-img-right wp-duotone-fff7ce-fff7ce-2\"><span aria-hidden=\"true\" class=\"wp-block-cover__background has-background-dim-0 has-background-dim\"><\/span><noscript><img decoding=\"async\" width=\"1002\" height=\"270\" class=\"wp-block-cover__image-background wp-image-11735\" alt src=\"https:\/\/www.campingbellaterra.com\/wp-content\/uploads\/brush-05.svg\" data-object-fit=\"cover\"><\/noscript><img decoding=\"async\" width=\"1002\" height=\"270\" class=\"wp-block-cover__image-background wp-image-11735 lazyload\" alt src=\"data:image\/svg+xml,%3Csvg%20xmlns%3D%22http%3A%2F%2Fwww.w3.org%2F2000%2Fsvg%22%20viewBox%3D%220%200%201002%20270%22%3E%3C%2Fsvg%3E\" data-object-fit=\"cover\" data-src=\"https:\/\/www.campingbellaterra.com\/wp-content\/uploads\/brush-05.svg\"><div class=\"wp-block-cover__inner-container is-layout-flow wp-block-cover-is-layout-flow\">\n<div class=\"wp-block-columns alignwide is-layout-flex wp-container-core-columns-is-layout-28f84493 wp-block-columns-is-layout-flex\">\n<div class=\"wp-block-column is-layout-flow wp-block-column-is-layout-flow\">\n<figure class=\"wp-block-image aligncenter size-full\"><noscript><img decoding=\"async\" width=\"2000\" height=\"1414\" src=\"https:\/\/www.campingbellaterra.com\/wp-content\/uploads\/planol-caravana-vintage.jpg\" alt class=\"wp-image-19570\" srcset=\"https:\/\/www.campingbellaterra.com\/wp-content\/uploads\/planol-caravana-vintage.jpg 2000w, https:\/\/www.campingbellaterra.com\/wp-content\/uploads\/planol-caravana-vintage-1024x724.jpg 1024w, https:\/\/www.campingbellaterra.com\/wp-content\/uploads\/planol-caravana-vintage-768x543.jpg 768w, https:\/\/www.campingbellaterra.com\/wp-content\/uploads\/planol-caravana-vintage-1536x1086.jpg 1536w\" sizes=\"(max-width: 2000px) 100vw, 2000px\"><\/noscript><img decoding=\"async\" width=\"2000\" height=\"1414\" src=\"data:image\/svg+xml,%3Csvg%20xmlns%3D%22http%3A%2F%2Fwww.w3.org%2F2000%2Fsvg%22%20viewBox%3D%220%200%202000%201414%22%3E%3C%2Fsvg%3E\" alt class=\"wp-image-19570 lazyload\" srcset=\"data:image\/svg+xml,%3Csvg%20xmlns%3D%22http%3A%2F%2Fwww.w3.org%2F2000%2Fsvg%22%20viewBox%3D%220%200%202000%201414%22%3E%3C%2Fsvg%3E 2000w\" sizes=\"(max-width: 2000px) 100vw, 2000px\" data-srcset=\"https:\/\/www.campingbellaterra.com\/wp-content\/uploads\/planol-caravana-vintage.jpg 2000w, https:\/\/www.campingbellaterra.com\/wp-content\/uploads\/planol-caravana-vintage-1024x724.jpg 1024w, https:\/\/www.campingbellaterra.com\/wp-content\/uploads\/planol-caravana-vintage-768x543.jpg 768w, https:\/\/www.campingbellaterra.com\/wp-content\/uploads\/planol-caravana-vintage-1536x1086.jpg 1536w\" data-src=\"https:\/\/www.campingbellaterra.com\/wp-content\/uploads\/planol-caravana-vintage.jpg\"><\/figure>\n<\/div>\n\n\n\n<div class=\"wp-block-column is-vertically-aligned-center is-layout-flow wp-block-column-is-layout-flow\">\n<p>Der vollst\u00e4ndig renovierte Vintage-Wohnwagen verf\u00fcgt \u00fcber ein Doppelbett und eine bequeme Bank, eine ger\u00e4umige Veranda mit einer \u00fcberdachten Au\u00dfenk\u00fcche, einem Tisch und St\u00fchlen.<\/p>\n<\/div>\n<\/div>\n<\/div><\/div>\n\n<div class=\"wp-block-cover alignfull is-light cover-auto-height cover-img-left wp-duotone-d0e3f2-d0e3f2-3\"><span aria-hidden=\"true\" class=\"wp-block-cover__background has-background-dim-0 has-background-dim\"><\/span><noscript><img decoding=\"async\" width=\"1002\" height=\"331\" class=\"wp-block-cover__image-background wp-image-560\" alt src=\"https:\/\/www.campingbellaterra.com\/wp-content\/uploads\/brush-02.svg\" data-object-fit=\"cover\"><\/noscript><img decoding=\"async\" width=\"1002\" height=\"331\" class=\"wp-block-cover__image-background wp-image-560 lazyload\" alt src=\"data:image\/svg+xml,%3Csvg%20xmlns%3D%22http%3A%2F%2Fwww.w3.org%2F2000%2Fsvg%22%20viewBox%3D%220%200%201002%20331%22%3E%3C%2Fsvg%3E\" data-object-fit=\"cover\" data-src=\"https:\/\/www.campingbellaterra.com\/wp-content\/uploads\/brush-02.svg\"><div class=\"wp-block-cover__inner-container is-layout-flow wp-block-cover-is-layout-flow\">\n<div class=\"wp-block-columns alignwide is-layout-flex wp-container-core-columns-is-layout-28f84493 wp-block-columns-is-layout-flex\">\n<div class=\"wp-block-column is-vertically-aligned-center is-layout-flow wp-block-column-is-layout-flow\">\n<p>Sie finden die Caravan Vintage auf der Karte des Campingplatzes. Nur 3 Gehminuten vom Strand entfernt.<\/p>\n<\/div>\n\n\n\n<div class=\"wp-block-column is-layout-flow wp-block-column-is-layout-flow\">\n<figure class=\"wp-block-image size-full\"><a href=\"https:\/\/www.campingbellaterra.com\/wp-content\/uploads\/caravanesvintage24.jpg\" class=\"image-link\"><noscript><img decoding=\"async\" width=\"1638\" height=\"1158\" src=\"https:\/\/www.campingbellaterra.com\/wp-content\/uploads\/caravanesvintage24.jpg\" alt class=\"wp-image-19161\" srcset=\"https:\/\/www.campingbellaterra.com\/wp-content\/uploads\/caravanesvintage24.jpg 1638w, https:\/\/www.campingbellaterra.com\/wp-content\/uploads\/caravanesvintage24-1024x724.jpg 1024w, https:\/\/www.campingbellaterra.com\/wp-content\/uploads\/caravanesvintage24-768x543.jpg 768w, https:\/\/www.campingbellaterra.com\/wp-content\/uploads\/caravanesvintage24-1536x1086.jpg 1536w\" sizes=\"(max-width: 1638px) 100vw, 1638px\"><\/noscript><img decoding=\"async\" width=\"1638\" height=\"1158\" src=\"data:image\/svg+xml,%3Csvg%20xmlns%3D%22http%3A%2F%2Fwww.w3.org%2F2000%2Fsvg%22%20viewBox%3D%220%200%201638%201158%22%3E%3C%2Fsvg%3E\" alt class=\"wp-image-19161 lazyload\" srcset=\"data:image\/svg+xml,%3Csvg%20xmlns%3D%22http%3A%2F%2Fwww.w3.org%2F2000%2Fsvg%22%20viewBox%3D%220%200%201638%201158%22%3E%3C%2Fsvg%3E 1638w\" sizes=\"(max-width: 1638px) 100vw, 1638px\" data-srcset=\"https:\/\/www.campingbellaterra.com\/wp-content\/uploads\/caravanesvintage24.jpg 1638w, https:\/\/www.campingbellaterra.com\/wp-content\/uploads\/caravanesvintage24-1024x724.jpg 1024w, https:\/\/www.campingbellaterra.com\/wp-content\/uploads\/caravanesvintage24-768x543.jpg 768w, https:\/\/www.campingbellaterra.com\/wp-content\/uploads\/caravanesvintage24-1536x1086.jpg 1536w\" data-src=\"https:\/\/www.campingbellaterra.com\/wp-content\/uploads\/caravanesvintage24.jpg\"><\/a><\/figure>\n<\/div>\n<\/div>\n<\/div><\/div>\n\n<h2 class=\"wp-block-heading has-text-align-center title-ornament-blue centered-ornament margin-bottom\">Andere Unterk\u00fcnfte<\/h2>\n\n\n\n<div id=\"slide_20\" class=\"wp-block-page-slider block-bottom alignwide splide\">\n    <div class=\"splide__arrows\">\n        <button class=\"splide__arrow splide__arrow--prev\">\n            <p>prev<br><span class=\"icon-arrow_back\"><\/span><\/p>\n        <\/button>\n        <div class=\"splide__counter\"><span>1<\/span>\/5<\/div>\n        <button class=\"splide__arrow splide__arrow--next\">\n            <p>next<br><span class=\"icon-arrow_forward\"><\/span><\/p>\n        <\/button>\n    <\/div>\n    <div class=\"splide__track\">\n        <div class=\"splide__list\">\n            \n                        \n            \n                        <a class=\"splide__slide page-card\" href=\"https:\/\/www.campingbellaterra.com\/de\/bungalows\/terra-confort\/\">\n                            <div class=\"page-card-cover\" style=\"background: url(https:\/\/www.campingbellaterra.com\/wp-content\/uploads\/costa-brava-bungalow-terraconfort-1-1800x900.webp) center no-repeat; background-size: cover\"><\/div>   \n                <div class=\"page-card-content\">\n                    <div>\n                        <h4>Bungalows                        <h3>Terra Confort<\/h3>\n                        <p>Entspannen Sie sich mit Ihrer Familie in einem hochwertigen, ger\u00e4umigen Bungalow inmitten einer ruhigen und landschaftlich reizvollen Umgebung.<\/p>\n                    <\/h4><\/div>\n                    <div>\n                        <div class=\"page-card-icons\">\n                                                            <div class=\"accommodation-icon-pax\">\n                                    <p>5<\/p>\n                                <\/div>\n                                                                                        <div class=\"bungalow-icon-rooms\">\n                                    <p>2<\/p>\n                                <\/div>\n                                                                                    <div class=\"bungalow-icon-doublebed\">\n                                <p>1<\/p>\n                            <\/div>\n                                                                                    <div class=\"bungalow-icon-singlebed\">   \n                                <p>3<\/p>\n                            <\/div>\n                                                    <\/div>\n                            \n                    <\/div>   \n                <\/div>\n                        <\/a>\n            \n            \n                        \n            \n                        <a class=\"splide__slide page-card\" href=\"https:\/\/www.campingbellaterra.com\/de\/bungalows\/terra\/\">\n                            <div class=\"page-card-cover\" style=\"background: url(https:\/\/www.campingbellaterra.com\/wp-content\/uploads\/costa-brava-bungalow-terra-main-1800x1080.webp) center no-repeat; background-size: cover\"><\/div>   \n                <div class=\"page-card-content\">\n                    <div>\n                        <h4>Bungalows                        <h3>Terra<\/h3>\n                        <p>Die perfekte Unterkunft f\u00fcr Familien mit Kindern, die ein paar Tage in der<br>\nNatur verbringen m\u00f6chten.<\/p>\n                    <\/h4><\/div>\n                    <div>\n                        <div class=\"page-card-icons\">\n                                                            <div class=\"accommodation-icon-pax\">\n                                    <p>5<\/p>\n                                <\/div>\n                                                                                        <div class=\"bungalow-icon-rooms\">\n                                    <p>2<\/p>\n                                <\/div>\n                                                                                    <div class=\"bungalow-icon-doublebed\">\n                                <p>1<\/p>\n                            <\/div>\n                                                                                    <div class=\"bungalow-icon-singlebed\">   \n                                <p>3<\/p>\n                            <\/div>\n                                                    <\/div>\n                            \n                    <\/div>   \n                <\/div>\n                        <\/a>\n            \n            \n                        \n            \n                        <a class=\"splide__slide page-card\" href=\"https:\/\/www.campingbellaterra.com\/de\/bungalows\/la-pinya\/\">\n                            <div class=\"page-card-cover\" style=\"background: url(https:\/\/www.campingbellaterra.com\/wp-content\/uploads\/costa-brava-bungalow-la-pinya-main-1800x1080.webp) center no-repeat; background-size: cover\"><\/div>   \n                <div class=\"page-card-content\">\n                    <div>\n                        <h4>Bungalows                        <h3>La Pinya<\/h3>\n                        <p>Genie\u00dfen Sie die gem\u00fctlichen La Pinya Bungalows im Schatten eines ausgedehnten Pinienwaldes. Ideal um ein paar Tage mit der Familie zu verbringen.<\/p>\n                    <\/h4><\/div>\n                    <div>\n                        <div class=\"page-card-icons\">\n                                                            <div class=\"accommodation-icon-pax\">\n                                    <p>5<\/p>\n                                <\/div>\n                                                                                        <div class=\"bungalow-icon-rooms\">\n                                    <p>2<\/p>\n                                <\/div>\n                                                                                    <div class=\"bungalow-icon-doublebed\">\n                                <p>1<\/p>\n                            <\/div>\n                                                                                    <div class=\"bungalow-icon-singlebed\">   \n                                <p>3<\/p>\n                            <\/div>\n                                                    <\/div>\n                            \n                    <\/div>   \n                <\/div>\n                        <\/a>\n            \n            \n                        \n            \n                        <a class=\"splide__slide page-card\" href=\"https:\/\/www.campingbellaterra.com\/de\/bungalows\/treumal-6\/\">\n                            <div class=\"page-card-cover\" style=\"background: url(https:\/\/www.campingbellaterra.com\/wp-content\/uploads\/costa-brava-bungalow-treumal6-main-1800x1080.webp) center no-repeat; background-size: cover\"><\/div>   \n                <div class=\"page-card-content\">\n                    <div>\n                        <h4>Bungalows                        <h3>Treumal<\/h3>\n                        <p>Direkt vor unseren Schwimmb\u00e4dern gelegen und nur eine Minute vom Strand entfernt. Die \u201eTreumal\u201c Bungalows sind ideal f\u00fcr gro\u00dfe Familien.<\/p>\n                    <\/h4><\/div>\n                    <div>\n                        <div class=\"page-card-icons\">\n                                                            <div class=\"accommodation-icon-pax\">\n                                    <p>6<\/p>\n                                <\/div>\n                                                                                        <div class=\"bungalow-icon-rooms\">\n                                    <p>3<\/p>\n                                <\/div>\n                                                                                    <div class=\"bungalow-icon-doublebed\">\n                                <p>2<\/p>\n                            <\/div>\n                                                                                    <div class=\"bungalow-icon-singlebed\">   \n                                <p>2<\/p>\n                            <\/div>\n                                                    <\/div>\n                            \n                    <\/div>   \n                <\/div>\n                        <\/a>\n            \n            \n                        \n            \n                        <a class=\"splide__slide page-card\" href=\"https:\/\/www.campingbellaterra.com\/de\/bungalows\/sapineda\/\">\n                            <div class=\"page-card-cover\" style=\"background: url(https:\/\/www.campingbellaterra.com\/wp-content\/uploads\/sapineda-out-r-1800x1080.jpg) center no-repeat; background-size: cover\"><\/div>   \n                <div class=\"page-card-content\">\n                    <div>\n                        <h4>Bungalows                        <h3>Sa Pineda<\/h3>\n                        <p>Entdecken Sie die gem\u00fctlichen und komfortablen Bungalows Sa Pineda in der N\u00e4he des Pools. Sie sind besonders geeignet f\u00fcr Paare oder Eheleute mit einem oder zwei Kindern.<\/p>\n                    <\/h4><\/div>\n                    <div>\n                        <div class=\"page-card-icons\">\n                                                            <div class=\"accommodation-icon-pax\">\n                                    <p>4<\/p>\n                                <\/div>\n                                                                                        <div class=\"bungalow-icon-rooms\">\n                                    <p>2<\/p>\n                                <\/div>\n                                                                                    <div class=\"bungalow-icon-doublebed\">\n                                <p>1<\/p>\n                            <\/div>\n                                                                                    <div class=\"bungalow-icon-singlebed\">   \n                                <p>2<\/p>\n                            <\/div>\n                                                    <\/div>\n                            \n                    <\/div>   \n                <\/div>\n                        <\/a>\n            \n            \n                   \n        <\/div>\n    <\/div>    \n<\/div>\n\n<script type=\"text\/javascript\">\n                \n                var splide = new Splide( '#slide_20', {\n                    type   : 'loop',\n                    pagination: false,\n                    perPage: 3,\n                    gap: 52,\n                    padding: { left: 115, right: 115 },\n                    width: '100%',\n                    updateOnMove: true,\n                    focus: 'center',\n                    mediaQuery: 'min',\n                    breakpoints: {\n                        1000: {\n                            perPage: 2,\n                            padding: { left: 0, right: 0 }\n                        },\n                        750: {\n                            perPage: 1,\n                        }\n                    },\n                    destroy: 0\n                    } ).mount();\n\n                    if (document.querySelector('.horizontal-block')) {\n\n                        splide.on( 'move', function() {\n                            document.querySelector('#slide_20.wp-block-page-slider.horizontal-block .splide__arrows').classList.add('hide');\n                        } );\n\n                        splide.on( 'moved', function() {\n                            document.querySelector('#slide_20.wp-block-page-slider.horizontal-block .splide__counter span').innerHTML = document.querySelector('#slide_20.wp-block-page-slider.horizontal-block .page-card.is-active.is-visible').getAttribute('data-counter');\n                            document.querySelector('#slide_20.wp-block-page-slider.horizontal-block .splide__arrows').classList.remove('hide');\n                        } );\n                    \n                    }\n                \n            <\/script>\n","protected":false},"excerpt":{"rendered":"<p>Die perfekte Unterkunft f\u00fcr Paare, die in einer nat\u00fcrlichen Umgebung abschalten m\u00f6chten.<\/p>\n","protected":false},"author":2,"featured_media":17876,"parent":0,"menu_order":0,"comment_status":"closed","ping_status":"closed","template":"templates\/tmpl-allotjament.php","meta":{"_acf_changed":false,"inline_featured_image":false,"_monsterinsights_skip_tracking":false,"_monsterinsights_sitenote_active":false,"_monsterinsights_sitenote_note":"","_monsterinsights_sitenote_category":0,"footnotes":""},"class_list":["post-17633","page","type-page","status-publish","has-post-thumbnail","hentry"],"acf":[],"yoast_head":"<!-- This site is optimized with the Yoast SEO plugin v27.0 - https:\/\/yoast.com\/product\/yoast-seo-wordpress\/ -->\n<title>Caravana Vintage - Camping Bella Terra<\/title>\n<meta name=\"robots\" content=\"index, follow, max-snippet:-1, max-image-preview:large, max-video-preview:-1\" \/>\n<link rel=\"canonical\" href=\"https:\/\/www.campingbellaterra.com\/de\/caravana-vintage\/\" \/>\n<meta property=\"og:locale\" content=\"de_DE\" \/>\n<meta property=\"og:type\" content=\"article\" \/>\n<meta property=\"og:title\" content=\"Caravana Vintage - Camping Bella Terra\" \/>\n<meta property=\"og:description\" content=\"Die perfekte Unterkunft f\u00fcr Paare, die in einer nat\u00fcrlichen Umgebung abschalten m\u00f6chten.\" \/>\n<meta property=\"og:url\" content=\"https:\/\/www.campingbellaterra.com\/de\/caravana-vintage\/\" \/>\n<meta property=\"og:site_name\" content=\"Camping Bella Terra\" \/>\n<meta property=\"article:publisher\" content=\"https:\/\/www.facebook.com\/campingbellaterra\/\" \/>\n<meta property=\"article:modified_time\" content=\"2025-05-08T13:01:48+00:00\" \/>\n<meta property=\"og:image\" content=\"https:\/\/www.campingbellaterra.com\/wp-content\/uploads\/caravanavintage-galeria6-1.jpg\" \/>\n\t<meta property=\"og:image:width\" content=\"1900\" \/>\n\t<meta property=\"og:image:height\" content=\"900\" \/>\n\t<meta property=\"og:image:type\" content=\"image\/jpeg\" \/>\n<meta name=\"twitter:card\" content=\"summary_large_image\" \/>\n<meta name=\"twitter:site\" content=\"@cbellaterra\" \/>\n<meta name=\"twitter:label1\" content=\"Gesch\u00e4tzte Lesezeit\" \/>\n\t<meta name=\"twitter:data1\" content=\"5\u00a0Minuten\" \/>\n<script type=\"application\/ld+json\" class=\"yoast-schema-graph\">{\"@context\":\"https:\/\/schema.org\",\"@graph\":[{\"@type\":\"WebPage\",\"@id\":\"https:\/\/www.campingbellaterra.com\/de\/caravana-vintage\/\",\"url\":\"https:\/\/www.campingbellaterra.com\/de\/caravana-vintage\/\",\"name\":\"Caravana Vintage - Camping Bella Terra\",\"isPartOf\":{\"@id\":\"https:\/\/www.campingbellaterra.com\/de\/#website\"},\"primaryImageOfPage\":{\"@id\":\"https:\/\/www.campingbellaterra.com\/de\/caravana-vintage\/#primaryimage\"},\"image\":{\"@id\":\"https:\/\/www.campingbellaterra.com\/de\/caravana-vintage\/#primaryimage\"},\"thumbnailUrl\":\"https:\/\/www.campingbellaterra.com\/wp-content\/uploads\/caravanavintage-galeria6-1.jpg\",\"datePublished\":\"2022-10-13T09:03:31+00:00\",\"dateModified\":\"2025-05-08T13:01:48+00:00\",\"breadcrumb\":{\"@id\":\"https:\/\/www.campingbellaterra.com\/de\/caravana-vintage\/#breadcrumb\"},\"inLanguage\":\"de\",\"potentialAction\":[{\"@type\":\"ReadAction\",\"target\":[\"https:\/\/www.campingbellaterra.com\/de\/caravana-vintage\/\"]}]},{\"@type\":\"ImageObject\",\"inLanguage\":\"de\",\"@id\":\"https:\/\/www.campingbellaterra.com\/de\/caravana-vintage\/#primaryimage\",\"url\":\"https:\/\/www.campingbellaterra.com\/wp-content\/uploads\/caravanavintage-galeria6-1.jpg\",\"contentUrl\":\"https:\/\/www.campingbellaterra.com\/wp-content\/uploads\/caravanavintage-galeria6-1.jpg\",\"width\":1900,\"height\":900},{\"@type\":\"BreadcrumbList\",\"@id\":\"https:\/\/www.campingbellaterra.com\/de\/caravana-vintage\/#breadcrumb\",\"itemListElement\":[{\"@type\":\"ListItem\",\"position\":1,\"name\":\"Inici\",\"item\":\"https:\/\/www.campingbellaterra.com\/de\/\"},{\"@type\":\"ListItem\",\"position\":2,\"name\":\"Bungalows\",\"item\":\"https:\/\/www.campingbellaterra.com\/de\/bungalows\/\"},{\"@type\":\"ListItem\",\"position\":3,\"name\":\"Caravana Vintage\"}]},{\"@type\":\"WebSite\",\"@id\":\"https:\/\/www.campingbellaterra.com\/de\/#website\",\"url\":\"https:\/\/www.campingbellaterra.com\/de\/\",\"name\":\"Camping Bella Terra\",\"description\":\"Otro sitio realizado con WordPress\",\"publisher\":{\"@id\":\"https:\/\/www.campingbellaterra.com\/de\/#organization\"},\"potentialAction\":[{\"@type\":\"SearchAction\",\"target\":{\"@type\":\"EntryPoint\",\"urlTemplate\":\"https:\/\/www.campingbellaterra.com\/de\/?s={search_term_string}\"},\"query-input\":{\"@type\":\"PropertyValueSpecification\",\"valueRequired\":true,\"valueName\":\"search_term_string\"}}],\"inLanguage\":\"de\"},{\"@type\":\"Organization\",\"@id\":\"https:\/\/www.campingbellaterra.com\/de\/#organization\",\"name\":\"Camping Bella Terra\",\"url\":\"https:\/\/www.campingbellaterra.com\/de\/\",\"logo\":{\"@type\":\"ImageObject\",\"inLanguage\":\"de\",\"@id\":\"https:\/\/www.campingbellaterra.com\/de\/#\/schema\/logo\/image\/\",\"url\":\"https:\/\/www.campingbellaterra.com\/wp-content\/uploads\/logo6.svg\",\"contentUrl\":\"https:\/\/www.campingbellaterra.com\/wp-content\/uploads\/logo6.svg\",\"width\":\"2048\",\"height\":\"2048\",\"caption\":\"Camping Bella Terra\"},\"image\":{\"@id\":\"https:\/\/www.campingbellaterra.com\/de\/#\/schema\/logo\/image\/\"},\"sameAs\":[\"https:\/\/www.facebook.com\/campingbellaterra\/\",\"https:\/\/x.com\/cbellaterra\",\"https:\/\/www.instagram.com\/campingbellaterra\/\",\"https:\/\/www.youtube.com\/c\/Camping-Bellaterra-Blanes\",\"https:\/\/www.tripadvisor.es\/Hotel_Review-g580331-d3328184-Reviews-Camping_Bella_Terra-Blanes_Costa_Brava_Province_of_Girona_Catalonia.html\"]}]}<\/script>\n<!-- \/ Yoast SEO plugin. -->","yoast_head_json":{"title":"Caravana Vintage - Camping Bella Terra","robots":{"index":"index","follow":"follow","max-snippet":"max-snippet:-1","max-image-preview":"max-image-preview:large","max-video-preview":"max-video-preview:-1"},"canonical":"https:\/\/www.campingbellaterra.com\/de\/caravana-vintage\/","og_locale":"de_DE","og_type":"article","og_title":"Caravana Vintage - Camping Bella Terra","og_description":"Die perfekte Unterkunft f\u00fcr Paare, die in einer nat\u00fcrlichen Umgebung abschalten m\u00f6chten.","og_url":"https:\/\/www.campingbellaterra.com\/de\/caravana-vintage\/","og_site_name":"Camping Bella Terra","article_publisher":"https:\/\/www.facebook.com\/campingbellaterra\/","article_modified_time":"2025-05-08T13:01:48+00:00","og_image":[{"width":1900,"height":900,"url":"https:\/\/www.campingbellaterra.com\/wp-content\/uploads\/caravanavintage-galeria6-1.jpg","type":"image\/jpeg"}],"twitter_card":"summary_large_image","twitter_site":"@cbellaterra","twitter_misc":{"Gesch\u00e4tzte Lesezeit":"5\u00a0Minuten"},"schema":{"@context":"https:\/\/schema.org","@graph":[{"@type":"WebPage","@id":"https:\/\/www.campingbellaterra.com\/de\/caravana-vintage\/","url":"https:\/\/www.campingbellaterra.com\/de\/caravana-vintage\/","name":"Caravana Vintage - Camping Bella Terra","isPartOf":{"@id":"https:\/\/www.campingbellaterra.com\/de\/#website"},"primaryImageOfPage":{"@id":"https:\/\/www.campingbellaterra.com\/de\/caravana-vintage\/#primaryimage"},"image":{"@id":"https:\/\/www.campingbellaterra.com\/de\/caravana-vintage\/#primaryimage"},"thumbnailUrl":"https:\/\/www.campingbellaterra.com\/wp-content\/uploads\/caravanavintage-galeria6-1.jpg","datePublished":"2022-10-13T09:03:31+00:00","dateModified":"2025-05-08T13:01:48+00:00","breadcrumb":{"@id":"https:\/\/www.campingbellaterra.com\/de\/caravana-vintage\/#breadcrumb"},"inLanguage":"de","potentialAction":[{"@type":"ReadAction","target":["https:\/\/www.campingbellaterra.com\/de\/caravana-vintage\/"]}]},{"@type":"ImageObject","inLanguage":"de","@id":"https:\/\/www.campingbellaterra.com\/de\/caravana-vintage\/#primaryimage","url":"https:\/\/www.campingbellaterra.com\/wp-content\/uploads\/caravanavintage-galeria6-1.jpg","contentUrl":"https:\/\/www.campingbellaterra.com\/wp-content\/uploads\/caravanavintage-galeria6-1.jpg","width":1900,"height":900},{"@type":"BreadcrumbList","@id":"https:\/\/www.campingbellaterra.com\/de\/caravana-vintage\/#breadcrumb","itemListElement":[{"@type":"ListItem","position":1,"name":"Inici","item":"https:\/\/www.campingbellaterra.com\/de\/"},{"@type":"ListItem","position":2,"name":"Bungalows","item":"https:\/\/www.campingbellaterra.com\/de\/bungalows\/"},{"@type":"ListItem","position":3,"name":"Caravana Vintage"}]},{"@type":"WebSite","@id":"https:\/\/www.campingbellaterra.com\/de\/#website","url":"https:\/\/www.campingbellaterra.com\/de\/","name":"Camping Bella Terra","description":"Otro sitio realizado con WordPress","publisher":{"@id":"https:\/\/www.campingbellaterra.com\/de\/#organization"},"potentialAction":[{"@type":"SearchAction","target":{"@type":"EntryPoint","urlTemplate":"https:\/\/www.campingbellaterra.com\/de\/?s={search_term_string}"},"query-input":{"@type":"PropertyValueSpecification","valueRequired":true,"valueName":"search_term_string"}}],"inLanguage":"de"},{"@type":"Organization","@id":"https:\/\/www.campingbellaterra.com\/de\/#organization","name":"Camping Bella Terra","url":"https:\/\/www.campingbellaterra.com\/de\/","logo":{"@type":"ImageObject","inLanguage":"de","@id":"https:\/\/www.campingbellaterra.com\/de\/#\/schema\/logo\/image\/","url":"https:\/\/www.campingbellaterra.com\/wp-content\/uploads\/logo6.svg","contentUrl":"https:\/\/www.campingbellaterra.com\/wp-content\/uploads\/logo6.svg","width":"2048","height":"2048","caption":"Camping Bella Terra"},"image":{"@id":"https:\/\/www.campingbellaterra.com\/de\/#\/schema\/logo\/image\/"},"sameAs":["https:\/\/www.facebook.com\/campingbellaterra\/","https:\/\/x.com\/cbellaterra","https:\/\/www.instagram.com\/campingbellaterra\/","https:\/\/www.youtube.com\/c\/Camping-Bellaterra-Blanes","https:\/\/www.tripadvisor.es\/Hotel_Review-g580331-d3328184-Reviews-Camping_Bella_Terra-Blanes_Costa_Brava_Province_of_Girona_Catalonia.html"]}]}},"_links":{"self":[{"href":"https:\/\/www.campingbellaterra.com\/de\/wp-json\/wp\/v2\/pages\/17633","targetHints":{"allow":["GET"]}}],"collection":[{"href":"https:\/\/www.campingbellaterra.com\/de\/wp-json\/wp\/v2\/pages"}],"about":[{"href":"https:\/\/www.campingbellaterra.com\/de\/wp-json\/wp\/v2\/types\/page"}],"author":[{"embeddable":true,"href":"https:\/\/www.campingbellaterra.com\/de\/wp-json\/wp\/v2\/users\/2"}],"replies":[{"embeddable":true,"href":"https:\/\/www.campingbellaterra.com\/de\/wp-json\/wp\/v2\/comments?post=17633"}],"version-history":[{"count":20,"href":"https:\/\/www.campingbellaterra.com\/de\/wp-json\/wp\/v2\/pages\/17633\/revisions"}],"predecessor-version":[{"id":20901,"href":"https:\/\/www.campingbellaterra.com\/de\/wp-json\/wp\/v2\/pages\/17633\/revisions\/20901"}],"wp:featuredmedia":[{"embeddable":true,"href":"https:\/\/www.campingbellaterra.com\/de\/wp-json\/wp\/v2\/media\/17876"}],"wp:attachment":[{"href":"https:\/\/www.campingbellaterra.com\/de\/wp-json\/wp\/v2\/media?parent=17633"}],"curies":[{"name":"wp","href":"https:\/\/api.w.org\/{rel}","templated":true}]}}