{"id":18678,"date":"2022-10-13T11:03:31","date_gmt":"2022-10-13T09:03:31","guid":{"rendered":"https:\/\/www.campingbellaterra.com\/?page_id=18678"},"modified":"2024-11-15T17:19:53","modified_gmt":"2024-11-15T16:19:53","slug":"stellar-1","status":"publish","type":"page","link":"https:\/\/www.campingbellaterra.com\/de\/stellplaetze\/stellar-1\/","title":{"rendered":"Estel.lar 1"},"content":{"rendered":"<div class=\"wp-block-cover alignfull wp-align-content-end wp-block-no-margin-y\" style=\"min-height:100vh;aspect-ratio:unset;\"><span aria-hidden=\"true\" class=\"wp-block-cover__background has-background-dim-10 has-background-dim\"><\/span><noscript><img decoding=\"async\" width=\"1920\" height=\"1080\" class=\"wp-block-cover__image-background wp-image-18057\" alt src=\"https:\/\/www.campingbellaterra.com\/wp-content\/uploads\/test1920x1080.jpg\" style=\"object-position:46% 43%\" data-object-fit=\"cover\" data-object-position=\"46% 43%\" srcset=\"https:\/\/www.campingbellaterra.com\/wp-content\/uploads\/test1920x1080.jpg 1920w, https:\/\/www.campingbellaterra.com\/wp-content\/uploads\/test1920x1080-1024x576.jpg 1024w, https:\/\/www.campingbellaterra.com\/wp-content\/uploads\/test1920x1080-768x432.jpg 768w, https:\/\/www.campingbellaterra.com\/wp-content\/uploads\/test1920x1080-1536x864.jpg 1536w\" sizes=\"(max-width: 1920px) 100vw, 1920px\"><\/noscript><img decoding=\"async\" width=\"1920\" height=\"1080\" class=\"wp-block-cover__image-background wp-image-18057 lazyload\" alt src=\"data:image\/svg+xml,%3Csvg%20xmlns%3D%22http%3A%2F%2Fwww.w3.org%2F2000%2Fsvg%22%20viewBox%3D%220%200%201920%201080%22%3E%3C%2Fsvg%3E\" style=\"object-position:46% 43%\" data-object-fit=\"cover\" data-object-position=\"46% 43%\" srcset=\"data:image\/svg+xml,%3Csvg%20xmlns%3D%22http%3A%2F%2Fwww.w3.org%2F2000%2Fsvg%22%20viewBox%3D%220%200%201920%201080%22%3E%3C%2Fsvg%3E 1920w\" sizes=\"(max-width: 1920px) 100vw, 1920px\" data-srcset=\"https:\/\/www.campingbellaterra.com\/wp-content\/uploads\/test1920x1080.jpg 1920w, https:\/\/www.campingbellaterra.com\/wp-content\/uploads\/test1920x1080-1024x576.jpg 1024w, https:\/\/www.campingbellaterra.com\/wp-content\/uploads\/test1920x1080-768x432.jpg 768w, https:\/\/www.campingbellaterra.com\/wp-content\/uploads\/test1920x1080-1536x864.jpg 1536w\" data-src=\"https:\/\/www.campingbellaterra.com\/wp-content\/uploads\/test1920x1080.jpg\"><div class=\"wp-block-cover__inner-container is-layout-flow wp-block-cover-is-layout-flow\">\n<div class=\"wp-block-columns is-not-stacked-on-mobile alignwide is-layout-flex wp-container-core-columns-is-layout-28f84493 wp-block-columns-is-layout-flex\">\n<div class=\"wp-block-column is-vertically-aligned-bottom is-layout-flow wp-block-column-is-layout-flow\" style=\"flex-basis:75%\">\n<h1 class=\"wp-block-heading large-text-shadow has-blank-white-color has-text-color\" id=\"a-peu-de-platja\"><span class=\"text-stroke\">Stellpl\u00e4tz<\/span> <\/h1>\n\n\n\n<h1 class=\"wp-block-heading large-text-shadow has-blank-white-color has-text-color\" id=\"a-peu-de-platja\">estel.lar 1<\/h1>\n\n\n\n<p class=\"short-text-shadow icon-date_range has-blank-white-color has-text-color has-link-color wp-elements-15d1b01851e6d254f3d642392f736ded\">Er\u00f6ffnungstermin: 28. M\u00e4rz<\/p>\n<\/div>\n\n\n\n<div class=\"wp-block-column is-vertically-aligned-bottom is-layout-flow wp-block-column-is-layout-flow\" style=\"flex-basis:25%\"><div id=\"owm-weather-id-497-1\" class=\"owm-weather-id\" data-id=\"497\" data-weather_id=\"owm-weather-id-497-1\"><div class=\"owmw-loading-spinner\"><button id=\"button-owm-weather-id-497-1\" onclick=\"owmw_refresh_weather(this.id)\"><noscript><img decoding=\"async\" src=\"https:\/\/www.campingbellaterra.com\/wp-content\/plugins\/owm-weather\/img\/owmloading.gif\" alt=\"loader\"><\/noscript><img decoding=\"async\" src=\"data:image\/gif;base64,R0lGODlhAQABAIAAAAAAAP\/\/\/yH5BAEAAAAALAAAAAABAAEAAAIBRAA7\" alt=\"loader\" data-src=\"https:\/\/www.campingbellaterra.com\/wp-content\/plugins\/owm-weather\/img\/owmloading.gif\" class=\" lazyload\"><\/button><\/div><\/div>\n<\/div>\n<\/div>\n\n\n\n<div class=\"wp-block-buttons is-content-justification-center is-layout-flex wp-container-core-buttons-is-layout-a89b3969 wp-block-buttons-is-layout-flex\">\n<div class=\"wp-block-button icon-mouse icon-link\"><a class=\"wp-block-button__link wp-element-button\" href=\"#scrolldown\"><strong>scrolldown<\/strong><\/a><\/div>\n<\/div>\n<\/div><\/div>\n\n<div class=\"wp-block-media-text alignfull has-media-on-the-right is-stacked-on-mobile wp-block-media-text-wide wp-block-no-margin-y\" id=\"scrolldown\"><div class=\"wp-block-media-text__content\">\n<h3 class=\"wp-block-heading\">Schattige Parzellen im Strandsektor<\/h3>\n\n\n\n<p>Unsere Estel.lar 1 Parzellen befinden sich im Strandsektor, in einer ruhigen Gegend in der N\u00e4he der Sanit\u00e4ranlagen und haben Abmessungen von 70 bis 80 Quadratmetern. Die Seiten sind mit Anschl\u00fcssen f\u00fcr Strom 6A, Wasserversorgung und Entw\u00e4sserung ausgestattet und externer Parkplatz im Gemeinschaftsbereich.<\/p>\n\n\n\n<p><\/p>\n\n\n\n<div class=\"wp-block-buttons is-layout-flex wp-block-buttons-is-layout-flex\">\n<div class=\"wp-block-button\"><a class=\"wp-block-button__link has-blank-blue-background-color has-background wp-element-button\" href=\"https:\/\/booking.campingbellaterra.com\/search?categoryIds=17&amp;lang=de\" style=\"border-radius:8px\" target=\"_blank\" rel=\"noreferrer noopener\">BUCHEN SIE JETZT<\/a><\/div>\n<\/div>\n<\/div><figure class=\"wp-block-media-text__media\"><noscript><img decoding=\"async\" width=\"2048\" height=\"1536\" src=\"https:\/\/www.campingbellaterra.com\/wp-content\/uploads\/estelar1-w.jpg\" alt class=\"wp-image-18656 size-full\" srcset=\"https:\/\/www.campingbellaterra.com\/wp-content\/uploads\/estelar1-w.jpg 2048w, https:\/\/www.campingbellaterra.com\/wp-content\/uploads\/estelar1-w-1024x768.jpg 1024w, https:\/\/www.campingbellaterra.com\/wp-content\/uploads\/estelar1-w-768x576.jpg 768w, https:\/\/www.campingbellaterra.com\/wp-content\/uploads\/estelar1-w-1536x1152.jpg 1536w\" sizes=\"(max-width: 2048px) 100vw, 2048px\"><\/noscript><img decoding=\"async\" width=\"2048\" height=\"1536\" src=\"data:image\/svg+xml,%3Csvg%20xmlns%3D%22http%3A%2F%2Fwww.w3.org%2F2000%2Fsvg%22%20viewBox%3D%220%200%202048%201536%22%3E%3C%2Fsvg%3E\" alt class=\"wp-image-18656 size-full lazyload\" srcset=\"data:image\/svg+xml,%3Csvg%20xmlns%3D%22http%3A%2F%2Fwww.w3.org%2F2000%2Fsvg%22%20viewBox%3D%220%200%202048%201536%22%3E%3C%2Fsvg%3E 2048w\" sizes=\"(max-width: 2048px) 100vw, 2048px\" data-srcset=\"https:\/\/www.campingbellaterra.com\/wp-content\/uploads\/estelar1-w.jpg 2048w, https:\/\/www.campingbellaterra.com\/wp-content\/uploads\/estelar1-w-1024x768.jpg 1024w, https:\/\/www.campingbellaterra.com\/wp-content\/uploads\/estelar1-w-768x576.jpg 768w, https:\/\/www.campingbellaterra.com\/wp-content\/uploads\/estelar1-w-1536x1152.jpg 1536w\" data-src=\"https:\/\/www.campingbellaterra.com\/wp-content\/uploads\/estelar1-w.jpg\"><\/figure><\/div>\n\n<div class=\"wp-block-group alignfull wp-block-no-margin-y wp-block-icons-1 block-bottom has-blank-blue-background-color has-background is-layout-constrained wp-container-core-group-is-layout-2db066cb wp-block-group-is-layout-constrained\">\n<div class=\"wp-block-columns is-layout-flex wp-container-core-columns-is-layout-28f84493 wp-block-columns-is-layout-flex\">\n<div class=\"wp-block-column is-layout-flow wp-block-column-is-layout-flow\">\n<figure class=\"wp-block-image aligncenter size-large is-style-rounded\"><noscript><img decoding=\"async\" src=\"https:\/\/www.campingbellaterra.com\/wp-content\/uploads\/user.svg\" alt class=\"wp-image-12676\"><\/noscript><img decoding=\"async\" src=\"data:image\/gif;base64,R0lGODlhAQABAIAAAAAAAP\/\/\/yH5BAEAAAAALAAAAAABAAEAAAIBRAA7\" alt class=\"wp-image-12676 lazyload\" data-src=\"https:\/\/www.campingbellaterra.com\/wp-content\/uploads\/user.svg\"><figcaption class=\"wp-element-caption\">6 pax<\/figcaption><\/figure>\n<\/div>\n\n\n\n<div class=\"wp-block-column is-layout-flow wp-block-column-is-layout-flow\">\n<figure class=\"wp-block-image aligncenter size-full is-style-rounded\"><noscript><img decoding=\"async\" width=\"48\" height=\"48\" src=\"https:\/\/www.campingbellaterra.com\/wp-content\/uploads\/cetac-c-1.png\" alt class=\"wp-image-18887\"><\/noscript><img decoding=\"async\" width=\"48\" height=\"48\" src=\"data:image\/svg+xml,%3Csvg%20xmlns%3D%22http%3A%2F%2Fwww.w3.org%2F2000%2Fsvg%22%20viewBox%3D%220%200%2048%2048%22%3E%3C%2Fsvg%3E\" alt class=\"wp-image-18887 lazyload\" data-src=\"https:\/\/www.campingbellaterra.com\/wp-content\/uploads\/cetac-c-1.png\"><figcaption class=\"wp-element-caption\">Elektrizit\u00e4tsanschluss 6 A (3 pin CEE17 Blau)<\/figcaption><\/figure>\n<\/div>\n\n\n\n<div class=\"wp-block-column is-layout-flow wp-block-column-is-layout-flow\">\n<figure class=\"wp-block-image aligncenter size-large is-style-rounded\"><noscript><img decoding=\"async\" width=\"48\" height=\"48\" src=\"https:\/\/www.campingbellaterra.com\/wp-content\/uploads\/water.svg\" alt class=\"wp-image-13950\"><\/noscript><img decoding=\"async\" width=\"48\" height=\"48\" src=\"data:image\/svg+xml,%3Csvg%20xmlns%3D%22http%3A%2F%2Fwww.w3.org%2F2000%2Fsvg%22%20viewBox%3D%220%200%2048%2048%22%3E%3C%2Fsvg%3E\" alt class=\"wp-image-13950 lazyload\" data-src=\"https:\/\/www.campingbellaterra.com\/wp-content\/uploads\/water.svg\"><figcaption class=\"wp-element-caption\">Wasseranschluss, Abwasserentsorgung<\/figcaption><\/figure>\n<\/div>\n\n\n\n<div class=\"wp-block-column is-layout-flow wp-block-column-is-layout-flow\">\n<figure class=\"wp-block-image aligncenter size-large is-style-rounded\"><noscript><img decoding=\"async\" width=\"48\" height=\"48\" src=\"https:\/\/www.campingbellaterra.com\/wp-content\/uploads\/tent.svg\" alt class=\"wp-image-13293\"><\/noscript><img decoding=\"async\" width=\"48\" height=\"48\" src=\"data:image\/svg+xml,%3Csvg%20xmlns%3D%22http%3A%2F%2Fwww.w3.org%2F2000%2Fsvg%22%20viewBox%3D%220%200%2048%2048%22%3E%3C%2Fsvg%3E\" alt class=\"wp-image-13293 lazyload\" data-src=\"https:\/\/www.campingbellaterra.com\/wp-content\/uploads\/tent.svg\"><figcaption class=\"wp-element-caption\">1 Wohnwagen \/ Wohnmobil oder Zelt<\/figcaption><\/figure>\n<\/div>\n\n\n\n<div class=\"wp-block-column is-layout-flow wp-block-column-is-layout-flow\">\n<figure class=\"wp-block-image aligncenter size-large is-style-rounded\"><noscript><img decoding=\"async\" width=\"48\" height=\"48\" src=\"https:\/\/www.campingbellaterra.com\/wp-content\/uploads\/cotxe.svg\" alt class=\"wp-image-13964\"><\/noscript><img decoding=\"async\" width=\"48\" height=\"48\" src=\"data:image\/svg+xml,%3Csvg%20xmlns%3D%22http%3A%2F%2Fwww.w3.org%2F2000%2Fsvg%22%20viewBox%3D%220%200%2048%2048%22%3E%3C%2Fsvg%3E\" alt class=\"wp-image-13964 lazyload\" data-src=\"https:\/\/www.campingbellaterra.com\/wp-content\/uploads\/cotxe.svg\"><figcaption class=\"wp-element-caption\">Ein Auto<br>im Gemeinschaftsbereich<\/figcaption><\/figure>\n<\/div>\n\n\n\n<div class=\"wp-block-column is-layout-flow wp-block-column-is-layout-flow\">\n<figure class=\"wp-block-image aligncenter size-large is-style-rounded\"><noscript><img decoding=\"async\" width=\"48\" height=\"48\" src=\"https:\/\/www.campingbellaterra.com\/wp-content\/uploads\/rellotge.svg\" alt class=\"wp-image-13971\"><\/noscript><img decoding=\"async\" width=\"48\" height=\"48\" src=\"data:image\/svg+xml,%3Csvg%20xmlns%3D%22http%3A%2F%2Fwww.w3.org%2F2000%2Fsvg%22%20viewBox%3D%220%200%2048%2048%22%3E%3C%2Fsvg%3E\" alt class=\"wp-image-13971 lazyload\" data-src=\"https:\/\/www.campingbellaterra.com\/wp-content\/uploads\/rellotge.svg\"><figcaption class=\"wp-element-caption\">Check out 12h<\/figcaption><\/figure>\n<\/div>\n<\/div>\n<\/div>\n<div id=\"wp-block-slider-block_21addc9e6d6e91936f8a15d282a5491a\" class=\"wp-block-slider block-bottom alignfull\" style>\n    <div class=\"contingut-texte\">\n                    <div class=\"slider-container\"><div class=\"splide galeria-slider galeria-columnas-1\" id=\"slide_350\"><div class=\"splide__track\"><div class=\"splide__list\"><div id=\"thumb-18047\" class=\"splide__slide\" data-counter=\"01\/02\"><noscript><img decoding=\"async\" width=\"1900\" height=\"900\" src=\"https:\/\/www.campingbellaterra.com\/wp-content\/uploads\/estelar1-1.jpg\" class=\"attachment-panoramic size-panoramic\" alt srcset=\"https:\/\/www.campingbellaterra.com\/wp-content\/uploads\/estelar1-1.jpg 1900w, https:\/\/www.campingbellaterra.com\/wp-content\/uploads\/estelar1-1-1024x485.jpg 1024w, https:\/\/www.campingbellaterra.com\/wp-content\/uploads\/estelar1-1-768x364.jpg 768w, https:\/\/www.campingbellaterra.com\/wp-content\/uploads\/estelar1-1-1536x728.jpg 1536w, https:\/\/www.campingbellaterra.com\/wp-content\/uploads\/estelar1-1-1266x600.jpg 1266w, https:\/\/www.campingbellaterra.com\/wp-content\/uploads\/estelar1-1-950x450.jpg 950w, https:\/\/www.campingbellaterra.com\/wp-content\/uploads\/estelar1-1-633x300.jpg 633w, https:\/\/www.campingbellaterra.com\/wp-content\/uploads\/estelar1-1-475x225.jpg 475w\" sizes=\"(max-width: 1900px) 100vw, 1900px\"><\/noscript><img decoding=\"async\" width=\"1900\" height=\"900\" src=\"data:image\/svg+xml,%3Csvg%20xmlns%3D%22http%3A%2F%2Fwww.w3.org%2F2000%2Fsvg%22%20viewBox%3D%220%200%201900%20900%22%3E%3C%2Fsvg%3E\" class=\"attachment-panoramic size-panoramic lazyload\" alt srcset=\"data:image\/svg+xml,%3Csvg%20xmlns%3D%22http%3A%2F%2Fwww.w3.org%2F2000%2Fsvg%22%20viewBox%3D%220%200%201900%20900%22%3E%3C%2Fsvg%3E 1900w\" sizes=\"(max-width: 1900px) 100vw, 1900px\" data-srcset=\"https:\/\/www.campingbellaterra.com\/wp-content\/uploads\/estelar1-1.jpg 1900w, https:\/\/www.campingbellaterra.com\/wp-content\/uploads\/estelar1-1-1024x485.jpg 1024w, https:\/\/www.campingbellaterra.com\/wp-content\/uploads\/estelar1-1-768x364.jpg 768w, https:\/\/www.campingbellaterra.com\/wp-content\/uploads\/estelar1-1-1536x728.jpg 1536w, https:\/\/www.campingbellaterra.com\/wp-content\/uploads\/estelar1-1-1266x600.jpg 1266w, https:\/\/www.campingbellaterra.com\/wp-content\/uploads\/estelar1-1-950x450.jpg 950w, https:\/\/www.campingbellaterra.com\/wp-content\/uploads\/estelar1-1-633x300.jpg 633w, https:\/\/www.campingbellaterra.com\/wp-content\/uploads\/estelar1-1-475x225.jpg 475w\" data-src=\"https:\/\/www.campingbellaterra.com\/wp-content\/uploads\/estelar1-1.jpg\"><\/div><div id=\"thumb-18040\" class=\"splide__slide\" data-counter=\"02\/02\"><noscript><img decoding=\"async\" width=\"1900\" height=\"900\" src=\"https:\/\/www.campingbellaterra.com\/wp-content\/uploads\/estelar1a.jpg\" class=\"attachment-panoramic size-panoramic\" alt srcset=\"https:\/\/www.campingbellaterra.com\/wp-content\/uploads\/estelar1a.jpg 1900w, https:\/\/www.campingbellaterra.com\/wp-content\/uploads\/estelar1a-1024x485.jpg 1024w, https:\/\/www.campingbellaterra.com\/wp-content\/uploads\/estelar1a-768x364.jpg 768w, https:\/\/www.campingbellaterra.com\/wp-content\/uploads\/estelar1a-1536x728.jpg 1536w, https:\/\/www.campingbellaterra.com\/wp-content\/uploads\/estelar1a-1266x600.jpg 1266w, https:\/\/www.campingbellaterra.com\/wp-content\/uploads\/estelar1a-950x450.jpg 950w, https:\/\/www.campingbellaterra.com\/wp-content\/uploads\/estelar1a-633x300.jpg 633w, https:\/\/www.campingbellaterra.com\/wp-content\/uploads\/estelar1a-475x225.jpg 475w\" sizes=\"(max-width: 1900px) 100vw, 1900px\"><\/noscript><img decoding=\"async\" width=\"1900\" height=\"900\" src=\"data:image\/svg+xml,%3Csvg%20xmlns%3D%22http%3A%2F%2Fwww.w3.org%2F2000%2Fsvg%22%20viewBox%3D%220%200%201900%20900%22%3E%3C%2Fsvg%3E\" class=\"attachment-panoramic size-panoramic lazyload\" alt srcset=\"data:image\/svg+xml,%3Csvg%20xmlns%3D%22http%3A%2F%2Fwww.w3.org%2F2000%2Fsvg%22%20viewBox%3D%220%200%201900%20900%22%3E%3C%2Fsvg%3E 1900w\" sizes=\"(max-width: 1900px) 100vw, 1900px\" data-srcset=\"https:\/\/www.campingbellaterra.com\/wp-content\/uploads\/estelar1a.jpg 1900w, https:\/\/www.campingbellaterra.com\/wp-content\/uploads\/estelar1a-1024x485.jpg 1024w, https:\/\/www.campingbellaterra.com\/wp-content\/uploads\/estelar1a-768x364.jpg 768w, https:\/\/www.campingbellaterra.com\/wp-content\/uploads\/estelar1a-1536x728.jpg 1536w, https:\/\/www.campingbellaterra.com\/wp-content\/uploads\/estelar1a-1266x600.jpg 1266w, https:\/\/www.campingbellaterra.com\/wp-content\/uploads\/estelar1a-950x450.jpg 950w, https:\/\/www.campingbellaterra.com\/wp-content\/uploads\/estelar1a-633x300.jpg 633w, https:\/\/www.campingbellaterra.com\/wp-content\/uploads\/estelar1a-475x225.jpg 475w\" data-src=\"https:\/\/www.campingbellaterra.com\/wp-content\/uploads\/estelar1a.jpg\"><\/div><\/div><\/div><\/div><\/div>\n            <script>\n            document.addEventListener( 'DOMContentLoaded', function () {\n\n                var splide = new Splide( '#slide_350', \n                    {\n                    type   : 'slide',\n                    pagination : true,\n                    arrows: false,\n                    perPage: 1,\n                    gap: '2em',\n                    padding: {\n                        left : '0%',\n                        right: '0%',\n                        },\n                    breakpoints: {\n                        750: {\n                            perPage: 0,\n                        },\n                        600: {\n                            perPage: 1,\n                        },\n                    }    \n\n\n                    }\n                ).mount();\n\n                function counter(){\n                    return document.querySelector('#slide_350 .is-active.is-visible').getAttribute('data-counter');\n                }\n\n                let initCounter = counter();\n\n                let arrows = document.querySelector('#slide_350 .splide__arrows');\n                let divCounter = '<div class=\"splide__counter\">'+initCounter+'<\/div>';\n                arrows.insertAdjacentHTML('afterend', divCounter);\n                console.log(counter());\n                splide.on( 'moved', function() {\n                    document.querySelector('#slide_350 .splide__counter').textContent = counter();\n                } );\n\n            });\n            <\/script>\n                        \n    <\/div>\n<\/div>\n\n<div class=\"wp-block-cover alignfull is-light cover-auto-height cover-img-left wp-duotone-d0e3f2-d0e3f2-2\"><span aria-hidden=\"true\" class=\"wp-block-cover__background has-background-dim-0 has-background-dim\"><\/span><noscript><img decoding=\"async\" width=\"1002\" height=\"331\" class=\"wp-block-cover__image-background wp-image-560\" alt src=\"https:\/\/www.campingbellaterra.com\/wp-content\/uploads\/brush-02.svg\" data-object-fit=\"cover\"><\/noscript><img decoding=\"async\" width=\"1002\" height=\"331\" class=\"wp-block-cover__image-background wp-image-560 lazyload\" alt src=\"data:image\/svg+xml,%3Csvg%20xmlns%3D%22http%3A%2F%2Fwww.w3.org%2F2000%2Fsvg%22%20viewBox%3D%220%200%201002%20331%22%3E%3C%2Fsvg%3E\" data-object-fit=\"cover\" data-src=\"https:\/\/www.campingbellaterra.com\/wp-content\/uploads\/brush-02.svg\"><div class=\"wp-block-cover__inner-container is-layout-flow wp-block-cover-is-layout-flow\">\n<div class=\"wp-block-columns alignwide is-layout-flex wp-container-core-columns-is-layout-28f84493 wp-block-columns-is-layout-flex\">\n<div class=\"wp-block-column is-vertically-aligned-center is-layout-flow wp-block-column-is-layout-flow\">\n<p>Suchen Sie die Estel.lar 1 auf der Karte des Campingplatzes.<\/p>\n<\/div>\n\n\n\n<div class=\"wp-block-column is-layout-flow wp-block-column-is-layout-flow\">\n<figure class=\"wp-block-gallery has-nested-images columns-default is-cropped wp-block-gallery-1 is-layout-flex wp-block-gallery-is-layout-flex\">\n<figure class=\"wp-block-image size-full\"><noscript><img decoding=\"async\" width=\"1638\" height=\"1158\" data-id=\"20013\" src=\"https:\/\/www.campingbellaterra.com\/wp-content\/uploads\/confortpk.jpg\" alt class=\"wp-image-20013\" srcset=\"https:\/\/www.campingbellaterra.com\/wp-content\/uploads\/confortpk.jpg 1638w, https:\/\/www.campingbellaterra.com\/wp-content\/uploads\/confortpk-1024x724.jpg 1024w, https:\/\/www.campingbellaterra.com\/wp-content\/uploads\/confortpk-768x543.jpg 768w, https:\/\/www.campingbellaterra.com\/wp-content\/uploads\/confortpk-1536x1086.jpg 1536w\" sizes=\"(max-width: 1638px) 100vw, 1638px\"><\/noscript><img decoding=\"async\" width=\"1638\" height=\"1158\" data-id=\"20013\" src=\"data:image\/svg+xml,%3Csvg%20xmlns%3D%22http%3A%2F%2Fwww.w3.org%2F2000%2Fsvg%22%20viewBox%3D%220%200%201638%201158%22%3E%3C%2Fsvg%3E\" alt class=\"wp-image-20013 lazyload\" srcset=\"data:image\/svg+xml,%3Csvg%20xmlns%3D%22http%3A%2F%2Fwww.w3.org%2F2000%2Fsvg%22%20viewBox%3D%220%200%201638%201158%22%3E%3C%2Fsvg%3E 1638w\" sizes=\"(max-width: 1638px) 100vw, 1638px\" data-srcset=\"https:\/\/www.campingbellaterra.com\/wp-content\/uploads\/confortpk.jpg 1638w, https:\/\/www.campingbellaterra.com\/wp-content\/uploads\/confortpk-1024x724.jpg 1024w, https:\/\/www.campingbellaterra.com\/wp-content\/uploads\/confortpk-768x543.jpg 768w, https:\/\/www.campingbellaterra.com\/wp-content\/uploads\/confortpk-1536x1086.jpg 1536w\" data-src=\"https:\/\/www.campingbellaterra.com\/wp-content\/uploads\/confortpk.jpg\"><\/figure>\n<\/figure>\n<\/div>\n<\/div>\n<\/div><\/div>\n\n<h2 class=\"wp-block-heading has-text-align-center title-ornament-blue centered-ornament\">Andere Unterk\u00fcnfte<\/h2>\n\n\n\n<div id=\"slide_576\" class=\"wp-block-page-slider block-bottom alignfull splide\">\n    <div class=\"splide__arrows\">\n        <button class=\"splide__arrow splide__arrow--prev\">\n            <p>prev<br><span class=\"icon-arrow_back\"><\/span><\/p>\n        <\/button>\n        <div class=\"splide__counter\"><span>1<\/span>\/7<\/div>\n        <button class=\"splide__arrow splide__arrow--next\">\n            <p>next<br><span class=\"icon-arrow_forward\"><\/span><\/p>\n        <\/button>\n    <\/div>\n    <div class=\"splide__track\">\n        <div class=\"splide__list\">\n            \n                        \n            \n                        <a class=\"splide__slide page-card\" href=\"https:\/\/www.campingbellaterra.com\/de\/stellplaetze\/standard-stellplaetze\/\">\n                            <div class=\"page-card-cover\" style=\"background: url(https:\/\/www.campingbellaterra.com\/wp-content\/uploads\/standard-main-1800x1080.webp) center no-repeat; background-size: cover\"><\/div>   \n                <div class=\"page-card-content\">\n                    <div>\n                        <h4>Stellpl\u00e4tze                        <h3>Standard 1<\/h3>\n                        <p>Im Schatten eines gro\u00dfen Kiefernwaldes gelegen, sind unsere Standardparzellen nicht nur leicht zug\u00e4nglich, sondern befinden sich in der N\u00e4he aller Dienstleistungen.<\/p>\n                    <\/h4><\/div>\n                    <div>\n                        <div class=\"page-card-icons\">\n                                                            <div class=\"accommodation-icon-pax\">\n                                    <p>6<\/p>\n                                <\/div>\n                                                                                        <div class=\"plot-icon-electro\">\n                                    <p>5A<\/p>\n                                <\/div>\n                                                                                    <div class=\"plot-icon-size\">\n                                <p>70 i 80m2<\/p>\n                            <\/div>\n                                                                                    <div class=\"plot-icon-shadows\">   \n                                <p>1 Auto<\/p>\n                            <\/div>\n                                                    <\/div>\n                            \n                    <\/div>   \n                <\/div>\n                        <\/a>\n            \n            \n                        \n            \n                        <a class=\"splide__slide page-card\" href=\"https:\/\/www.campingbellaterra.com\/de\/stellplaetze\/standard-2\/\">\n                            <div class=\"page-card-cover\" style=\"background: url(https:\/\/www.campingbellaterra.com\/wp-content\/uploads\/standard-main-1800x1080.webp) center no-repeat; background-size: cover\"><\/div>   \n                <div class=\"page-card-content\">\n                    <div>\n                        <h4>Stellpl\u00e4tze                        <h3>Standard 2<\/h3>\n                        <p>Im Schatten eines gro\u00dfen Kiefernwaldes gelegen, sind unsere Standardparzellen nicht nur leicht zug\u00e4nglich, sondern befinden sich in der N\u00e4he aller Dienstleistungen.<\/p>\n                    <\/h4><\/div>\n                    <div>\n                        <div class=\"page-card-icons\">\n                                                            <div class=\"accommodation-icon-pax\">\n                                    <p>6<\/p>\n                                <\/div>\n                                                                                        <div class=\"plot-icon-electro\">\n                                    <p>5A<\/p>\n                                <\/div>\n                                                                                    <div class=\"plot-icon-size\">\n                                <p>70 i 80m2<\/p>\n                            <\/div>\n                                                                                    <div class=\"plot-icon-shadows\">   \n                                <p>1 Auto<\/p>\n                            <\/div>\n                                                    <\/div>\n                            \n                    <\/div>   \n                <\/div>\n                        <\/a>\n            \n            \n                        \n            \n                        <a class=\"splide__slide page-card\" href=\"https:\/\/www.campingbellaterra.com\/de\/stellplaetze\/komfort-stellplatz\/\">\n                            <div class=\"page-card-cover\" style=\"background: url(https:\/\/www.campingbellaterra.com\/wp-content\/uploads\/confort-main-1800x1080.webp) center no-repeat; background-size: cover\"><\/div>   \n                <div class=\"page-card-content\">\n                    <div>\n                        <h4>Stellpl\u00e4tze                        <h3>Komfort 1<\/h3>\n                        <p>Sie zeichnen sich durch ihre Weitl\u00e4ufigkeit und weil es nur wenige Meter vom Strand entfernt liegt.<\/p>\n                    <\/h4><\/div>\n                    <div>\n                        <div class=\"page-card-icons\">\n                                                            <div class=\"accommodation-icon-pax\">\n                                    <p>6<\/p>\n                                <\/div>\n                                                                                        <div class=\"plot-icon-electro\">\n                                    <p>6A<\/p>\n                                <\/div>\n                                                                                    <div class=\"plot-icon-size\">\n                                <p>90m\u00b2<\/p>\n                            <\/div>\n                                                                                    <div class=\"plot-icon-shadows\">   \n                                <p>1 Auto<\/p>\n                            <\/div>\n                                                    <\/div>\n                            \n                    <\/div>   \n                <\/div>\n                        <\/a>\n            \n            \n                        \n            \n                        <a class=\"splide__slide page-card\" href=\"https:\/\/www.campingbellaterra.com\/de\/stellplaetze\/stellar-2\/\">\n                            <div class=\"page-card-cover\" style=\"background: url(https:\/\/www.campingbellaterra.com\/wp-content\/uploads\/confort-main-1800x1080.webp) center no-repeat; background-size: cover\"><\/div>   \n                <div class=\"page-card-content\">\n                    <div>\n                        <h4>Stellpl\u00e4tze                        <h3>Estel.lar 2<\/h3>\n                        <p>Schattige Stellpl\u00e4tze in der Camping 2 70-80 m2. Die Seiten sind mit Anschl\u00fcssen f\u00fcr Strom 6A, Wasserversorgung und Entw\u00e4sserung ausgestattet und externer Parkplatz im Gemeinschaftsbereich<\/p>\n                    <\/h4><\/div>\n                    <div>\n                        <div class=\"page-card-icons\">\n                                                            <div class=\"accommodation-icon-pax\">\n                                    <p>6<\/p>\n                                <\/div>\n                                                                                        <div class=\"plot-icon-electro\">\n                                    <p>6A<\/p>\n                                <\/div>\n                                                                                    <div class=\"plot-icon-size\">\n                                <p>90m\u00b2<\/p>\n                            <\/div>\n                                                                                    <div class=\"plot-icon-shadows\">   \n                                <p>1 Auto<\/p>\n                            <\/div>\n                                                    <\/div>\n                            \n                    <\/div>   \n                <\/div>\n                        <\/a>\n            \n            \n                        \n            \n                        <a class=\"splide__slide page-card\" href=\"https:\/\/www.campingbellaterra.com\/de\/stellplaetze\/komfort-strand\/\">\n                            <div class=\"page-card-cover\" style=\"background: url(https:\/\/www.campingbellaterra.com\/wp-content\/uploads\/confort-main-1800x1080.webp) center no-repeat; background-size: cover\"><\/div>   \n                <div class=\"page-card-content\">\n                    <div>\n                        <h4>Stellpl\u00e4tze                        <h3>Komfort Strand<\/h3>\n                        <p>Sie zeichnen sich durch ihre Ger\u00e4umigkeit und ihre Lage direkt am Meer aus.<\/p>\n                    <\/h4><\/div>\n                    <div>\n                        <div class=\"page-card-icons\">\n                                                            <div class=\"accommodation-icon-pax\">\n                                    <p>6<\/p>\n                                <\/div>\n                                                                                        <div class=\"plot-icon-electro\">\n                                    <p>6A<\/p>\n                                <\/div>\n                                                                                    <div class=\"plot-icon-size\">\n                                <p>90m\u00b2<\/p>\n                            <\/div>\n                                                                                    <div class=\"plot-icon-shadows\">   \n                                <p>1 Auto<\/p>\n                            <\/div>\n                                                    <\/div>\n                            \n                    <\/div>   \n                <\/div>\n                        <\/a>\n            \n            \n                        \n            \n                        <a class=\"splide__slide page-card\" href=\"https:\/\/www.campingbellaterra.com\/de\/stellplaetze\/komfort-plus\/\">\n                            <div class=\"page-card-cover\" style=\"background: url(https:\/\/www.campingbellaterra.com\/wp-content\/uploads\/confort-main-1800x1080.webp) center no-repeat; background-size: cover\"><\/div>   \n                <div class=\"page-card-content\">\n                    <div>\n                        <h4>Stellpl\u00e4tze                        <h3>Komfort Plus<\/h3>\n                        <p>Sie zeichnen sich durch ihre Ger\u00e4umigkeit und den Meerblick aus.<\/p>\n                    <\/h4><\/div>\n                    <div>\n                        <div class=\"page-card-icons\">\n                                                            <div class=\"accommodation-icon-pax\">\n                                    <p>6<\/p>\n                                <\/div>\n                                                                                        <div class=\"plot-icon-electro\">\n                                    <p>6A<\/p>\n                                <\/div>\n                                                                                    <div class=\"plot-icon-size\">\n                                <p>90m\u00b2<\/p>\n                            <\/div>\n                                                                                    <div class=\"plot-icon-shadows\">   \n                                <p>1 Auto<\/p>\n                            <\/div>\n                                                    <\/div>\n                            \n                    <\/div>   \n                <\/div>\n                        <\/a>\n            \n            \n                        \n            \n                        <a class=\"splide__slide page-card\" href=\"https:\/\/www.campingbellaterra.com\/de\/stellplaetze\/komfort-plus-parking\/\">\n                            <div class=\"page-card-cover\" style=\"background: url(https:\/\/www.campingbellaterra.com\/wp-content\/uploads\/confort-main-1800x1080.webp) center no-repeat; background-size: cover\"><\/div>   \n                <div class=\"page-card-content\">\n                    <div>\n                        <h4>Stellpl\u00e4tze                        <h3>Komfort plus parking<\/h3>\n                        <p>Sie zeichnen sich durch ihre Ger\u00e4umigkeit und den Meerblick aus.<\/p>\n                    <\/h4><\/div>\n                    <div>\n                        <div class=\"page-card-icons\">\n                                                            <div class=\"accommodation-icon-pax\">\n                                    <p>6<\/p>\n                                <\/div>\n                                                                                        <div class=\"plot-icon-electro\">\n                                    <p>6A<\/p>\n                                <\/div>\n                                                                                    <div class=\"plot-icon-size\">\n                                <p>70-80m\u00b2<\/p>\n                            <\/div>\n                                                                                    <div class=\"plot-icon-shadows\">   \n                                <p>1 Auto<\/p>\n                            <\/div>\n                                                    <\/div>\n                            \n                    <\/div>   \n                <\/div>\n                        <\/a>\n            \n            \n                   \n        <\/div>\n    <\/div>    \n<\/div>\n\n<script type=\"text\/javascript\">\n                \n                var splide = new Splide( '#slide_576', {\n                    type   : 'loop',\n                    pagination: false,\n                    perPage: 3,\n                    gap: 52,\n                    padding: { left: 115, right: 115 },\n                    width: '100%',\n                    updateOnMove: true,\n                    focus: 'center',\n                    mediaQuery: 'min',\n                    breakpoints: {\n                        1000: {\n                            perPage: 2,\n                            padding: { left: 0, right: 0 }\n                        },\n                        750: {\n                            perPage: 1,\n                        }\n                    },\n                    destroy: 0\n                    } ).mount();\n\n                    if (document.querySelector('.horizontal-block')) {\n\n                        splide.on( 'move', function() {\n                            document.querySelector('#slide_576.wp-block-page-slider.horizontal-block .splide__arrows').classList.add('hide');\n                        } );\n\n                        splide.on( 'moved', function() {\n                            document.querySelector('#slide_576.wp-block-page-slider.horizontal-block .splide__counter span').innerHTML = document.querySelector('#slide_576.wp-block-page-slider.horizontal-block .page-card.is-active.is-visible').getAttribute('data-counter');\n                            document.querySelector('#slide_576.wp-block-page-slider.horizontal-block .splide__arrows').classList.remove('hide');\n                        } );\n                    \n                    }\n                \n            <\/script>\n","protected":false},"excerpt":{"rendered":"<p>Sie zeichnen sich durch ihre Weitl\u00e4ufigkeit und weil es nur wenige Meter vom Strand entfernt liegt.<\/p>\n","protected":false},"author":1,"featured_media":13363,"parent":14445,"menu_order":4,"comment_status":"closed","ping_status":"closed","template":"templates\/tmpl-allotjament.php","meta":{"_acf_changed":false,"inline_featured_image":false,"_monsterinsights_skip_tracking":false,"_monsterinsights_sitenote_active":false,"_monsterinsights_sitenote_note":"","_monsterinsights_sitenote_category":0,"footnotes":""},"class_list":["post-18678","page","type-page","status-publish","has-post-thumbnail","hentry"],"acf":[],"yoast_head":"<!-- This site is optimized with the Yoast SEO plugin v27.0 - https:\/\/yoast.com\/product\/yoast-seo-wordpress\/ -->\n<title>Estel.lar 1 - Camping Bella Terra<\/title>\n<meta name=\"robots\" content=\"index, follow, max-snippet:-1, max-image-preview:large, max-video-preview:-1\" \/>\n<link rel=\"canonical\" href=\"https:\/\/www.campingbellaterra.com\/de\/stellplaetze\/stellar-1\/\" \/>\n<meta property=\"og:locale\" content=\"de_DE\" \/>\n<meta property=\"og:type\" content=\"article\" \/>\n<meta property=\"og:title\" content=\"Estel.lar 1 - Camping Bella Terra\" \/>\n<meta property=\"og:description\" content=\"Sie zeichnen sich durch ihre Weitl\u00e4ufigkeit und weil es nur wenige Meter vom Strand entfernt liegt.\" \/>\n<meta property=\"og:url\" content=\"https:\/\/www.campingbellaterra.com\/de\/stellplaetze\/stellar-1\/\" \/>\n<meta property=\"og:site_name\" content=\"Camping Bella Terra\" \/>\n<meta property=\"article:publisher\" content=\"https:\/\/www.facebook.com\/campingbellaterra\/\" \/>\n<meta property=\"article:modified_time\" content=\"2024-11-15T16:19:53+00:00\" \/>\n<meta property=\"og:image\" content=\"https:\/\/www.campingbellaterra.com\/wp-content\/uploads\/confort-main.webp\" \/>\n\t<meta property=\"og:image:width\" content=\"1920\" \/>\n\t<meta property=\"og:image:height\" content=\"1080\" \/>\n\t<meta property=\"og:image:type\" content=\"image\/webp\" \/>\n<meta name=\"twitter:card\" content=\"summary_large_image\" \/>\n<meta name=\"twitter:site\" content=\"@cbellaterra\" \/>\n<script type=\"application\/ld+json\" class=\"yoast-schema-graph\">{\"@context\":\"https:\/\/schema.org\",\"@graph\":[{\"@type\":\"WebPage\",\"@id\":\"https:\/\/www.campingbellaterra.com\/de\/stellplaetze\/stellar-1\/\",\"url\":\"https:\/\/www.campingbellaterra.com\/de\/stellplaetze\/stellar-1\/\",\"name\":\"Estel.lar 1 - Camping Bella Terra\",\"isPartOf\":{\"@id\":\"https:\/\/www.campingbellaterra.com\/de\/#website\"},\"primaryImageOfPage\":{\"@id\":\"https:\/\/www.campingbellaterra.com\/de\/stellplaetze\/stellar-1\/#primaryimage\"},\"image\":{\"@id\":\"https:\/\/www.campingbellaterra.com\/de\/stellplaetze\/stellar-1\/#primaryimage\"},\"thumbnailUrl\":\"https:\/\/www.campingbellaterra.com\/wp-content\/uploads\/confort-main.webp\",\"datePublished\":\"2022-10-13T09:03:31+00:00\",\"dateModified\":\"2024-11-15T16:19:53+00:00\",\"breadcrumb\":{\"@id\":\"https:\/\/www.campingbellaterra.com\/de\/stellplaetze\/stellar-1\/#breadcrumb\"},\"inLanguage\":\"de\",\"potentialAction\":[{\"@type\":\"ReadAction\",\"target\":[\"https:\/\/www.campingbellaterra.com\/de\/stellplaetze\/stellar-1\/\"]}]},{\"@type\":\"ImageObject\",\"inLanguage\":\"de\",\"@id\":\"https:\/\/www.campingbellaterra.com\/de\/stellplaetze\/stellar-1\/#primaryimage\",\"url\":\"https:\/\/www.campingbellaterra.com\/wp-content\/uploads\/confort-main.webp\",\"contentUrl\":\"https:\/\/www.campingbellaterra.com\/wp-content\/uploads\/confort-main.webp\",\"width\":1920,\"height\":1080},{\"@type\":\"BreadcrumbList\",\"@id\":\"https:\/\/www.campingbellaterra.com\/de\/stellplaetze\/stellar-1\/#breadcrumb\",\"itemListElement\":[{\"@type\":\"ListItem\",\"position\":1,\"name\":\"Inici\",\"item\":\"https:\/\/www.campingbellaterra.com\/de\/\"},{\"@type\":\"ListItem\",\"position\":2,\"name\":\"Stellpl\u00e4tze\",\"item\":\"https:\/\/www.campingbellaterra.com\/de\/stellplaetze\/\"},{\"@type\":\"ListItem\",\"position\":3,\"name\":\"Estel.lar 1\"}]},{\"@type\":\"WebSite\",\"@id\":\"https:\/\/www.campingbellaterra.com\/de\/#website\",\"url\":\"https:\/\/www.campingbellaterra.com\/de\/\",\"name\":\"Camping Bella Terra\",\"description\":\"Otro sitio realizado con WordPress\",\"publisher\":{\"@id\":\"https:\/\/www.campingbellaterra.com\/de\/#organization\"},\"potentialAction\":[{\"@type\":\"SearchAction\",\"target\":{\"@type\":\"EntryPoint\",\"urlTemplate\":\"https:\/\/www.campingbellaterra.com\/de\/?s={search_term_string}\"},\"query-input\":{\"@type\":\"PropertyValueSpecification\",\"valueRequired\":true,\"valueName\":\"search_term_string\"}}],\"inLanguage\":\"de\"},{\"@type\":\"Organization\",\"@id\":\"https:\/\/www.campingbellaterra.com\/de\/#organization\",\"name\":\"Camping Bella Terra\",\"url\":\"https:\/\/www.campingbellaterra.com\/de\/\",\"logo\":{\"@type\":\"ImageObject\",\"inLanguage\":\"de\",\"@id\":\"https:\/\/www.campingbellaterra.com\/de\/#\/schema\/logo\/image\/\",\"url\":\"https:\/\/www.campingbellaterra.com\/wp-content\/uploads\/logo6.svg\",\"contentUrl\":\"https:\/\/www.campingbellaterra.com\/wp-content\/uploads\/logo6.svg\",\"width\":\"2048\",\"height\":\"2048\",\"caption\":\"Camping Bella Terra\"},\"image\":{\"@id\":\"https:\/\/www.campingbellaterra.com\/de\/#\/schema\/logo\/image\/\"},\"sameAs\":[\"https:\/\/www.facebook.com\/campingbellaterra\/\",\"https:\/\/x.com\/cbellaterra\",\"https:\/\/www.instagram.com\/campingbellaterra\/\",\"https:\/\/www.youtube.com\/c\/Camping-Bellaterra-Blanes\",\"https:\/\/www.tripadvisor.es\/Hotel_Review-g580331-d3328184-Reviews-Camping_Bella_Terra-Blanes_Costa_Brava_Province_of_Girona_Catalonia.html\"]}]}<\/script>\n<!-- \/ Yoast SEO plugin. -->","yoast_head_json":{"title":"Estel.lar 1 - Camping Bella Terra","robots":{"index":"index","follow":"follow","max-snippet":"max-snippet:-1","max-image-preview":"max-image-preview:large","max-video-preview":"max-video-preview:-1"},"canonical":"https:\/\/www.campingbellaterra.com\/de\/stellplaetze\/stellar-1\/","og_locale":"de_DE","og_type":"article","og_title":"Estel.lar 1 - Camping Bella Terra","og_description":"Sie zeichnen sich durch ihre Weitl\u00e4ufigkeit und weil es nur wenige Meter vom Strand entfernt liegt.","og_url":"https:\/\/www.campingbellaterra.com\/de\/stellplaetze\/stellar-1\/","og_site_name":"Camping Bella Terra","article_publisher":"https:\/\/www.facebook.com\/campingbellaterra\/","article_modified_time":"2024-11-15T16:19:53+00:00","og_image":[{"width":1920,"height":1080,"url":"https:\/\/www.campingbellaterra.com\/wp-content\/uploads\/confort-main.webp","type":"image\/webp"}],"twitter_card":"summary_large_image","twitter_site":"@cbellaterra","schema":{"@context":"https:\/\/schema.org","@graph":[{"@type":"WebPage","@id":"https:\/\/www.campingbellaterra.com\/de\/stellplaetze\/stellar-1\/","url":"https:\/\/www.campingbellaterra.com\/de\/stellplaetze\/stellar-1\/","name":"Estel.lar 1 - Camping Bella Terra","isPartOf":{"@id":"https:\/\/www.campingbellaterra.com\/de\/#website"},"primaryImageOfPage":{"@id":"https:\/\/www.campingbellaterra.com\/de\/stellplaetze\/stellar-1\/#primaryimage"},"image":{"@id":"https:\/\/www.campingbellaterra.com\/de\/stellplaetze\/stellar-1\/#primaryimage"},"thumbnailUrl":"https:\/\/www.campingbellaterra.com\/wp-content\/uploads\/confort-main.webp","datePublished":"2022-10-13T09:03:31+00:00","dateModified":"2024-11-15T16:19:53+00:00","breadcrumb":{"@id":"https:\/\/www.campingbellaterra.com\/de\/stellplaetze\/stellar-1\/#breadcrumb"},"inLanguage":"de","potentialAction":[{"@type":"ReadAction","target":["https:\/\/www.campingbellaterra.com\/de\/stellplaetze\/stellar-1\/"]}]},{"@type":"ImageObject","inLanguage":"de","@id":"https:\/\/www.campingbellaterra.com\/de\/stellplaetze\/stellar-1\/#primaryimage","url":"https:\/\/www.campingbellaterra.com\/wp-content\/uploads\/confort-main.webp","contentUrl":"https:\/\/www.campingbellaterra.com\/wp-content\/uploads\/confort-main.webp","width":1920,"height":1080},{"@type":"BreadcrumbList","@id":"https:\/\/www.campingbellaterra.com\/de\/stellplaetze\/stellar-1\/#breadcrumb","itemListElement":[{"@type":"ListItem","position":1,"name":"Inici","item":"https:\/\/www.campingbellaterra.com\/de\/"},{"@type":"ListItem","position":2,"name":"Stellpl\u00e4tze","item":"https:\/\/www.campingbellaterra.com\/de\/stellplaetze\/"},{"@type":"ListItem","position":3,"name":"Estel.lar 1"}]},{"@type":"WebSite","@id":"https:\/\/www.campingbellaterra.com\/de\/#website","url":"https:\/\/www.campingbellaterra.com\/de\/","name":"Camping Bella Terra","description":"Otro sitio realizado con WordPress","publisher":{"@id":"https:\/\/www.campingbellaterra.com\/de\/#organization"},"potentialAction":[{"@type":"SearchAction","target":{"@type":"EntryPoint","urlTemplate":"https:\/\/www.campingbellaterra.com\/de\/?s={search_term_string}"},"query-input":{"@type":"PropertyValueSpecification","valueRequired":true,"valueName":"search_term_string"}}],"inLanguage":"de"},{"@type":"Organization","@id":"https:\/\/www.campingbellaterra.com\/de\/#organization","name":"Camping Bella Terra","url":"https:\/\/www.campingbellaterra.com\/de\/","logo":{"@type":"ImageObject","inLanguage":"de","@id":"https:\/\/www.campingbellaterra.com\/de\/#\/schema\/logo\/image\/","url":"https:\/\/www.campingbellaterra.com\/wp-content\/uploads\/logo6.svg","contentUrl":"https:\/\/www.campingbellaterra.com\/wp-content\/uploads\/logo6.svg","width":"2048","height":"2048","caption":"Camping Bella Terra"},"image":{"@id":"https:\/\/www.campingbellaterra.com\/de\/#\/schema\/logo\/image\/"},"sameAs":["https:\/\/www.facebook.com\/campingbellaterra\/","https:\/\/x.com\/cbellaterra","https:\/\/www.instagram.com\/campingbellaterra\/","https:\/\/www.youtube.com\/c\/Camping-Bellaterra-Blanes","https:\/\/www.tripadvisor.es\/Hotel_Review-g580331-d3328184-Reviews-Camping_Bella_Terra-Blanes_Costa_Brava_Province_of_Girona_Catalonia.html"]}]}},"_links":{"self":[{"href":"https:\/\/www.campingbellaterra.com\/de\/wp-json\/wp\/v2\/pages\/18678","targetHints":{"allow":["GET"]}}],"collection":[{"href":"https:\/\/www.campingbellaterra.com\/de\/wp-json\/wp\/v2\/pages"}],"about":[{"href":"https:\/\/www.campingbellaterra.com\/de\/wp-json\/wp\/v2\/types\/page"}],"author":[{"embeddable":true,"href":"https:\/\/www.campingbellaterra.com\/de\/wp-json\/wp\/v2\/users\/1"}],"replies":[{"embeddable":true,"href":"https:\/\/www.campingbellaterra.com\/de\/wp-json\/wp\/v2\/comments?post=18678"}],"version-history":[{"count":18,"href":"https:\/\/www.campingbellaterra.com\/de\/wp-json\/wp\/v2\/pages\/18678\/revisions"}],"predecessor-version":[{"id":20487,"href":"https:\/\/www.campingbellaterra.com\/de\/wp-json\/wp\/v2\/pages\/18678\/revisions\/20487"}],"up":[{"embeddable":true,"href":"https:\/\/www.campingbellaterra.com\/de\/wp-json\/wp\/v2\/pages\/14445"}],"wp:featuredmedia":[{"embeddable":true,"href":"https:\/\/www.campingbellaterra.com\/de\/wp-json\/wp\/v2\/media\/13363"}],"wp:attachment":[{"href":"https:\/\/www.campingbellaterra.com\/de\/wp-json\/wp\/v2\/media?parent=18678"}],"curies":[{"name":"wp","href":"https:\/\/api.w.org\/{rel}","templated":true}]}}